{"id":1288,"date":"2020-09-16T17:10:40","date_gmt":"2020-09-16T17:10:40","guid":{"rendered":"https:\/\/etnofon.pl\/?post_type=ksiazka&#038;p=1288"},"modified":"2022-10-18T11:17:43","modified_gmt":"2022-10-18T11:17:43","slug":"zachowac-dawne-nagrania","status":"publish","type":"ksiazka","link":"https:\/\/etnofon.pl\/en\/ksiazka\/zachowac-dawne-nagrania\/","title":{"rendered":"Outline of history of phonographic and film documentation of polish musical and dance traditions part 1 (at the turn of the 19th and 20th centuries \u2013 until 2nd world war)"},"content":{"rendered":"\n<p class=\"has-text-align-center\">This book \u2013 <em>Zarys historii dokumentacji fonograficznej i filmowej polskich tradycji muzycznych cz\u0119\u015b\u0107 1<\/em> (The Outline of Phonographic and Film Documentation of Polish Music Traditions Part 1) \u2013 is a trial of description of the most important events from the end of the 19th century to the 2nd World War, which with its irreparable losses left its stamp on the stock of phonic and visual resources that were especially precious for ethnomusicology. Post-war output within the area of phonographic and film documentation of music traditions seems as \u201eworking from the beginning\u201d, and the echo of documental sources of old, reaching the 19th century folk culture can be found in very modest numer of monumental recordings that have been preserved until this day. It is them that the plot of this work concentrates on. The present paper is then a trial of a comprehensive look \u2013 based on available resources \u2013 at history of phonography and filmography of Polish music-dance traditions. It orders and summarises hitherto prevailing knowledge, scattered among numerous publications and periodicals. It also introduces a number of new information, threads and additions that are the fruit of long-term queries and researches of the author of the present publication.<\/p>\n\n\n\n<h2 class=\"has-text-align-center\">Listen all the tracks from CD and read book online (English summary at page 273)<\/h2>\n\n\n\n<div class=\"wp-container-3 wp-block-columns are-vertically-aligned-center\">\n<div class=\"wp-container-1 wp-block-column is-vertically-aligned-center\" style=\"flex-basis:66.66%\"><a href=\"https:\/\/etnofon.pl\/wp-content\/uploads\/2020\/12\/Zachowac-dawne-nagrania.-Zarys-historii-dokumentacji-fonograficznej-i-filmowej-polskich-tradycji-muzycznych-i-tanecznych-cz.-1-przelom-XIX-i-XX-w.-\u2013-do-drugiej-wojny-swiatowej.pdf\" class=\"pdfemb-viewer\" style=\"\" data-width=\"max\" data-height=\"max\"  data-toolbar=\"bottom\" data-toolbar-fixed=\"off\">Zachowac-dawne-nagrania.-Zarys-historii-dokumentacji-fonograficznej-i-filmowej-polskich-tradycji-muzycznych-i-tanecznych-cz.-1-przelom-XIX-i-XX-w.-\u2013-do-drugiej-wojny-swiatowej<br\/><\/a>\n<p class=\"wp-block-pdfemb-pdf-embedder-viewer\"><\/p>\n<\/div>\n\n\n\n<div class=\"wp-container-2 wp-block-column is-vertically-aligned-center\" style=\"flex-basis:33.33%\"><style>#jtg-3890 .modula-item .jtg-social a, .lightbox-socials.jtg-social a{ color: #ffffff }#jtg-3890 .modula-item .jtg-social svg, .lightbox-socials.jtg-social svg { height: 16px; width: 16px }#jtg-3890 .modula-item .jtg-social a:not(:last-child), .lightbox-socials.jtg-social a:not(:last-child) { margin-right: 10px }#jtg-3890 .modula-item .figc {color:#ffffff;}#jtg-3890 .modula-item .modula-item-content { transform: scale(1) }#jtg-3890 { width:100%;}#jtg-3890 .modula-items .figc p.description { font-size:14px; }#jtg-3890 .modula-items .figc p.description { color:#ffffff;}#jtg-3890.modula-gallery .modula-item > a, #jtg-3890.modula-gallery .modula-item, #jtg-3890.modula-gallery .modula-item-content > a { cursor:zoom-in; } @media screen and (max-width:480px){#jtg-3890 .modula-item .figc .jtg-title {  font-size: 12px; }#jtg-3890 .modula-items .figc p.description { color:#ffffff;font-size:10px; }}<\/style>\n<!-- Gallery Container -->\n<div  id=\"jtg-3890\" class=\"modula modula-gallery modula-columns\" data-config=\"{&quot;enableTwitter&quot;:false,&quot;enableWhatsapp&quot;:false,&quot;enableFacebook&quot;:false,&quot;enablePinterest&quot;:false,&quot;enableLinkedin&quot;:false,&quot;enableEmail&quot;:false,&quot;randomFactor&quot;:0.5,&quot;type&quot;:&quot;grid&quot;,&quot;columns&quot;:12,&quot;gutter&quot;:10,&quot;mobileGutter&quot;:10,&quot;tabletGutter&quot;:10,&quot;desktopGutter&quot;:10,&quot;enableResponsive&quot;:&quot;0&quot;,&quot;tabletColumns&quot;:&quot;2&quot;,&quot;mobileColumns&quot;:&quot;1&quot;,&quot;lazyLoad&quot;:&quot;0&quot;,&quot;lightboxOpts&quot;:{&quot;loop&quot;:false,&quot;arrows&quot;:true,&quot;toolbar&quot;:true,&quot;keyboard&quot;:false,&quot;wheel&quot;:false,&quot;buttons&quot;:[&quot;close&quot;],&quot;hash&quot;:false,&quot;lang&quot;:&quot;en&quot;,&quot;touch&quot;:false,&quot;protect&quot;:false,&quot;i18n&quot;:{&quot;en&quot;:{&quot;CLOSE&quot;:&quot;Close&quot;,&quot;NEXT&quot;:&quot;Next&quot;,&quot;PREV&quot;:&quot;Previous&quot;,&quot;Error&quot;:&quot;The requested content cannot be loaded. Please try again later.&quot;,&quot;PLAY_START&quot;:&quot;Start slideshow&quot;,&quot;PLAY_STOP&quot;:&quot;Pause slideshow&quot;,&quot;FULL_SCREEN&quot;:&quot;Full screen&quot;,&quot;THUMBS&quot;:&quot;Thumbnails&quot;,&quot;DOWNLOAD&quot;:&quot;Download&quot;,&quot;SHARE&quot;:&quot;Share&quot;,&quot;ZOOM&quot;:&quot;Zoom&quot;}},&quot;clickSlide&quot;:false,&quot;clickOutside&quot;:false,&quot;dblclickContent&quot;:false,&quot;dblclickSlide&quot;:false,&quot;dblclickOutside&quot;:false,&quot;clickContent&quot;:false,&quot;baseTpl&quot;:&quot;&lt;div class=\\&quot;modula-fancybox-container modula-lightbox-jtg-3890\\&quot; role=\\&quot;dialog\\&quot; tabindex=\\&quot;-1\\&quot;&gt;&lt;div class=\\&quot;modula-fancybox-bg\\&quot;&gt;&lt;\\\/div&gt;&lt;div class=\\&quot;modula-fancybox-inner\\&quot;&gt;&lt;div class=\\&quot;modula-fancybox-infobar\\&quot;&gt;&lt;span data-fancybox-index&gt;&lt;\\\/span&gt;&nbsp;\\\/&nbsp;&lt;span data-fancybox-count&gt;&lt;\\\/span&gt;&lt;\\\/div&gt;&lt;div class=\\&quot;modula-fancybox-toolbar\\&quot;&gt;{{buttons}}&lt;\\\/div&gt;&lt;div class=\\&quot;modula-fancybox-navigation\\&quot;&gt;{{arrows}}&lt;\\\/div&gt;&lt;div class=\\&quot;modula-fancybox-stage\\&quot;&gt;&lt;\\\/div&gt;&lt;div class=\\&quot;modula-fancybox-caption\\&quot;&gt;&lt;div class=\\&quot;modula-fancybox-caption__body\\&quot;&gt;&lt;\\\/div&gt;&lt;\\\/div&gt;&lt;\\\/div&gt;&lt;\\\/div&gt;&quot;},&quot;inView&quot;:false,&quot;email_subject&quot;:&quot;Check out this awesome image !!&quot;,&quot;email_message&quot;:&quot;Here is the link to the image : %%image_link%% and this is the link to the gallery : %%gallery_link%%&quot;,&quot;grid_type&quot;:&quot;automatic&quot;,&quot;rowHeight&quot;:150,&quot;lastRow&quot;:&quot;justify&quot;,&quot;lightbox&quot;:&quot;fancybox&quot;}\">\n\n\t\n\t<!-- Items Container -->\n\t<div  class=\"modula-items grid-gallery\">\n\t\t<div class=\"modula-item effect-pufrobo\" >\n\t<div class=\"modula-item-overlay\"><\/div>\n\n\t<div class=\"modula-item-content\">\n\n\t\t\t\t\n\t\t\t\t\t<a data-image-id=\"3897\" href=\"https:\/\/etnofon.pl\/wp-content\/uploads\/2020\/12\/ZDN_front-1.jpg\" rel=\"jtg-3890\" data-caption=\"\" class=\"tile-inner modula-item-link\"><\/a>\n\t\t\n\t\t<img class=\"pic\"  data-valign=\"middle\" data-halign=\"center\" alt=\"\" data-full=\"https:\/\/etnofon.pl\/wp-content\/uploads\/2020\/12\/ZDN_front-1.jpg\" title=\"ZDN_front-1\" width=\"1281\" height=\"1846\" src=\"https:\/\/etnofon.pl\/wp-content\/uploads\/2020\/12\/ZDN_front-1.jpg\" data-src=\"https:\/\/etnofon.pl\/wp-content\/uploads\/2020\/12\/ZDN_front-1.jpg\" data-caption=\"\"\/>\n\t\t<div class=\"figc no-description\">\n\t\t\t<div class=\"figc-inner\">\n\t\t\t\t\t\t\t\t\t\t\t\t\t\t\t<\/div>\n\t\t<\/div>\n\n\t<\/div>\n\n<\/div><div class=\"modula-item effect-pufrobo\" >\n\t<div class=\"modula-item-overlay\"><\/div>\n\n\t<div class=\"modula-item-content\">\n\n\t\t\t\t\n\t\t\t\t\t<a data-image-id=\"3898\" href=\"https:\/\/etnofon.pl\/wp-content\/uploads\/2020\/12\/ZDN_tyl-1.jpg\" rel=\"jtg-3890\" data-caption=\"\" class=\"tile-inner modula-item-link\"><\/a>\n\t\t\n\t\t<img class=\"pic\"  data-valign=\"middle\" data-halign=\"center\" alt=\"\" data-full=\"https:\/\/etnofon.pl\/wp-content\/uploads\/2020\/12\/ZDN_tyl-1.jpg\" title=\"ZDN_ty\u0142-1\" width=\"1281\" height=\"1846\" src=\"https:\/\/etnofon.pl\/wp-content\/uploads\/2020\/12\/ZDN_tyl-1.jpg\" data-src=\"https:\/\/etnofon.pl\/wp-content\/uploads\/2020\/12\/ZDN_tyl-1.jpg\" data-caption=\"\"\/>\n\t\t<div class=\"figc no-description\">\n\t\t\t<div class=\"figc-inner\">\n\t\t\t\t\t\t\t\t\t\t\t\t\t\t\t<\/div>\n\t\t<\/div>\n\n\t<\/div>\n\n<\/div>\t\t\n\t<\/div>\n\n\t\n\t\n\t<script type=\"application\/ld+json\">\n\t{\n\t\t\"@context\": \"http:\/\/schema.org\",\n\t\t\"@type\"   : \"ImageGallery\",\n\t\t\"id\"      : \"https:\/\/etnofon.pl\/en\/wp-json\/wp\/v2\/ksiazka\/1288\",\n\t\t\"url\"     : \"https:\/\/etnofon.pl\/en\/wp-json\/wp\/v2\/ksiazka\/1288\"\n\t}\n\n    <\/script>\n\n\t\n<\/div>\n\n\n<div class=\"cue-playlist-container\">\n<div class=\"cue-playlist cue-theme-default\" itemscope itemtype=\"http:\/\/schema.org\/MusicPlaylist\">\n\t\n\t<meta itemprop=\"numTracks\" content=\"50\" \/>\n\n\t<audio src=\"https:\/\/etnofon.pl\/wp-content\/uploads\/2020\/12\/Zachowac-dawne-nagrania-1.mp3\" controls preload=\"none\" class=\"cue-audio\" style=\"width: 100%; height: auto\"><\/audio>\n\n\t<ol class=\"cue-tracks\">\n\t\t\t\t\t<li class=\"cue-track\" itemprop=\"track\" itemscope itemtype=\"http:\/\/schema.org\/MusicRecording\">\n\t\t\t\t\n\t\t\t\t<span class=\"cue-track-details cue-track-cell\">\n\t\t\t\t\t<span class=\"cue-track-title\" itemprop=\"name\">1. Oracja weselna: Niech b\u0119dzie b\u0142ogos\u0142awiony dom, do kt\u00f3rego my wstempujemy\u2026<\/span>\n\t\t\t\t\t<span class=\"cue-track-artist\" itemprop=\"byArtist\">Jan Saba\u0142a (syn)<\/span>\n\t\t\t\t<\/span>\n\n\t\t\t\t\n\t\t\t\t<span class=\"cue-track-length cue-track-cell\">2:10<\/span>\n\n\t\t\t\t\t\t\t<\/li>\n\t\t\t\t\t<li class=\"cue-track\" itemprop=\"track\" itemscope itemtype=\"http:\/\/schema.org\/MusicRecording\">\n\t\t\t\t\n\t\t\t\t<span class=\"cue-track-details cue-track-cell\">\n\t\t\t\t\t<span class=\"cue-track-title\" itemprop=\"name\">2. Ja na ziemie przyse\u0142 z dechem<\/span>\n\t\t\t\t\t<span class=\"cue-track-artist\" itemprop=\"byArtist\">Jan Saba\u0142a (syn)<\/span>\n\t\t\t\t<\/span>\n\n\t\t\t\t\n\t\t\t\t<span class=\"cue-track-length cue-track-cell\">0:40<\/span>\n\n\t\t\t\t\t\t\t<\/li>\n\t\t\t\t\t<li class=\"cue-track\" itemprop=\"track\" itemscope itemtype=\"http:\/\/schema.org\/MusicRecording\">\n\t\t\t\t\n\t\t\t\t<span class=\"cue-track-details cue-track-cell\">\n\t\t\t\t\t<span class=\"cue-track-title\" itemprop=\"name\">3. [Ej ci] ju\u017c zemry\u0142a Cyganowi ziena<\/span>\n\t\t\t\t\t<span class=\"cue-track-artist\" itemprop=\"byArtist\">Jan Saba\u0142a (syn)<\/span>\n\t\t\t\t<\/span>\n\n\t\t\t\t\n\t\t\t\t<span class=\"cue-track-length cue-track-cell\">0:55<\/span>\n\n\t\t\t\t\t\t\t<\/li>\n\t\t\t\t\t<li class=\"cue-track\" itemprop=\"track\" itemscope itemtype=\"http:\/\/schema.org\/MusicRecording\">\n\t\t\t\t\n\t\t\t\t<span class=\"cue-track-details cue-track-cell\">\n\t\t\t\t\t<span class=\"cue-track-title\" itemprop=\"name\">4. Idzie se Janicek popod zielyniny<\/span>\n\t\t\t\t\t<span class=\"cue-track-artist\" itemprop=\"byArtist\">Jan Saba\u0142a (syn)<\/span>\n\t\t\t\t<\/span>\n\n\t\t\t\t\n\t\t\t\t<span class=\"cue-track-length cue-track-cell\">0:21<\/span>\n\n\t\t\t\t\t\t\t<\/li>\n\t\t\t\t\t<li class=\"cue-track\" itemprop=\"track\" itemscope itemtype=\"http:\/\/schema.org\/MusicRecording\">\n\t\t\t\t\n\t\t\t\t<span class=\"cue-track-details cue-track-cell\">\n\t\t\t\t\t<span class=\"cue-track-title\" itemprop=\"name\">5. Kieby\u015b by\u0142a moja kupie\u0142 bym ci kierpce<\/span>\n\t\t\t\t\t<span class=\"cue-track-artist\" itemprop=\"byArtist\">Nieznany wykonawca, okre\u015blony jako \u201eparobek J\u00f3zek\u201d<\/span>\n\t\t\t\t<\/span>\n\n\t\t\t\t\n\t\t\t\t<span class=\"cue-track-length cue-track-cell\">0:26<\/span>\n\n\t\t\t\t\t\t\t<\/li>\n\t\t\t\t\t<li class=\"cue-track\" itemprop=\"track\" itemscope itemtype=\"http:\/\/schema.org\/MusicRecording\">\n\t\t\t\t\n\t\t\t\t<span class=\"cue-track-details cue-track-cell\">\n\t\t\t\t\t<span class=\"cue-track-title\" itemprop=\"name\">6. W dzwonnicy ko\u015bcio\u0142a jest tam plebanija \u2013 zb\u00f3jnicki<\/span>\n\t\t\t\t\t<span class=\"cue-track-artist\" itemprop=\"byArtist\">Nieznany wykonawca, okre\u015blony jako \u201eparobek J\u00f3zek\u201d<\/span>\n\t\t\t\t<\/span>\n\n\t\t\t\t\n\t\t\t\t<span class=\"cue-track-length cue-track-cell\">0:24<\/span>\n\n\t\t\t\t\t\t\t<\/li>\n\t\t\t\t\t<li class=\"cue-track\" itemprop=\"track\" itemscope itemtype=\"http:\/\/schema.org\/MusicRecording\">\n\t\t\t\t\n\t\t\t\t<span class=\"cue-track-details cue-track-cell\">\n\t\t\t\t\t<span class=\"cue-track-title\" itemprop=\"name\">7. Ta\u0144cowali zb\u00f3jnicy \u2013 zb\u00f3jnicki<\/span>\n\t\t\t\t\t<span class=\"cue-track-artist\" itemprop=\"byArtist\">Nieznana wykonawczyni, okre\u015blona jako \u201epanna Marynka\u201d<\/span>\n\t\t\t\t<\/span>\n\n\t\t\t\t\n\t\t\t\t<span class=\"cue-track-length cue-track-cell\">0:19<\/span>\n\n\t\t\t\t\t\t\t<\/li>\n\t\t\t\t\t<li class=\"cue-track\" itemprop=\"track\" itemscope itemtype=\"http:\/\/schema.org\/MusicRecording\">\n\t\t\t\t\n\t\t\t\t<span class=\"cue-track-details cue-track-cell\">\n\t\t\t\t\t<span class=\"cue-track-title\" itemprop=\"name\">8. [&#8230;] za dziewcyn\u0105 \u0142adn\u0105, obieca\u0142a a nie da\u0142a chusteczke jedwabn\u0105<\/span>\n\t\t\t\t\t<span class=\"cue-track-artist\" itemprop=\"byArtist\">Nieznana wykonawczyni, okre\u015blona jako \u201epanna Marynka\u201d<\/span>\n\t\t\t\t<\/span>\n\n\t\t\t\t\n\t\t\t\t<span class=\"cue-track-length cue-track-cell\">0:21<\/span>\n\n\t\t\t\t\t\t\t<\/li>\n\t\t\t\t\t<li class=\"cue-track\" itemprop=\"track\" itemscope itemtype=\"http:\/\/schema.org\/MusicRecording\">\n\t\t\t\t\n\t\t\t\t<span class=\"cue-track-details cue-track-cell\">\n\t\t\t\t\t<span class=\"cue-track-title\" itemprop=\"name\">9. Ej by\u0142ek na [&#8230;] ej by\u0142ek na [Krywaniu] \u2013 ozwodna<\/span>\n\t\t\t\t\t<span class=\"cue-track-artist\" itemprop=\"byArtist\">Stanis\u0142aw G\u0105sienica Fronek<\/span>\n\t\t\t\t<\/span>\n\n\t\t\t\t\n\t\t\t\t<span class=\"cue-track-length cue-track-cell\">0:22<\/span>\n\n\t\t\t\t\t\t\t<\/li>\n\t\t\t\t\t<li class=\"cue-track\" itemprop=\"track\" itemscope itemtype=\"http:\/\/schema.org\/MusicRecording\">\n\t\t\t\t\n\t\t\t\t<span class=\"cue-track-details cue-track-cell\">\n\t\t\t\t\t<span class=\"cue-track-title\" itemprop=\"name\">10. [&#8230;] dobrych ch\u0142opc\u00f3w zeby\u015b mio\u0142, jesce by\u015b se lepsych mio\u0142 kieby\u015b se im syra do\u0142 \u2013 do zb\u00f3jnickiego<\/span>\n\t\t\t\t\t<span class=\"cue-track-artist\" itemprop=\"byArtist\">Stanis\u0142aw G\u0105sienica Fronek<\/span>\n\t\t\t\t<\/span>\n\n\t\t\t\t\n\t\t\t\t<span class=\"cue-track-length cue-track-cell\">0:23<\/span>\n\n\t\t\t\t\t\t\t<\/li>\n\t\t\t\t\t<li class=\"cue-track\" itemprop=\"track\" itemscope itemtype=\"http:\/\/schema.org\/MusicRecording\">\n\t\t\t\t\n\t\t\t\t<span class=\"cue-track-details cue-track-cell\">\n\t\t\t\t\t<span class=\"cue-track-title\" itemprop=\"name\">11. Ta\u0144cyli zb\u00f3jcowie \u2013 zb\u00f3jnicki<\/span>\n\t\t\t\t\t<span class=\"cue-track-artist\" itemprop=\"byArtist\">Stanis\u0142aw G\u0105sienica Fronek<\/span>\n\t\t\t\t<\/span>\n\n\t\t\t\t\n\t\t\t\t<span class=\"cue-track-length cue-track-cell\">0:31<\/span>\n\n\t\t\t\t\t\t\t<\/li>\n\t\t\t\t\t<li class=\"cue-track\" itemprop=\"track\" itemscope itemtype=\"http:\/\/schema.org\/MusicRecording\">\n\t\t\t\t\n\t\t\t\t<span class=\"cue-track-details cue-track-cell\">\n\t\t\t\t\t<span class=\"cue-track-title\" itemprop=\"name\">12. Dolina, dolina [&#8230;] \u2013 ozwodna<\/span>\n\t\t\t\t\t<span class=\"cue-track-artist\" itemprop=\"byArtist\">Stanis\u0142aw G\u0105sienica Fronek i \u201eparobek J\u00f3zek<\/span>\n\t\t\t\t<\/span>\n\n\t\t\t\t\n\t\t\t\t<span class=\"cue-track-length cue-track-cell\">0:22<\/span>\n\n\t\t\t\t\t\t\t<\/li>\n\t\t\t\t\t<li class=\"cue-track\" itemprop=\"track\" itemscope itemtype=\"http:\/\/schema.org\/MusicRecording\">\n\t\t\t\t\n\t\t\t\t<span class=\"cue-track-details cue-track-cell\">\n\t\t\t\t\t<span class=\"cue-track-title\" itemprop=\"name\">13. Czy\u015b ty [..] czy\u015b ty ch\u0142op, czy preskoczysz winohrod \u2013 zb\u00f3jnicki<\/span>\n\t\t\t\t\t<span class=\"cue-track-artist\" itemprop=\"byArtist\">Nieznana wykonawczyni, okre\u015blona jako \u201epanna Marynka&quot;<\/span>\n\t\t\t\t<\/span>\n\n\t\t\t\t\n\t\t\t\t<span class=\"cue-track-length cue-track-cell\">0:27<\/span>\n\n\t\t\t\t\t\t\t<\/li>\n\t\t\t\t\t<li class=\"cue-track\" itemprop=\"track\" itemscope itemtype=\"http:\/\/schema.org\/MusicRecording\">\n\t\t\t\t\n\t\t\t\t<span class=\"cue-track-details cue-track-cell\">\n\t\t\t\t\t<span class=\"cue-track-title\" itemprop=\"name\">14. Kieby mia\u0142 [&#8230;] \u2013 ozwodna [?]<\/span>\n\t\t\t\t\t<span class=\"cue-track-artist\" itemprop=\"byArtist\">Stanis\u0142aw G\u0105sienica Fronek<\/span>\n\t\t\t\t<\/span>\n\n\t\t\t\t\n\t\t\t\t<span class=\"cue-track-length cue-track-cell\">0:23<\/span>\n\n\t\t\t\t\t\t\t<\/li>\n\t\t\t\t\t<li class=\"cue-track\" itemprop=\"track\" itemscope itemtype=\"http:\/\/schema.org\/MusicRecording\">\n\t\t\t\t\n\t\t\t\t<span class=\"cue-track-details cue-track-cell\">\n\t\t\t\t\t<span class=\"cue-track-title\" itemprop=\"name\">15. W lesie pod przy go\u015bci\u0144cu karczma murowana jest tam karcmarecka jesce nie tykana \u2013 zb\u00f3jnicki<\/span>\n\t\t\t\t\t<span class=\"cue-track-artist\" itemprop=\"byArtist\">Stanis\u0142aw G\u0105sienica Fronek<\/span>\n\t\t\t\t<\/span>\n\n\t\t\t\t\n\t\t\t\t<span class=\"cue-track-length cue-track-cell\">2:16<\/span>\n\n\t\t\t\t\t\t\t<\/li>\n\t\t\t\t\t<li class=\"cue-track\" itemprop=\"track\" itemscope itemtype=\"http:\/\/schema.org\/MusicRecording\">\n\t\t\t\t\n\t\t\t\t<span class=\"cue-track-details cue-track-cell\">\n\t\t\t\t\t<span class=\"cue-track-title\" itemprop=\"name\">16. Ozwodna<\/span>\n\t\t\t\t\t<span class=\"cue-track-artist\" itemprop=\"byArtist\">Szymon Urzy<\/span>\n\t\t\t\t<\/span>\n\n\t\t\t\t\n\t\t\t\t<span class=\"cue-track-length cue-track-cell\">0:48<\/span>\n\n\t\t\t\t\t\t\t<\/li>\n\t\t\t\t\t<li class=\"cue-track\" itemprop=\"track\" itemscope itemtype=\"http:\/\/schema.org\/MusicRecording\">\n\t\t\t\t\n\t\t\t\t<span class=\"cue-track-details cue-track-cell\">\n\t\t\t\t\t<span class=\"cue-track-title\" itemprop=\"name\">17. Drobny i krzesany<\/span>\n\t\t\t\t\t<span class=\"cue-track-artist\" itemprop=\"byArtist\">Szymon Urzy<\/span>\n\t\t\t\t<\/span>\n\n\t\t\t\t\n\t\t\t\t<span class=\"cue-track-length cue-track-cell\">0:43<\/span>\n\n\t\t\t\t\t\t\t<\/li>\n\t\t\t\t\t<li class=\"cue-track\" itemprop=\"track\" itemscope itemtype=\"http:\/\/schema.org\/MusicRecording\">\n\t\t\t\t\n\t\t\t\t<span class=\"cue-track-details cue-track-cell\">\n\t\t\t\t\t<span class=\"cue-track-title\" itemprop=\"name\">18. Zb\u00f3jnicki<\/span>\n\t\t\t\t\t<span class=\"cue-track-artist\" itemprop=\"byArtist\">Szymon Urzy<\/span>\n\t\t\t\t<\/span>\n\n\t\t\t\t\n\t\t\t\t<span class=\"cue-track-length cue-track-cell\">0:33<\/span>\n\n\t\t\t\t\t\t\t<\/li>\n\t\t\t\t\t<li class=\"cue-track\" itemprop=\"track\" itemscope itemtype=\"http:\/\/schema.org\/MusicRecording\">\n\t\t\t\t\n\t\t\t\t<span class=\"cue-track-details cue-track-cell\">\n\t\t\t\t\t<span class=\"cue-track-title\" itemprop=\"name\">19. Smutny zb\u00f3jnik, smutny \u2013 Janosikowa<\/span>\n\t\t\t\t\t<span class=\"cue-track-artist\" itemprop=\"byArtist\">Szymon Urzy<\/span>\n\t\t\t\t<\/span>\n\n\t\t\t\t\n\t\t\t\t<span class=\"cue-track-length cue-track-cell\">0:52<\/span>\n\n\t\t\t\t\t\t\t<\/li>\n\t\t\t\t\t<li class=\"cue-track\" itemprop=\"track\" itemscope itemtype=\"http:\/\/schema.org\/MusicRecording\">\n\t\t\t\t\n\t\t\t\t<span class=\"cue-track-details cue-track-cell\">\n\t\t\t\t\t<span class=\"cue-track-title\" itemprop=\"name\">20. Krzesany po \u015btyry<\/span>\n\t\t\t\t\t<span class=\"cue-track-artist\" itemprop=\"byArtist\">Kapela g\u00f3ralska (skrzypce prym, dwoje skrzypiec sekund, basy)<\/span>\n\t\t\t\t<\/span>\n\n\t\t\t\t\n\t\t\t\t<span class=\"cue-track-length cue-track-cell\">2:15<\/span>\n\n\t\t\t\t\t\t\t<\/li>\n\t\t\t\t\t<li class=\"cue-track\" itemprop=\"track\" itemscope itemtype=\"http:\/\/schema.org\/MusicRecording\">\n\t\t\t\t\n\t\t\t\t<span class=\"cue-track-details cue-track-cell\">\n\t\t\t\t\t<span class=\"cue-track-title\" itemprop=\"name\">21. Ch\u0142opatycek niewidomy<\/span>\n\t\t\t\t\t<span class=\"cue-track-artist\" itemprop=\"byArtist\">Kobiety o nazwiskach Sacher i Lubczyk<\/span>\n\t\t\t\t<\/span>\n\n\t\t\t\t\n\t\t\t\t<span class=\"cue-track-length cue-track-cell\">1:42<\/span>\n\n\t\t\t\t\t\t\t<\/li>\n\t\t\t\t\t<li class=\"cue-track\" itemprop=\"track\" itemscope itemtype=\"http:\/\/schema.org\/MusicRecording\">\n\t\t\t\t\n\t\t\t\t<span class=\"cue-track-details cue-track-cell\">\n\t\t\t\t\t<span class=\"cue-track-title\" itemprop=\"name\">22. Raduj si\u0119, z nieba Kr\u00f3lowo, Alleluja<\/span>\n\t\t\t\t\t<span class=\"cue-track-artist\" itemprop=\"byArtist\">Orkiestra oraz zesp\u00f3\u0142 \u015bpiewak\u00f3w<\/span>\n\t\t\t\t<\/span>\n\n\t\t\t\t\n\t\t\t\t<span class=\"cue-track-length cue-track-cell\">1:00<\/span>\n\n\t\t\t\t\t\t\t<\/li>\n\t\t\t\t\t<li class=\"cue-track\" itemprop=\"track\" itemscope itemtype=\"http:\/\/schema.org\/MusicRecording\">\n\t\t\t\t\n\t\t\t\t<span class=\"cue-track-details cue-track-cell\">\n\t\t\t\t\t<span class=\"cue-track-title\" itemprop=\"name\">23. Pie\u015b\u0144 weselna<\/span>\n\t\t\t\t\t<span class=\"cue-track-artist\" itemprop=\"byArtist\">Orkiestra oraz zesp\u00f3\u0142 \u015bpiewak\u00f3w<\/span>\n\t\t\t\t<\/span>\n\n\t\t\t\t\n\t\t\t\t<span class=\"cue-track-length cue-track-cell\">1:02<\/span>\n\n\t\t\t\t\t\t\t<\/li>\n\t\t\t\t\t<li class=\"cue-track\" itemprop=\"track\" itemscope itemtype=\"http:\/\/schema.org\/MusicRecording\">\n\t\t\t\t\n\t\t\t\t<span class=\"cue-track-details cue-track-cell\">\n\t\t\t\t\t<span class=\"cue-track-title\" itemprop=\"name\">24. Ojcze nasz<\/span>\n\t\t\t\t\t<span class=\"cue-track-artist\" itemprop=\"byArtist\">Grupa wiernych<\/span>\n\t\t\t\t<\/span>\n\n\t\t\t\t\n\t\t\t\t<span class=\"cue-track-length cue-track-cell\">0:45<\/span>\n\n\t\t\t\t\t\t\t<\/li>\n\t\t\t\t\t<li class=\"cue-track\" itemprop=\"track\" itemscope itemtype=\"http:\/\/schema.org\/MusicRecording\">\n\t\t\t\t\n\t\t\t\t<span class=\"cue-track-details cue-track-cell\">\n\t\t\t\t\t<span class=\"cue-track-title\" itemprop=\"name\">25. A wczora z wieczora z niebieskiego dwora<\/span>\n\t\t\t\t\t<span class=\"cue-track-artist\" itemprop=\"byArtist\">Grupa wiernych<\/span>\n\t\t\t\t<\/span>\n\n\t\t\t\t\n\t\t\t\t<span class=\"cue-track-length cue-track-cell\">0:56<\/span>\n\n\t\t\t\t\t\t\t<\/li>\n\t\t\t\t\t<li class=\"cue-track\" itemprop=\"track\" itemscope itemtype=\"http:\/\/schema.org\/MusicRecording\">\n\t\t\t\t\n\t\t\t\t<span class=\"cue-track-details cue-track-cell\">\n\t\t\t\t\t<span class=\"cue-track-title\" itemprop=\"name\">26. Z g\u00f3ry jed\u017a, z g\u00f3ry jed\u017a, na dolinie hamuj<\/span>\n\t\t\t\t\t<span class=\"cue-track-artist\" itemprop=\"byArtist\">Nieznana wykonawczyni<\/span>\n\t\t\t\t<\/span>\n\n\t\t\t\t\n\t\t\t\t<span class=\"cue-track-length cue-track-cell\">0:15<\/span>\n\n\t\t\t\t\t\t\t<\/li>\n\t\t\t\t\t<li class=\"cue-track\" itemprop=\"track\" itemscope itemtype=\"http:\/\/schema.org\/MusicRecording\">\n\t\t\t\t\n\t\t\t\t<span class=\"cue-track-details cue-track-cell\">\n\t\t\t\t\t<span class=\"cue-track-title\" itemprop=\"name\">27. Ja bym ora\u0142, ja bym sia\u0142 w tej dolinie (Spiska)<\/span>\n\t\t\t\t\t<span class=\"cue-track-artist\" itemprop=\"byArtist\">Bart\u0142omiej Obrochta<\/span>\n\t\t\t\t<\/span>\n\n\t\t\t\t\n\t\t\t\t<span class=\"cue-track-length cue-track-cell\">0:24<\/span>\n\n\t\t\t\t\t\t\t<\/li>\n\t\t\t\t\t<li class=\"cue-track\" itemprop=\"track\" itemscope itemtype=\"http:\/\/schema.org\/MusicRecording\">\n\t\t\t\t\n\t\t\t\t<span class=\"cue-track-details cue-track-cell\">\n\t\t\t\t\t<span class=\"cue-track-title\" itemprop=\"name\">28. Weselny krakowiak<\/span>\n\t\t\t\t\t<span class=\"cue-track-artist\" itemprop=\"byArtist\">Bart\u0142omiej Obrochta<\/span>\n\t\t\t\t<\/span>\n\n\t\t\t\t\n\t\t\t\t<span class=\"cue-track-length cue-track-cell\">1:08<\/span>\n\n\t\t\t\t\t\t\t<\/li>\n\t\t\t\t\t<li class=\"cue-track\" itemprop=\"track\" itemscope itemtype=\"http:\/\/schema.org\/MusicRecording\">\n\t\t\t\t\n\t\t\t\t<span class=\"cue-track-details cue-track-cell\">\n\t\t\t\t\t<span class=\"cue-track-title\" itemprop=\"name\">29. Hej, kieby\u015b dziywce, hej kieby\u015b nie ty<\/span>\n\t\t\t\t\t<span class=\"cue-track-artist\" itemprop=\"byArtist\">Bart\u0142omiej Obrochta<\/span>\n\t\t\t\t<\/span>\n\n\t\t\t\t\n\t\t\t\t<span class=\"cue-track-length cue-track-cell\">0:27<\/span>\n\n\t\t\t\t\t\t\t<\/li>\n\t\t\t\t\t<li class=\"cue-track\" itemprop=\"track\" itemscope itemtype=\"http:\/\/schema.org\/MusicRecording\">\n\t\t\t\t\n\t\t\t\t<span class=\"cue-track-details cue-track-cell\">\n\t\t\t\t\t<span class=\"cue-track-title\" itemprop=\"name\">30. Luptowska zb\u00f3jnicka<\/span>\n\t\t\t\t\t<span class=\"cue-track-artist\" itemprop=\"byArtist\">Bart\u0142omiej Obrochta<\/span>\n\t\t\t\t<\/span>\n\n\t\t\t\t\n\t\t\t\t<span class=\"cue-track-length cue-track-cell\">1:01<\/span>\n\n\t\t\t\t\t\t\t<\/li>\n\t\t\t\t\t<li class=\"cue-track\" itemprop=\"track\" itemscope itemtype=\"http:\/\/schema.org\/MusicRecording\">\n\t\t\t\t\n\t\t\t\t<span class=\"cue-track-details cue-track-cell\">\n\t\t\t\t\t<span class=\"cue-track-title\" itemprop=\"name\">31. Luptowska<\/span>\n\t\t\t\t\t<span class=\"cue-track-artist\" itemprop=\"byArtist\">Bart\u0142omiej Obrochta<\/span>\n\t\t\t\t<\/span>\n\n\t\t\t\t\n\t\t\t\t<span class=\"cue-track-length cue-track-cell\">0:52<\/span>\n\n\t\t\t\t\t\t\t<\/li>\n\t\t\t\t\t<li class=\"cue-track\" itemprop=\"track\" itemscope itemtype=\"http:\/\/schema.org\/MusicRecording\">\n\t\t\t\t\n\t\t\t\t<span class=\"cue-track-details cue-track-cell\">\n\t\t\t\t\t<span class=\"cue-track-title\" itemprop=\"name\">32. Melodia<\/span>\n\t\t\t\t\t<span class=\"cue-track-artist\" itemprop=\"byArtist\">T. Ciba<\/span>\n\t\t\t\t<\/span>\n\n\t\t\t\t\n\t\t\t\t<span class=\"cue-track-length cue-track-cell\">0:29<\/span>\n\n\t\t\t\t\t\t\t<\/li>\n\t\t\t\t\t<li class=\"cue-track\" itemprop=\"track\" itemscope itemtype=\"http:\/\/schema.org\/MusicRecording\">\n\t\t\t\t\n\t\t\t\t<span class=\"cue-track-details cue-track-cell\">\n\t\t\t\t\t<span class=\"cue-track-title\" itemprop=\"name\">33. Melodia<\/span>\n\t\t\t\t\t<span class=\"cue-track-artist\" itemprop=\"byArtist\">Oleksij Levkovi\u010d<\/span>\n\t\t\t\t<\/span>\n\n\t\t\t\t\n\t\t\t\t<span class=\"cue-track-length cue-track-cell\">0:21<\/span>\n\n\t\t\t\t\t\t\t<\/li>\n\t\t\t\t\t<li class=\"cue-track\" itemprop=\"track\" itemscope itemtype=\"http:\/\/schema.org\/MusicRecording\">\n\t\t\t\t\n\t\t\t\t<span class=\"cue-track-details cue-track-cell\">\n\t\t\t\t\t<span class=\"cue-track-title\" itemprop=\"name\">34. Da dobrano\u010d<\/span>\n\t\t\t\t\t<span class=\"cue-track-artist\" itemprop=\"byArtist\">M. Raina<\/span>\n\t\t\t\t<\/span>\n\n\t\t\t\t\n\t\t\t\t<span class=\"cue-track-length cue-track-cell\">0:40<\/span>\n\n\t\t\t\t\t\t\t<\/li>\n\t\t\t\t\t<li class=\"cue-track\" itemprop=\"track\" itemscope itemtype=\"http:\/\/schema.org\/MusicRecording\">\n\t\t\t\t\n\t\t\t\t<span class=\"cue-track-details cue-track-cell\">\n\t\t\t\t\t<span class=\"cue-track-title\" itemprop=\"name\">35. Oj \u017euravko, \u017euravko<\/span>\n\t\t\t\t\t<span class=\"cue-track-artist\" itemprop=\"byArtist\">M. Raina<\/span>\n\t\t\t\t<\/span>\n\n\t\t\t\t\n\t\t\t\t<span class=\"cue-track-length cue-track-cell\">0:47<\/span>\n\n\t\t\t\t\t\t\t<\/li>\n\t\t\t\t\t<li class=\"cue-track\" itemprop=\"track\" itemscope itemtype=\"http:\/\/schema.org\/MusicRecording\">\n\t\t\t\t\n\t\t\t\t<span class=\"cue-track-details cue-track-cell\">\n\t\t\t\t\t<span class=\"cue-track-title\" itemprop=\"name\">36. U\u017ee sonce za hor(u), za hor(u)<\/span>\n\t\t\t\t\t<span class=\"cue-track-artist\" itemprop=\"byArtist\">M. Raina<\/span>\n\t\t\t\t<\/span>\n\n\t\t\t\t\n\t\t\t\t<span class=\"cue-track-length cue-track-cell\">0:35<\/span>\n\n\t\t\t\t\t\t\t<\/li>\n\t\t\t\t\t<li class=\"cue-track\" itemprop=\"track\" itemscope itemtype=\"http:\/\/schema.org\/MusicRecording\">\n\t\t\t\t\n\t\t\t\t<span class=\"cue-track-details cue-track-cell\">\n\t\t\t\t\t<span class=\"cue-track-title\" itemprop=\"name\">37. Hola matulu z pola<\/span>\n\t\t\t\t\t<span class=\"cue-track-artist\" itemprop=\"byArtist\">Micha\u0142 Kulawiak<\/span>\n\t\t\t\t<\/span>\n\n\t\t\t\t\n\t\t\t\t<span class=\"cue-track-length cue-track-cell\">0:31<\/span>\n\n\t\t\t\t\t\t\t<\/li>\n\t\t\t\t\t<li class=\"cue-track\" itemprop=\"track\" itemscope itemtype=\"http:\/\/schema.org\/MusicRecording\">\n\t\t\t\t\n\t\t\t\t<span class=\"cue-track-details cue-track-cell\">\n\t\t\t\t\t<span class=\"cue-track-title\" itemprop=\"name\">38. Szewc<\/span>\n\t\t\t\t\t<span class=\"cue-track-artist\" itemprop=\"byArtist\">Antoni Maleszka<\/span>\n\t\t\t\t<\/span>\n\n\t\t\t\t\n\t\t\t\t<span class=\"cue-track-length cue-track-cell\">0:22<\/span>\n\n\t\t\t\t\t\t\t<\/li>\n\t\t\t\t\t<li class=\"cue-track\" itemprop=\"track\" itemscope itemtype=\"http:\/\/schema.org\/MusicRecording\">\n\t\t\t\t\n\t\t\t\t<span class=\"cue-track-details cue-track-cell\">\n\t\t\t\t\t<span class=\"cue-track-title\" itemprop=\"name\">39. Ceglorz \u2013 Id\u017a sobie \u2013 Go\u0142\u0105bek \u2013 R\u00f3wny (Weksel)<\/span>\n\t\t\t\t\t<span class=\"cue-track-artist\" itemprop=\"byArtist\">Antoni Maleszka<\/span>\n\t\t\t\t<\/span>\n\n\t\t\t\t\n\t\t\t\t<span class=\"cue-track-length cue-track-cell\">1:31<\/span>\n\n\t\t\t\t\t\t\t<\/li>\n\t\t\t\t\t<li class=\"cue-track\" itemprop=\"track\" itemscope itemtype=\"http:\/\/schema.org\/MusicRecording\">\n\t\t\t\t\n\t\t\t\t<span class=\"cue-track-details cue-track-cell\">\n\t\t\t\t\t<span class=\"cue-track-title\" itemprop=\"name\">40. W ogr\u00f3deczku siada\u0142a, drobne lista zrywa\u0142a \u2013 do przodka<\/span>\n\t\t\t\t\t<span class=\"cue-track-artist\" itemprop=\"byArtist\">\u015apiewaj\u0105 m\u0119\u017cczy\u017ani z zespo\u0142u z Domachowa, gra kapela dudziarska<\/span>\n\t\t\t\t<\/span>\n\n\t\t\t\t\n\t\t\t\t<span class=\"cue-track-length cue-track-cell\">1:24<\/span>\n\n\t\t\t\t\t\t\t<\/li>\n\t\t\t\t\t<li class=\"cue-track\" itemprop=\"track\" itemscope itemtype=\"http:\/\/schema.org\/MusicRecording\">\n\t\t\t\t\n\t\t\t\t<span class=\"cue-track-details cue-track-cell\">\n\t\t\t\t\t<span class=\"cue-track-title\" itemprop=\"name\">41. Jak ja b\u0119d\u0119 umiera\u0107 ka\u017ce sobie piwa grza\u0107- wiwat<\/span>\n\t\t\t\t\t<span class=\"cue-track-artist\" itemprop=\"byArtist\">M\u0119\u017cczy\u017ani z zespo\u0142u z Domachowa<\/span>\n\t\t\t\t<\/span>\n\n\t\t\t\t\n\t\t\t\t<span class=\"cue-track-length cue-track-cell\">0:33<\/span>\n\n\t\t\t\t\t\t\t<\/li>\n\t\t\t\t\t<li class=\"cue-track\" itemprop=\"track\" itemscope itemtype=\"http:\/\/schema.org\/MusicRecording\">\n\t\t\t\t\n\t\t\t\t<span class=\"cue-track-details cue-track-cell\">\n\t\t\t\t\t<span class=\"cue-track-title\" itemprop=\"name\">42. Wiwat \u2013 Jak ja b\u0119d\u0119 umiera\u0107<\/span>\n\t\t\t\t\t<span class=\"cue-track-artist\" itemprop=\"byArtist\">Antoni Maleszka<\/span>\n\t\t\t\t<\/span>\n\n\t\t\t\t\n\t\t\t\t<span class=\"cue-track-length cue-track-cell\">0:43<\/span>\n\n\t\t\t\t\t\t\t<\/li>\n\t\t\t\t\t<li class=\"cue-track\" itemprop=\"track\" itemscope itemtype=\"http:\/\/schema.org\/MusicRecording\">\n\t\t\t\t\n\t\t\t\t<span class=\"cue-track-details cue-track-cell\">\n\t\t\t\t\t<span class=\"cue-track-title\" itemprop=\"name\">43. Okr\u0105g\u0142y<\/span>\n\t\t\t\t\t<span class=\"cue-track-artist\" itemprop=\"byArtist\">Antoni Maleszka i nieznany wykonawca na skrzypcach<\/span>\n\t\t\t\t<\/span>\n\n\t\t\t\t\n\t\t\t\t<span class=\"cue-track-length cue-track-cell\">0:41<\/span>\n\n\t\t\t\t\t\t\t<\/li>\n\t\t\t\t\t<li class=\"cue-track\" itemprop=\"track\" itemscope itemtype=\"http:\/\/schema.org\/MusicRecording\">\n\t\t\t\t\n\t\t\t\t<span class=\"cue-track-details cue-track-cell\">\n\t\t\t\t\t<span class=\"cue-track-title\" itemprop=\"name\">44. We\u017ama my se, we\u017ama som my sobie r\u00f3wni \u2013 r\u00f3wny<\/span>\n\t\t\t\t\t<span class=\"cue-track-artist\" itemprop=\"byArtist\">Gra na bandonii Antoni Maleszka i nieznany wykonawca na skrzypcach, \u015bpiewaj\u0105 kobiety i m\u0119\u017cczy\u017ani z zespo\u0142u z Domachowa<\/span>\n\t\t\t\t<\/span>\n\n\t\t\t\t\n\t\t\t\t<span class=\"cue-track-length cue-track-cell\">1:33<\/span>\n\n\t\t\t\t\t\t\t<\/li>\n\t\t\t\t\t<li class=\"cue-track\" itemprop=\"track\" itemscope itemtype=\"http:\/\/schema.org\/MusicRecording\">\n\t\t\t\t\n\t\t\t\t<span class=\"cue-track-details cue-track-cell\">\n\t\t\t\t\t<span class=\"cue-track-title\" itemprop=\"name\">45. Polka<\/span>\n\t\t\t\t\t<span class=\"cue-track-artist\" itemprop=\"byArtist\">Nieznany wykonawca<\/span>\n\t\t\t\t<\/span>\n\n\t\t\t\t\n\t\t\t\t<span class=\"cue-track-length cue-track-cell\">0:44<\/span>\n\n\t\t\t\t\t\t\t<\/li>\n\t\t\t\t\t<li class=\"cue-track\" itemprop=\"track\" itemscope itemtype=\"http:\/\/schema.org\/MusicRecording\">\n\t\t\t\t\n\t\t\t\t<span class=\"cue-track-details cue-track-cell\">\n\t\t\t\t\t<span class=\"cue-track-title\" itemprop=\"name\">46. Wiesna, wiesna<\/span>\n\t\t\t\t\t<span class=\"cue-track-artist\" itemprop=\"byArtist\">Grupa nieznanych wykonawc\u00f3w<\/span>\n\t\t\t\t<\/span>\n\n\t\t\t\t\n\t\t\t\t<span class=\"cue-track-length cue-track-cell\">1:19<\/span>\n\n\t\t\t\t\t\t\t<\/li>\n\t\t\t\t\t<li class=\"cue-track\" itemprop=\"track\" itemscope itemtype=\"http:\/\/schema.org\/MusicRecording\">\n\t\t\t\t\n\t\t\t\t<span class=\"cue-track-details cue-track-cell\">\n\t\t\t\t\t<span class=\"cue-track-title\" itemprop=\"name\">47. [\u2026] Sad zialiony, wiszniowy (ref.) \u2013 pie\u015b\u0144 wo\u0142oczebna (z towarzyszeniem harmonii)<\/span>\n\t\t\t\t\t<span class=\"cue-track-artist\" itemprop=\"byArtist\">Grupa nieznanych wykonawc\u00f3w<\/span>\n\t\t\t\t<\/span>\n\n\t\t\t\t\n\t\t\t\t<span class=\"cue-track-length cue-track-cell\">0:28<\/span>\n\n\t\t\t\t\t\t\t<\/li>\n\t\t\t\t\t<li class=\"cue-track\" itemprop=\"track\" itemscope itemtype=\"http:\/\/schema.org\/MusicRecording\">\n\t\t\t\t\n\t\t\t\t<span class=\"cue-track-details cue-track-cell\">\n\t\t\t\t\t<span class=\"cue-track-title\" itemprop=\"name\">48. Sygna\u0142<\/span>\n\t\t\t\t\t<span class=\"cue-track-artist\" itemprop=\"byArtist\">Nieznany wykonawca<\/span>\n\t\t\t\t<\/span>\n\n\t\t\t\t\n\t\t\t\t<span class=\"cue-track-length cue-track-cell\">2:02<\/span>\n\n\t\t\t\t\t\t\t<\/li>\n\t\t\t\t\t<li class=\"cue-track\" itemprop=\"track\" itemscope itemtype=\"http:\/\/schema.org\/MusicRecording\">\n\t\t\t\t\n\t\t\t\t<span class=\"cue-track-details cue-track-cell\">\n\t\t\t\t\t<span class=\"cue-track-title\" itemprop=\"name\">49. Oj, u poli [\u2026], staja\u0142a [. \u2026], hej, liuli-liuli, staja\u0142a [. \u2026 ]<\/span>\n\t\t\t\t\t<span class=\"cue-track-artist\" itemprop=\"byArtist\">Grupa nieznanych wykonawc\u00f3w<\/span>\n\t\t\t\t<\/span>\n\n\t\t\t\t\n\t\t\t\t<span class=\"cue-track-length cue-track-cell\">0:34<\/span>\n\n\t\t\t\t\t\t\t<\/li>\n\t\t\t\t\t<li class=\"cue-track\" itemprop=\"track\" itemscope itemtype=\"http:\/\/schema.org\/MusicRecording\">\n\t\t\t\t\n\t\t\t\t<span class=\"cue-track-details cue-track-cell\">\n\t\t\t\t\t<span class=\"cue-track-title\" itemprop=\"name\">50. Oj u bary sosna tonkaja wyros\u0142a a ja ma\u0142adzienka [da liet] niedaros\u0142a<\/span>\n\t\t\t\t\t<span class=\"cue-track-artist\" itemprop=\"byArtist\">Grupa nieznanych wykonawc\u00f3w<\/span>\n\t\t\t\t<\/span>\n\n\t\t\t\t\n\t\t\t\t<span class=\"cue-track-length cue-track-cell\">0:45<\/span>\n\n\t\t\t\t\t\t\t<\/li>\n\t\t\t<\/ol>\n\n\t<\/div>\n\t\t<script type=\"application\/json\" class=\"cue-playlist-data\">{\"embed_link\":\"https:\\\/\\\/etnofon.pl\\\/en\\\/?cue_embed=zachowac-dawne-nagrania&cue_theme=default\",\"permalink\":\"https:\\\/\\\/etnofon.pl\\\/en\\\/?cue_playlist=zachowac-dawne-nagrania\",\"skin\":\"cue-skin-default\",\"thumbnail\":\"https:\\\/\\\/etnofon.pl\\\/wp-content\\\/uploads\\\/2020\\\/12\\\/ZDN_front-1.jpg\",\"tracks\":[{\"artist\":\"Jan Saba\\u0142a (syn)\",\"artworkId\":0,\"artworkUrl\":\"\",\"audioId\":4346,\"audioUrl\":\"https:\\\/\\\/etnofon.pl\\\/wp-content\\\/uploads\\\/2020\\\/12\\\/Zachowac-dawne-nagrania-1.mp3\",\"format\":\"mp3\",\"length\":\"2:10\",\"title\":\"1. Oracja weselna: Niech b\\u0119dzie b\\u0142ogos\\u0142awiony dom, do kt\\u00f3rego my wstempujemy\\u2026\",\"order\":0,\"mp3\":\"https:\\\/\\\/etnofon.pl\\\/wp-content\\\/uploads\\\/2020\\\/12\\\/Zachowac-dawne-nagrania-1.mp3\",\"meta\":{\"artist\":\"Jan Saba\\u0142a (syn)\",\"length_formatted\":\"2:10\"},\"src\":\"https:\\\/\\\/etnofon.pl\\\/wp-content\\\/uploads\\\/2020\\\/12\\\/Zachowac-dawne-nagrania-1.mp3\",\"thumb\":{\"src\":\"\"}},{\"artist\":\"Jan Saba\\u0142a (syn)\",\"artworkId\":0,\"artworkUrl\":\"\",\"audioId\":4347,\"audioUrl\":\"https:\\\/\\\/etnofon.pl\\\/wp-content\\\/uploads\\\/2020\\\/12\\\/Zachowac-dawne-nagrania-2.mp3\",\"format\":\"mp3\",\"length\":\"0:40\",\"title\":\"2. Ja na ziemie przyse\\u0142 z dechem\",\"order\":1,\"mp3\":\"https:\\\/\\\/etnofon.pl\\\/wp-content\\\/uploads\\\/2020\\\/12\\\/Zachowac-dawne-nagrania-2.mp3\",\"meta\":{\"artist\":\"Jan Saba\\u0142a (syn)\",\"length_formatted\":\"0:40\"},\"src\":\"https:\\\/\\\/etnofon.pl\\\/wp-content\\\/uploads\\\/2020\\\/12\\\/Zachowac-dawne-nagrania-2.mp3\",\"thumb\":{\"src\":\"\"}},{\"artist\":\"Jan Saba\\u0142a (syn)\",\"artworkId\":0,\"artworkUrl\":\"\",\"audioId\":4348,\"audioUrl\":\"https:\\\/\\\/etnofon.pl\\\/wp-content\\\/uploads\\\/2020\\\/12\\\/Zachowac-dawne-nagrania-3.mp3\",\"format\":\"mp3\",\"length\":\"0:55\",\"title\":\"3. [Ej ci] ju\\u017c zemry\\u0142a Cyganowi ziena\",\"order\":2,\"mp3\":\"https:\\\/\\\/etnofon.pl\\\/wp-content\\\/uploads\\\/2020\\\/12\\\/Zachowac-dawne-nagrania-3.mp3\",\"meta\":{\"artist\":\"Jan Saba\\u0142a (syn)\",\"length_formatted\":\"0:55\"},\"src\":\"https:\\\/\\\/etnofon.pl\\\/wp-content\\\/uploads\\\/2020\\\/12\\\/Zachowac-dawne-nagrania-3.mp3\",\"thumb\":{\"src\":\"\"}},{\"artist\":\"Jan Saba\\u0142a (syn)\",\"artworkId\":0,\"artworkUrl\":\"\",\"audioId\":4349,\"audioUrl\":\"https:\\\/\\\/etnofon.pl\\\/wp-content\\\/uploads\\\/2020\\\/12\\\/Zachowac-dawne-nagrania-4.mp3\",\"format\":\"mp3\",\"length\":\"0:21\",\"title\":\"4. Idzie se Janicek popod zielyniny\",\"order\":3,\"mp3\":\"https:\\\/\\\/etnofon.pl\\\/wp-content\\\/uploads\\\/2020\\\/12\\\/Zachowac-dawne-nagrania-4.mp3\",\"meta\":{\"artist\":\"Jan Saba\\u0142a (syn)\",\"length_formatted\":\"0:21\"},\"src\":\"https:\\\/\\\/etnofon.pl\\\/wp-content\\\/uploads\\\/2020\\\/12\\\/Zachowac-dawne-nagrania-4.mp3\",\"thumb\":{\"src\":\"\"}},{\"artist\":\"Nieznany wykonawca, okre\\u015blony jako \\u201eparobek J\\u00f3zek\\u201d\",\"artworkId\":0,\"artworkUrl\":\"\",\"audioId\":4350,\"audioUrl\":\"https:\\\/\\\/etnofon.pl\\\/wp-content\\\/uploads\\\/2020\\\/12\\\/Zachowac-dawne-nagrania-5.mp3\",\"format\":\"mp3\",\"length\":\"0:26\",\"title\":\"5. Kieby\\u015b by\\u0142a moja kupie\\u0142 bym ci kierpce\",\"order\":4,\"mp3\":\"https:\\\/\\\/etnofon.pl\\\/wp-content\\\/uploads\\\/2020\\\/12\\\/Zachowac-dawne-nagrania-5.mp3\",\"meta\":{\"artist\":\"Nieznany wykonawca, okre\\u015blony jako \\u201eparobek J\\u00f3zek\\u201d\",\"length_formatted\":\"0:26\"},\"src\":\"https:\\\/\\\/etnofon.pl\\\/wp-content\\\/uploads\\\/2020\\\/12\\\/Zachowac-dawne-nagrania-5.mp3\",\"thumb\":{\"src\":\"\"}},{\"artist\":\"Nieznany wykonawca, okre\\u015blony jako \\u201eparobek J\\u00f3zek\\u201d\",\"artworkId\":0,\"artworkUrl\":\"\",\"audioId\":4351,\"audioUrl\":\"https:\\\/\\\/etnofon.pl\\\/wp-content\\\/uploads\\\/2020\\\/12\\\/Zachowac-dawne-nagrania-6.mp3\",\"format\":\"mp3\",\"length\":\"0:24\",\"title\":\"6. W dzwonnicy ko\\u015bcio\\u0142a jest tam plebanija \\u2013 zb\\u00f3jnicki\",\"order\":5,\"mp3\":\"https:\\\/\\\/etnofon.pl\\\/wp-content\\\/uploads\\\/2020\\\/12\\\/Zachowac-dawne-nagrania-6.mp3\",\"meta\":{\"artist\":\"Nieznany wykonawca, okre\\u015blony jako \\u201eparobek J\\u00f3zek\\u201d\",\"length_formatted\":\"0:24\"},\"src\":\"https:\\\/\\\/etnofon.pl\\\/wp-content\\\/uploads\\\/2020\\\/12\\\/Zachowac-dawne-nagrania-6.mp3\",\"thumb\":{\"src\":\"\"}},{\"artist\":\"Nieznana wykonawczyni, okre\\u015blona jako \\u201epanna Marynka\\u201d\",\"artworkId\":0,\"artworkUrl\":\"\",\"audioId\":4352,\"audioUrl\":\"https:\\\/\\\/etnofon.pl\\\/wp-content\\\/uploads\\\/2020\\\/12\\\/Zachowac-dawne-nagrania-7.mp3\",\"format\":\"mp3\",\"length\":\"0:19\",\"title\":\"7. Ta\\u0144cowali zb\\u00f3jnicy \\u2013 zb\\u00f3jnicki\",\"order\":6,\"mp3\":\"https:\\\/\\\/etnofon.pl\\\/wp-content\\\/uploads\\\/2020\\\/12\\\/Zachowac-dawne-nagrania-7.mp3\",\"meta\":{\"artist\":\"Nieznana wykonawczyni, okre\\u015blona jako \\u201epanna Marynka\\u201d\",\"length_formatted\":\"0:19\"},\"src\":\"https:\\\/\\\/etnofon.pl\\\/wp-content\\\/uploads\\\/2020\\\/12\\\/Zachowac-dawne-nagrania-7.mp3\",\"thumb\":{\"src\":\"\"}},{\"artist\":\"Nieznana wykonawczyni, okre\\u015blona jako \\u201epanna Marynka\\u201d\",\"artworkId\":0,\"artworkUrl\":\"\",\"audioId\":4353,\"audioUrl\":\"https:\\\/\\\/etnofon.pl\\\/wp-content\\\/uploads\\\/2020\\\/12\\\/Zachowac-dawne-nagrania-8.mp3\",\"format\":\"mp3\",\"length\":\"0:21\",\"title\":\"8. [...] za dziewcyn\\u0105 \\u0142adn\\u0105, obieca\\u0142a a nie da\\u0142a chusteczke jedwabn\\u0105\",\"order\":7,\"mp3\":\"https:\\\/\\\/etnofon.pl\\\/wp-content\\\/uploads\\\/2020\\\/12\\\/Zachowac-dawne-nagrania-8.mp3\",\"meta\":{\"artist\":\"Nieznana wykonawczyni, okre\\u015blona jako \\u201epanna Marynka\\u201d\",\"length_formatted\":\"0:21\"},\"src\":\"https:\\\/\\\/etnofon.pl\\\/wp-content\\\/uploads\\\/2020\\\/12\\\/Zachowac-dawne-nagrania-8.mp3\",\"thumb\":{\"src\":\"\"}},{\"artist\":\"Stanis\\u0142aw G\\u0105sienica Fronek\",\"artworkId\":0,\"artworkUrl\":\"\",\"audioId\":4354,\"audioUrl\":\"https:\\\/\\\/etnofon.pl\\\/wp-content\\\/uploads\\\/2020\\\/12\\\/Zachowac-dawne-nagrania-9.mp3\",\"format\":\"mp3\",\"length\":\"0:22\",\"title\":\"9. Ej by\\u0142ek na [...] ej by\\u0142ek na [Krywaniu] \\u2013 ozwodna\",\"order\":8,\"mp3\":\"https:\\\/\\\/etnofon.pl\\\/wp-content\\\/uploads\\\/2020\\\/12\\\/Zachowac-dawne-nagrania-9.mp3\",\"meta\":{\"artist\":\"Stanis\\u0142aw G\\u0105sienica Fronek\",\"length_formatted\":\"0:22\"},\"src\":\"https:\\\/\\\/etnofon.pl\\\/wp-content\\\/uploads\\\/2020\\\/12\\\/Zachowac-dawne-nagrania-9.mp3\",\"thumb\":{\"src\":\"\"}},{\"artist\":\"Stanis\\u0142aw G\\u0105sienica Fronek\",\"artworkId\":0,\"artworkUrl\":\"\",\"audioId\":4355,\"audioUrl\":\"https:\\\/\\\/etnofon.pl\\\/wp-content\\\/uploads\\\/2020\\\/12\\\/Zachowac-dawne-nagrania-10.mp3\",\"format\":\"mp3\",\"length\":\"0:23\",\"title\":\"10. [...] dobrych ch\\u0142opc\\u00f3w zeby\\u015b mio\\u0142, jesce by\\u015b se lepsych mio\\u0142 kieby\\u015b se im syra do\\u0142 \\u2013 do zb\\u00f3jnickiego\",\"order\":9,\"mp3\":\"https:\\\/\\\/etnofon.pl\\\/wp-content\\\/uploads\\\/2020\\\/12\\\/Zachowac-dawne-nagrania-10.mp3\",\"meta\":{\"artist\":\"Stanis\\u0142aw G\\u0105sienica Fronek\",\"length_formatted\":\"0:23\"},\"src\":\"https:\\\/\\\/etnofon.pl\\\/wp-content\\\/uploads\\\/2020\\\/12\\\/Zachowac-dawne-nagrania-10.mp3\",\"thumb\":{\"src\":\"\"}},{\"artist\":\"Stanis\\u0142aw G\\u0105sienica Fronek\",\"artworkId\":0,\"artworkUrl\":\"\",\"audioId\":4356,\"audioUrl\":\"https:\\\/\\\/etnofon.pl\\\/wp-content\\\/uploads\\\/2020\\\/12\\\/Zachowac-dawne-nagrania-11.mp3\",\"format\":\"mp3\",\"length\":\"0:31\",\"title\":\"11. Ta\\u0144cyli zb\\u00f3jcowie \\u2013 zb\\u00f3jnicki\",\"order\":10,\"mp3\":\"https:\\\/\\\/etnofon.pl\\\/wp-content\\\/uploads\\\/2020\\\/12\\\/Zachowac-dawne-nagrania-11.mp3\",\"meta\":{\"artist\":\"Stanis\\u0142aw G\\u0105sienica Fronek\",\"length_formatted\":\"0:31\"},\"src\":\"https:\\\/\\\/etnofon.pl\\\/wp-content\\\/uploads\\\/2020\\\/12\\\/Zachowac-dawne-nagrania-11.mp3\",\"thumb\":{\"src\":\"\"}},{\"artist\":\"Stanis\\u0142aw G\\u0105sienica Fronek i \\u201eparobek J\\u00f3zek\",\"artworkId\":0,\"artworkUrl\":\"\",\"audioId\":4357,\"audioUrl\":\"https:\\\/\\\/etnofon.pl\\\/wp-content\\\/uploads\\\/2020\\\/12\\\/Zachowac-dawne-nagrania-12.mp3\",\"format\":\"mp3\",\"length\":\"0:22\",\"title\":\"12. Dolina, dolina [...] \\u2013 ozwodna\",\"order\":11,\"mp3\":\"https:\\\/\\\/etnofon.pl\\\/wp-content\\\/uploads\\\/2020\\\/12\\\/Zachowac-dawne-nagrania-12.mp3\",\"meta\":{\"artist\":\"Stanis\\u0142aw G\\u0105sienica Fronek i \\u201eparobek J\\u00f3zek\",\"length_formatted\":\"0:22\"},\"src\":\"https:\\\/\\\/etnofon.pl\\\/wp-content\\\/uploads\\\/2020\\\/12\\\/Zachowac-dawne-nagrania-12.mp3\",\"thumb\":{\"src\":\"\"}},{\"artist\":\"Nieznana wykonawczyni, okre\\u015blona jako \\u201epanna Marynka\\\"\",\"artworkId\":0,\"artworkUrl\":\"\",\"audioId\":4358,\"audioUrl\":\"https:\\\/\\\/etnofon.pl\\\/wp-content\\\/uploads\\\/2020\\\/12\\\/Zachowac-dawne-nagrania-13.mp3\",\"format\":\"mp3\",\"length\":\"0:27\",\"title\":\"13. Czy\\u015b ty [..] czy\\u015b ty ch\\u0142op, czy preskoczysz winohrod \\u2013 zb\\u00f3jnicki\",\"order\":12,\"mp3\":\"https:\\\/\\\/etnofon.pl\\\/wp-content\\\/uploads\\\/2020\\\/12\\\/Zachowac-dawne-nagrania-13.mp3\",\"meta\":{\"artist\":\"Nieznana wykonawczyni, okre\\u015blona jako \\u201epanna Marynka\\\"\",\"length_formatted\":\"0:27\"},\"src\":\"https:\\\/\\\/etnofon.pl\\\/wp-content\\\/uploads\\\/2020\\\/12\\\/Zachowac-dawne-nagrania-13.mp3\",\"thumb\":{\"src\":\"\"}},{\"artist\":\"Stanis\\u0142aw G\\u0105sienica Fronek\",\"artworkId\":0,\"artworkUrl\":\"\",\"audioId\":4359,\"audioUrl\":\"https:\\\/\\\/etnofon.pl\\\/wp-content\\\/uploads\\\/2020\\\/12\\\/Zachowac-dawne-nagrania-14.mp3\",\"format\":\"mp3\",\"length\":\"0:23\",\"title\":\"14. Kieby mia\\u0142 [...] \\u2013 ozwodna [?]\",\"order\":13,\"mp3\":\"https:\\\/\\\/etnofon.pl\\\/wp-content\\\/uploads\\\/2020\\\/12\\\/Zachowac-dawne-nagrania-14.mp3\",\"meta\":{\"artist\":\"Stanis\\u0142aw G\\u0105sienica Fronek\",\"length_formatted\":\"0:23\"},\"src\":\"https:\\\/\\\/etnofon.pl\\\/wp-content\\\/uploads\\\/2020\\\/12\\\/Zachowac-dawne-nagrania-14.mp3\",\"thumb\":{\"src\":\"\"}},{\"artist\":\"Stanis\\u0142aw G\\u0105sienica Fronek\",\"artworkId\":0,\"artworkUrl\":\"\",\"audioId\":4360,\"audioUrl\":\"https:\\\/\\\/etnofon.pl\\\/wp-content\\\/uploads\\\/2020\\\/12\\\/Zachowac-dawne-nagrania-15.mp3\",\"format\":\"mp3\",\"length\":\"2:16\",\"title\":\"15. W lesie pod przy go\\u015bci\\u0144cu karczma murowana jest tam karcmarecka jesce nie tykana \\u2013 zb\\u00f3jnicki\",\"order\":14,\"mp3\":\"https:\\\/\\\/etnofon.pl\\\/wp-content\\\/uploads\\\/2020\\\/12\\\/Zachowac-dawne-nagrania-15.mp3\",\"meta\":{\"artist\":\"Stanis\\u0142aw G\\u0105sienica Fronek\",\"length_formatted\":\"2:16\"},\"src\":\"https:\\\/\\\/etnofon.pl\\\/wp-content\\\/uploads\\\/2020\\\/12\\\/Zachowac-dawne-nagrania-15.mp3\",\"thumb\":{\"src\":\"\"}},{\"artist\":\"Szymon Urzy\",\"artworkId\":0,\"artworkUrl\":\"\",\"audioId\":4361,\"audioUrl\":\"https:\\\/\\\/etnofon.pl\\\/wp-content\\\/uploads\\\/2020\\\/12\\\/Zachowac-dawne-nagrania-16.mp3\",\"format\":\"mp3\",\"length\":\"0:48\",\"title\":\"16. Ozwodna\",\"order\":15,\"mp3\":\"https:\\\/\\\/etnofon.pl\\\/wp-content\\\/uploads\\\/2020\\\/12\\\/Zachowac-dawne-nagrania-16.mp3\",\"meta\":{\"artist\":\"Szymon Urzy\",\"length_formatted\":\"0:48\"},\"src\":\"https:\\\/\\\/etnofon.pl\\\/wp-content\\\/uploads\\\/2020\\\/12\\\/Zachowac-dawne-nagrania-16.mp3\",\"thumb\":{\"src\":\"\"}},{\"artist\":\"Szymon Urzy\",\"artworkId\":0,\"artworkUrl\":\"\",\"audioId\":4362,\"audioUrl\":\"https:\\\/\\\/etnofon.pl\\\/wp-content\\\/uploads\\\/2020\\\/12\\\/Zachowac-dawne-nagrania-17.mp3\",\"format\":\"mp3\",\"length\":\"0:43\",\"title\":\"17. Drobny i krzesany\",\"order\":16,\"mp3\":\"https:\\\/\\\/etnofon.pl\\\/wp-content\\\/uploads\\\/2020\\\/12\\\/Zachowac-dawne-nagrania-17.mp3\",\"meta\":{\"artist\":\"Szymon Urzy\",\"length_formatted\":\"0:43\"},\"src\":\"https:\\\/\\\/etnofon.pl\\\/wp-content\\\/uploads\\\/2020\\\/12\\\/Zachowac-dawne-nagrania-17.mp3\",\"thumb\":{\"src\":\"\"}},{\"artist\":\"Szymon Urzy\",\"artworkId\":0,\"artworkUrl\":\"\",\"audioId\":4363,\"audioUrl\":\"https:\\\/\\\/etnofon.pl\\\/wp-content\\\/uploads\\\/2020\\\/12\\\/Zachowac-dawne-nagrania-18.mp3\",\"format\":\"mp3\",\"length\":\"0:33\",\"title\":\"18. Zb\\u00f3jnicki\",\"order\":17,\"mp3\":\"https:\\\/\\\/etnofon.pl\\\/wp-content\\\/uploads\\\/2020\\\/12\\\/Zachowac-dawne-nagrania-18.mp3\",\"meta\":{\"artist\":\"Szymon Urzy\",\"length_formatted\":\"0:33\"},\"src\":\"https:\\\/\\\/etnofon.pl\\\/wp-content\\\/uploads\\\/2020\\\/12\\\/Zachowac-dawne-nagrania-18.mp3\",\"thumb\":{\"src\":\"\"}},{\"artist\":\"Szymon Urzy\",\"artworkId\":0,\"artworkUrl\":\"\",\"audioId\":4364,\"audioUrl\":\"https:\\\/\\\/etnofon.pl\\\/wp-content\\\/uploads\\\/2020\\\/12\\\/Zachowac-dawne-nagrania-19.mp3\",\"format\":\"mp3\",\"length\":\"0:52\",\"title\":\"19. Smutny zb\\u00f3jnik, smutny \\u2013 Janosikowa\",\"order\":18,\"mp3\":\"https:\\\/\\\/etnofon.pl\\\/wp-content\\\/uploads\\\/2020\\\/12\\\/Zachowac-dawne-nagrania-19.mp3\",\"meta\":{\"artist\":\"Szymon Urzy\",\"length_formatted\":\"0:52\"},\"src\":\"https:\\\/\\\/etnofon.pl\\\/wp-content\\\/uploads\\\/2020\\\/12\\\/Zachowac-dawne-nagrania-19.mp3\",\"thumb\":{\"src\":\"\"}},{\"artist\":\"Kapela g\\u00f3ralska (skrzypce prym, dwoje skrzypiec sekund, basy)\",\"artworkId\":0,\"artworkUrl\":\"\",\"audioId\":4365,\"audioUrl\":\"https:\\\/\\\/etnofon.pl\\\/wp-content\\\/uploads\\\/2020\\\/12\\\/Zachowac-dawne-nagrania-20.mp3\",\"format\":\"mp3\",\"length\":\"2:15\",\"title\":\"20. Krzesany po \\u015btyry\",\"order\":19,\"mp3\":\"https:\\\/\\\/etnofon.pl\\\/wp-content\\\/uploads\\\/2020\\\/12\\\/Zachowac-dawne-nagrania-20.mp3\",\"meta\":{\"artist\":\"Kapela g\\u00f3ralska (skrzypce prym, dwoje skrzypiec sekund, basy)\",\"length_formatted\":\"2:15\"},\"src\":\"https:\\\/\\\/etnofon.pl\\\/wp-content\\\/uploads\\\/2020\\\/12\\\/Zachowac-dawne-nagrania-20.mp3\",\"thumb\":{\"src\":\"\"}},{\"artist\":\"Kobiety o nazwiskach Sacher i Lubczyk\",\"artworkId\":0,\"artworkUrl\":\"\",\"audioId\":4366,\"audioUrl\":\"https:\\\/\\\/etnofon.pl\\\/wp-content\\\/uploads\\\/2020\\\/12\\\/Zachowac-dawne-nagrania-21.mp3\",\"format\":\"mp3\",\"length\":\"1:42\",\"title\":\"21. Ch\\u0142opatycek niewidomy\",\"order\":20,\"mp3\":\"https:\\\/\\\/etnofon.pl\\\/wp-content\\\/uploads\\\/2020\\\/12\\\/Zachowac-dawne-nagrania-21.mp3\",\"meta\":{\"artist\":\"Kobiety o nazwiskach Sacher i Lubczyk\",\"length_formatted\":\"1:42\"},\"src\":\"https:\\\/\\\/etnofon.pl\\\/wp-content\\\/uploads\\\/2020\\\/12\\\/Zachowac-dawne-nagrania-21.mp3\",\"thumb\":{\"src\":\"\"}},{\"artist\":\"Orkiestra oraz zesp\\u00f3\\u0142 \\u015bpiewak\\u00f3w\",\"artworkId\":0,\"artworkUrl\":\"\",\"audioId\":4367,\"audioUrl\":\"https:\\\/\\\/etnofon.pl\\\/wp-content\\\/uploads\\\/2020\\\/12\\\/Zachowac-dawne-nagrania-22.mp3\",\"format\":\"mp3\",\"length\":\"1:00\",\"title\":\"22. Raduj si\\u0119, z nieba Kr\\u00f3lowo, Alleluja\",\"order\":21,\"mp3\":\"https:\\\/\\\/etnofon.pl\\\/wp-content\\\/uploads\\\/2020\\\/12\\\/Zachowac-dawne-nagrania-22.mp3\",\"meta\":{\"artist\":\"Orkiestra oraz zesp\\u00f3\\u0142 \\u015bpiewak\\u00f3w\",\"length_formatted\":\"1:00\"},\"src\":\"https:\\\/\\\/etnofon.pl\\\/wp-content\\\/uploads\\\/2020\\\/12\\\/Zachowac-dawne-nagrania-22.mp3\",\"thumb\":{\"src\":\"\"}},{\"artist\":\"Orkiestra oraz zesp\\u00f3\\u0142 \\u015bpiewak\\u00f3w\",\"artworkId\":0,\"artworkUrl\":\"\",\"audioId\":4368,\"audioUrl\":\"https:\\\/\\\/etnofon.pl\\\/wp-content\\\/uploads\\\/2020\\\/12\\\/Zachowac-dawne-nagrania-23.mp3\",\"format\":\"mp3\",\"length\":\"1:02\",\"title\":\"23. Pie\\u015b\\u0144 weselna\",\"order\":22,\"mp3\":\"https:\\\/\\\/etnofon.pl\\\/wp-content\\\/uploads\\\/2020\\\/12\\\/Zachowac-dawne-nagrania-23.mp3\",\"meta\":{\"artist\":\"Orkiestra oraz zesp\\u00f3\\u0142 \\u015bpiewak\\u00f3w\",\"length_formatted\":\"1:02\"},\"src\":\"https:\\\/\\\/etnofon.pl\\\/wp-content\\\/uploads\\\/2020\\\/12\\\/Zachowac-dawne-nagrania-23.mp3\",\"thumb\":{\"src\":\"\"}},{\"artist\":\"Grupa wiernych\",\"artworkId\":0,\"artworkUrl\":\"\",\"audioId\":4369,\"audioUrl\":\"https:\\\/\\\/etnofon.pl\\\/wp-content\\\/uploads\\\/2020\\\/12\\\/Zachowac-dawne-nagrania-24.mp3\",\"format\":\"mp3\",\"length\":\"0:45\",\"title\":\"24. Ojcze nasz\",\"order\":23,\"mp3\":\"https:\\\/\\\/etnofon.pl\\\/wp-content\\\/uploads\\\/2020\\\/12\\\/Zachowac-dawne-nagrania-24.mp3\",\"meta\":{\"artist\":\"Grupa wiernych\",\"length_formatted\":\"0:45\"},\"src\":\"https:\\\/\\\/etnofon.pl\\\/wp-content\\\/uploads\\\/2020\\\/12\\\/Zachowac-dawne-nagrania-24.mp3\",\"thumb\":{\"src\":\"\"}},{\"artist\":\"Grupa wiernych\",\"artworkId\":0,\"artworkUrl\":\"\",\"audioId\":4370,\"audioUrl\":\"https:\\\/\\\/etnofon.pl\\\/wp-content\\\/uploads\\\/2020\\\/12\\\/Zachowac-dawne-nagrania-25.mp3\",\"format\":\"mp3\",\"length\":\"0:56\",\"title\":\"25. A wczora z wieczora z niebieskiego dwora\",\"order\":24,\"mp3\":\"https:\\\/\\\/etnofon.pl\\\/wp-content\\\/uploads\\\/2020\\\/12\\\/Zachowac-dawne-nagrania-25.mp3\",\"meta\":{\"artist\":\"Grupa wiernych\",\"length_formatted\":\"0:56\"},\"src\":\"https:\\\/\\\/etnofon.pl\\\/wp-content\\\/uploads\\\/2020\\\/12\\\/Zachowac-dawne-nagrania-25.mp3\",\"thumb\":{\"src\":\"\"}},{\"artist\":\"Nieznana wykonawczyni\",\"artworkId\":0,\"artworkUrl\":\"\",\"audioId\":4371,\"audioUrl\":\"https:\\\/\\\/etnofon.pl\\\/wp-content\\\/uploads\\\/2020\\\/12\\\/Zachowac-dawne-nagrania-26.mp3\",\"format\":\"mp3\",\"length\":\"0:15\",\"title\":\"26. Z g\\u00f3ry jed\\u017a, z g\\u00f3ry jed\\u017a, na dolinie hamuj\",\"order\":25,\"mp3\":\"https:\\\/\\\/etnofon.pl\\\/wp-content\\\/uploads\\\/2020\\\/12\\\/Zachowac-dawne-nagrania-26.mp3\",\"meta\":{\"artist\":\"Nieznana wykonawczyni\",\"length_formatted\":\"0:15\"},\"src\":\"https:\\\/\\\/etnofon.pl\\\/wp-content\\\/uploads\\\/2020\\\/12\\\/Zachowac-dawne-nagrania-26.mp3\",\"thumb\":{\"src\":\"\"}},{\"artist\":\"Bart\\u0142omiej Obrochta\",\"artworkId\":0,\"artworkUrl\":\"\",\"audioId\":4372,\"audioUrl\":\"https:\\\/\\\/etnofon.pl\\\/wp-content\\\/uploads\\\/2020\\\/12\\\/Zachowac-dawne-nagrania-27.mp3\",\"format\":\"mp3\",\"length\":\"0:24\",\"title\":\"27. Ja bym ora\\u0142, ja bym sia\\u0142 w tej dolinie (Spiska)\",\"order\":26,\"mp3\":\"https:\\\/\\\/etnofon.pl\\\/wp-content\\\/uploads\\\/2020\\\/12\\\/Zachowac-dawne-nagrania-27.mp3\",\"meta\":{\"artist\":\"Bart\\u0142omiej Obrochta\",\"length_formatted\":\"0:24\"},\"src\":\"https:\\\/\\\/etnofon.pl\\\/wp-content\\\/uploads\\\/2020\\\/12\\\/Zachowac-dawne-nagrania-27.mp3\",\"thumb\":{\"src\":\"\"}},{\"artist\":\"Bart\\u0142omiej Obrochta\",\"artworkId\":0,\"artworkUrl\":\"\",\"audioId\":4373,\"audioUrl\":\"https:\\\/\\\/etnofon.pl\\\/wp-content\\\/uploads\\\/2020\\\/12\\\/Zachowac-dawne-nagrania-28.mp3\",\"format\":\"mp3\",\"length\":\"1:08\",\"title\":\"28. Weselny krakowiak\",\"order\":27,\"mp3\":\"https:\\\/\\\/etnofon.pl\\\/wp-content\\\/uploads\\\/2020\\\/12\\\/Zachowac-dawne-nagrania-28.mp3\",\"meta\":{\"artist\":\"Bart\\u0142omiej Obrochta\",\"length_formatted\":\"1:08\"},\"src\":\"https:\\\/\\\/etnofon.pl\\\/wp-content\\\/uploads\\\/2020\\\/12\\\/Zachowac-dawne-nagrania-28.mp3\",\"thumb\":{\"src\":\"\"}},{\"artist\":\"Bart\\u0142omiej Obrochta\",\"artworkId\":0,\"artworkUrl\":\"\",\"audioId\":4374,\"audioUrl\":\"https:\\\/\\\/etnofon.pl\\\/wp-content\\\/uploads\\\/2020\\\/12\\\/Zachowac-dawne-nagrania-29.mp3\",\"format\":\"mp3\",\"length\":\"0:27\",\"title\":\"29. Hej, kieby\\u015b dziywce, hej kieby\\u015b nie ty\",\"order\":28,\"mp3\":\"https:\\\/\\\/etnofon.pl\\\/wp-content\\\/uploads\\\/2020\\\/12\\\/Zachowac-dawne-nagrania-29.mp3\",\"meta\":{\"artist\":\"Bart\\u0142omiej Obrochta\",\"length_formatted\":\"0:27\"},\"src\":\"https:\\\/\\\/etnofon.pl\\\/wp-content\\\/uploads\\\/2020\\\/12\\\/Zachowac-dawne-nagrania-29.mp3\",\"thumb\":{\"src\":\"\"}},{\"artist\":\"Bart\\u0142omiej Obrochta\",\"artworkId\":0,\"artworkUrl\":\"\",\"audioId\":4375,\"audioUrl\":\"https:\\\/\\\/etnofon.pl\\\/wp-content\\\/uploads\\\/2020\\\/12\\\/Zachowac-dawne-nagrania-30.mp3\",\"format\":\"mp3\",\"length\":\"1:01\",\"title\":\"30. Luptowska zb\\u00f3jnicka\",\"order\":29,\"mp3\":\"https:\\\/\\\/etnofon.pl\\\/wp-content\\\/uploads\\\/2020\\\/12\\\/Zachowac-dawne-nagrania-30.mp3\",\"meta\":{\"artist\":\"Bart\\u0142omiej Obrochta\",\"length_formatted\":\"1:01\"},\"src\":\"https:\\\/\\\/etnofon.pl\\\/wp-content\\\/uploads\\\/2020\\\/12\\\/Zachowac-dawne-nagrania-30.mp3\",\"thumb\":{\"src\":\"\"}},{\"artist\":\"Bart\\u0142omiej Obrochta\",\"artworkId\":0,\"artworkUrl\":\"\",\"audioId\":4376,\"audioUrl\":\"https:\\\/\\\/etnofon.pl\\\/wp-content\\\/uploads\\\/2020\\\/12\\\/Zachowac-dawne-nagrania-31.mp3\",\"format\":\"mp3\",\"length\":\"0:52\",\"title\":\"31. Luptowska\",\"order\":30,\"mp3\":\"https:\\\/\\\/etnofon.pl\\\/wp-content\\\/uploads\\\/2020\\\/12\\\/Zachowac-dawne-nagrania-31.mp3\",\"meta\":{\"artist\":\"Bart\\u0142omiej Obrochta\",\"length_formatted\":\"0:52\"},\"src\":\"https:\\\/\\\/etnofon.pl\\\/wp-content\\\/uploads\\\/2020\\\/12\\\/Zachowac-dawne-nagrania-31.mp3\",\"thumb\":{\"src\":\"\"}},{\"artist\":\"T. Ciba\",\"artworkId\":0,\"artworkUrl\":\"\",\"audioId\":4377,\"audioUrl\":\"https:\\\/\\\/etnofon.pl\\\/wp-content\\\/uploads\\\/2020\\\/12\\\/Zachowac-dawne-nagrania-32.mp3\",\"format\":\"mp3\",\"length\":\"0:29\",\"title\":\"32. Melodia\",\"order\":31,\"mp3\":\"https:\\\/\\\/etnofon.pl\\\/wp-content\\\/uploads\\\/2020\\\/12\\\/Zachowac-dawne-nagrania-32.mp3\",\"meta\":{\"artist\":\"T. Ciba\",\"length_formatted\":\"0:29\"},\"src\":\"https:\\\/\\\/etnofon.pl\\\/wp-content\\\/uploads\\\/2020\\\/12\\\/Zachowac-dawne-nagrania-32.mp3\",\"thumb\":{\"src\":\"\"}},{\"artist\":\"Oleksij Levkovi\\u010d\",\"artworkId\":0,\"artworkUrl\":\"\",\"audioId\":4378,\"audioUrl\":\"https:\\\/\\\/etnofon.pl\\\/wp-content\\\/uploads\\\/2020\\\/12\\\/Zachowac-dawne-nagrania-33.mp3\",\"format\":\"mp3\",\"length\":\"0:21\",\"title\":\"33. Melodia\",\"order\":32,\"mp3\":\"https:\\\/\\\/etnofon.pl\\\/wp-content\\\/uploads\\\/2020\\\/12\\\/Zachowac-dawne-nagrania-33.mp3\",\"meta\":{\"artist\":\"Oleksij Levkovi\\u010d\",\"length_formatted\":\"0:21\"},\"src\":\"https:\\\/\\\/etnofon.pl\\\/wp-content\\\/uploads\\\/2020\\\/12\\\/Zachowac-dawne-nagrania-33.mp3\",\"thumb\":{\"src\":\"\"}},{\"artist\":\"M. Raina\",\"artworkId\":0,\"artworkUrl\":\"\",\"audioId\":4379,\"audioUrl\":\"https:\\\/\\\/etnofon.pl\\\/wp-content\\\/uploads\\\/2020\\\/12\\\/Zachowac-dawne-nagrania-34.mp3\",\"format\":\"mp3\",\"length\":\"0:40\",\"title\":\"34. Da dobrano\\u010d\",\"order\":33,\"mp3\":\"https:\\\/\\\/etnofon.pl\\\/wp-content\\\/uploads\\\/2020\\\/12\\\/Zachowac-dawne-nagrania-34.mp3\",\"meta\":{\"artist\":\"M. Raina\",\"length_formatted\":\"0:40\"},\"src\":\"https:\\\/\\\/etnofon.pl\\\/wp-content\\\/uploads\\\/2020\\\/12\\\/Zachowac-dawne-nagrania-34.mp3\",\"thumb\":{\"src\":\"\"}},{\"artist\":\"M. Raina\",\"artworkId\":0,\"artworkUrl\":\"\",\"audioId\":4380,\"audioUrl\":\"https:\\\/\\\/etnofon.pl\\\/wp-content\\\/uploads\\\/2020\\\/12\\\/Zachowac-dawne-nagrania-35.mp3\",\"format\":\"mp3\",\"length\":\"0:47\",\"title\":\"35. Oj \\u017euravko, \\u017euravko\",\"order\":34,\"mp3\":\"https:\\\/\\\/etnofon.pl\\\/wp-content\\\/uploads\\\/2020\\\/12\\\/Zachowac-dawne-nagrania-35.mp3\",\"meta\":{\"artist\":\"M. Raina\",\"length_formatted\":\"0:47\"},\"src\":\"https:\\\/\\\/etnofon.pl\\\/wp-content\\\/uploads\\\/2020\\\/12\\\/Zachowac-dawne-nagrania-35.mp3\",\"thumb\":{\"src\":\"\"}},{\"artist\":\"M. Raina\",\"artworkId\":0,\"artworkUrl\":\"\",\"audioId\":4381,\"audioUrl\":\"https:\\\/\\\/etnofon.pl\\\/wp-content\\\/uploads\\\/2020\\\/12\\\/Zachowac-dawne-nagrania-36.mp3\",\"format\":\"mp3\",\"length\":\"0:35\",\"title\":\"36. U\\u017ee sonce za hor(u), za hor(u)\",\"order\":35,\"mp3\":\"https:\\\/\\\/etnofon.pl\\\/wp-content\\\/uploads\\\/2020\\\/12\\\/Zachowac-dawne-nagrania-36.mp3\",\"meta\":{\"artist\":\"M. Raina\",\"length_formatted\":\"0:35\"},\"src\":\"https:\\\/\\\/etnofon.pl\\\/wp-content\\\/uploads\\\/2020\\\/12\\\/Zachowac-dawne-nagrania-36.mp3\",\"thumb\":{\"src\":\"\"}},{\"artist\":\"Micha\\u0142 Kulawiak\",\"artworkId\":0,\"artworkUrl\":\"\",\"audioId\":4382,\"audioUrl\":\"https:\\\/\\\/etnofon.pl\\\/wp-content\\\/uploads\\\/2020\\\/12\\\/Zachowac-dawne-nagrania-37.mp3\",\"format\":\"mp3\",\"length\":\"0:31\",\"title\":\"37. Hola matulu z pola\",\"order\":36,\"mp3\":\"https:\\\/\\\/etnofon.pl\\\/wp-content\\\/uploads\\\/2020\\\/12\\\/Zachowac-dawne-nagrania-37.mp3\",\"meta\":{\"artist\":\"Micha\\u0142 Kulawiak\",\"length_formatted\":\"0:31\"},\"src\":\"https:\\\/\\\/etnofon.pl\\\/wp-content\\\/uploads\\\/2020\\\/12\\\/Zachowac-dawne-nagrania-37.mp3\",\"thumb\":{\"src\":\"\"}},{\"artist\":\"Antoni Maleszka\",\"artworkId\":0,\"artworkUrl\":\"\",\"audioId\":4383,\"audioUrl\":\"https:\\\/\\\/etnofon.pl\\\/wp-content\\\/uploads\\\/2020\\\/12\\\/Zachowac-dawne-nagrania-38.mp3\",\"format\":\"mp3\",\"length\":\"0:22\",\"title\":\"38. Szewc\",\"order\":37,\"mp3\":\"https:\\\/\\\/etnofon.pl\\\/wp-content\\\/uploads\\\/2020\\\/12\\\/Zachowac-dawne-nagrania-38.mp3\",\"meta\":{\"artist\":\"Antoni Maleszka\",\"length_formatted\":\"0:22\"},\"src\":\"https:\\\/\\\/etnofon.pl\\\/wp-content\\\/uploads\\\/2020\\\/12\\\/Zachowac-dawne-nagrania-38.mp3\",\"thumb\":{\"src\":\"\"}},{\"artist\":\"Antoni Maleszka\",\"artworkId\":0,\"artworkUrl\":\"\",\"audioId\":4384,\"audioUrl\":\"https:\\\/\\\/etnofon.pl\\\/wp-content\\\/uploads\\\/2020\\\/12\\\/Zachowac-dawne-nagrania-39.mp3\",\"format\":\"mp3\",\"length\":\"1:31\",\"title\":\"39. Ceglorz \\u2013 Id\\u017a sobie \\u2013 Go\\u0142\\u0105bek \\u2013 R\\u00f3wny (Weksel)\",\"order\":38,\"mp3\":\"https:\\\/\\\/etnofon.pl\\\/wp-content\\\/uploads\\\/2020\\\/12\\\/Zachowac-dawne-nagrania-39.mp3\",\"meta\":{\"artist\":\"Antoni Maleszka\",\"length_formatted\":\"1:31\"},\"src\":\"https:\\\/\\\/etnofon.pl\\\/wp-content\\\/uploads\\\/2020\\\/12\\\/Zachowac-dawne-nagrania-39.mp3\",\"thumb\":{\"src\":\"\"}},{\"artist\":\"\\u015apiewaj\\u0105 m\\u0119\\u017cczy\\u017ani z zespo\\u0142u z Domachowa, gra kapela dudziarska\",\"artworkId\":0,\"artworkUrl\":\"\",\"audioId\":4385,\"audioUrl\":\"https:\\\/\\\/etnofon.pl\\\/wp-content\\\/uploads\\\/2020\\\/12\\\/Zachowac-dawne-nagrania-40.mp3\",\"format\":\"mp3\",\"length\":\"1:24\",\"title\":\"40. W ogr\\u00f3deczku siada\\u0142a, drobne lista zrywa\\u0142a \\u2013 do przodka\",\"order\":39,\"mp3\":\"https:\\\/\\\/etnofon.pl\\\/wp-content\\\/uploads\\\/2020\\\/12\\\/Zachowac-dawne-nagrania-40.mp3\",\"meta\":{\"artist\":\"\\u015apiewaj\\u0105 m\\u0119\\u017cczy\\u017ani z zespo\\u0142u z Domachowa, gra kapela dudziarska\",\"length_formatted\":\"1:24\"},\"src\":\"https:\\\/\\\/etnofon.pl\\\/wp-content\\\/uploads\\\/2020\\\/12\\\/Zachowac-dawne-nagrania-40.mp3\",\"thumb\":{\"src\":\"\"}},{\"artist\":\"M\\u0119\\u017cczy\\u017ani z zespo\\u0142u z Domachowa\",\"artworkId\":0,\"artworkUrl\":\"\",\"audioId\":4386,\"audioUrl\":\"https:\\\/\\\/etnofon.pl\\\/wp-content\\\/uploads\\\/2020\\\/12\\\/Zachowac-dawne-nagrania-41.mp3\",\"format\":\"mp3\",\"length\":\"0:33\",\"title\":\"41. Jak ja b\\u0119d\\u0119 umiera\\u0107 ka\\u017ce sobie piwa grza\\u0107- wiwat\",\"order\":40,\"mp3\":\"https:\\\/\\\/etnofon.pl\\\/wp-content\\\/uploads\\\/2020\\\/12\\\/Zachowac-dawne-nagrania-41.mp3\",\"meta\":{\"artist\":\"M\\u0119\\u017cczy\\u017ani z zespo\\u0142u z Domachowa\",\"length_formatted\":\"0:33\"},\"src\":\"https:\\\/\\\/etnofon.pl\\\/wp-content\\\/uploads\\\/2020\\\/12\\\/Zachowac-dawne-nagrania-41.mp3\",\"thumb\":{\"src\":\"\"}},{\"artist\":\"Antoni Maleszka\",\"artworkId\":0,\"artworkUrl\":\"\",\"audioId\":4387,\"audioUrl\":\"https:\\\/\\\/etnofon.pl\\\/wp-content\\\/uploads\\\/2020\\\/12\\\/Zachowac-dawne-nagrania-42.mp3\",\"format\":\"mp3\",\"length\":\"0:43\",\"title\":\"42. Wiwat \\u2013 Jak ja b\\u0119d\\u0119 umiera\\u0107\",\"order\":41,\"mp3\":\"https:\\\/\\\/etnofon.pl\\\/wp-content\\\/uploads\\\/2020\\\/12\\\/Zachowac-dawne-nagrania-42.mp3\",\"meta\":{\"artist\":\"Antoni Maleszka\",\"length_formatted\":\"0:43\"},\"src\":\"https:\\\/\\\/etnofon.pl\\\/wp-content\\\/uploads\\\/2020\\\/12\\\/Zachowac-dawne-nagrania-42.mp3\",\"thumb\":{\"src\":\"\"}},{\"artist\":\"Antoni Maleszka i nieznany wykonawca na skrzypcach\",\"artworkId\":0,\"artworkUrl\":\"\",\"audioId\":4388,\"audioUrl\":\"https:\\\/\\\/etnofon.pl\\\/wp-content\\\/uploads\\\/2020\\\/12\\\/Zachowac-dawne-nagrania-43.mp3\",\"format\":\"mp3\",\"length\":\"0:41\",\"title\":\"43. Okr\\u0105g\\u0142y\",\"order\":42,\"mp3\":\"https:\\\/\\\/etnofon.pl\\\/wp-content\\\/uploads\\\/2020\\\/12\\\/Zachowac-dawne-nagrania-43.mp3\",\"meta\":{\"artist\":\"Antoni Maleszka i nieznany wykonawca na skrzypcach\",\"length_formatted\":\"0:41\"},\"src\":\"https:\\\/\\\/etnofon.pl\\\/wp-content\\\/uploads\\\/2020\\\/12\\\/Zachowac-dawne-nagrania-43.mp3\",\"thumb\":{\"src\":\"\"}},{\"artist\":\"Gra na bandonii Antoni Maleszka i nieznany wykonawca na skrzypcach, \\u015bpiewaj\\u0105 kobiety i m\\u0119\\u017cczy\\u017ani z zespo\\u0142u z Domachowa\",\"artworkId\":0,\"artworkUrl\":\"\",\"audioId\":4389,\"audioUrl\":\"https:\\\/\\\/etnofon.pl\\\/wp-content\\\/uploads\\\/2020\\\/12\\\/Zachowac-dawne-nagrania-44.mp3\",\"format\":\"mp3\",\"length\":\"1:33\",\"title\":\"44. We\\u017ama my se, we\\u017ama som my sobie r\\u00f3wni \\u2013 r\\u00f3wny\",\"order\":43,\"mp3\":\"https:\\\/\\\/etnofon.pl\\\/wp-content\\\/uploads\\\/2020\\\/12\\\/Zachowac-dawne-nagrania-44.mp3\",\"meta\":{\"artist\":\"Gra na bandonii Antoni Maleszka i nieznany wykonawca na skrzypcach, \\u015bpiewaj\\u0105 kobiety i m\\u0119\\u017cczy\\u017ani z zespo\\u0142u z Domachowa\",\"length_formatted\":\"1:33\"},\"src\":\"https:\\\/\\\/etnofon.pl\\\/wp-content\\\/uploads\\\/2020\\\/12\\\/Zachowac-dawne-nagrania-44.mp3\",\"thumb\":{\"src\":\"\"}},{\"artist\":\"Nieznany wykonawca\",\"artworkId\":0,\"artworkUrl\":\"\",\"audioId\":4390,\"audioUrl\":\"https:\\\/\\\/etnofon.pl\\\/wp-content\\\/uploads\\\/2020\\\/12\\\/Zachowac-dawne-nagrania-45.mp3\",\"format\":\"mp3\",\"length\":\"0:44\",\"title\":\"45. Polka\",\"order\":44,\"mp3\":\"https:\\\/\\\/etnofon.pl\\\/wp-content\\\/uploads\\\/2020\\\/12\\\/Zachowac-dawne-nagrania-45.mp3\",\"meta\":{\"artist\":\"Nieznany wykonawca\",\"length_formatted\":\"0:44\"},\"src\":\"https:\\\/\\\/etnofon.pl\\\/wp-content\\\/uploads\\\/2020\\\/12\\\/Zachowac-dawne-nagrania-45.mp3\",\"thumb\":{\"src\":\"\"}},{\"artist\":\"Grupa nieznanych wykonawc\\u00f3w\",\"artworkId\":0,\"artworkUrl\":\"\",\"audioId\":4391,\"audioUrl\":\"https:\\\/\\\/etnofon.pl\\\/wp-content\\\/uploads\\\/2020\\\/12\\\/Zachowac-dawne-nagrania-46.mp3\",\"format\":\"mp3\",\"length\":\"1:19\",\"title\":\"46. Wiesna, wiesna\",\"order\":45,\"mp3\":\"https:\\\/\\\/etnofon.pl\\\/wp-content\\\/uploads\\\/2020\\\/12\\\/Zachowac-dawne-nagrania-46.mp3\",\"meta\":{\"artist\":\"Grupa nieznanych wykonawc\\u00f3w\",\"length_formatted\":\"1:19\"},\"src\":\"https:\\\/\\\/etnofon.pl\\\/wp-content\\\/uploads\\\/2020\\\/12\\\/Zachowac-dawne-nagrania-46.mp3\",\"thumb\":{\"src\":\"\"}},{\"artist\":\"Grupa nieznanych wykonawc\\u00f3w\",\"artworkId\":0,\"artworkUrl\":\"\",\"audioId\":4392,\"audioUrl\":\"https:\\\/\\\/etnofon.pl\\\/wp-content\\\/uploads\\\/2020\\\/12\\\/Zachowac-dawne-nagrania-47.mp3\",\"format\":\"mp3\",\"length\":\"0:28\",\"title\":\"47. [\\u2026] Sad zialiony, wiszniowy (ref.) \\u2013 pie\\u015b\\u0144 wo\\u0142oczebna (z towarzyszeniem harmonii)\",\"order\":46,\"mp3\":\"https:\\\/\\\/etnofon.pl\\\/wp-content\\\/uploads\\\/2020\\\/12\\\/Zachowac-dawne-nagrania-47.mp3\",\"meta\":{\"artist\":\"Grupa nieznanych wykonawc\\u00f3w\",\"length_formatted\":\"0:28\"},\"src\":\"https:\\\/\\\/etnofon.pl\\\/wp-content\\\/uploads\\\/2020\\\/12\\\/Zachowac-dawne-nagrania-47.mp3\",\"thumb\":{\"src\":\"\"}},{\"artist\":\"Nieznany wykonawca\",\"artworkId\":0,\"artworkUrl\":\"\",\"audioId\":4393,\"audioUrl\":\"https:\\\/\\\/etnofon.pl\\\/wp-content\\\/uploads\\\/2020\\\/12\\\/Zachowac-dawne-nagrania-48.mp3\",\"format\":\"mp3\",\"length\":\"2:02\",\"title\":\"48. Sygna\\u0142\",\"order\":47,\"mp3\":\"https:\\\/\\\/etnofon.pl\\\/wp-content\\\/uploads\\\/2020\\\/12\\\/Zachowac-dawne-nagrania-48.mp3\",\"meta\":{\"artist\":\"Nieznany wykonawca\",\"length_formatted\":\"2:02\"},\"src\":\"https:\\\/\\\/etnofon.pl\\\/wp-content\\\/uploads\\\/2020\\\/12\\\/Zachowac-dawne-nagrania-48.mp3\",\"thumb\":{\"src\":\"\"}},{\"artist\":\"Grupa nieznanych wykonawc\\u00f3w\",\"artworkId\":0,\"artworkUrl\":\"\",\"audioId\":4394,\"audioUrl\":\"https:\\\/\\\/etnofon.pl\\\/wp-content\\\/uploads\\\/2020\\\/12\\\/Zachowac-dawne-nagrania-49.mp3\",\"format\":\"mp3\",\"length\":\"0:34\",\"title\":\"49. Oj, u poli [\\u2026], staja\\u0142a [. \\u2026], hej, liuli-liuli, staja\\u0142a [. \\u2026 ]\",\"order\":48,\"mp3\":\"https:\\\/\\\/etnofon.pl\\\/wp-content\\\/uploads\\\/2020\\\/12\\\/Zachowac-dawne-nagrania-49.mp3\",\"meta\":{\"artist\":\"Grupa nieznanych wykonawc\\u00f3w\",\"length_formatted\":\"0:34\"},\"src\":\"https:\\\/\\\/etnofon.pl\\\/wp-content\\\/uploads\\\/2020\\\/12\\\/Zachowac-dawne-nagrania-49.mp3\",\"thumb\":{\"src\":\"\"}},{\"artist\":\"Grupa nieznanych wykonawc\\u00f3w\",\"artworkId\":0,\"artworkUrl\":\"\",\"audioId\":4395,\"audioUrl\":\"https:\\\/\\\/etnofon.pl\\\/wp-content\\\/uploads\\\/2020\\\/12\\\/Zachowac-dawne-nagrania-50.mp3\",\"format\":\"mp3\",\"length\":\"0:45\",\"title\":\"50. Oj u bary sosna tonkaja wyros\\u0142a a ja ma\\u0142adzienka [da liet] niedaros\\u0142a\",\"order\":49,\"mp3\":\"https:\\\/\\\/etnofon.pl\\\/wp-content\\\/uploads\\\/2020\\\/12\\\/Zachowac-dawne-nagrania-50.mp3\",\"meta\":{\"artist\":\"Grupa nieznanych wykonawc\\u00f3w\",\"length_formatted\":\"0:45\"},\"src\":\"https:\\\/\\\/etnofon.pl\\\/wp-content\\\/uploads\\\/2020\\\/12\\\/Zachowac-dawne-nagrania-50.mp3\",\"thumb\":{\"src\":\"\"}}]}<\/script>\n\t\t<\/div><\/div>\n<\/div>\n","protected":false},"excerpt":{"rendered":"This book \u2013 Zarys historii dokumentacji fonograficznej i filmowej polskich tradycji muzycznych cz\u0119\u015b\u0107 1 (The Outline of Phonographic and Film Documentation of Polish Music Traditions Part 1) \u2013 is a trial of description of the most important events from the end of the 19th century to the 2nd World War, which with its irreparable losses [&hellip;]","protected":false},"author":3,"featured_media":1291,"parent":0,"menu_order":0,"comment_status":"open","ping_status":"open","template":"","format":"standard","meta":[],"translation":{"provider":"WPGlobus","version":"2.8.1","language":"en","enabled_languages":["pl","en"],"languages":{"pl":{"title":true,"content":true,"excerpt":false},"en":{"title":true,"content":true,"excerpt":false}}},"_links":{"self":[{"href":"https:\/\/etnofon.pl\/en\/wp-json\/wp\/v2\/ksiazka\/1288"}],"collection":[{"href":"https:\/\/etnofon.pl\/en\/wp-json\/wp\/v2\/ksiazka"}],"about":[{"href":"https:\/\/etnofon.pl\/en\/wp-json\/wp\/v2\/types\/ksiazka"}],"author":[{"embeddable":true,"href":"https:\/\/etnofon.pl\/en\/wp-json\/wp\/v2\/users\/3"}],"replies":[{"embeddable":true,"href":"https:\/\/etnofon.pl\/en\/wp-json\/wp\/v2\/comments?post=1288"}],"version-history":[{"count":36,"href":"https:\/\/etnofon.pl\/en\/wp-json\/wp\/v2\/ksiazka\/1288\/revisions"}],"predecessor-version":[{"id":5519,"href":"https:\/\/etnofon.pl\/en\/wp-json\/wp\/v2\/ksiazka\/1288\/revisions\/5519"}],"wp:featuredmedia":[{"embeddable":true,"href":"https:\/\/etnofon.pl\/en\/wp-json\/wp\/v2\/media\/1291"}],"wp:attachment":[{"href":"https:\/\/etnofon.pl\/en\/wp-json\/wp\/v2\/media?parent=1288"}],"curies":[{"name":"wp","href":"https:\/\/api.w.org\/{rel}","templated":true}]}}