{"id":5888,"date":"2024-12-09T01:03:48","date_gmt":"2024-12-09T01:03:48","guid":{"rendered":"https:\/\/etnofon.pl\/?post_type=opinie&#038;p=5888"},"modified":"2024-12-09T01:05:05","modified_gmt":"2024-12-09T01:05:05","slug":"monika-wierzbicka","status":"publish","type":"opinie","link":"https:\/\/etnofon.pl\/en\/opinie\/monika-wierzbicka\/","title":{"rendered":"Monika Wierzbicka"},"content":{"rendered":"\n<p>Na stronie etnofon.pl stworzonej przez Zbiory Fonograficzne IS PAN mo\u017cna ods\u0142ucha\u0107 nagrania zwi\u0105zane z dziedzictwem kulturowym Polski. Pi\u0119kno i prostota \u015bpiewaczek i \u015bpiewak\u00f3w, wiedza o zwyczajach i tradycji wp\u0142ywa na lepsze zrozumienie przesz\u0142o\u015bci. Wydawnictwa p\u0142ytowe opisane z nale\u017cyt\u0105 wiedz\u0105 i pietyzmem s\u0105 nieocenionym walorem poznawczym nie tylko dla nas obecnie \u017cyj\u0105cych ale i dla przysz\u0142ych pokole\u0144. Ciesz\u0119 si\u0119, \u017ce nauka w przyst\u0119pny spos\u00f3b spotyka si\u0119 z dzia\u0142aniami artystycznymi po to by w atrakcyjny ale i rzetelny spos\u00f3b przekazywa\u0107 j\u0105 dalej mieszka\u0144com Mazur i turystom odwiedzaj\u0105cym ten region.<\/p>\n\n\n\n<p><a><\/a> Pie\u015b\u0144 jako w\u0119druj\u0105ce dziedzictwo kulturowe mo\u017ce jedynie \u0142\u0105czy\u0107 dlatego te\u017c w przysz\u0142o\u015bci b\u0119d\u0119 korzysta\u0107 z zasob\u00f3w Zbior\u00f3w Fonograficznych IS PAN aby si\u0119 dokszta\u0142ca\u0107, by w p\u00f3\u017aniejszych dzia\u0142aniach artystycznych czy edukacyjnych w wiarygodny spos\u00f3b rozpowszechnia\u0107 t\u0119 ide\u0119. Mam nadziej\u0119, \u017ce ilo\u015b\u0107 nagra\u0144 oraz wydawnictw Zbior\u00f3w Fonograficznych IS PAN stale b\u0119dzie si\u0119 zwi\u0119ksza\u0107 aby nas obecnie \u017cyj\u0105cych zapala\u0107 do szerzenia idei w\u0142\u0105czania tradycji do artystycznego j\u0119zyka wsp\u00f3\u0142czesnego \u015bwiata.<\/p>\n\n\n\n<p>Dzi\u0119kuj\u0119 za Pa\u0144stwa prac\u0119.<\/p>\n\n\n\n<p>Monika Wierzbicka<\/p>\n","protected":false},"excerpt":{"rendered":"Na stronie etnofon.pl stworzonej przez Zbiory Fonograficzne IS PAN mo\u017cna ods\u0142ucha\u0107 nagrania zwi\u0105zane z dziedzictwem kulturowym Polski. Pi\u0119kno i prostota \u015bpiewaczek i \u015bpiewak\u00f3w, wiedza o zwyczajach i tradycji wp\u0142ywa na lepsze zrozumienie przesz\u0142o\u015bci. Wydawnictwa p\u0142ytowe opisane z nale\u017cyt\u0105 wiedz\u0105 i pietyzmem s\u0105 nieocenionym walorem poznawczym nie tylko dla nas obecnie \u017cyj\u0105cych ale i dla przysz\u0142ych [&hellip;]","protected":false},"author":3,"featured_media":5889,"parent":0,"menu_order":0,"comment_status":"open","ping_status":"open","template":"","format":"standard","meta":[],"translation":{"provider":"WPGlobus","version":"2.8.1","language":"en","enabled_languages":["pl","en"],"languages":{"pl":{"title":true,"content":true,"excerpt":false},"en":{"title":false,"content":false,"excerpt":false}}},"_links":{"self":[{"href":"https:\/\/etnofon.pl\/en\/wp-json\/wp\/v2\/opinie\/5888"}],"collection":[{"href":"https:\/\/etnofon.pl\/en\/wp-json\/wp\/v2\/opinie"}],"about":[{"href":"https:\/\/etnofon.pl\/en\/wp-json\/wp\/v2\/types\/opinie"}],"author":[{"embeddable":true,"href":"https:\/\/etnofon.pl\/en\/wp-json\/wp\/v2\/users\/3"}],"replies":[{"embeddable":true,"href":"https:\/\/etnofon.pl\/en\/wp-json\/wp\/v2\/comments?post=5888"}],"version-history":[{"count":4,"href":"https:\/\/etnofon.pl\/en\/wp-json\/wp\/v2\/opinie\/5888\/revisions"}],"predecessor-version":[{"id":5893,"href":"https:\/\/etnofon.pl\/en\/wp-json\/wp\/v2\/opinie\/5888\/revisions\/5893"}],"wp:featuredmedia":[{"embeddable":true,"href":"https:\/\/etnofon.pl\/en\/wp-json\/wp\/v2\/media\/5889"}],"wp:attachment":[{"href":"https:\/\/etnofon.pl\/en\/wp-json\/wp\/v2\/media?parent=5888"}],"curies":[{"name":"wp","href":"https:\/\/api.w.org\/{rel}","templated":true}]}}