{"id":1299,"date":"2020-09-21T15:28:26","date_gmt":"2020-09-21T15:28:26","guid":{"rendered":"https:\/\/etnofon.pl\/?post_type=plyta&#038;p=1299"},"modified":"2025-12-19T23:44:26","modified_gmt":"2025-12-19T23:44:26","slug":"melodie-z-borow-lak-pol-i-znad-wod","status":"publish","type":"plyta","link":"https:\/\/etnofon.pl\/en\/plyta\/melodie-z-borow-lak-pol-i-znad-wod\/","title":{"rendered":"Melodies of the Forests, Meadows and Waters"},"content":{"rendered":"\n<div class=\"wp-container-3 wp-block-columns\">\n<div class=\"wp-container-1 wp-block-column is-vertically-aligned-center\">\n<p class=\"has-text-align-center\"> <sub>&#8220;Melodies of the Forests, Meadows and Waters&#8221;<br>(ISPAN Folk Music Collection vol. 4, Warsaw 2009 , Institute of Srts, Polish Academy of Science, The Western Kashubian Museum in Byt\u00f3w; second ed. reviewed and extended 2016)<\/sub> <\/p>\n<\/div>\n\n\n\n<div class=\"wp-container-2 wp-block-column is-vertically-aligned-center\"><style>#jtg-1986 .modula-item .jtg-social a, .lightbox-socials.jtg-social a{ color: #ffffff }#jtg-1986 .modula-item .jtg-social svg, .lightbox-socials.jtg-social svg { height: 16px; width: 16px }#jtg-1986 .modula-item .jtg-social a:not(:last-child), .lightbox-socials.jtg-social a:not(:last-child) { margin-right: 10px }#jtg-1986 .modula-item .figc {color:#ffffff;}#jtg-1986 .modula-item .modula-item-content { transform: scale(1) }#jtg-1986 { width:100%;}#jtg-1986 .modula-items .figc p.description { font-size:14px; }#jtg-1986 .modula-items .figc p.description { color:#ffffff;}#jtg-1986.modula-gallery .modula-item > a, #jtg-1986.modula-gallery .modula-item, #jtg-1986.modula-gallery .modula-item-content > a { cursor:zoom-in; } #jtg-1986.modula-gallery .modula-item, .modula-gallery .modula-grid-sizer { width: calc(50% - 5px) !important ; } #jtg-1986 .modula-items{position:relative;}@media screen and (max-width:480px){#jtg-1986 .modula-item .figc .jtg-title {  font-size: 12px; }#jtg-1986 .modula-items .figc p.description { color:#ffffff;font-size:10px; }}<\/style>\n<!-- Gallery Container -->\n<div  id=\"jtg-1986\" class=\"modula modula-gallery modula-columns\" data-config=\"{&quot;enableTwitter&quot;:false,&quot;enableWhatsapp&quot;:false,&quot;enableFacebook&quot;:false,&quot;enablePinterest&quot;:false,&quot;enableLinkedin&quot;:false,&quot;enableEmail&quot;:false,&quot;randomFactor&quot;:0,&quot;type&quot;:&quot;grid&quot;,&quot;columns&quot;:12,&quot;gutter&quot;:10,&quot;mobileGutter&quot;:10,&quot;tabletGutter&quot;:10,&quot;desktopGutter&quot;:10,&quot;enableResponsive&quot;:&quot;0&quot;,&quot;tabletColumns&quot;:&quot;2&quot;,&quot;mobileColumns&quot;:&quot;1&quot;,&quot;lazyLoad&quot;:&quot;0&quot;,&quot;lightboxOpts&quot;:{&quot;loop&quot;:false,&quot;arrows&quot;:true,&quot;toolbar&quot;:true,&quot;keyboard&quot;:false,&quot;wheel&quot;:false,&quot;buttons&quot;:[&quot;close&quot;],&quot;hash&quot;:false,&quot;lang&quot;:&quot;en&quot;,&quot;touch&quot;:false,&quot;protect&quot;:false,&quot;i18n&quot;:{&quot;en&quot;:{&quot;CLOSE&quot;:&quot;Close&quot;,&quot;NEXT&quot;:&quot;Next&quot;,&quot;PREV&quot;:&quot;Previous&quot;,&quot;Error&quot;:&quot;The requested content cannot be loaded. Please try again later.&quot;,&quot;PLAY_START&quot;:&quot;Start slideshow&quot;,&quot;PLAY_STOP&quot;:&quot;Pause slideshow&quot;,&quot;FULL_SCREEN&quot;:&quot;Full screen&quot;,&quot;THUMBS&quot;:&quot;Thumbnails&quot;,&quot;DOWNLOAD&quot;:&quot;Download&quot;,&quot;SHARE&quot;:&quot;Share&quot;,&quot;ZOOM&quot;:&quot;Zoom&quot;}},&quot;clickSlide&quot;:false,&quot;clickOutside&quot;:false,&quot;dblclickContent&quot;:false,&quot;dblclickSlide&quot;:false,&quot;dblclickOutside&quot;:false,&quot;clickContent&quot;:false,&quot;baseTpl&quot;:&quot;&lt;div class=\\&quot;modula-fancybox-container modula-lightbox-jtg-1986\\&quot; role=\\&quot;dialog\\&quot; tabindex=\\&quot;-1\\&quot;&gt;&lt;div class=\\&quot;modula-fancybox-bg\\&quot;&gt;&lt;\\\/div&gt;&lt;div class=\\&quot;modula-fancybox-inner\\&quot;&gt;&lt;div class=\\&quot;modula-fancybox-infobar\\&quot;&gt;&lt;span data-fancybox-index&gt;&lt;\\\/span&gt;&nbsp;\\\/&nbsp;&lt;span data-fancybox-count&gt;&lt;\\\/span&gt;&lt;\\\/div&gt;&lt;div class=\\&quot;modula-fancybox-toolbar\\&quot;&gt;{{buttons}}&lt;\\\/div&gt;&lt;div class=\\&quot;modula-fancybox-navigation\\&quot;&gt;{{arrows}}&lt;\\\/div&gt;&lt;div class=\\&quot;modula-fancybox-stage\\&quot;&gt;&lt;\\\/div&gt;&lt;div class=\\&quot;modula-fancybox-caption\\&quot;&gt;&lt;div class=\\&quot;modula-fancybox-caption__body\\&quot;&gt;&lt;\\\/div&gt;&lt;\\\/div&gt;&lt;\\\/div&gt;&lt;\\\/div&gt;&quot;},&quot;inView&quot;:false,&quot;email_subject&quot;:&quot;Check out this awesome image !!&quot;,&quot;email_message&quot;:&quot;Here is the link to the image : %%image_link%% and this is the link to the gallery : %%gallery_link%%&quot;,&quot;grid_type&quot;:&quot;2&quot;,&quot;rowHeight&quot;:150,&quot;lastRow&quot;:&quot;justify&quot;,&quot;lightbox&quot;:&quot;fancybox&quot;}\">\n\n\t<div class=\"modula-grid-sizer\"> <\/div>\n\t<!-- Items Container -->\n\t<div  class=\"modula-items grid-gallery\">\n\t\t<div class=\"modula-item effect-pufrobo\" >\n\t<div class=\"modula-item-overlay\"><\/div>\n\n\t<div class=\"modula-item-content\">\n\n\t\t\t\t\n\t\t\t\t\t<a data-image-id=\"1989\" href=\"https:\/\/etnofon.pl\/wp-content\/uploads\/2020\/11\/okladkaprzod.jpg\" rel=\"jtg-1986\" data-caption=\"\" class=\"tile-inner modula-item-link\"><\/a>\n\t\t\n\t\t<img class=\"pic\"  data-valign=\"middle\" data-halign=\"center\" alt=\"\" data-full=\"https:\/\/etnofon.pl\/wp-content\/uploads\/2020\/11\/okladkaprzod.jpg\" title=\"okladkaprzod\" width=\"655\" height=\"589\" src=\"https:\/\/etnofon.pl\/wp-content\/uploads\/2020\/11\/okladkaprzod.jpg\" data-src=\"https:\/\/etnofon.pl\/wp-content\/uploads\/2020\/11\/okladkaprzod.jpg\" data-caption=\"\"\/>\n\t\t<div class=\"figc no-description\">\n\t\t\t<div class=\"figc-inner\">\n\t\t\t\t\t\t\t\t\t\t\t\t\t\t\t<\/div>\n\t\t<\/div>\n\n\t<\/div>\n\n<\/div><div class=\"modula-item effect-pufrobo\" >\n\t<div class=\"modula-item-overlay\"><\/div>\n\n\t<div class=\"modula-item-content\">\n\n\t\t\t\t\n\t\t\t\t\t<a data-image-id=\"1987\" href=\"https:\/\/etnofon.pl\/wp-content\/uploads\/2020\/11\/okladkatyl.jpg\" rel=\"jtg-1986\" data-caption=\"\" class=\"tile-inner modula-item-link\"><\/a>\n\t\t\n\t\t<img class=\"pic\"  data-valign=\"middle\" data-halign=\"center\" alt=\"\" data-full=\"https:\/\/etnofon.pl\/wp-content\/uploads\/2020\/11\/okladkatyl.jpg\" title=\"okladkatyl\" width=\"653\" height=\"587\" src=\"https:\/\/etnofon.pl\/wp-content\/uploads\/2020\/11\/okladkatyl.jpg\" data-src=\"https:\/\/etnofon.pl\/wp-content\/uploads\/2020\/11\/okladkatyl.jpg\" data-caption=\"\"\/>\n\t\t<div class=\"figc no-description\">\n\t\t\t<div class=\"figc-inner\">\n\t\t\t\t\t\t\t\t\t\t\t\t\t\t\t<\/div>\n\t\t<\/div>\n\n\t<\/div>\n\n<\/div>\t\t\n\t<\/div>\n\n\t\n\t\n\t<script type=\"application\/ld+json\">\n\t{\n\t\t\"@context\": \"http:\/\/schema.org\",\n\t\t\"@type\"   : \"ImageGallery\",\n\t\t\"id\"      : \"https:\/\/etnofon.pl\/en\/wp-json\/wp\/v2\/plyta\/1299\",\n\t\t\"url\"     : \"https:\/\/etnofon.pl\/en\/wp-json\/wp\/v2\/plyta\/1299\"\n\t}\n\n    <\/script>\n\n\t\n<\/div>\n<\/div>\n<\/div>\n\n\n\n<p class=\"has-text-align-center\">This is the second issue of CD &#8220;Cassubia incognita&#8221;, which contains also some new materials, aswell as transcriptions of songs in Cassubian language and their translation into Polish. Book contains also biographical informations about artists and an ethnomusicological article about cassubian music and dance written by Jacek Jackowski, ph. D. All 99 tracks were field recorded after II WW in year 1946.<\/p>\n\n\n\n<div class=\"wp-container-6 wp-block-columns\">\n<div class=\"wp-container-4 wp-block-column\" style=\"flex-basis:66.66%\"><a href=\"https:\/\/etnofon.pl\/wp-content\/uploads\/2020\/11\/booklet-Kaszuby_2017-11-02.pdf\" class=\"pdfemb-viewer\" style=\"\" data-width=\"max\" data-height=\"max\"  data-toolbar=\"bottom\" data-toolbar-fixed=\"off\">booklet-Kaszuby_2017-11-02<br\/><\/a>\n<p class=\"wp-block-pdfemb-pdf-embedder-viewer\"><\/p>\n<\/div>\n\n\n\n<div class=\"wp-container-5 wp-block-column is-vertically-aligned-center\" style=\"flex-basis:33.33%\">\n<h2 class=\"has-text-align-center\"><strong>Listen all the tracks from CD and read English summary in booklet<\/strong><\/h2>\n\n\n<div class=\"cue-playlist-container\">\n<div class=\"cue-playlist cue-theme-default\" itemscope itemtype=\"http:\/\/schema.org\/MusicPlaylist\">\n\t\n\t<meta itemprop=\"numTracks\" content=\"99\" \/>\n\n\t<audio src=\"https:\/\/etnofon.pl\/wp-content\/uploads\/2020\/11\/Kaszuby-1.mp3\" controls preload=\"none\" class=\"cue-audio\" style=\"width: 100%; height: auto\"><\/audio>\n\n\t<ol class=\"cue-tracks\">\n\t\t\t\t\t<li class=\"cue-track\" itemprop=\"track\" itemscope itemtype=\"http:\/\/schema.org\/MusicRecording\">\n\t\t\t\t\n\t\t\t\t<span class=\"cue-track-details cue-track-cell\">\n\t\t\t\t\t<span class=\"cue-track-title\" itemprop=\"name\">1. Polka kaszubska<\/span>\n\t\t\t\t\t<span class=\"cue-track-artist\" itemprop=\"byArtist\">Franciszek \u017bywicki<\/span>\n\t\t\t\t<\/span>\n\n\t\t\t\t\n\t\t\t\t<span class=\"cue-track-length cue-track-cell\">0:45<\/span>\n\n\t\t\t\t\t\t\t<\/li>\n\t\t\t\t\t<li class=\"cue-track\" itemprop=\"track\" itemscope itemtype=\"http:\/\/schema.org\/MusicRecording\">\n\t\t\t\t\n\t\t\t\t<span class=\"cue-track-details cue-track-cell\">\n\t\t\t\t\t<span class=\"cue-track-title\" itemprop=\"name\">2. Pies\u0144 \u00f2 naszi Wi\u00f4ld\u017ci Wsy<\/span>\n\t\t\t\t\t<span class=\"cue-track-artist\" itemprop=\"byArtist\">Rozalia Zielke<\/span>\n\t\t\t\t<\/span>\n\n\t\t\t\t\n\t\t\t\t<span class=\"cue-track-length cue-track-cell\">2:41<\/span>\n\n\t\t\t\t\t\t\t<\/li>\n\t\t\t\t\t<li class=\"cue-track\" itemprop=\"track\" itemscope itemtype=\"http:\/\/schema.org\/MusicRecording\">\n\t\t\t\t\n\t\t\t\t<span class=\"cue-track-details cue-track-cell\">\n\t\t\t\t\t<span class=\"cue-track-title\" itemprop=\"name\">3. Mar\u00ebsz\u00f3nka<\/span>\n\t\t\t\t\t<span class=\"cue-track-artist\" itemprop=\"byArtist\">Franciszek Grucza<\/span>\n\t\t\t\t<\/span>\n\n\t\t\t\t\n\t\t\t\t<span class=\"cue-track-length cue-track-cell\">0:48<\/span>\n\n\t\t\t\t\t\t\t<\/li>\n\t\t\t\t\t<li class=\"cue-track\" itemprop=\"track\" itemscope itemtype=\"http:\/\/schema.org\/MusicRecording\">\n\t\t\t\t\n\t\t\t\t<span class=\"cue-track-details cue-track-cell\">\n\t\t\t\t\t<span class=\"cue-track-title\" itemprop=\"name\">4. Dobr\u00f4 tobaczka, co j\u0105 w rog\u00f9 nosz\u00e3<\/span>\n\t\t\t\t\t<span class=\"cue-track-artist\" itemprop=\"byArtist\">Helena Rosik<\/span>\n\t\t\t\t<\/span>\n\n\t\t\t\t\n\t\t\t\t<span class=\"cue-track-length cue-track-cell\">0:15<\/span>\n\n\t\t\t\t\t\t\t<\/li>\n\t\t\t\t\t<li class=\"cue-track\" itemprop=\"track\" itemscope itemtype=\"http:\/\/schema.org\/MusicRecording\">\n\t\t\t\t\n\t\t\t\t<span class=\"cue-track-details cue-track-cell\">\n\t\t\t\t\t<span class=\"cue-track-title\" itemprop=\"name\">5. Dobr\u00f4 tobaka, co j\u0105 k\u00f2\u017cdi chw\u00f4li<\/span>\n\t\t\t\t\t<span class=\"cue-track-artist\" itemprop=\"byArtist\">Rozalia Zielke [Zelke]<\/span>\n\t\t\t\t<\/span>\n\n\t\t\t\t\n\t\t\t\t<span class=\"cue-track-length cue-track-cell\">1:19<\/span>\n\n\t\t\t\t\t\t\t<\/li>\n\t\t\t\t\t<li class=\"cue-track\" itemprop=\"track\" itemscope itemtype=\"http:\/\/schema.org\/MusicRecording\">\n\t\t\t\t\n\t\t\t\t<span class=\"cue-track-details cue-track-cell\">\n\t\t\t\t\t<span class=\"cue-track-title\" itemprop=\"name\">6. A t\u00eb mili tobacznik\u00f9<\/span>\n\t\t\t\t\t<span class=\"cue-track-artist\" itemprop=\"byArtist\">Pawe\u0142 Tocki<\/span>\n\t\t\t\t<\/span>\n\n\t\t\t\t\n\t\t\t\t<span class=\"cue-track-length cue-track-cell\">0:26<\/span>\n\n\t\t\t\t\t\t\t<\/li>\n\t\t\t\t\t<li class=\"cue-track\" itemprop=\"track\" itemscope itemtype=\"http:\/\/schema.org\/MusicRecording\">\n\t\t\t\t\n\t\t\t\t<span class=\"cue-track-details cue-track-cell\">\n\t\t\t\t\t<span class=\"cue-track-title\" itemprop=\"name\">7. B\u0105dze bi\u00e9da, b\u0105dze bi\u00e9da<\/span>\n\t\t\t\t\t<span class=\"cue-track-artist\" itemprop=\"byArtist\">Jan Reich<\/span>\n\t\t\t\t<\/span>\n\n\t\t\t\t\n\t\t\t\t<span class=\"cue-track-length cue-track-cell\">0:35<\/span>\n\n\t\t\t\t\t\t\t<\/li>\n\t\t\t\t\t<li class=\"cue-track\" itemprop=\"track\" itemscope itemtype=\"http:\/\/schema.org\/MusicRecording\">\n\t\t\t\t\n\t\t\t\t<span class=\"cue-track-details cue-track-cell\">\n\t\t\t\t\t<span class=\"cue-track-title\" itemprop=\"name\">8. Cz\u00eb j\u00f4 b\u00e3d\u00e3 s\u00ebna miala<\/span>\n\t\t\t\t\t<span class=\"cue-track-artist\" itemprop=\"byArtist\">Otylia Tocka [Tocki]<\/span>\n\t\t\t\t<\/span>\n\n\t\t\t\t\n\t\t\t\t<span class=\"cue-track-length cue-track-cell\">1:33<\/span>\n\n\t\t\t\t\t\t\t<\/li>\n\t\t\t\t\t<li class=\"cue-track\" itemprop=\"track\" itemscope itemtype=\"http:\/\/schema.org\/MusicRecording\">\n\t\t\t\t\n\t\t\t\t<span class=\"cue-track-details cue-track-cell\">\n\t\t\t\t\t<span class=\"cue-track-title\" itemprop=\"name\">9. Szed\u0142 P\u00f3n Jez\u00ebs prost\u0105 dr\u00f3\u017ck\u0105<\/span>\n\t\t\t\t\t<span class=\"cue-track-artist\" itemprop=\"byArtist\">Klemens Wittbrodt<\/span>\n\t\t\t\t<\/span>\n\n\t\t\t\t\n\t\t\t\t<span class=\"cue-track-length cue-track-cell\">0:32<\/span>\n\n\t\t\t\t\t\t\t<\/li>\n\t\t\t\t\t<li class=\"cue-track\" itemprop=\"track\" itemscope itemtype=\"http:\/\/schema.org\/MusicRecording\">\n\t\t\t\t\n\t\t\t\t<span class=\"cue-track-details cue-track-cell\">\n\t\t\t\t\t<span class=\"cue-track-title\" itemprop=\"name\">10. Wsz\u00ebstk\u00f4 m\u00f2ja n\u00f4dzeja w ti torbie sk\u00f3rzany<\/span>\n\t\t\t\t\t<span class=\"cue-track-artist\" itemprop=\"byArtist\">Anna Freiberg<\/span>\n\t\t\t\t<\/span>\n\n\t\t\t\t\n\t\t\t\t<span class=\"cue-track-length cue-track-cell\">0:41<\/span>\n\n\t\t\t\t\t\t\t<\/li>\n\t\t\t\t\t<li class=\"cue-track\" itemprop=\"track\" itemscope itemtype=\"http:\/\/schema.org\/MusicRecording\">\n\t\t\t\t\n\t\t\t\t<span class=\"cue-track-details cue-track-cell\">\n\t\t\t\t\t<span class=\"cue-track-title\" itemprop=\"name\">11. \u00f2to dzadek<\/span>\n\t\t\t\t\t<span class=\"cue-track-artist\" itemprop=\"byArtist\">Leon S\u0142owy<\/span>\n\t\t\t\t<\/span>\n\n\t\t\t\t\n\t\t\t\t<span class=\"cue-track-length cue-track-cell\">0:50<\/span>\n\n\t\t\t\t\t\t\t<\/li>\n\t\t\t\t\t<li class=\"cue-track\" itemprop=\"track\" itemscope itemtype=\"http:\/\/schema.org\/MusicRecording\">\n\t\t\t\t\n\t\t\t\t<span class=\"cue-track-details cue-track-cell\">\n\t\t\t\t\t<span class=\"cue-track-title\" itemprop=\"name\">12. \u00d9rdi b\u00f9rdi z\u00ebma jes<\/span>\n\t\t\t\t\t<span class=\"cue-track-artist\" itemprop=\"byArtist\">J\u00f3zef Ceynowa<\/span>\n\t\t\t\t<\/span>\n\n\t\t\t\t\n\t\t\t\t<span class=\"cue-track-length cue-track-cell\">0:53<\/span>\n\n\t\t\t\t\t\t\t<\/li>\n\t\t\t\t\t<li class=\"cue-track\" itemprop=\"track\" itemscope itemtype=\"http:\/\/schema.org\/MusicRecording\">\n\t\t\t\t\n\t\t\t\t<span class=\"cue-track-details cue-track-cell\">\n\t\t\t\t\t<span class=\"cue-track-title\" itemprop=\"name\">13. Prz\u00ebjech\u00f4\u0142 ten pach\u00f2lec<\/span>\n\t\t\t\t\t<span class=\"cue-track-artist\" itemprop=\"byArtist\">Marianna Lehman<\/span>\n\t\t\t\t<\/span>\n\n\t\t\t\t\n\t\t\t\t<span class=\"cue-track-length cue-track-cell\">0:32<\/span>\n\n\t\t\t\t\t\t\t<\/li>\n\t\t\t\t\t<li class=\"cue-track\" itemprop=\"track\" itemscope itemtype=\"http:\/\/schema.org\/MusicRecording\">\n\t\t\t\t\n\t\t\t\t<span class=\"cue-track-details cue-track-cell\">\n\t\t\t\t\t<span class=\"cue-track-title\" itemprop=\"name\">14. Lec\u0105 g\u0105sczi lec\u0105, przez las krzikaj\u0105co<\/span>\n\t\t\t\t\t<span class=\"cue-track-artist\" itemprop=\"byArtist\">Albert Patock<\/span>\n\t\t\t\t<\/span>\n\n\t\t\t\t\n\t\t\t\t<span class=\"cue-track-length cue-track-cell\">0:27<\/span>\n\n\t\t\t\t\t\t\t<\/li>\n\t\t\t\t\t<li class=\"cue-track\" itemprop=\"track\" itemscope itemtype=\"http:\/\/schema.org\/MusicRecording\">\n\t\t\t\t\n\t\t\t\t<span class=\"cue-track-details cue-track-cell\">\n\t\t\t\t\t<span class=\"cue-track-title\" itemprop=\"name\">15. K\u00f2l Now\u00e9g\u00f2 Miasta w jedny wsy<\/span>\n\t\t\t\t\t<span class=\"cue-track-artist\" itemprop=\"byArtist\">Albert Patock<\/span>\n\t\t\t\t<\/span>\n\n\t\t\t\t\n\t\t\t\t<span class=\"cue-track-length cue-track-cell\">0:38<\/span>\n\n\t\t\t\t\t\t\t<\/li>\n\t\t\t\t\t<li class=\"cue-track\" itemprop=\"track\" itemscope itemtype=\"http:\/\/schema.org\/MusicRecording\">\n\t\t\t\t\n\t\t\t\t<span class=\"cue-track-details cue-track-cell\">\n\t\t\t\t\t<span class=\"cue-track-title\" itemprop=\"name\">16. O du liebe panna mein<\/span>\n\t\t\t\t\t<span class=\"cue-track-artist\" itemprop=\"byArtist\">Franciszek \u017bywicki<\/span>\n\t\t\t\t<\/span>\n\n\t\t\t\t\n\t\t\t\t<span class=\"cue-track-length cue-track-cell\">0:26<\/span>\n\n\t\t\t\t\t\t\t<\/li>\n\t\t\t\t\t<li class=\"cue-track\" itemprop=\"track\" itemscope itemtype=\"http:\/\/schema.org\/MusicRecording\">\n\t\t\t\t\n\t\t\t\t<span class=\"cue-track-details cue-track-cell\">\n\t\t\t\t\t<span class=\"cue-track-title\" itemprop=\"name\">17. Rheinl\u00e4nder<\/span>\n\t\t\t\t\t<span class=\"cue-track-artist\" itemprop=\"byArtist\">Jan Taube<\/span>\n\t\t\t\t<\/span>\n\n\t\t\t\t\n\t\t\t\t<span class=\"cue-track-length cue-track-cell\">1:51<\/span>\n\n\t\t\t\t\t\t\t<\/li>\n\t\t\t\t\t<li class=\"cue-track\" itemprop=\"track\" itemscope itemtype=\"http:\/\/schema.org\/MusicRecording\">\n\t\t\t\t\n\t\t\t\t<span class=\"cue-track-details cue-track-cell\">\n\t\t\t\t\t<span class=\"cue-track-title\" itemprop=\"name\">18. J\u00f4 s\u00e3 prz\u00ebzdrza do \u00f2groda<\/span>\n\t\t\t\t\t<span class=\"cue-track-artist\" itemprop=\"byArtist\">Waleria Grablowska<\/span>\n\t\t\t\t<\/span>\n\n\t\t\t\t\n\t\t\t\t<span class=\"cue-track-length cue-track-cell\">0:55<\/span>\n\n\t\t\t\t\t\t\t<\/li>\n\t\t\t\t\t<li class=\"cue-track\" itemprop=\"track\" itemscope itemtype=\"http:\/\/schema.org\/MusicRecording\">\n\t\t\t\t\n\t\t\t\t<span class=\"cue-track-details cue-track-cell\">\n\t\t\t\t\t<span class=\"cue-track-title\" itemprop=\"name\">19. A dze\u017c t\u00eb b\u00eb\u0142a, Dorotk\u00f2, dze cnotk\u00f2?<\/span>\n\t\t\t\t\t<span class=\"cue-track-artist\" itemprop=\"byArtist\">Agata Mechli\u0144ska<\/span>\n\t\t\t\t<\/span>\n\n\t\t\t\t\n\t\t\t\t<span class=\"cue-track-length cue-track-cell\">0:30<\/span>\n\n\t\t\t\t\t\t\t<\/li>\n\t\t\t\t\t<li class=\"cue-track\" itemprop=\"track\" itemscope itemtype=\"http:\/\/schema.org\/MusicRecording\">\n\t\t\t\t\n\t\t\t\t<span class=\"cue-track-details cue-track-cell\">\n\t\t\t\t\t<span class=\"cue-track-title\" itemprop=\"name\">20. K\u00f2le jez\u00f3reczka, k\u00f2le b\u00ebstri w\u00a0\u00f2d\u00eb<\/span>\n\t\t\t\t\t<span class=\"cue-track-artist\" itemprop=\"byArtist\">Marta Labuda<\/span>\n\t\t\t\t<\/span>\n\n\t\t\t\t\n\t\t\t\t<span class=\"cue-track-length cue-track-cell\">0:59<\/span>\n\n\t\t\t\t\t\t\t<\/li>\n\t\t\t\t\t<li class=\"cue-track\" itemprop=\"track\" itemscope itemtype=\"http:\/\/schema.org\/MusicRecording\">\n\t\t\t\t\n\t\t\t\t<span class=\"cue-track-details cue-track-cell\">\n\t\t\t\t\t<span class=\"cue-track-title\" itemprop=\"name\">21. Czerwiono jem sa\u0142a<\/span>\n\t\t\t\t\t<span class=\"cue-track-artist\" itemprop=\"byArtist\">Marcin Choszcz, Anastazja Choszcz<\/span>\n\t\t\t\t<\/span>\n\n\t\t\t\t\n\t\t\t\t<span class=\"cue-track-length cue-track-cell\">0:58<\/span>\n\n\t\t\t\t\t\t\t<\/li>\n\t\t\t\t\t<li class=\"cue-track\" itemprop=\"track\" itemscope itemtype=\"http:\/\/schema.org\/MusicRecording\">\n\t\t\t\t\n\t\t\t\t<span class=\"cue-track-details cue-track-cell\">\n\t\t\t\t\t<span class=\"cue-track-title\" itemprop=\"name\">22. \u00f2\u017ceni\u0142 j\u00f4 s\u00e3<\/span>\n\t\t\t\t\t<span class=\"cue-track-artist\" itemprop=\"byArtist\">Antoni Kleba, Leon S\u0142owy<\/span>\n\t\t\t\t<\/span>\n\n\t\t\t\t\n\t\t\t\t<span class=\"cue-track-length cue-track-cell\">0:35<\/span>\n\n\t\t\t\t\t\t\t<\/li>\n\t\t\t\t\t<li class=\"cue-track\" itemprop=\"track\" itemscope itemtype=\"http:\/\/schema.org\/MusicRecording\">\n\t\t\t\t\n\t\t\t\t<span class=\"cue-track-details cue-track-cell\">\n\t\t\t\t\t<span class=\"cue-track-title\" itemprop=\"name\">23. \u00f2\u017ceni\u0142 s\u00e3 stari Jasz<\/span>\n\t\t\t\t\t<span class=\"cue-track-artist\" itemprop=\"byArtist\">Anna Bach<\/span>\n\t\t\t\t<\/span>\n\n\t\t\t\t\n\t\t\t\t<span class=\"cue-track-length cue-track-cell\">0:41<\/span>\n\n\t\t\t\t\t\t\t<\/li>\n\t\t\t\t\t<li class=\"cue-track\" itemprop=\"track\" itemscope itemtype=\"http:\/\/schema.org\/MusicRecording\">\n\t\t\t\t\n\t\t\t\t<span class=\"cue-track-details cue-track-cell\">\n\t\t\t\t\t<span class=\"cue-track-title\" itemprop=\"name\">24. Stron\u0105, deszczk\u00f9, stron\u0105<\/span>\n\t\t\t\t\t<span class=\"cue-track-artist\" itemprop=\"byArtist\">Helena Naczk<\/span>\n\t\t\t\t<\/span>\n\n\t\t\t\t\n\t\t\t\t<span class=\"cue-track-length cue-track-cell\">0:29<\/span>\n\n\t\t\t\t\t\t\t<\/li>\n\t\t\t\t\t<li class=\"cue-track\" itemprop=\"track\" itemscope itemtype=\"http:\/\/schema.org\/MusicRecording\">\n\t\t\t\t\n\t\t\t\t<span class=\"cue-track-details cue-track-cell\">\n\t\t\t\t\t<span class=\"cue-track-title\" itemprop=\"name\">25. Dzys je wiesel\u00e9, witro precz m\u00f9sz\u00e3<\/span>\n\t\t\t\t\t<span class=\"cue-track-artist\" itemprop=\"byArtist\">Jadwiga Nadolska<\/span>\n\t\t\t\t<\/span>\n\n\t\t\t\t\n\t\t\t\t<span class=\"cue-track-length cue-track-cell\">0:59<\/span>\n\n\t\t\t\t\t\t\t<\/li>\n\t\t\t\t\t<li class=\"cue-track\" itemprop=\"track\" itemscope itemtype=\"http:\/\/schema.org\/MusicRecording\">\n\t\t\t\t\n\t\t\t\t<span class=\"cue-track-details cue-track-cell\">\n\t\t\t\t\t<span class=\"cue-track-title\" itemprop=\"name\">26. Cubda [Subda]<\/span>\n\t\t\t\t\t<span class=\"cue-track-artist\" itemprop=\"byArtist\">Augustyn Dopke<\/span>\n\t\t\t\t<\/span>\n\n\t\t\t\t\n\t\t\t\t<span class=\"cue-track-length cue-track-cell\">0:33<\/span>\n\n\t\t\t\t\t\t\t<\/li>\n\t\t\t\t\t<li class=\"cue-track\" itemprop=\"track\" itemscope itemtype=\"http:\/\/schema.org\/MusicRecording\">\n\t\t\t\t\n\t\t\t\t<span class=\"cue-track-details cue-track-cell\">\n\t\t\t\t\t<span class=\"cue-track-title\" itemprop=\"name\">27. Le\u017ci b\u00f3t k\u00f2le wr\u00f3t<\/span>\n\t\t\t\t\t<span class=\"cue-track-artist\" itemprop=\"byArtist\">Zofia Ceynowa<\/span>\n\t\t\t\t<\/span>\n\n\t\t\t\t\n\t\t\t\t<span class=\"cue-track-length cue-track-cell\">0:50<\/span>\n\n\t\t\t\t\t\t\t<\/li>\n\t\t\t\t\t<li class=\"cue-track\" itemprop=\"track\" itemscope itemtype=\"http:\/\/schema.org\/MusicRecording\">\n\t\t\t\t\n\t\t\t\t<span class=\"cue-track-details cue-track-cell\">\n\t\t\t\t\t<span class=\"cue-track-title\" itemprop=\"name\">28. Hej, sank\u00f2, sank\u00f2<\/span>\n\t\t\t\t\t<span class=\"cue-track-artist\" itemprop=\"byArtist\">Zofia Ceynowa<\/span>\n\t\t\t\t<\/span>\n\n\t\t\t\t\n\t\t\t\t<span class=\"cue-track-length cue-track-cell\">0:50<\/span>\n\n\t\t\t\t\t\t\t<\/li>\n\t\t\t\t\t<li class=\"cue-track\" itemprop=\"track\" itemscope itemtype=\"http:\/\/schema.org\/MusicRecording\">\n\t\t\t\t\n\t\t\t\t<span class=\"cue-track-details cue-track-cell\">\n\t\t\t\t\t<span class=\"cue-track-title\" itemprop=\"name\">29. Jad\u00e3 j\u00f4, jad\u00e3<\/span>\n\t\t\t\t\t<span class=\"cue-track-artist\" itemprop=\"byArtist\">Leon S\u0142owy<\/span>\n\t\t\t\t<\/span>\n\n\t\t\t\t\n\t\t\t\t<span class=\"cue-track-length cue-track-cell\">0:47<\/span>\n\n\t\t\t\t\t\t\t<\/li>\n\t\t\t\t\t<li class=\"cue-track\" itemprop=\"track\" itemscope itemtype=\"http:\/\/schema.org\/MusicRecording\">\n\t\t\t\t\n\t\t\t\t<span class=\"cue-track-details cue-track-cell\">\n\t\t\t\t\t<span class=\"cue-track-title\" itemprop=\"name\">30. B\u0105d\u00e3 j\u00f4 jezdzy\u0142 we dnie a w noc\u00eb<\/span>\n\t\t\t\t\t<span class=\"cue-track-artist\" itemprop=\"byArtist\">Klemens Wittbrodt<\/span>\n\t\t\t\t<\/span>\n\n\t\t\t\t\n\t\t\t\t<span class=\"cue-track-length cue-track-cell\">0:56<\/span>\n\n\t\t\t\t\t\t\t<\/li>\n\t\t\t\t\t<li class=\"cue-track\" itemprop=\"track\" itemscope itemtype=\"http:\/\/schema.org\/MusicRecording\">\n\t\t\t\t\n\t\t\t\t<span class=\"cue-track-details cue-track-cell\">\n\t\t\t\t\t<span class=\"cue-track-title\" itemprop=\"name\">31. P\u00f2lka, p\u00f2lka, stoji s\u00ebch\u00f4 ch\u00f3jka<\/span>\n\t\t\t\t\t<span class=\"cue-track-artist\" itemprop=\"byArtist\">J\u00f3zef Brzeski<\/span>\n\t\t\t\t<\/span>\n\n\t\t\t\t\n\t\t\t\t<span class=\"cue-track-length cue-track-cell\">0:41<\/span>\n\n\t\t\t\t\t\t\t<\/li>\n\t\t\t\t\t<li class=\"cue-track\" itemprop=\"track\" itemscope itemtype=\"http:\/\/schema.org\/MusicRecording\">\n\t\t\t\t\n\t\t\t\t<span class=\"cue-track-details cue-track-cell\">\n\t\t\t\t\t<span class=\"cue-track-title\" itemprop=\"name\">32. Stoji dz\u00e9wcz\u00e3 w \u00f2grodze<\/span>\n\t\t\t\t\t<span class=\"cue-track-artist\" itemprop=\"byArtist\">Bronis\u0142awa Rudnik<\/span>\n\t\t\t\t<\/span>\n\n\t\t\t\t\n\t\t\t\t<span class=\"cue-track-length cue-track-cell\">0:46<\/span>\n\n\t\t\t\t\t\t\t<\/li>\n\t\t\t\t\t<li class=\"cue-track\" itemprop=\"track\" itemscope itemtype=\"http:\/\/schema.org\/MusicRecording\">\n\t\t\t\t\n\t\t\t\t<span class=\"cue-track-details cue-track-cell\">\n\t\t\t\t\t<span class=\"cue-track-title\" itemprop=\"name\">33. Chca\u0142o dz\u00e9wcz\u00e3 ch\u0142opa miec, nie rozmia\u0142o chleba piec<\/span>\n\t\t\t\t\t<span class=\"cue-track-artist\" itemprop=\"byArtist\">J\u00f3zef Sikorski<\/span>\n\t\t\t\t<\/span>\n\n\t\t\t\t\n\t\t\t\t<span class=\"cue-track-length cue-track-cell\">0:29<\/span>\n\n\t\t\t\t\t\t\t<\/li>\n\t\t\t\t\t<li class=\"cue-track\" itemprop=\"track\" itemscope itemtype=\"http:\/\/schema.org\/MusicRecording\">\n\t\t\t\t\n\t\t\t\t<span class=\"cue-track-details cue-track-cell\">\n\t\t\t\t\t<span class=\"cue-track-title\" itemprop=\"name\">34. Hej, dz\u00e9wcz\u00e3, dz\u00e9wcz\u00e3, na\u00f9cz s\u00e3 robic<\/span>\n\t\t\t\t\t<span class=\"cue-track-artist\" itemprop=\"byArtist\">Zofia D\u00f6hring [D\u00f6ring]<\/span>\n\t\t\t\t<\/span>\n\n\t\t\t\t\n\t\t\t\t<span class=\"cue-track-length cue-track-cell\">0:22<\/span>\n\n\t\t\t\t\t\t\t<\/li>\n\t\t\t\t\t<li class=\"cue-track\" itemprop=\"track\" itemscope itemtype=\"http:\/\/schema.org\/MusicRecording\">\n\t\t\t\t\n\t\t\t\t<span class=\"cue-track-details cue-track-cell\">\n\t\t\t\t\t<span class=\"cue-track-title\" itemprop=\"name\">35. Hej, k\u00f2sz\u00ebla \u00f2d papi\u00f3ra<\/span>\n\t\t\t\t\t<span class=\"cue-track-artist\" itemprop=\"byArtist\">Waleria Grablowska<\/span>\n\t\t\t\t<\/span>\n\n\t\t\t\t\n\t\t\t\t<span class=\"cue-track-length cue-track-cell\">0:28<\/span>\n\n\t\t\t\t\t\t\t<\/li>\n\t\t\t\t\t<li class=\"cue-track\" itemprop=\"track\" itemscope itemtype=\"http:\/\/schema.org\/MusicRecording\">\n\t\t\t\t\n\t\t\t\t<span class=\"cue-track-details cue-track-cell\">\n\t\t\t\t\t<span class=\"cue-track-title\" itemprop=\"name\">36. Trina, Trina, p\u00f2j le sa<\/span>\n\t\t\t\t\t<span class=\"cue-track-artist\" itemprop=\"byArtist\">Zofia D\u00f6hring [D\u00f6ring]<\/span>\n\t\t\t\t<\/span>\n\n\t\t\t\t\n\t\t\t\t<span class=\"cue-track-length cue-track-cell\">0:32<\/span>\n\n\t\t\t\t\t\t\t<\/li>\n\t\t\t\t\t<li class=\"cue-track\" itemprop=\"track\" itemscope itemtype=\"http:\/\/schema.org\/MusicRecording\">\n\t\t\t\t\n\t\t\t\t<span class=\"cue-track-details cue-track-cell\">\n\t\t\t\t\t<span class=\"cue-track-title\" itemprop=\"name\">37. W zelonym gaju l\u00ebst\u00eb p\u00f4daj\u0105<\/span>\n\t\t\t\t\t<span class=\"cue-track-artist\" itemprop=\"byArtist\">Zofia D\u00f6hring [D\u00f6ring]<\/span>\n\t\t\t\t<\/span>\n\n\t\t\t\t\n\t\t\t\t<span class=\"cue-track-length cue-track-cell\">0:42<\/span>\n\n\t\t\t\t\t\t\t<\/li>\n\t\t\t\t\t<li class=\"cue-track\" itemprop=\"track\" itemscope itemtype=\"http:\/\/schema.org\/MusicRecording\">\n\t\t\t\t\n\t\t\t\t<span class=\"cue-track-details cue-track-cell\">\n\t\t\t\t\t<span class=\"cue-track-title\" itemprop=\"name\">38. Dz\u00e9wcz\u00e3, dz\u00e9wcz\u00e3, dze t\u00eb b\u00eb\u0142a<\/span>\n\t\t\t\t\t<span class=\"cue-track-artist\" itemprop=\"byArtist\">Zofia D\u00f6hring [D\u00f6ring]<\/span>\n\t\t\t\t<\/span>\n\n\t\t\t\t\n\t\t\t\t<span class=\"cue-track-length cue-track-cell\">0:24<\/span>\n\n\t\t\t\t\t\t\t<\/li>\n\t\t\t\t\t<li class=\"cue-track\" itemprop=\"track\" itemscope itemtype=\"http:\/\/schema.org\/MusicRecording\">\n\t\t\t\t\n\t\t\t\t<span class=\"cue-track-details cue-track-cell\">\n\t\t\t\t\t<span class=\"cue-track-title\" itemprop=\"name\">39. K\u00f2le Sz\u00ebbina 4 trzeszczi leszczina<\/span>\n\t\t\t\t\t<span class=\"cue-track-artist\" itemprop=\"byArtist\">Marta Labuda<\/span>\n\t\t\t\t<\/span>\n\n\t\t\t\t\n\t\t\t\t<span class=\"cue-track-length cue-track-cell\">0:46<\/span>\n\n\t\t\t\t\t\t\t<\/li>\n\t\t\t\t\t<li class=\"cue-track\" itemprop=\"track\" itemscope itemtype=\"http:\/\/schema.org\/MusicRecording\">\n\t\t\t\t\n\t\t\t\t<span class=\"cue-track-details cue-track-cell\">\n\t\t\t\t\t<span class=\"cue-track-title\" itemprop=\"name\">40. Jidze ch\u0142opiec p\u00f2 miedz\u00eb<\/span>\n\t\t\t\t\t<span class=\"cue-track-artist\" itemprop=\"byArtist\">J\u00f3zef Bemowski<\/span>\n\t\t\t\t<\/span>\n\n\t\t\t\t\n\t\t\t\t<span class=\"cue-track-length cue-track-cell\">0:50<\/span>\n\n\t\t\t\t\t\t\t<\/li>\n\t\t\t\t\t<li class=\"cue-track\" itemprop=\"track\" itemscope itemtype=\"http:\/\/schema.org\/MusicRecording\">\n\t\t\t\t\n\t\t\t\t<span class=\"cue-track-details cue-track-cell\">\n\t\t\t\t\t<span class=\"cue-track-title\" itemprop=\"name\">41. Czerwion\u00e9 g\u00f3r\u00eb, zelon\u00e9 las\u00eb<\/span>\n\t\t\t\t\t<span class=\"cue-track-artist\" itemprop=\"byArtist\">Augustyn Bizewski<\/span>\n\t\t\t\t<\/span>\n\n\t\t\t\t\n\t\t\t\t<span class=\"cue-track-length cue-track-cell\">0:39<\/span>\n\n\t\t\t\t\t\t\t<\/li>\n\t\t\t\t\t<li class=\"cue-track\" itemprop=\"track\" itemscope itemtype=\"http:\/\/schema.org\/MusicRecording\">\n\t\t\t\t\n\t\t\t\t<span class=\"cue-track-details cue-track-cell\">\n\t\t\t\t\t<span class=\"cue-track-title\" itemprop=\"name\">42. W cemnym lese wiater wieje<\/span>\n\t\t\t\t\t<span class=\"cue-track-artist\" itemprop=\"byArtist\">Antoni Kleba<\/span>\n\t\t\t\t<\/span>\n\n\t\t\t\t\n\t\t\t\t<span class=\"cue-track-length cue-track-cell\">0:36<\/span>\n\n\t\t\t\t\t\t\t<\/li>\n\t\t\t\t\t<li class=\"cue-track\" itemprop=\"track\" itemscope itemtype=\"http:\/\/schema.org\/MusicRecording\">\n\t\t\t\t\n\t\t\t\t<span class=\"cue-track-details cue-track-cell\">\n\t\t\t\t\t<span class=\"cue-track-title\" itemprop=\"name\">43. Trzeszcza\u0142a leszczinka<\/span>\n\t\t\t\t\t<span class=\"cue-track-artist\" itemprop=\"byArtist\">Jan Ga\u0144ski<\/span>\n\t\t\t\t<\/span>\n\n\t\t\t\t\n\t\t\t\t<span class=\"cue-track-length cue-track-cell\">0:35<\/span>\n\n\t\t\t\t\t\t\t<\/li>\n\t\t\t\t\t<li class=\"cue-track\" itemprop=\"track\" itemscope itemtype=\"http:\/\/schema.org\/MusicRecording\">\n\t\t\t\t\n\t\t\t\t<span class=\"cue-track-details cue-track-cell\">\n\t\t\t\t\t<span class=\"cue-track-title\" itemprop=\"name\">44. \u00c9wa pierze na jezorze<\/span>\n\t\t\t\t\t<span class=\"cue-track-artist\" itemprop=\"byArtist\">Albert Patock<\/span>\n\t\t\t\t<\/span>\n\n\t\t\t\t\n\t\t\t\t<span class=\"cue-track-length cue-track-cell\">0:21<\/span>\n\n\t\t\t\t\t\t\t<\/li>\n\t\t\t\t\t<li class=\"cue-track\" itemprop=\"track\" itemscope itemtype=\"http:\/\/schema.org\/MusicRecording\">\n\t\t\t\t\n\t\t\t\t<span class=\"cue-track-details cue-track-cell\">\n\t\t\t\t\t<span class=\"cue-track-title\" itemprop=\"name\">45. Zelon\u00f4 ch\u00f2jina, p\u00f2d ni\u0105 k\u00f2rzenia<\/span>\n\t\t\t\t\t<span class=\"cue-track-artist\" itemprop=\"byArtist\">Antoni Mu\u017ca [Muza]<\/span>\n\t\t\t\t<\/span>\n\n\t\t\t\t\n\t\t\t\t<span class=\"cue-track-length cue-track-cell\">0:17<\/span>\n\n\t\t\t\t\t\t\t<\/li>\n\t\t\t\t\t<li class=\"cue-track\" itemprop=\"track\" itemscope itemtype=\"http:\/\/schema.org\/MusicRecording\">\n\t\t\t\t\n\t\t\t\t<span class=\"cue-track-details cue-track-cell\">\n\t\t\t\t\t<span class=\"cue-track-title\" itemprop=\"name\">46. N\u00ebnka mie tu prz\u00ebs\u0142a\u0142a<\/span>\n\t\t\t\t\t<span class=\"cue-track-artist\" itemprop=\"byArtist\">Jacek Dzi\u0119cielski<\/span>\n\t\t\t\t<\/span>\n\n\t\t\t\t\n\t\t\t\t<span class=\"cue-track-length cue-track-cell\">1:03<\/span>\n\n\t\t\t\t\t\t\t<\/li>\n\t\t\t\t\t<li class=\"cue-track\" itemprop=\"track\" itemscope itemtype=\"http:\/\/schema.org\/MusicRecording\">\n\t\t\t\t\n\t\t\t\t<span class=\"cue-track-details cue-track-cell\">\n\t\t\t\t\t<span class=\"cue-track-title\" itemprop=\"name\">47. Raj\u0105 t\u00e9\u017c mie kawalera<\/span>\n\t\t\t\t\t<span class=\"cue-track-artist\" itemprop=\"byArtist\">Jacek Dzi\u0119cielski<\/span>\n\t\t\t\t<\/span>\n\n\t\t\t\t\n\t\t\t\t<span class=\"cue-track-length cue-track-cell\">0:57<\/span>\n\n\t\t\t\t\t\t\t<\/li>\n\t\t\t\t\t<li class=\"cue-track\" itemprop=\"track\" itemscope itemtype=\"http:\/\/schema.org\/MusicRecording\">\n\t\t\t\t\n\t\t\t\t<span class=\"cue-track-details cue-track-cell\">\n\t\t\t\t\t<span class=\"cue-track-title\" itemprop=\"name\">48. Za stodo\u0142\u0105 na \u0142\u0105ce pas\u0142a Kasza kaczice<\/span>\n\t\t\t\t\t<span class=\"cue-track-artist\" itemprop=\"byArtist\">Alfons Hebel, S\u0142owy Leon<\/span>\n\t\t\t\t<\/span>\n\n\t\t\t\t\n\t\t\t\t<span class=\"cue-track-length cue-track-cell\">0:51<\/span>\n\n\t\t\t\t\t\t\t<\/li>\n\t\t\t\t\t<li class=\"cue-track\" itemprop=\"track\" itemscope itemtype=\"http:\/\/schema.org\/MusicRecording\">\n\t\t\t\t\n\t\t\t\t<span class=\"cue-track-details cue-track-cell\">\n\t\t\t\t\t<span class=\"cue-track-title\" itemprop=\"name\">49. Ja jestem pos\u0142aniec od weselnego aktu<\/span>\n\t\t\t\t\t<span class=\"cue-track-artist\" itemprop=\"byArtist\">Ignacy Kowalewski<\/span>\n\t\t\t\t<\/span>\n\n\t\t\t\t\n\t\t\t\t<span class=\"cue-track-length cue-track-cell\">1:11<\/span>\n\n\t\t\t\t\t\t\t<\/li>\n\t\t\t\t\t<li class=\"cue-track\" itemprop=\"track\" itemscope itemtype=\"http:\/\/schema.org\/MusicRecording\">\n\t\t\t\t\n\t\t\t\t<span class=\"cue-track-details cue-track-cell\">\n\t\t\t\t\t<span class=\"cue-track-title\" itemprop=\"name\">50. Hej, jad\u0105 z t\u0105 pann\u0105 m\u0142od\u0105<\/span>\n\t\t\t\t\t<span class=\"cue-track-artist\" itemprop=\"byArtist\">Zofia D\u00f6hring [D\u00f6ring]<\/span>\n\t\t\t\t<\/span>\n\n\t\t\t\t\n\t\t\t\t<span class=\"cue-track-length cue-track-cell\">0:32<\/span>\n\n\t\t\t\t\t\t\t<\/li>\n\t\t\t\t\t<li class=\"cue-track\" itemprop=\"track\" itemscope itemtype=\"http:\/\/schema.org\/MusicRecording\">\n\t\t\t\t\n\t\t\t\t<span class=\"cue-track-details cue-track-cell\">\n\t\t\t\t\t<span class=\"cue-track-title\" itemprop=\"name\">51. Kasz\u00ebbsk\u00f4 p\u00f2lka<\/span>\n\t\t\t\t\t<span class=\"cue-track-artist\" itemprop=\"byArtist\">Franciszek \u017bywicki<\/span>\n\t\t\t\t<\/span>\n\n\t\t\t\t\n\t\t\t\t<span class=\"cue-track-length cue-track-cell\">0:34<\/span>\n\n\t\t\t\t\t\t\t<\/li>\n\t\t\t\t\t<li class=\"cue-track\" itemprop=\"track\" itemscope itemtype=\"http:\/\/schema.org\/MusicRecording\">\n\t\t\t\t\n\t\t\t\t<span class=\"cue-track-details cue-track-cell\">\n\t\t\t\t\t<span class=\"cue-track-title\" itemprop=\"name\">52. Zak\u00f9kala k\u00f9kaweczka przed dw\u00f2r\u00e3, przed dw\u00f2r\u00e3, przed dw\u00f2r\u00e3<\/span>\n\t\t\t\t\t<span class=\"cue-track-artist\" itemprop=\"byArtist\">Hildegarda Hintzk\u00f3wna [Hintz\u00f3wna]<\/span>\n\t\t\t\t<\/span>\n\n\t\t\t\t\n\t\t\t\t<span class=\"cue-track-length cue-track-cell\">0:54<\/span>\n\n\t\t\t\t\t\t\t<\/li>\n\t\t\t\t\t<li class=\"cue-track\" itemprop=\"track\" itemscope itemtype=\"http:\/\/schema.org\/MusicRecording\">\n\t\t\t\t\n\t\t\t\t<span class=\"cue-track-details cue-track-cell\">\n\t\t\t\t\t<span class=\"cue-track-title\" itemprop=\"name\">53. Na G\u0142od\u00f3wk\u00f9 riczum widrum \u2013 pie\u015b\u0144 taneczna<\/span>\n\t\t\t\t\t<span class=\"cue-track-artist\" itemprop=\"byArtist\">Adam Bieszk<\/span>\n\t\t\t\t<\/span>\n\n\t\t\t\t\n\t\t\t\t<span class=\"cue-track-length cue-track-cell\">0:37<\/span>\n\n\t\t\t\t\t\t\t<\/li>\n\t\t\t\t\t<li class=\"cue-track\" itemprop=\"track\" itemscope itemtype=\"http:\/\/schema.org\/MusicRecording\">\n\t\t\t\t\n\t\t\t\t<span class=\"cue-track-details cue-track-cell\">\n\t\t\t\t\t<span class=\"cue-track-title\" itemprop=\"name\">54. K\u00f2s\u00e9der<\/span>\n\t\t\t\t\t<span class=\"cue-track-artist\" itemprop=\"byArtist\">Konrad Chrapkowski<\/span>\n\t\t\t\t<\/span>\n\n\t\t\t\t\n\t\t\t\t<span class=\"cue-track-length cue-track-cell\">0:46<\/span>\n\n\t\t\t\t\t\t\t<\/li>\n\t\t\t\t\t<li class=\"cue-track\" itemprop=\"track\" itemscope itemtype=\"http:\/\/schema.org\/MusicRecording\">\n\t\t\t\t\n\t\t\t\t<span class=\"cue-track-details cue-track-cell\">\n\t\t\t\t\t<span class=\"cue-track-title\" itemprop=\"name\">55. Fr\u00e3c Fr\u00e3c\u00ebszk\u00e3 p\u00f2dchwatuje<\/span>\n\t\t\t\t\t<span class=\"cue-track-artist\" itemprop=\"byArtist\">Adam Bieszk<\/span>\n\t\t\t\t<\/span>\n\n\t\t\t\t\n\t\t\t\t<span class=\"cue-track-length cue-track-cell\">0:29<\/span>\n\n\t\t\t\t\t\t\t<\/li>\n\t\t\t\t\t<li class=\"cue-track\" itemprop=\"track\" itemscope itemtype=\"http:\/\/schema.org\/MusicRecording\">\n\t\t\t\t\n\t\t\t\t<span class=\"cue-track-details cue-track-cell\">\n\t\t\t\t\t<span class=\"cue-track-title\" itemprop=\"name\">56. Dw\u00f2j\u00f4k<\/span>\n\t\t\t\t\t<span class=\"cue-track-artist\" itemprop=\"byArtist\">Konrad Chrapkowski<\/span>\n\t\t\t\t<\/span>\n\n\t\t\t\t\n\t\t\t\t<span class=\"cue-track-length cue-track-cell\">0:34<\/span>\n\n\t\t\t\t\t\t\t<\/li>\n\t\t\t\t\t<li class=\"cue-track\" itemprop=\"track\" itemscope itemtype=\"http:\/\/schema.org\/MusicRecording\">\n\t\t\t\t\n\t\t\t\t<span class=\"cue-track-details cue-track-cell\">\n\t\t\t\t\t<span class=\"cue-track-title\" itemprop=\"name\">57. Ps\u00eb szczekaj\u0105, m\u0142inka graj\u0105<\/span>\n\t\t\t\t\t<span class=\"cue-track-artist\" itemprop=\"byArtist\">Antoni Tuszka<\/span>\n\t\t\t\t<\/span>\n\n\t\t\t\t\n\t\t\t\t<span class=\"cue-track-length cue-track-cell\">0:21<\/span>\n\n\t\t\t\t\t\t\t<\/li>\n\t\t\t\t\t<li class=\"cue-track\" itemprop=\"track\" itemscope itemtype=\"http:\/\/schema.org\/MusicRecording\">\n\t\t\t\t\n\t\t\t\t<span class=\"cue-track-details cue-track-cell\">\n\t\t\t\t\t<span class=\"cue-track-title\" itemprop=\"name\">58. Dz\u00e3k\u00f9j\u00e3 c\u00eb, \u00f2jcze<\/span>\n\t\t\t\t\t<span class=\"cue-track-artist\" itemprop=\"byArtist\">Jan Nadolski<\/span>\n\t\t\t\t<\/span>\n\n\t\t\t\t\n\t\t\t\t<span class=\"cue-track-length cue-track-cell\">0:54<\/span>\n\n\t\t\t\t\t\t\t<\/li>\n\t\t\t\t\t<li class=\"cue-track\" itemprop=\"track\" itemscope itemtype=\"http:\/\/schema.org\/MusicRecording\">\n\t\t\t\t\n\t\t\t\t<span class=\"cue-track-details cue-track-cell\">\n\t\t\t\t\t<span class=\"cue-track-title\" itemprop=\"name\">59. Ch\u0142opi sek\u0105 \u017c\u00ebto<\/span>\n\t\t\t\t\t<span class=\"cue-track-artist\" itemprop=\"byArtist\">Anastazja Kot\u0142owska, Cecylia Pielowska<\/span>\n\t\t\t\t<\/span>\n\n\t\t\t\t\n\t\t\t\t<span class=\"cue-track-length cue-track-cell\">1:04<\/span>\n\n\t\t\t\t\t\t\t<\/li>\n\t\t\t\t\t<li class=\"cue-track\" itemprop=\"track\" itemscope itemtype=\"http:\/\/schema.org\/MusicRecording\">\n\t\t\t\t\n\t\t\t\t<span class=\"cue-track-details cue-track-cell\">\n\t\t\t\t\t<span class=\"cue-track-title\" itemprop=\"name\">60. Niech pa\u0144stw\u00f2 nam p\u00f2zw\u00f2li<\/span>\n\t\t\t\t\t<span class=\"cue-track-artist\" itemprop=\"byArtist\">Zofia D\u00f6hring [D\u00f6ring]<\/span>\n\t\t\t\t<\/span>\n\n\t\t\t\t\n\t\t\t\t<span class=\"cue-track-length cue-track-cell\">1:02<\/span>\n\n\t\t\t\t\t\t\t<\/li>\n\t\t\t\t\t<li class=\"cue-track\" itemprop=\"track\" itemscope itemtype=\"http:\/\/schema.org\/MusicRecording\">\n\t\t\t\t\n\t\t\t\t<span class=\"cue-track-details cue-track-cell\">\n\t\t\t\t\t<span class=\"cue-track-title\" itemprop=\"name\">61. Prz\u00ebbie\u017cel\u00eb do Betlejem czem pr\u00e3dzej pasterze<\/span>\n\t\t\t\t\t<span class=\"cue-track-artist\" itemprop=\"byArtist\">Zofia D\u00f6hring [D\u00f6ring]<\/span>\n\t\t\t\t<\/span>\n\n\t\t\t\t\n\t\t\t\t<span class=\"cue-track-length cue-track-cell\">0:34<\/span>\n\n\t\t\t\t\t\t\t<\/li>\n\t\t\t\t\t<li class=\"cue-track\" itemprop=\"track\" itemscope itemtype=\"http:\/\/schema.org\/MusicRecording\">\n\t\t\t\t\n\t\t\t\t<span class=\"cue-track-details cue-track-cell\">\n\t\t\t\t\t<span class=\"cue-track-title\" itemprop=\"name\">62. Bibi, bibi, jak mam\u00f9la przi\u0144dze z p\u00f2la (K\u00f2libi\u00f3nka)<\/span>\n\t\t\t\t\t<span class=\"cue-track-artist\" itemprop=\"byArtist\">Franciszek Grucza<\/span>\n\t\t\t\t<\/span>\n\n\t\t\t\t\n\t\t\t\t<span class=\"cue-track-length cue-track-cell\">0:45<\/span>\n\n\t\t\t\t\t\t\t<\/li>\n\t\t\t\t\t<li class=\"cue-track\" itemprop=\"track\" itemscope itemtype=\"http:\/\/schema.org\/MusicRecording\">\n\t\t\t\t\n\t\t\t\t<span class=\"cue-track-details cue-track-cell\">\n\t\t\t\t\t<span class=\"cue-track-title\" itemprop=\"name\">63. \u017bu\u017ck\u00f4jle, \u017cu\u017ck\u00f4j do wiecz\u00f3rka<\/span>\n\t\t\t\t\t<span class=\"cue-track-artist\" itemprop=\"byArtist\">Marta Labuda<\/span>\n\t\t\t\t<\/span>\n\n\t\t\t\t\n\t\t\t\t<span class=\"cue-track-length cue-track-cell\">0:53<\/span>\n\n\t\t\t\t\t\t\t<\/li>\n\t\t\t\t\t<li class=\"cue-track\" itemprop=\"track\" itemscope itemtype=\"http:\/\/schema.org\/MusicRecording\">\n\t\t\t\t\n\t\t\t\t<span class=\"cue-track-details cue-track-cell\">\n\t\t\t\t\t<span class=\"cue-track-title\" itemprop=\"name\">64. Spij, dzieck\u00f2, spij<\/span>\n\t\t\t\t\t<span class=\"cue-track-artist\" itemprop=\"byArtist\">Boles\u0142aw [Bronis\u0142aw] T\u0119pski<\/span>\n\t\t\t\t<\/span>\n\n\t\t\t\t\n\t\t\t\t<span class=\"cue-track-length cue-track-cell\">0:37<\/span>\n\n\t\t\t\t\t\t\t<\/li>\n\t\t\t\t\t<li class=\"cue-track\" itemprop=\"track\" itemscope itemtype=\"http:\/\/schema.org\/MusicRecording\">\n\t\t\t\t\n\t\t\t\t<span class=\"cue-track-details cue-track-cell\">\n\t\t\t\t\t<span class=\"cue-track-title\" itemprop=\"name\">65. P\u00f2da baba przez pi\u00e9c malow\u00f3n\u00e9 grable<\/span>\n\t\t\t\t\t<span class=\"cue-track-artist\" itemprop=\"byArtist\">Jakub Reszka<\/span>\n\t\t\t\t<\/span>\n\n\t\t\t\t\n\t\t\t\t<span class=\"cue-track-length cue-track-cell\">0:30<\/span>\n\n\t\t\t\t\t\t\t<\/li>\n\t\t\t\t\t<li class=\"cue-track\" itemprop=\"track\" itemscope itemtype=\"http:\/\/schema.org\/MusicRecording\">\n\t\t\t\t\n\t\t\t\t<span class=\"cue-track-details cue-track-cell\">\n\t\t\t\t\t<span class=\"cue-track-title\" itemprop=\"name\">66. Klepajk<\/span>\n\t\t\t\t\t<span class=\"cue-track-artist\" itemprop=\"byArtist\">Jan Taube<\/span>\n\t\t\t\t<\/span>\n\n\t\t\t\t\n\t\t\t\t<span class=\"cue-track-length cue-track-cell\">1:12<\/span>\n\n\t\t\t\t\t\t\t<\/li>\n\t\t\t\t\t<li class=\"cue-track\" itemprop=\"track\" itemscope itemtype=\"http:\/\/schema.org\/MusicRecording\">\n\t\t\t\t\n\t\t\t\t<span class=\"cue-track-details cue-track-cell\">\n\t\t\t\t\t<span class=\"cue-track-title\" itemprop=\"name\">67. Hej, hej, tak p\u00f2n jedze p\u00f2 \u00f2biedze<\/span>\n\t\t\t\t\t<span class=\"cue-track-artist\" itemprop=\"byArtist\">Marta Labuda<\/span>\n\t\t\t\t<\/span>\n\n\t\t\t\t\n\t\t\t\t<span class=\"cue-track-length cue-track-cell\">0:25<\/span>\n\n\t\t\t\t\t\t\t<\/li>\n\t\t\t\t\t<li class=\"cue-track\" itemprop=\"track\" itemscope itemtype=\"http:\/\/schema.org\/MusicRecording\">\n\t\t\t\t\n\t\t\t\t<span class=\"cue-track-details cue-track-cell\">\n\t\t\t\t\t<span class=\"cue-track-title\" itemprop=\"name\">68. Auf dem Berge sitz der zaj\u0105c mit dem Ohre s\u0142uchaj\u0105c<\/span>\n\t\t\t\t\t<span class=\"cue-track-artist\" itemprop=\"byArtist\">Kazimiera Styp-Rekowska<\/span>\n\t\t\t\t<\/span>\n\n\t\t\t\t\n\t\t\t\t<span class=\"cue-track-length cue-track-cell\">0:36<\/span>\n\n\t\t\t\t\t\t\t<\/li>\n\t\t\t\t\t<li class=\"cue-track\" itemprop=\"track\" itemscope itemtype=\"http:\/\/schema.org\/MusicRecording\">\n\t\t\t\t\n\t\t\t\t<span class=\"cue-track-details cue-track-cell\">\n\t\t\t\t\t<span class=\"cue-track-title\" itemprop=\"name\">69. Na ti to \u0142\u0105czce tam sedzy zaj\u0105c<\/span>\n\t\t\t\t\t<span class=\"cue-track-artist\" itemprop=\"byArtist\">Leon Stefanowski<\/span>\n\t\t\t\t<\/span>\n\n\t\t\t\t\n\t\t\t\t<span class=\"cue-track-length cue-track-cell\">0:30<\/span>\n\n\t\t\t\t\t\t\t<\/li>\n\t\t\t\t\t<li class=\"cue-track\" itemprop=\"track\" itemscope itemtype=\"http:\/\/schema.org\/MusicRecording\">\n\t\t\t\t\n\t\t\t\t<span class=\"cue-track-details cue-track-cell\">\n\t\t\t\t\t<span class=\"cue-track-title\" itemprop=\"name\">70. K\u00f2w\u00f4l<\/span>\n\t\t\t\t\t<span class=\"cue-track-artist\" itemprop=\"byArtist\">Franciszek Darga<\/span>\n\t\t\t\t<\/span>\n\n\t\t\t\t\n\t\t\t\t<span class=\"cue-track-length cue-track-cell\">0:52<\/span>\n\n\t\t\t\t\t\t\t<\/li>\n\t\t\t\t\t<li class=\"cue-track\" itemprop=\"track\" itemscope itemtype=\"http:\/\/schema.org\/MusicRecording\">\n\t\t\t\t\n\t\t\t\t<span class=\"cue-track-details cue-track-cell\">\n\t\t\t\t\t<span class=\"cue-track-title\" itemprop=\"name\">71. Ju\u017c pojecha\u0142 z w\u00f3zkiem do lasa<\/span>\n\t\t\t\t\t<span class=\"cue-track-artist\" itemprop=\"byArtist\">J\u00f3zef Pryczkowski<\/span>\n\t\t\t\t<\/span>\n\n\t\t\t\t\n\t\t\t\t<span class=\"cue-track-length cue-track-cell\">0:33<\/span>\n\n\t\t\t\t\t\t\t<\/li>\n\t\t\t\t\t<li class=\"cue-track\" itemprop=\"track\" itemscope itemtype=\"http:\/\/schema.org\/MusicRecording\">\n\t\t\t\t\n\t\t\t\t<span class=\"cue-track-details cue-track-cell\">\n\t\t\t\t\t<span class=\"cue-track-title\" itemprop=\"name\">72. Szewc<\/span>\n\t\t\t\t\t<span class=\"cue-track-artist\" itemprop=\"byArtist\">Augustyn Dopke<\/span>\n\t\t\t\t<\/span>\n\n\t\t\t\t\n\t\t\t\t<span class=\"cue-track-length cue-track-cell\">1:10<\/span>\n\n\t\t\t\t\t\t\t<\/li>\n\t\t\t\t\t<li class=\"cue-track\" itemprop=\"track\" itemscope itemtype=\"http:\/\/schema.org\/MusicRecording\">\n\t\t\t\t\n\t\t\t\t<span class=\"cue-track-details cue-track-cell\">\n\t\t\t\t\t<span class=\"cue-track-title\" itemprop=\"name\">73. B\u00f9l\u00f4szk<\/span>\n\t\t\t\t\t<span class=\"cue-track-artist\" itemprop=\"byArtist\">Augustyn Dopke<\/span>\n\t\t\t\t<\/span>\n\n\t\t\t\t\n\t\t\t\t<span class=\"cue-track-length cue-track-cell\">0:40<\/span>\n\n\t\t\t\t\t\t\t<\/li>\n\t\t\t\t\t<li class=\"cue-track\" itemprop=\"track\" itemscope itemtype=\"http:\/\/schema.org\/MusicRecording\">\n\t\t\t\t\n\t\t\t\t<span class=\"cue-track-details cue-track-cell\">\n\t\t\t\t\t<span class=\"cue-track-title\" itemprop=\"name\">74. B\u00f9l\u00f4szk<\/span>\n\t\t\t\t\t<span class=\"cue-track-artist\" itemprop=\"byArtist\">J\u00f3zef Lubocki<\/span>\n\t\t\t\t<\/span>\n\n\t\t\t\t\n\t\t\t\t<span class=\"cue-track-length cue-track-cell\">1:14<\/span>\n\n\t\t\t\t\t\t\t<\/li>\n\t\t\t\t\t<li class=\"cue-track\" itemprop=\"track\" itemscope itemtype=\"http:\/\/schema.org\/MusicRecording\">\n\t\t\t\t\n\t\t\t\t<span class=\"cue-track-details cue-track-cell\">\n\t\t\t\t\t<span class=\"cue-track-title\" itemprop=\"name\">75. Pila, pila g\u0105ska, na \u00f2grodze rz\u0105ska<\/span>\n\t\t\t\t\t<span class=\"cue-track-artist\" itemprop=\"byArtist\">Maria Bizewska<\/span>\n\t\t\t\t<\/span>\n\n\t\t\t\t\n\t\t\t\t<span class=\"cue-track-length cue-track-cell\">0:22<\/span>\n\n\t\t\t\t\t\t\t<\/li>\n\t\t\t\t\t<li class=\"cue-track\" itemprop=\"track\" itemscope itemtype=\"http:\/\/schema.org\/MusicRecording\">\n\t\t\t\t\n\t\t\t\t<span class=\"cue-track-details cue-track-cell\">\n\t\t\t\t\t<span class=\"cue-track-title\" itemprop=\"name\">76. Hej, la la, pilczi dr\u00f3\u017ck\u0105!<\/span>\n\t\t\t\t\t<span class=\"cue-track-artist\" itemprop=\"byArtist\">Joanna Bojke<\/span>\n\t\t\t\t<\/span>\n\n\t\t\t\t\n\t\t\t\t<span class=\"cue-track-length cue-track-cell\">0:28<\/span>\n\n\t\t\t\t\t\t\t<\/li>\n\t\t\t\t\t<li class=\"cue-track\" itemprop=\"track\" itemscope itemtype=\"http:\/\/schema.org\/MusicRecording\">\n\t\t\t\t\n\t\t\t\t<span class=\"cue-track-details cue-track-cell\">\n\t\t\t\t\t<span class=\"cue-track-title\" itemprop=\"name\">77. Nie p\u00f2wiad\u00f4j\u017ce przed \u00f2wczarzikem<\/span>\n\t\t\t\t\t<span class=\"cue-track-artist\" itemprop=\"byArtist\">Albert Patock<\/span>\n\t\t\t\t<\/span>\n\n\t\t\t\t\n\t\t\t\t<span class=\"cue-track-length cue-track-cell\">0:38<\/span>\n\n\t\t\t\t\t\t\t<\/li>\n\t\t\t\t\t<li class=\"cue-track\" itemprop=\"track\" itemscope itemtype=\"http:\/\/schema.org\/MusicRecording\">\n\t\t\t\t\n\t\t\t\t<span class=\"cue-track-details cue-track-cell\">\n\t\t\t\t\t<span class=\"cue-track-title\" itemprop=\"name\">78. Pas\u0142em \u00f2wieczki blisk\u00f2 nade ws\u0105<\/span>\n\t\t\t\t\t<span class=\"cue-track-artist\" itemprop=\"byArtist\">J\u00f3zef Bemowski, Jan Taube<\/span>\n\t\t\t\t<\/span>\n\n\t\t\t\t\n\t\t\t\t<span class=\"cue-track-length cue-track-cell\">1:33<\/span>\n\n\t\t\t\t\t\t\t<\/li>\n\t\t\t\t\t<li class=\"cue-track\" itemprop=\"track\" itemscope itemtype=\"http:\/\/schema.org\/MusicRecording\">\n\t\t\t\t\n\t\t\t\t<span class=\"cue-track-details cue-track-cell\">\n\t\t\t\t\t<span class=\"cue-track-title\" itemprop=\"name\">79. Wczer\u00f4 wiecz\u00f3r s\u00e3 biczczi gza\u0142\u00eb<\/span>\n\t\t\t\t\t<span class=\"cue-track-artist\" itemprop=\"byArtist\">Jan Trepczyk<\/span>\n\t\t\t\t<\/span>\n\n\t\t\t\t\n\t\t\t\t<span class=\"cue-track-length cue-track-cell\">0:48<\/span>\n\n\t\t\t\t\t\t\t<\/li>\n\t\t\t\t\t<li class=\"cue-track\" itemprop=\"track\" itemscope itemtype=\"http:\/\/schema.org\/MusicRecording\">\n\t\t\t\t\n\t\t\t\t<span class=\"cue-track-details cue-track-cell\">\n\t\t\t\t\t<span class=\"cue-track-title\" itemprop=\"name\">80. Zasz\u0142o s\u0142u\u0144ce za las<\/span>\n\t\t\t\t\t<span class=\"cue-track-artist\" itemprop=\"byArtist\">Joanna Bojke<\/span>\n\t\t\t\t<\/span>\n\n\t\t\t\t\n\t\t\t\t<span class=\"cue-track-length cue-track-cell\">0:21<\/span>\n\n\t\t\t\t\t\t\t<\/li>\n\t\t\t\t\t<li class=\"cue-track\" itemprop=\"track\" itemscope itemtype=\"http:\/\/schema.org\/MusicRecording\">\n\t\t\t\t\n\t\t\t\t<span class=\"cue-track-details cue-track-cell\">\n\t\t\t\t\t<span class=\"cue-track-title\" itemprop=\"name\">81. G\u00e3sy \u00f9d, mia\u0142czi br\u00f3t<\/span>\n\t\t\t\t\t<span class=\"cue-track-artist\" itemprop=\"byArtist\">Albert Patock<\/span>\n\t\t\t\t<\/span>\n\n\t\t\t\t\n\t\t\t\t<span class=\"cue-track-length cue-track-cell\">0:54<\/span>\n\n\t\t\t\t\t\t\t<\/li>\n\t\t\t\t\t<li class=\"cue-track\" itemprop=\"track\" itemscope itemtype=\"http:\/\/schema.org\/MusicRecording\">\n\t\t\t\t\n\t\t\t\t<span class=\"cue-track-details cue-track-cell\">\n\t\t\t\t\t<span class=\"cue-track-title\" itemprop=\"name\">82. Wide wide Wita, dze\u017c t\u00eb b\u00eb\u0142a<\/span>\n\t\t\t\t\t<span class=\"cue-track-artist\" itemprop=\"byArtist\">Jan Kozir\u00f3g<\/span>\n\t\t\t\t<\/span>\n\n\t\t\t\t\n\t\t\t\t<span class=\"cue-track-length cue-track-cell\">0:32<\/span>\n\n\t\t\t\t\t\t\t<\/li>\n\t\t\t\t\t<li class=\"cue-track\" itemprop=\"track\" itemscope itemtype=\"http:\/\/schema.org\/MusicRecording\">\n\t\t\t\t\n\t\t\t\t<span class=\"cue-track-details cue-track-cell\">\n\t\t\t\t\t<span class=\"cue-track-title\" itemprop=\"name\">83. Owieczki chodz\u0105, dzwonki brz\u0105kaj\u0105<\/span>\n\t\t\t\t\t<span class=\"cue-track-artist\" itemprop=\"byArtist\">dzieci ze szko\u0142y podstawowej w Ugoszczy<\/span>\n\t\t\t\t<\/span>\n\n\t\t\t\t\n\t\t\t\t<span class=\"cue-track-length cue-track-cell\">0:43<\/span>\n\n\t\t\t\t\t\t\t<\/li>\n\t\t\t\t\t<li class=\"cue-track\" itemprop=\"track\" itemscope itemtype=\"http:\/\/schema.org\/MusicRecording\">\n\t\t\t\t\n\t\t\t\t<span class=\"cue-track-details cue-track-cell\">\n\t\t\t\t\t<span class=\"cue-track-title\" itemprop=\"name\">84. Szewc<\/span>\n\t\t\t\t\t<span class=\"cue-track-artist\" itemprop=\"byArtist\">J\u00f3zef Lubocki<\/span>\n\t\t\t\t<\/span>\n\n\t\t\t\t\n\t\t\t\t<span class=\"cue-track-length cue-track-cell\">1:12<\/span>\n\n\t\t\t\t\t\t\t<\/li>\n\t\t\t\t\t<li class=\"cue-track\" itemprop=\"track\" itemscope itemtype=\"http:\/\/schema.org\/MusicRecording\">\n\t\t\t\t\n\t\t\t\t<span class=\"cue-track-details cue-track-cell\">\n\t\t\t\t\t<span class=\"cue-track-title\" itemprop=\"name\">85. \u00f2\u017ceni\u0142 s\u00e3 wr\u00f3bel z kaw\u0105<\/span>\n\t\t\t\t\t<span class=\"cue-track-artist\" itemprop=\"byArtist\">J\u00f3zef Bemowski<\/span>\n\t\t\t\t<\/span>\n\n\t\t\t\t\n\t\t\t\t<span class=\"cue-track-length cue-track-cell\">2:04<\/span>\n\n\t\t\t\t\t\t\t<\/li>\n\t\t\t\t\t<li class=\"cue-track\" itemprop=\"track\" itemscope itemtype=\"http:\/\/schema.org\/MusicRecording\">\n\t\t\t\t\n\t\t\t\t<span class=\"cue-track-details cue-track-cell\">\n\t\t\t\t\t<span class=\"cue-track-title\" itemprop=\"name\">86. Dwaj kap\u00f2ni\u00e9<\/span>\n\t\t\t\t\t<span class=\"cue-track-artist\" itemprop=\"byArtist\">Konrad Baran<\/span>\n\t\t\t\t<\/span>\n\n\t\t\t\t\n\t\t\t\t<span class=\"cue-track-length cue-track-cell\">0:38<\/span>\n\n\t\t\t\t\t\t\t<\/li>\n\t\t\t\t\t<li class=\"cue-track\" itemprop=\"track\" itemscope itemtype=\"http:\/\/schema.org\/MusicRecording\">\n\t\t\t\t\n\t\t\t\t<span class=\"cue-track-details cue-track-cell\">\n\t\t\t\t\t<span class=\"cue-track-title\" itemprop=\"name\">87. K\u00f2za p\u00f2\u0142k\u0142a je\u017ca<\/span>\n\t\t\t\t\t<span class=\"cue-track-artist\" itemprop=\"byArtist\">Jan Trepczyk<\/span>\n\t\t\t\t<\/span>\n\n\t\t\t\t\n\t\t\t\t<span class=\"cue-track-length cue-track-cell\">0:33<\/span>\n\n\t\t\t\t\t\t\t<\/li>\n\t\t\t\t\t<li class=\"cue-track\" itemprop=\"track\" itemscope itemtype=\"http:\/\/schema.org\/MusicRecording\">\n\t\t\t\t\n\t\t\t\t<span class=\"cue-track-details cue-track-cell\">\n\t\t\t\t\t<span class=\"cue-track-title\" itemprop=\"name\">88. P\u00f2szed\u0142 k\u00f2ze\u0142 na r\u00e9nk<\/span>\n\t\t\t\t\t<span class=\"cue-track-artist\" itemprop=\"byArtist\">Franciszka Majkowska<\/span>\n\t\t\t\t<\/span>\n\n\t\t\t\t\n\t\t\t\t<span class=\"cue-track-length cue-track-cell\">0:35<\/span>\n\n\t\t\t\t\t\t\t<\/li>\n\t\t\t\t\t<li class=\"cue-track\" itemprop=\"track\" itemscope itemtype=\"http:\/\/schema.org\/MusicRecording\">\n\t\t\t\t\n\t\t\t\t<span class=\"cue-track-details cue-track-cell\">\n\t\t\t\t\t<span class=\"cue-track-title\" itemprop=\"name\">89. Pfi, jak j\u00f4 s\u00e3 \u00f9rzas\u0142a<\/span>\n\t\t\t\t\t<span class=\"cue-track-artist\" itemprop=\"byArtist\">Adam Bieszk<\/span>\n\t\t\t\t<\/span>\n\n\t\t\t\t\n\t\t\t\t<span class=\"cue-track-length cue-track-cell\">0:39<\/span>\n\n\t\t\t\t\t\t\t<\/li>\n\t\t\t\t\t<li class=\"cue-track\" itemprop=\"track\" itemscope itemtype=\"http:\/\/schema.org\/MusicRecording\">\n\t\t\t\t\n\t\t\t\t<span class=\"cue-track-details cue-track-cell\">\n\t\t\t\t\t<span class=\"cue-track-title\" itemprop=\"name\">90. G\u0142os s\u00e3 w lese rozl\u00e9g\u00f4<\/span>\n\t\t\t\t\t<span class=\"cue-track-artist\" itemprop=\"byArtist\">Walentyna Richert<\/span>\n\t\t\t\t<\/span>\n\n\t\t\t\t\n\t\t\t\t<span class=\"cue-track-length cue-track-cell\">0:50<\/span>\n\n\t\t\t\t\t\t\t<\/li>\n\t\t\t\t\t<li class=\"cue-track\" itemprop=\"track\" itemscope itemtype=\"http:\/\/schema.org\/MusicRecording\">\n\t\t\t\t\n\t\t\t\t<span class=\"cue-track-details cue-track-cell\">\n\t\t\t\t\t<span class=\"cue-track-title\" itemprop=\"name\">91. \u00f2d k\u00f2mina do k\u00f2mina p\u00e3dzy diabe\u0142 cepelina<\/span>\n\t\t\t\t\t<span class=\"cue-track-artist\" itemprop=\"byArtist\">Bronis\u0142awa Zorn<\/span>\n\t\t\t\t<\/span>\n\n\t\t\t\t\n\t\t\t\t<span class=\"cue-track-length cue-track-cell\">0:23<\/span>\n\n\t\t\t\t\t\t\t<\/li>\n\t\t\t\t\t<li class=\"cue-track\" itemprop=\"track\" itemscope itemtype=\"http:\/\/schema.org\/MusicRecording\">\n\t\t\t\t\n\t\t\t\t<span class=\"cue-track-details cue-track-cell\">\n\t\t\t\t\t<span class=\"cue-track-title\" itemprop=\"name\">92. Jech\u00f4\u0142 ch\u0142opczik z targ\u00f9 z miasta<\/span>\n\t\t\t\t\t<span class=\"cue-track-artist\" itemprop=\"byArtist\">Zofia Treder<\/span>\n\t\t\t\t<\/span>\n\n\t\t\t\t\n\t\t\t\t<span class=\"cue-track-length cue-track-cell\">0:33<\/span>\n\n\t\t\t\t\t\t\t<\/li>\n\t\t\t\t\t<li class=\"cue-track\" itemprop=\"track\" itemscope itemtype=\"http:\/\/schema.org\/MusicRecording\">\n\t\t\t\t\n\t\t\t\t<span class=\"cue-track-details cue-track-cell\">\n\t\t\t\t\t<span class=\"cue-track-title\" itemprop=\"name\">93. B\u00e9l to jeden gb\u00f9rczik baro b\u00f2gati<\/span>\n\t\t\t\t\t<span class=\"cue-track-artist\" itemprop=\"byArtist\">Klemens Wittbrodt<\/span>\n\t\t\t\t<\/span>\n\n\t\t\t\t\n\t\t\t\t<span class=\"cue-track-length cue-track-cell\">0:25<\/span>\n\n\t\t\t\t\t\t\t<\/li>\n\t\t\t\t\t<li class=\"cue-track\" itemprop=\"track\" itemscope itemtype=\"http:\/\/schema.org\/MusicRecording\">\n\t\t\t\t\n\t\t\t\t<span class=\"cue-track-details cue-track-cell\">\n\t\t\t\t\t<span class=\"cue-track-title\" itemprop=\"name\">94. Na p\u00f2dw\u00f2rzim le\u017ci p\u0142ug<\/span>\n\t\t\t\t\t<span class=\"cue-track-artist\" itemprop=\"byArtist\">Zofia D\u00f6hring [D\u00f6ring]<\/span>\n\t\t\t\t<\/span>\n\n\t\t\t\t\n\t\t\t\t<span class=\"cue-track-length cue-track-cell\">0:28<\/span>\n\n\t\t\t\t\t\t\t<\/li>\n\t\t\t\t\t<li class=\"cue-track\" itemprop=\"track\" itemscope itemtype=\"http:\/\/schema.org\/MusicRecording\">\n\t\t\t\t\n\t\t\t\t<span class=\"cue-track-details cue-track-cell\">\n\t\t\t\t\t<span class=\"cue-track-title\" itemprop=\"name\">95. Wl\u00f4z\u0142 Mich\u00f4\u0142 na d\u0105bka<\/span>\n\t\t\t\t\t<span class=\"cue-track-artist\" itemprop=\"byArtist\">Jakub Reszka<\/span>\n\t\t\t\t<\/span>\n\n\t\t\t\t\n\t\t\t\t<span class=\"cue-track-length cue-track-cell\">0:30<\/span>\n\n\t\t\t\t\t\t\t<\/li>\n\t\t\t\t\t<li class=\"cue-track\" itemprop=\"track\" itemscope itemtype=\"http:\/\/schema.org\/MusicRecording\">\n\t\t\t\t\n\t\t\t\t<span class=\"cue-track-details cue-track-cell\">\n\t\t\t\t\t<span class=\"cue-track-title\" itemprop=\"name\">96. Dz\u00e9wcz\u00e3, dz\u00e9wcz\u00e3, co t\u00eb m\u00f4sz<\/span>\n\t\t\t\t\t<span class=\"cue-track-artist\" itemprop=\"byArtist\">Zofia D\u00f6hring [D\u00f6ring]<\/span>\n\t\t\t\t<\/span>\n\n\t\t\t\t\n\t\t\t\t<span class=\"cue-track-length cue-track-cell\">0:27<\/span>\n\n\t\t\t\t\t\t\t<\/li>\n\t\t\t\t\t<li class=\"cue-track\" itemprop=\"track\" itemscope itemtype=\"http:\/\/schema.org\/MusicRecording\">\n\t\t\t\t\n\t\t\t\t<span class=\"cue-track-details cue-track-cell\">\n\t\t\t\t\t<span class=\"cue-track-title\" itemprop=\"name\">97. Wywiad o muzyce Kaszub\u00f3w<\/span>\n\t\t\t\t\t<span class=\"cue-track-artist\" itemprop=\"byArtist\">Jakub Reszka, Franciszek Darga<\/span>\n\t\t\t\t<\/span>\n\n\t\t\t\t\n\t\t\t\t<span class=\"cue-track-length cue-track-cell\">2:13<\/span>\n\n\t\t\t\t\t\t\t<\/li>\n\t\t\t\t\t<li class=\"cue-track\" itemprop=\"track\" itemscope itemtype=\"http:\/\/schema.org\/MusicRecording\">\n\t\t\t\t\n\t\t\t\t<span class=\"cue-track-details cue-track-cell\">\n\t\t\t\t\t<span class=\"cue-track-title\" itemprop=\"name\">98. Szed\u0142 ch\u0142op do lasa (mel. ludowa, s\u0142owa Jan Trepczyk)<\/span>\n\t\t\t\t\t<span class=\"cue-track-artist\" itemprop=\"byArtist\">Jan Rompski<\/span>\n\t\t\t\t<\/span>\n\n\t\t\t\t\n\t\t\t\t<span class=\"cue-track-length cue-track-cell\">1:05<\/span>\n\n\t\t\t\t\t\t\t<\/li>\n\t\t\t\t\t<li class=\"cue-track\" itemprop=\"track\" itemscope itemtype=\"http:\/\/schema.org\/MusicRecording\">\n\t\t\t\t\n\t\t\t\t<span class=\"cue-track-details cue-track-cell\">\n\t\t\t\t\t<span class=\"cue-track-title\" itemprop=\"name\">99. T\u00eb z Dargclewa jes dz\u00e9wcz\u00e3<\/span>\n\t\t\t\t\t<span class=\"cue-track-artist\" itemprop=\"byArtist\">Jan Rompski<\/span>\n\t\t\t\t<\/span>\n\n\t\t\t\t\n\t\t\t\t<span class=\"cue-track-length cue-track-cell\">0:37<\/span>\n\n\t\t\t\t\t\t\t<\/li>\n\t\t\t<\/ol>\n\n\t<\/div>\n\t\t<script type=\"application\/json\" class=\"cue-playlist-data\">{\"embed_link\":\"https:\\\/\\\/etnofon.pl\\\/en\\\/?cue_embed=melodie-z-borow-lak-pol-i-znad-wod&cue_theme=default\",\"permalink\":\"https:\\\/\\\/etnofon.pl\\\/en\\\/?cue_playlist=melodie-z-borow-lak-pol-i-znad-wod\",\"skin\":\"cue-skin-default\",\"thumbnail\":\"https:\\\/\\\/etnofon.pl\\\/wp-content\\\/uploads\\\/2020\\\/11\\\/okladkaprzod.jpg\",\"tracks\":[{\"artist\":\"Franciszek \\u017bywicki\",\"artworkId\":0,\"artworkUrl\":\"\",\"audioId\":3110,\"audioUrl\":\"https:\\\/\\\/etnofon.pl\\\/wp-content\\\/uploads\\\/2020\\\/11\\\/Kaszuby-1.mp3\",\"format\":\"mp3\",\"length\":\"0:45\",\"title\":\"1. Polka kaszubska\",\"order\":0,\"mp3\":\"https:\\\/\\\/etnofon.pl\\\/wp-content\\\/uploads\\\/2020\\\/11\\\/Kaszuby-1.mp3\",\"meta\":{\"artist\":\"Franciszek \\u017bywicki\",\"length_formatted\":\"0:45\"},\"src\":\"https:\\\/\\\/etnofon.pl\\\/wp-content\\\/uploads\\\/2020\\\/11\\\/Kaszuby-1.mp3\",\"thumb\":{\"src\":\"\"}},{\"artist\":\"Rozalia Zielke\",\"artworkId\":0,\"artworkUrl\":\"\",\"audioId\":3111,\"audioUrl\":\"https:\\\/\\\/etnofon.pl\\\/wp-content\\\/uploads\\\/2020\\\/11\\\/Kaszuby-2.mp3\",\"format\":\"mp3\",\"length\":\"2:41\",\"title\":\"2. Pies\\u0144 \\u00f2 naszi Wi\\u00f4ld\\u017ci Wsy\",\"order\":1,\"mp3\":\"https:\\\/\\\/etnofon.pl\\\/wp-content\\\/uploads\\\/2020\\\/11\\\/Kaszuby-2.mp3\",\"meta\":{\"artist\":\"Rozalia Zielke\",\"length_formatted\":\"2:41\"},\"src\":\"https:\\\/\\\/etnofon.pl\\\/wp-content\\\/uploads\\\/2020\\\/11\\\/Kaszuby-2.mp3\",\"thumb\":{\"src\":\"\"}},{\"artist\":\"Franciszek Grucza\",\"artworkId\":0,\"artworkUrl\":\"\",\"audioId\":3112,\"audioUrl\":\"https:\\\/\\\/etnofon.pl\\\/wp-content\\\/uploads\\\/2020\\\/11\\\/Kaszuby-3.mp3\",\"format\":\"mp3\",\"length\":\"0:48\",\"title\":\"3. Mar\\u00ebsz\\u00f3nka\",\"order\":2,\"mp3\":\"https:\\\/\\\/etnofon.pl\\\/wp-content\\\/uploads\\\/2020\\\/11\\\/Kaszuby-3.mp3\",\"meta\":{\"artist\":\"Franciszek Grucza\",\"length_formatted\":\"0:48\"},\"src\":\"https:\\\/\\\/etnofon.pl\\\/wp-content\\\/uploads\\\/2020\\\/11\\\/Kaszuby-3.mp3\",\"thumb\":{\"src\":\"\"}},{\"artist\":\"Helena Rosik\",\"artworkId\":0,\"artworkUrl\":\"\",\"audioId\":3113,\"audioUrl\":\"https:\\\/\\\/etnofon.pl\\\/wp-content\\\/uploads\\\/2020\\\/11\\\/Kaszuby-4.mp3\",\"format\":\"mp3\",\"length\":\"0:15\",\"title\":\"4. Dobr\\u00f4 tobaczka, co j\\u0105 w rog\\u00f9 nosz\\u00e3\",\"order\":3,\"mp3\":\"https:\\\/\\\/etnofon.pl\\\/wp-content\\\/uploads\\\/2020\\\/11\\\/Kaszuby-4.mp3\",\"meta\":{\"artist\":\"Helena Rosik\",\"length_formatted\":\"0:15\"},\"src\":\"https:\\\/\\\/etnofon.pl\\\/wp-content\\\/uploads\\\/2020\\\/11\\\/Kaszuby-4.mp3\",\"thumb\":{\"src\":\"\"}},{\"artist\":\"Rozalia Zielke [Zelke]\",\"artworkId\":0,\"artworkUrl\":\"\",\"audioId\":3114,\"audioUrl\":\"https:\\\/\\\/etnofon.pl\\\/wp-content\\\/uploads\\\/2020\\\/11\\\/Kaszuby-5.mp3\",\"format\":\"mp3\",\"length\":\"1:19\",\"title\":\"5. Dobr\\u00f4 tobaka, co j\\u0105 k\\u00f2\\u017cdi chw\\u00f4li\",\"order\":4,\"mp3\":\"https:\\\/\\\/etnofon.pl\\\/wp-content\\\/uploads\\\/2020\\\/11\\\/Kaszuby-5.mp3\",\"meta\":{\"artist\":\"Rozalia Zielke [Zelke]\",\"length_formatted\":\"1:19\"},\"src\":\"https:\\\/\\\/etnofon.pl\\\/wp-content\\\/uploads\\\/2020\\\/11\\\/Kaszuby-5.mp3\",\"thumb\":{\"src\":\"\"}},{\"artist\":\"Pawe\\u0142 Tocki\",\"artworkId\":0,\"artworkUrl\":\"\",\"audioId\":3115,\"audioUrl\":\"https:\\\/\\\/etnofon.pl\\\/wp-content\\\/uploads\\\/2020\\\/11\\\/Kaszuby-6.mp3\",\"format\":\"mp3\",\"length\":\"0:26\",\"title\":\"6. A t\\u00eb mili tobacznik\\u00f9\",\"order\":5,\"mp3\":\"https:\\\/\\\/etnofon.pl\\\/wp-content\\\/uploads\\\/2020\\\/11\\\/Kaszuby-6.mp3\",\"meta\":{\"artist\":\"Pawe\\u0142 Tocki\",\"length_formatted\":\"0:26\"},\"src\":\"https:\\\/\\\/etnofon.pl\\\/wp-content\\\/uploads\\\/2020\\\/11\\\/Kaszuby-6.mp3\",\"thumb\":{\"src\":\"\"}},{\"artist\":\"Jan Reich\",\"artworkId\":0,\"artworkUrl\":\"\",\"audioId\":3116,\"audioUrl\":\"https:\\\/\\\/etnofon.pl\\\/wp-content\\\/uploads\\\/2020\\\/11\\\/Kaszuby-7.mp3\",\"format\":\"mp3\",\"length\":\"0:35\",\"title\":\"7. B\\u0105dze bi\\u00e9da, b\\u0105dze bi\\u00e9da\",\"order\":6,\"mp3\":\"https:\\\/\\\/etnofon.pl\\\/wp-content\\\/uploads\\\/2020\\\/11\\\/Kaszuby-7.mp3\",\"meta\":{\"artist\":\"Jan Reich\",\"length_formatted\":\"0:35\"},\"src\":\"https:\\\/\\\/etnofon.pl\\\/wp-content\\\/uploads\\\/2020\\\/11\\\/Kaszuby-7.mp3\",\"thumb\":{\"src\":\"\"}},{\"artist\":\"Otylia Tocka [Tocki]\",\"artworkId\":0,\"artworkUrl\":\"\",\"audioId\":3117,\"audioUrl\":\"https:\\\/\\\/etnofon.pl\\\/wp-content\\\/uploads\\\/2020\\\/11\\\/Kaszuby-8.mp3\",\"format\":\"mp3\",\"length\":\"1:33\",\"title\":\"8. Cz\\u00eb j\\u00f4 b\\u00e3d\\u00e3 s\\u00ebna miala\",\"order\":7,\"mp3\":\"https:\\\/\\\/etnofon.pl\\\/wp-content\\\/uploads\\\/2020\\\/11\\\/Kaszuby-8.mp3\",\"meta\":{\"artist\":\"Otylia Tocka [Tocki]\",\"length_formatted\":\"1:33\"},\"src\":\"https:\\\/\\\/etnofon.pl\\\/wp-content\\\/uploads\\\/2020\\\/11\\\/Kaszuby-8.mp3\",\"thumb\":{\"src\":\"\"}},{\"artist\":\"Klemens Wittbrodt\",\"artworkId\":0,\"artworkUrl\":\"\",\"audioId\":3118,\"audioUrl\":\"https:\\\/\\\/etnofon.pl\\\/wp-content\\\/uploads\\\/2020\\\/11\\\/Kaszuby-9.mp3\",\"format\":\"mp3\",\"length\":\"0:32\",\"title\":\"9. Szed\\u0142 P\\u00f3n Jez\\u00ebs prost\\u0105 dr\\u00f3\\u017ck\\u0105\",\"order\":8,\"mp3\":\"https:\\\/\\\/etnofon.pl\\\/wp-content\\\/uploads\\\/2020\\\/11\\\/Kaszuby-9.mp3\",\"meta\":{\"artist\":\"Klemens Wittbrodt\",\"length_formatted\":\"0:32\"},\"src\":\"https:\\\/\\\/etnofon.pl\\\/wp-content\\\/uploads\\\/2020\\\/11\\\/Kaszuby-9.mp3\",\"thumb\":{\"src\":\"\"}},{\"artist\":\"Anna Freiberg\",\"artworkId\":0,\"artworkUrl\":\"\",\"audioId\":3119,\"audioUrl\":\"https:\\\/\\\/etnofon.pl\\\/wp-content\\\/uploads\\\/2020\\\/11\\\/Kaszuby-10.mp3\",\"format\":\"mp3\",\"length\":\"0:41\",\"title\":\"10. Wsz\\u00ebstk\\u00f4 m\\u00f2ja n\\u00f4dzeja w ti torbie sk\\u00f3rzany\",\"order\":9,\"mp3\":\"https:\\\/\\\/etnofon.pl\\\/wp-content\\\/uploads\\\/2020\\\/11\\\/Kaszuby-10.mp3\",\"meta\":{\"artist\":\"Anna Freiberg\",\"length_formatted\":\"0:41\"},\"src\":\"https:\\\/\\\/etnofon.pl\\\/wp-content\\\/uploads\\\/2020\\\/11\\\/Kaszuby-10.mp3\",\"thumb\":{\"src\":\"\"}},{\"artist\":\"Leon S\\u0142owy\",\"artworkId\":0,\"artworkUrl\":\"\",\"audioId\":3120,\"audioUrl\":\"https:\\\/\\\/etnofon.pl\\\/wp-content\\\/uploads\\\/2020\\\/11\\\/Kaszuby-11.mp3\",\"format\":\"mp3\",\"length\":\"0:50\",\"title\":\"11. \\u00f2to dzadek\",\"order\":10,\"mp3\":\"https:\\\/\\\/etnofon.pl\\\/wp-content\\\/uploads\\\/2020\\\/11\\\/Kaszuby-11.mp3\",\"meta\":{\"artist\":\"Leon S\\u0142owy\",\"length_formatted\":\"0:50\"},\"src\":\"https:\\\/\\\/etnofon.pl\\\/wp-content\\\/uploads\\\/2020\\\/11\\\/Kaszuby-11.mp3\",\"thumb\":{\"src\":\"\"}},{\"artist\":\"J\\u00f3zef Ceynowa\",\"artworkId\":0,\"artworkUrl\":\"\",\"audioId\":3121,\"audioUrl\":\"https:\\\/\\\/etnofon.pl\\\/wp-content\\\/uploads\\\/2020\\\/11\\\/Kaszuby-12.mp3\",\"format\":\"mp3\",\"length\":\"0:53\",\"title\":\"12. \\u00d9rdi b\\u00f9rdi z\\u00ebma jes\",\"order\":11,\"mp3\":\"https:\\\/\\\/etnofon.pl\\\/wp-content\\\/uploads\\\/2020\\\/11\\\/Kaszuby-12.mp3\",\"meta\":{\"artist\":\"J\\u00f3zef Ceynowa\",\"length_formatted\":\"0:53\"},\"src\":\"https:\\\/\\\/etnofon.pl\\\/wp-content\\\/uploads\\\/2020\\\/11\\\/Kaszuby-12.mp3\",\"thumb\":{\"src\":\"\"}},{\"artist\":\"Marianna Lehman\",\"artworkId\":0,\"artworkUrl\":\"\",\"audioId\":3122,\"audioUrl\":\"https:\\\/\\\/etnofon.pl\\\/wp-content\\\/uploads\\\/2020\\\/11\\\/Kaszuby-13.mp3\",\"format\":\"mp3\",\"length\":\"0:32\",\"title\":\"13. Prz\\u00ebjech\\u00f4\\u0142 ten pach\\u00f2lec\",\"order\":12,\"mp3\":\"https:\\\/\\\/etnofon.pl\\\/wp-content\\\/uploads\\\/2020\\\/11\\\/Kaszuby-13.mp3\",\"meta\":{\"artist\":\"Marianna Lehman\",\"length_formatted\":\"0:32\"},\"src\":\"https:\\\/\\\/etnofon.pl\\\/wp-content\\\/uploads\\\/2020\\\/11\\\/Kaszuby-13.mp3\",\"thumb\":{\"src\":\"\"}},{\"artist\":\"Albert Patock\",\"artworkId\":0,\"artworkUrl\":\"\",\"audioId\":3123,\"audioUrl\":\"https:\\\/\\\/etnofon.pl\\\/wp-content\\\/uploads\\\/2020\\\/11\\\/Kaszuby-14.mp3\",\"format\":\"mp3\",\"length\":\"0:27\",\"title\":\"14. Lec\\u0105 g\\u0105sczi lec\\u0105, przez las krzikaj\\u0105co\",\"order\":13,\"mp3\":\"https:\\\/\\\/etnofon.pl\\\/wp-content\\\/uploads\\\/2020\\\/11\\\/Kaszuby-14.mp3\",\"meta\":{\"artist\":\"Albert Patock\",\"length_formatted\":\"0:27\"},\"src\":\"https:\\\/\\\/etnofon.pl\\\/wp-content\\\/uploads\\\/2020\\\/11\\\/Kaszuby-14.mp3\",\"thumb\":{\"src\":\"\"}},{\"artist\":\"Albert Patock\",\"artworkId\":0,\"artworkUrl\":\"\",\"audioId\":3124,\"audioUrl\":\"https:\\\/\\\/etnofon.pl\\\/wp-content\\\/uploads\\\/2020\\\/11\\\/Kaszuby-15.mp3\",\"format\":\"mp3\",\"length\":\"0:38\",\"title\":\"15. K\\u00f2l Now\\u00e9g\\u00f2 Miasta w jedny wsy\",\"order\":14,\"mp3\":\"https:\\\/\\\/etnofon.pl\\\/wp-content\\\/uploads\\\/2020\\\/11\\\/Kaszuby-15.mp3\",\"meta\":{\"artist\":\"Albert Patock\",\"length_formatted\":\"0:38\"},\"src\":\"https:\\\/\\\/etnofon.pl\\\/wp-content\\\/uploads\\\/2020\\\/11\\\/Kaszuby-15.mp3\",\"thumb\":{\"src\":\"\"}},{\"artist\":\"Franciszek \\u017bywicki\",\"artworkId\":0,\"artworkUrl\":\"\",\"audioId\":3125,\"audioUrl\":\"https:\\\/\\\/etnofon.pl\\\/wp-content\\\/uploads\\\/2020\\\/11\\\/Kaszuby-16.mp3\",\"format\":\"mp3\",\"length\":\"0:26\",\"title\":\"16. O du liebe panna mein\",\"order\":15,\"mp3\":\"https:\\\/\\\/etnofon.pl\\\/wp-content\\\/uploads\\\/2020\\\/11\\\/Kaszuby-16.mp3\",\"meta\":{\"artist\":\"Franciszek \\u017bywicki\",\"length_formatted\":\"0:26\"},\"src\":\"https:\\\/\\\/etnofon.pl\\\/wp-content\\\/uploads\\\/2020\\\/11\\\/Kaszuby-16.mp3\",\"thumb\":{\"src\":\"\"}},{\"artist\":\"Jan Taube\",\"artworkId\":0,\"artworkUrl\":\"\",\"audioId\":3126,\"audioUrl\":\"https:\\\/\\\/etnofon.pl\\\/wp-content\\\/uploads\\\/2020\\\/11\\\/Kaszuby-17.mp3\",\"format\":\"mp3\",\"length\":\"1:51\",\"title\":\"17. Rheinl\\u00e4nder\",\"order\":16,\"mp3\":\"https:\\\/\\\/etnofon.pl\\\/wp-content\\\/uploads\\\/2020\\\/11\\\/Kaszuby-17.mp3\",\"meta\":{\"artist\":\"Jan Taube\",\"length_formatted\":\"1:51\"},\"src\":\"https:\\\/\\\/etnofon.pl\\\/wp-content\\\/uploads\\\/2020\\\/11\\\/Kaszuby-17.mp3\",\"thumb\":{\"src\":\"\"}},{\"artist\":\"Waleria Grablowska\",\"artworkId\":0,\"artworkUrl\":\"\",\"audioId\":3127,\"audioUrl\":\"https:\\\/\\\/etnofon.pl\\\/wp-content\\\/uploads\\\/2020\\\/11\\\/Kaszuby-18.mp3\",\"format\":\"mp3\",\"length\":\"0:55\",\"title\":\"18. J\\u00f4 s\\u00e3 prz\\u00ebzdrza do \\u00f2groda\",\"order\":17,\"mp3\":\"https:\\\/\\\/etnofon.pl\\\/wp-content\\\/uploads\\\/2020\\\/11\\\/Kaszuby-18.mp3\",\"meta\":{\"artist\":\"Waleria Grablowska\",\"length_formatted\":\"0:55\"},\"src\":\"https:\\\/\\\/etnofon.pl\\\/wp-content\\\/uploads\\\/2020\\\/11\\\/Kaszuby-18.mp3\",\"thumb\":{\"src\":\"\"}},{\"artist\":\"Agata Mechli\\u0144ska\",\"artworkId\":0,\"artworkUrl\":\"\",\"audioId\":3128,\"audioUrl\":\"https:\\\/\\\/etnofon.pl\\\/wp-content\\\/uploads\\\/2020\\\/11\\\/Kaszuby-19.mp3\",\"format\":\"mp3\",\"length\":\"0:30\",\"title\":\"19. A dze\\u017c t\\u00eb b\\u00eb\\u0142a, Dorotk\\u00f2, dze cnotk\\u00f2?\",\"order\":18,\"mp3\":\"https:\\\/\\\/etnofon.pl\\\/wp-content\\\/uploads\\\/2020\\\/11\\\/Kaszuby-19.mp3\",\"meta\":{\"artist\":\"Agata Mechli\\u0144ska\",\"length_formatted\":\"0:30\"},\"src\":\"https:\\\/\\\/etnofon.pl\\\/wp-content\\\/uploads\\\/2020\\\/11\\\/Kaszuby-19.mp3\",\"thumb\":{\"src\":\"\"}},{\"artist\":\"Marta Labuda\",\"artworkId\":0,\"artworkUrl\":\"\",\"audioId\":3129,\"audioUrl\":\"https:\\\/\\\/etnofon.pl\\\/wp-content\\\/uploads\\\/2020\\\/11\\\/Kaszuby-20.mp3\",\"format\":\"mp3\",\"length\":\"0:59\",\"title\":\"20. K\\u00f2le jez\\u00f3reczka, k\\u00f2le b\\u00ebstri w\\u00a0\\u00f2d\\u00eb\",\"order\":19,\"mp3\":\"https:\\\/\\\/etnofon.pl\\\/wp-content\\\/uploads\\\/2020\\\/11\\\/Kaszuby-20.mp3\",\"meta\":{\"artist\":\"Marta Labuda\",\"length_formatted\":\"0:59\"},\"src\":\"https:\\\/\\\/etnofon.pl\\\/wp-content\\\/uploads\\\/2020\\\/11\\\/Kaszuby-20.mp3\",\"thumb\":{\"src\":\"\"}},{\"artist\":\"Marcin Choszcz, Anastazja Choszcz\",\"artworkId\":0,\"artworkUrl\":\"\",\"audioId\":3130,\"audioUrl\":\"https:\\\/\\\/etnofon.pl\\\/wp-content\\\/uploads\\\/2020\\\/11\\\/Kaszuby-21.mp3\",\"format\":\"mp3\",\"length\":\"0:58\",\"title\":\"21. Czerwiono jem sa\\u0142a\",\"order\":20,\"mp3\":\"https:\\\/\\\/etnofon.pl\\\/wp-content\\\/uploads\\\/2020\\\/11\\\/Kaszuby-21.mp3\",\"meta\":{\"artist\":\"Marcin Choszcz, Anastazja Choszcz\",\"length_formatted\":\"0:58\"},\"src\":\"https:\\\/\\\/etnofon.pl\\\/wp-content\\\/uploads\\\/2020\\\/11\\\/Kaszuby-21.mp3\",\"thumb\":{\"src\":\"\"}},{\"artist\":\"Antoni Kleba, Leon S\\u0142owy\",\"artworkId\":0,\"artworkUrl\":\"\",\"audioId\":3131,\"audioUrl\":\"https:\\\/\\\/etnofon.pl\\\/wp-content\\\/uploads\\\/2020\\\/11\\\/Kaszuby-22.mp3\",\"format\":\"mp3\",\"length\":\"0:35\",\"title\":\"22. \\u00f2\\u017ceni\\u0142 j\\u00f4 s\\u00e3\",\"order\":21,\"mp3\":\"https:\\\/\\\/etnofon.pl\\\/wp-content\\\/uploads\\\/2020\\\/11\\\/Kaszuby-22.mp3\",\"meta\":{\"artist\":\"Antoni Kleba, Leon S\\u0142owy\",\"length_formatted\":\"0:35\"},\"src\":\"https:\\\/\\\/etnofon.pl\\\/wp-content\\\/uploads\\\/2020\\\/11\\\/Kaszuby-22.mp3\",\"thumb\":{\"src\":\"\"}},{\"artist\":\"Anna Bach\",\"artworkId\":0,\"artworkUrl\":\"\",\"audioId\":3132,\"audioUrl\":\"https:\\\/\\\/etnofon.pl\\\/wp-content\\\/uploads\\\/2020\\\/11\\\/Kaszuby-23.mp3\",\"format\":\"mp3\",\"length\":\"0:41\",\"title\":\"23. \\u00f2\\u017ceni\\u0142 s\\u00e3 stari Jasz\",\"order\":22,\"mp3\":\"https:\\\/\\\/etnofon.pl\\\/wp-content\\\/uploads\\\/2020\\\/11\\\/Kaszuby-23.mp3\",\"meta\":{\"artist\":\"Anna Bach\",\"length_formatted\":\"0:41\"},\"src\":\"https:\\\/\\\/etnofon.pl\\\/wp-content\\\/uploads\\\/2020\\\/11\\\/Kaszuby-23.mp3\",\"thumb\":{\"src\":\"\"}},{\"artist\":\"Helena Naczk\",\"artworkId\":0,\"artworkUrl\":\"\",\"audioId\":3133,\"audioUrl\":\"https:\\\/\\\/etnofon.pl\\\/wp-content\\\/uploads\\\/2020\\\/11\\\/Kaszuby-24.mp3\",\"format\":\"mp3\",\"length\":\"0:29\",\"title\":\"24. Stron\\u0105, deszczk\\u00f9, stron\\u0105\",\"order\":23,\"mp3\":\"https:\\\/\\\/etnofon.pl\\\/wp-content\\\/uploads\\\/2020\\\/11\\\/Kaszuby-24.mp3\",\"meta\":{\"artist\":\"Helena Naczk\",\"length_formatted\":\"0:29\"},\"src\":\"https:\\\/\\\/etnofon.pl\\\/wp-content\\\/uploads\\\/2020\\\/11\\\/Kaszuby-24.mp3\",\"thumb\":{\"src\":\"\"}},{\"artist\":\"Jadwiga Nadolska\",\"artworkId\":0,\"artworkUrl\":\"\",\"audioId\":3134,\"audioUrl\":\"https:\\\/\\\/etnofon.pl\\\/wp-content\\\/uploads\\\/2020\\\/11\\\/Kaszuby-25.mp3\",\"format\":\"mp3\",\"length\":\"0:59\",\"title\":\"25. Dzys je wiesel\\u00e9, witro precz m\\u00f9sz\\u00e3\",\"order\":24,\"mp3\":\"https:\\\/\\\/etnofon.pl\\\/wp-content\\\/uploads\\\/2020\\\/11\\\/Kaszuby-25.mp3\",\"meta\":{\"artist\":\"Jadwiga Nadolska\",\"length_formatted\":\"0:59\"},\"src\":\"https:\\\/\\\/etnofon.pl\\\/wp-content\\\/uploads\\\/2020\\\/11\\\/Kaszuby-25.mp3\",\"thumb\":{\"src\":\"\"}},{\"artist\":\"Augustyn Dopke\",\"artworkId\":0,\"artworkUrl\":\"\",\"audioId\":3135,\"audioUrl\":\"https:\\\/\\\/etnofon.pl\\\/wp-content\\\/uploads\\\/2020\\\/11\\\/Kaszuby-26.mp3\",\"format\":\"mp3\",\"length\":\"0:33\",\"title\":\"26. Cubda [Subda]\",\"order\":25,\"mp3\":\"https:\\\/\\\/etnofon.pl\\\/wp-content\\\/uploads\\\/2020\\\/11\\\/Kaszuby-26.mp3\",\"meta\":{\"artist\":\"Augustyn Dopke\",\"length_formatted\":\"0:33\"},\"src\":\"https:\\\/\\\/etnofon.pl\\\/wp-content\\\/uploads\\\/2020\\\/11\\\/Kaszuby-26.mp3\",\"thumb\":{\"src\":\"\"}},{\"artist\":\"Zofia Ceynowa\",\"artworkId\":0,\"artworkUrl\":\"\",\"audioId\":3136,\"audioUrl\":\"https:\\\/\\\/etnofon.pl\\\/wp-content\\\/uploads\\\/2020\\\/11\\\/Kaszuby-27.mp3\",\"format\":\"mp3\",\"length\":\"0:50\",\"title\":\"27. Le\\u017ci b\\u00f3t k\\u00f2le wr\\u00f3t\",\"order\":26,\"mp3\":\"https:\\\/\\\/etnofon.pl\\\/wp-content\\\/uploads\\\/2020\\\/11\\\/Kaszuby-27.mp3\",\"meta\":{\"artist\":\"Zofia Ceynowa\",\"length_formatted\":\"0:50\"},\"src\":\"https:\\\/\\\/etnofon.pl\\\/wp-content\\\/uploads\\\/2020\\\/11\\\/Kaszuby-27.mp3\",\"thumb\":{\"src\":\"\"}},{\"artist\":\"Zofia Ceynowa\",\"artworkId\":0,\"artworkUrl\":\"\",\"audioId\":3137,\"audioUrl\":\"https:\\\/\\\/etnofon.pl\\\/wp-content\\\/uploads\\\/2020\\\/11\\\/Kaszuby-28.mp3\",\"format\":\"mp3\",\"length\":\"0:50\",\"title\":\"28. Hej, sank\\u00f2, sank\\u00f2\",\"order\":27,\"mp3\":\"https:\\\/\\\/etnofon.pl\\\/wp-content\\\/uploads\\\/2020\\\/11\\\/Kaszuby-28.mp3\",\"meta\":{\"artist\":\"Zofia Ceynowa\",\"length_formatted\":\"0:50\"},\"src\":\"https:\\\/\\\/etnofon.pl\\\/wp-content\\\/uploads\\\/2020\\\/11\\\/Kaszuby-28.mp3\",\"thumb\":{\"src\":\"\"}},{\"artist\":\"Leon S\\u0142owy\",\"artworkId\":0,\"artworkUrl\":\"\",\"audioId\":3138,\"audioUrl\":\"https:\\\/\\\/etnofon.pl\\\/wp-content\\\/uploads\\\/2020\\\/11\\\/Kaszuby-29.mp3\",\"format\":\"mp3\",\"length\":\"0:47\",\"title\":\"29. Jad\\u00e3 j\\u00f4, jad\\u00e3\",\"order\":28,\"mp3\":\"https:\\\/\\\/etnofon.pl\\\/wp-content\\\/uploads\\\/2020\\\/11\\\/Kaszuby-29.mp3\",\"meta\":{\"artist\":\"Leon S\\u0142owy\",\"length_formatted\":\"0:47\"},\"src\":\"https:\\\/\\\/etnofon.pl\\\/wp-content\\\/uploads\\\/2020\\\/11\\\/Kaszuby-29.mp3\",\"thumb\":{\"src\":\"\"}},{\"artist\":\"Klemens Wittbrodt\",\"artworkId\":0,\"artworkUrl\":\"\",\"audioId\":3139,\"audioUrl\":\"https:\\\/\\\/etnofon.pl\\\/wp-content\\\/uploads\\\/2020\\\/11\\\/Kaszuby-30.mp3\",\"format\":\"mp3\",\"length\":\"0:56\",\"title\":\"30. B\\u0105d\\u00e3 j\\u00f4 jezdzy\\u0142 we dnie a w noc\\u00eb\",\"order\":29,\"mp3\":\"https:\\\/\\\/etnofon.pl\\\/wp-content\\\/uploads\\\/2020\\\/11\\\/Kaszuby-30.mp3\",\"meta\":{\"artist\":\"Klemens Wittbrodt\",\"length_formatted\":\"0:56\"},\"src\":\"https:\\\/\\\/etnofon.pl\\\/wp-content\\\/uploads\\\/2020\\\/11\\\/Kaszuby-30.mp3\",\"thumb\":{\"src\":\"\"}},{\"artist\":\"J\\u00f3zef Brzeski\",\"artworkId\":0,\"artworkUrl\":\"\",\"audioId\":3140,\"audioUrl\":\"https:\\\/\\\/etnofon.pl\\\/wp-content\\\/uploads\\\/2020\\\/11\\\/Kaszuby-31.mp3\",\"format\":\"mp3\",\"length\":\"0:41\",\"title\":\"31. P\\u00f2lka, p\\u00f2lka, stoji s\\u00ebch\\u00f4 ch\\u00f3jka\",\"order\":30,\"mp3\":\"https:\\\/\\\/etnofon.pl\\\/wp-content\\\/uploads\\\/2020\\\/11\\\/Kaszuby-31.mp3\",\"meta\":{\"artist\":\"J\\u00f3zef Brzeski\",\"length_formatted\":\"0:41\"},\"src\":\"https:\\\/\\\/etnofon.pl\\\/wp-content\\\/uploads\\\/2020\\\/11\\\/Kaszuby-31.mp3\",\"thumb\":{\"src\":\"\"}},{\"artist\":\"Bronis\\u0142awa Rudnik\",\"artworkId\":0,\"artworkUrl\":\"\",\"audioId\":3141,\"audioUrl\":\"https:\\\/\\\/etnofon.pl\\\/wp-content\\\/uploads\\\/2020\\\/11\\\/Kaszuby-32.mp3\",\"format\":\"mp3\",\"length\":\"0:46\",\"title\":\"32. Stoji dz\\u00e9wcz\\u00e3 w \\u00f2grodze\",\"order\":31,\"mp3\":\"https:\\\/\\\/etnofon.pl\\\/wp-content\\\/uploads\\\/2020\\\/11\\\/Kaszuby-32.mp3\",\"meta\":{\"artist\":\"Bronis\\u0142awa Rudnik\",\"length_formatted\":\"0:46\"},\"src\":\"https:\\\/\\\/etnofon.pl\\\/wp-content\\\/uploads\\\/2020\\\/11\\\/Kaszuby-32.mp3\",\"thumb\":{\"src\":\"\"}},{\"artist\":\"J\\u00f3zef Sikorski\",\"artworkId\":0,\"artworkUrl\":\"\",\"audioId\":3142,\"audioUrl\":\"https:\\\/\\\/etnofon.pl\\\/wp-content\\\/uploads\\\/2020\\\/11\\\/Kaszuby-33.mp3\",\"format\":\"mp3\",\"length\":\"0:29\",\"title\":\"33. Chca\\u0142o dz\\u00e9wcz\\u00e3 ch\\u0142opa miec, nie rozmia\\u0142o chleba piec\",\"order\":32,\"mp3\":\"https:\\\/\\\/etnofon.pl\\\/wp-content\\\/uploads\\\/2020\\\/11\\\/Kaszuby-33.mp3\",\"meta\":{\"artist\":\"J\\u00f3zef Sikorski\",\"length_formatted\":\"0:29\"},\"src\":\"https:\\\/\\\/etnofon.pl\\\/wp-content\\\/uploads\\\/2020\\\/11\\\/Kaszuby-33.mp3\",\"thumb\":{\"src\":\"\"}},{\"artist\":\"Zofia D\\u00f6hring [D\\u00f6ring]\",\"artworkId\":0,\"artworkUrl\":\"\",\"audioId\":3143,\"audioUrl\":\"https:\\\/\\\/etnofon.pl\\\/wp-content\\\/uploads\\\/2020\\\/11\\\/Kaszuby-34.mp3\",\"format\":\"mp3\",\"length\":\"0:22\",\"title\":\"34. Hej, dz\\u00e9wcz\\u00e3, dz\\u00e9wcz\\u00e3, na\\u00f9cz s\\u00e3 robic\",\"order\":33,\"mp3\":\"https:\\\/\\\/etnofon.pl\\\/wp-content\\\/uploads\\\/2020\\\/11\\\/Kaszuby-34.mp3\",\"meta\":{\"artist\":\"Zofia D\\u00f6hring [D\\u00f6ring]\",\"length_formatted\":\"0:22\"},\"src\":\"https:\\\/\\\/etnofon.pl\\\/wp-content\\\/uploads\\\/2020\\\/11\\\/Kaszuby-34.mp3\",\"thumb\":{\"src\":\"\"}},{\"artist\":\"Waleria Grablowska\",\"artworkId\":0,\"artworkUrl\":\"\",\"audioId\":3144,\"audioUrl\":\"https:\\\/\\\/etnofon.pl\\\/wp-content\\\/uploads\\\/2020\\\/11\\\/Kaszuby-35.mp3\",\"format\":\"mp3\",\"length\":\"0:28\",\"title\":\"35. Hej, k\\u00f2sz\\u00ebla \\u00f2d papi\\u00f3ra\",\"order\":34,\"mp3\":\"https:\\\/\\\/etnofon.pl\\\/wp-content\\\/uploads\\\/2020\\\/11\\\/Kaszuby-35.mp3\",\"meta\":{\"artist\":\"Waleria Grablowska\",\"length_formatted\":\"0:28\"},\"src\":\"https:\\\/\\\/etnofon.pl\\\/wp-content\\\/uploads\\\/2020\\\/11\\\/Kaszuby-35.mp3\",\"thumb\":{\"src\":\"\"}},{\"artist\":\"Zofia D\\u00f6hring [D\\u00f6ring]\",\"artworkId\":0,\"artworkUrl\":\"\",\"audioId\":3145,\"audioUrl\":\"https:\\\/\\\/etnofon.pl\\\/wp-content\\\/uploads\\\/2020\\\/11\\\/Kaszuby-36.mp3\",\"format\":\"mp3\",\"length\":\"0:32\",\"title\":\"36. Trina, Trina, p\\u00f2j le sa\",\"order\":35,\"mp3\":\"https:\\\/\\\/etnofon.pl\\\/wp-content\\\/uploads\\\/2020\\\/11\\\/Kaszuby-36.mp3\",\"meta\":{\"artist\":\"Zofia D\\u00f6hring [D\\u00f6ring]\",\"length_formatted\":\"0:32\"},\"src\":\"https:\\\/\\\/etnofon.pl\\\/wp-content\\\/uploads\\\/2020\\\/11\\\/Kaszuby-36.mp3\",\"thumb\":{\"src\":\"\"}},{\"artist\":\"Zofia D\\u00f6hring [D\\u00f6ring]\",\"artworkId\":0,\"artworkUrl\":\"\",\"audioId\":3146,\"audioUrl\":\"https:\\\/\\\/etnofon.pl\\\/wp-content\\\/uploads\\\/2020\\\/11\\\/Kaszuby-37.mp3\",\"format\":\"mp3\",\"length\":\"0:42\",\"title\":\"37. W zelonym gaju l\\u00ebst\\u00eb p\\u00f4daj\\u0105\",\"order\":36,\"mp3\":\"https:\\\/\\\/etnofon.pl\\\/wp-content\\\/uploads\\\/2020\\\/11\\\/Kaszuby-37.mp3\",\"meta\":{\"artist\":\"Zofia D\\u00f6hring [D\\u00f6ring]\",\"length_formatted\":\"0:42\"},\"src\":\"https:\\\/\\\/etnofon.pl\\\/wp-content\\\/uploads\\\/2020\\\/11\\\/Kaszuby-37.mp3\",\"thumb\":{\"src\":\"\"}},{\"artist\":\"Zofia D\\u00f6hring [D\\u00f6ring]\",\"artworkId\":0,\"artworkUrl\":\"\",\"audioId\":3147,\"audioUrl\":\"https:\\\/\\\/etnofon.pl\\\/wp-content\\\/uploads\\\/2020\\\/11\\\/Kaszuby-38.mp3\",\"format\":\"mp3\",\"length\":\"0:24\",\"title\":\"38. Dz\\u00e9wcz\\u00e3, dz\\u00e9wcz\\u00e3, dze t\\u00eb b\\u00eb\\u0142a\",\"order\":37,\"mp3\":\"https:\\\/\\\/etnofon.pl\\\/wp-content\\\/uploads\\\/2020\\\/11\\\/Kaszuby-38.mp3\",\"meta\":{\"artist\":\"Zofia D\\u00f6hring [D\\u00f6ring]\",\"length_formatted\":\"0:24\"},\"src\":\"https:\\\/\\\/etnofon.pl\\\/wp-content\\\/uploads\\\/2020\\\/11\\\/Kaszuby-38.mp3\",\"thumb\":{\"src\":\"\"}},{\"artist\":\"Marta Labuda\",\"artworkId\":0,\"artworkUrl\":\"\",\"audioId\":3148,\"audioUrl\":\"https:\\\/\\\/etnofon.pl\\\/wp-content\\\/uploads\\\/2020\\\/11\\\/Kaszuby-39.mp3\",\"format\":\"mp3\",\"length\":\"0:46\",\"title\":\"39. K\\u00f2le Sz\\u00ebbina 4 trzeszczi leszczina\",\"order\":38,\"mp3\":\"https:\\\/\\\/etnofon.pl\\\/wp-content\\\/uploads\\\/2020\\\/11\\\/Kaszuby-39.mp3\",\"meta\":{\"artist\":\"Marta Labuda\",\"length_formatted\":\"0:46\"},\"src\":\"https:\\\/\\\/etnofon.pl\\\/wp-content\\\/uploads\\\/2020\\\/11\\\/Kaszuby-39.mp3\",\"thumb\":{\"src\":\"\"}},{\"artist\":\"J\\u00f3zef Bemowski\",\"artworkId\":0,\"artworkUrl\":\"\",\"audioId\":3149,\"audioUrl\":\"https:\\\/\\\/etnofon.pl\\\/wp-content\\\/uploads\\\/2020\\\/11\\\/Kaszuby-40.mp3\",\"format\":\"mp3\",\"length\":\"0:50\",\"title\":\"40. Jidze ch\\u0142opiec p\\u00f2 miedz\\u00eb\",\"order\":39,\"mp3\":\"https:\\\/\\\/etnofon.pl\\\/wp-content\\\/uploads\\\/2020\\\/11\\\/Kaszuby-40.mp3\",\"meta\":{\"artist\":\"J\\u00f3zef Bemowski\",\"length_formatted\":\"0:50\"},\"src\":\"https:\\\/\\\/etnofon.pl\\\/wp-content\\\/uploads\\\/2020\\\/11\\\/Kaszuby-40.mp3\",\"thumb\":{\"src\":\"\"}},{\"artist\":\"Augustyn Bizewski\",\"artworkId\":0,\"artworkUrl\":\"\",\"audioId\":3150,\"audioUrl\":\"https:\\\/\\\/etnofon.pl\\\/wp-content\\\/uploads\\\/2020\\\/11\\\/Kaszuby-41.mp3\",\"format\":\"mp3\",\"length\":\"0:39\",\"title\":\"41. Czerwion\\u00e9 g\\u00f3r\\u00eb, zelon\\u00e9 las\\u00eb\",\"order\":40,\"mp3\":\"https:\\\/\\\/etnofon.pl\\\/wp-content\\\/uploads\\\/2020\\\/11\\\/Kaszuby-41.mp3\",\"meta\":{\"artist\":\"Augustyn Bizewski\",\"length_formatted\":\"0:39\"},\"src\":\"https:\\\/\\\/etnofon.pl\\\/wp-content\\\/uploads\\\/2020\\\/11\\\/Kaszuby-41.mp3\",\"thumb\":{\"src\":\"\"}},{\"artist\":\"Antoni Kleba\",\"artworkId\":0,\"artworkUrl\":\"\",\"audioId\":3151,\"audioUrl\":\"https:\\\/\\\/etnofon.pl\\\/wp-content\\\/uploads\\\/2020\\\/11\\\/Kaszuby-42.mp3\",\"format\":\"mp3\",\"length\":\"0:36\",\"title\":\"42. W cemnym lese wiater wieje\",\"order\":41,\"mp3\":\"https:\\\/\\\/etnofon.pl\\\/wp-content\\\/uploads\\\/2020\\\/11\\\/Kaszuby-42.mp3\",\"meta\":{\"artist\":\"Antoni Kleba\",\"length_formatted\":\"0:36\"},\"src\":\"https:\\\/\\\/etnofon.pl\\\/wp-content\\\/uploads\\\/2020\\\/11\\\/Kaszuby-42.mp3\",\"thumb\":{\"src\":\"\"}},{\"artist\":\"Jan Ga\\u0144ski\",\"artworkId\":0,\"artworkUrl\":\"\",\"audioId\":3152,\"audioUrl\":\"https:\\\/\\\/etnofon.pl\\\/wp-content\\\/uploads\\\/2020\\\/11\\\/Kaszuby-43.mp3\",\"format\":\"mp3\",\"length\":\"0:35\",\"title\":\"43. Trzeszcza\\u0142a leszczinka\",\"order\":42,\"mp3\":\"https:\\\/\\\/etnofon.pl\\\/wp-content\\\/uploads\\\/2020\\\/11\\\/Kaszuby-43.mp3\",\"meta\":{\"artist\":\"Jan Ga\\u0144ski\",\"length_formatted\":\"0:35\"},\"src\":\"https:\\\/\\\/etnofon.pl\\\/wp-content\\\/uploads\\\/2020\\\/11\\\/Kaszuby-43.mp3\",\"thumb\":{\"src\":\"\"}},{\"artist\":\"Albert Patock\",\"artworkId\":0,\"artworkUrl\":\"\",\"audioId\":3153,\"audioUrl\":\"https:\\\/\\\/etnofon.pl\\\/wp-content\\\/uploads\\\/2020\\\/11\\\/Kaszuby-44.mp3\",\"format\":\"mp3\",\"length\":\"0:21\",\"title\":\"44. \\u00c9wa pierze na jezorze\",\"order\":43,\"mp3\":\"https:\\\/\\\/etnofon.pl\\\/wp-content\\\/uploads\\\/2020\\\/11\\\/Kaszuby-44.mp3\",\"meta\":{\"artist\":\"Albert Patock\",\"length_formatted\":\"0:21\"},\"src\":\"https:\\\/\\\/etnofon.pl\\\/wp-content\\\/uploads\\\/2020\\\/11\\\/Kaszuby-44.mp3\",\"thumb\":{\"src\":\"\"}},{\"artist\":\"Antoni Mu\\u017ca [Muza]\",\"artworkId\":0,\"artworkUrl\":\"\",\"audioId\":3154,\"audioUrl\":\"https:\\\/\\\/etnofon.pl\\\/wp-content\\\/uploads\\\/2020\\\/11\\\/Kaszuby-45.mp3\",\"format\":\"mp3\",\"length\":\"0:17\",\"title\":\"45. Zelon\\u00f4 ch\\u00f2jina, p\\u00f2d ni\\u0105 k\\u00f2rzenia\",\"order\":44,\"mp3\":\"https:\\\/\\\/etnofon.pl\\\/wp-content\\\/uploads\\\/2020\\\/11\\\/Kaszuby-45.mp3\",\"meta\":{\"artist\":\"Antoni Mu\\u017ca [Muza]\",\"length_formatted\":\"0:17\"},\"src\":\"https:\\\/\\\/etnofon.pl\\\/wp-content\\\/uploads\\\/2020\\\/11\\\/Kaszuby-45.mp3\",\"thumb\":{\"src\":\"\"}},{\"artist\":\"Jacek Dzi\\u0119cielski\",\"artworkId\":0,\"artworkUrl\":\"\",\"audioId\":3155,\"audioUrl\":\"https:\\\/\\\/etnofon.pl\\\/wp-content\\\/uploads\\\/2020\\\/11\\\/Kaszuby-46.mp3\",\"format\":\"mp3\",\"length\":\"1:03\",\"title\":\"46. N\\u00ebnka mie tu prz\\u00ebs\\u0142a\\u0142a\",\"order\":45,\"mp3\":\"https:\\\/\\\/etnofon.pl\\\/wp-content\\\/uploads\\\/2020\\\/11\\\/Kaszuby-46.mp3\",\"meta\":{\"artist\":\"Jacek Dzi\\u0119cielski\",\"length_formatted\":\"1:03\"},\"src\":\"https:\\\/\\\/etnofon.pl\\\/wp-content\\\/uploads\\\/2020\\\/11\\\/Kaszuby-46.mp3\",\"thumb\":{\"src\":\"\"}},{\"artist\":\"Jacek Dzi\\u0119cielski\",\"artworkId\":0,\"artworkUrl\":\"\",\"audioId\":3156,\"audioUrl\":\"https:\\\/\\\/etnofon.pl\\\/wp-content\\\/uploads\\\/2020\\\/11\\\/Kaszuby-47.mp3\",\"format\":\"mp3\",\"length\":\"0:57\",\"title\":\"47. Raj\\u0105 t\\u00e9\\u017c mie kawalera\",\"order\":46,\"mp3\":\"https:\\\/\\\/etnofon.pl\\\/wp-content\\\/uploads\\\/2020\\\/11\\\/Kaszuby-47.mp3\",\"meta\":{\"artist\":\"Jacek Dzi\\u0119cielski\",\"length_formatted\":\"0:57\"},\"src\":\"https:\\\/\\\/etnofon.pl\\\/wp-content\\\/uploads\\\/2020\\\/11\\\/Kaszuby-47.mp3\",\"thumb\":{\"src\":\"\"}},{\"artist\":\"Alfons Hebel, S\\u0142owy Leon\",\"artworkId\":0,\"artworkUrl\":\"\",\"audioId\":3157,\"audioUrl\":\"https:\\\/\\\/etnofon.pl\\\/wp-content\\\/uploads\\\/2020\\\/11\\\/Kaszuby-48.mp3\",\"format\":\"mp3\",\"length\":\"0:51\",\"title\":\"48. Za stodo\\u0142\\u0105 na \\u0142\\u0105ce pas\\u0142a Kasza kaczice\",\"order\":47,\"mp3\":\"https:\\\/\\\/etnofon.pl\\\/wp-content\\\/uploads\\\/2020\\\/11\\\/Kaszuby-48.mp3\",\"meta\":{\"artist\":\"Alfons Hebel, S\\u0142owy Leon\",\"length_formatted\":\"0:51\"},\"src\":\"https:\\\/\\\/etnofon.pl\\\/wp-content\\\/uploads\\\/2020\\\/11\\\/Kaszuby-48.mp3\",\"thumb\":{\"src\":\"\"}},{\"artist\":\"Ignacy Kowalewski\",\"artworkId\":0,\"artworkUrl\":\"\",\"audioId\":3158,\"audioUrl\":\"https:\\\/\\\/etnofon.pl\\\/wp-content\\\/uploads\\\/2020\\\/11\\\/Kaszuby-49.mp3\",\"format\":\"mp3\",\"length\":\"1:11\",\"title\":\"49. Ja jestem pos\\u0142aniec od weselnego aktu\",\"order\":48,\"mp3\":\"https:\\\/\\\/etnofon.pl\\\/wp-content\\\/uploads\\\/2020\\\/11\\\/Kaszuby-49.mp3\",\"meta\":{\"artist\":\"Ignacy Kowalewski\",\"length_formatted\":\"1:11\"},\"src\":\"https:\\\/\\\/etnofon.pl\\\/wp-content\\\/uploads\\\/2020\\\/11\\\/Kaszuby-49.mp3\",\"thumb\":{\"src\":\"\"}},{\"artist\":\"Zofia D\\u00f6hring [D\\u00f6ring]\",\"artworkId\":0,\"artworkUrl\":\"\",\"audioId\":3159,\"audioUrl\":\"https:\\\/\\\/etnofon.pl\\\/wp-content\\\/uploads\\\/2020\\\/11\\\/Kaszuby-50.mp3\",\"format\":\"mp3\",\"length\":\"0:32\",\"title\":\"50. Hej, jad\\u0105 z t\\u0105 pann\\u0105 m\\u0142od\\u0105\",\"order\":49,\"mp3\":\"https:\\\/\\\/etnofon.pl\\\/wp-content\\\/uploads\\\/2020\\\/11\\\/Kaszuby-50.mp3\",\"meta\":{\"artist\":\"Zofia D\\u00f6hring [D\\u00f6ring]\",\"length_formatted\":\"0:32\"},\"src\":\"https:\\\/\\\/etnofon.pl\\\/wp-content\\\/uploads\\\/2020\\\/11\\\/Kaszuby-50.mp3\",\"thumb\":{\"src\":\"\"}},{\"artist\":\"Franciszek \\u017bywicki\",\"artworkId\":0,\"artworkUrl\":\"\",\"audioId\":3160,\"audioUrl\":\"https:\\\/\\\/etnofon.pl\\\/wp-content\\\/uploads\\\/2020\\\/11\\\/Kaszuby-51.mp3\",\"format\":\"mp3\",\"length\":\"0:34\",\"title\":\"51. Kasz\\u00ebbsk\\u00f4 p\\u00f2lka\",\"order\":50,\"mp3\":\"https:\\\/\\\/etnofon.pl\\\/wp-content\\\/uploads\\\/2020\\\/11\\\/Kaszuby-51.mp3\",\"meta\":{\"artist\":\"Franciszek \\u017bywicki\",\"length_formatted\":\"0:34\"},\"src\":\"https:\\\/\\\/etnofon.pl\\\/wp-content\\\/uploads\\\/2020\\\/11\\\/Kaszuby-51.mp3\",\"thumb\":{\"src\":\"\"}},{\"artist\":\"Hildegarda Hintzk\\u00f3wna [Hintz\\u00f3wna]\",\"artworkId\":0,\"artworkUrl\":\"\",\"audioId\":3161,\"audioUrl\":\"https:\\\/\\\/etnofon.pl\\\/wp-content\\\/uploads\\\/2020\\\/11\\\/Kaszuby-52.mp3\",\"format\":\"mp3\",\"length\":\"0:54\",\"title\":\"52. Zak\\u00f9kala k\\u00f9kaweczka przed dw\\u00f2r\\u00e3, przed dw\\u00f2r\\u00e3, przed dw\\u00f2r\\u00e3\",\"order\":51,\"mp3\":\"https:\\\/\\\/etnofon.pl\\\/wp-content\\\/uploads\\\/2020\\\/11\\\/Kaszuby-52.mp3\",\"meta\":{\"artist\":\"Hildegarda Hintzk\\u00f3wna [Hintz\\u00f3wna]\",\"length_formatted\":\"0:54\"},\"src\":\"https:\\\/\\\/etnofon.pl\\\/wp-content\\\/uploads\\\/2020\\\/11\\\/Kaszuby-52.mp3\",\"thumb\":{\"src\":\"\"}},{\"artist\":\"Adam Bieszk\",\"artworkId\":0,\"artworkUrl\":\"\",\"audioId\":3162,\"audioUrl\":\"https:\\\/\\\/etnofon.pl\\\/wp-content\\\/uploads\\\/2020\\\/11\\\/Kaszuby-53.mp3\",\"format\":\"mp3\",\"length\":\"0:37\",\"title\":\"53. Na G\\u0142od\\u00f3wk\\u00f9 riczum widrum \\u2013 pie\\u015b\\u0144 taneczna\",\"order\":52,\"mp3\":\"https:\\\/\\\/etnofon.pl\\\/wp-content\\\/uploads\\\/2020\\\/11\\\/Kaszuby-53.mp3\",\"meta\":{\"artist\":\"Adam Bieszk\",\"length_formatted\":\"0:37\"},\"src\":\"https:\\\/\\\/etnofon.pl\\\/wp-content\\\/uploads\\\/2020\\\/11\\\/Kaszuby-53.mp3\",\"thumb\":{\"src\":\"\"}},{\"artist\":\"Konrad Chrapkowski\",\"artworkId\":0,\"artworkUrl\":\"\",\"audioId\":3163,\"audioUrl\":\"https:\\\/\\\/etnofon.pl\\\/wp-content\\\/uploads\\\/2020\\\/11\\\/Kaszuby-54.mp3\",\"format\":\"mp3\",\"length\":\"0:46\",\"title\":\"54. K\\u00f2s\\u00e9der\",\"order\":53,\"mp3\":\"https:\\\/\\\/etnofon.pl\\\/wp-content\\\/uploads\\\/2020\\\/11\\\/Kaszuby-54.mp3\",\"meta\":{\"artist\":\"Konrad Chrapkowski\",\"length_formatted\":\"0:46\"},\"src\":\"https:\\\/\\\/etnofon.pl\\\/wp-content\\\/uploads\\\/2020\\\/11\\\/Kaszuby-54.mp3\",\"thumb\":{\"src\":\"\"}},{\"artist\":\"Adam Bieszk\",\"artworkId\":0,\"artworkUrl\":\"\",\"audioId\":3164,\"audioUrl\":\"https:\\\/\\\/etnofon.pl\\\/wp-content\\\/uploads\\\/2020\\\/11\\\/Kaszuby-55.mp3\",\"format\":\"mp3\",\"length\":\"0:29\",\"title\":\"55. Fr\\u00e3c Fr\\u00e3c\\u00ebszk\\u00e3 p\\u00f2dchwatuje\",\"order\":54,\"mp3\":\"https:\\\/\\\/etnofon.pl\\\/wp-content\\\/uploads\\\/2020\\\/11\\\/Kaszuby-55.mp3\",\"meta\":{\"artist\":\"Adam Bieszk\",\"length_formatted\":\"0:29\"},\"src\":\"https:\\\/\\\/etnofon.pl\\\/wp-content\\\/uploads\\\/2020\\\/11\\\/Kaszuby-55.mp3\",\"thumb\":{\"src\":\"\"}},{\"artist\":\"Konrad Chrapkowski\",\"artworkId\":0,\"artworkUrl\":\"\",\"audioId\":3165,\"audioUrl\":\"https:\\\/\\\/etnofon.pl\\\/wp-content\\\/uploads\\\/2020\\\/11\\\/Kaszuby-56.mp3\",\"format\":\"mp3\",\"length\":\"0:34\",\"title\":\"56. Dw\\u00f2j\\u00f4k\",\"order\":55,\"mp3\":\"https:\\\/\\\/etnofon.pl\\\/wp-content\\\/uploads\\\/2020\\\/11\\\/Kaszuby-56.mp3\",\"meta\":{\"artist\":\"Konrad Chrapkowski\",\"length_formatted\":\"0:34\"},\"src\":\"https:\\\/\\\/etnofon.pl\\\/wp-content\\\/uploads\\\/2020\\\/11\\\/Kaszuby-56.mp3\",\"thumb\":{\"src\":\"\"}},{\"artist\":\"Antoni Tuszka\",\"artworkId\":0,\"artworkUrl\":\"\",\"audioId\":3166,\"audioUrl\":\"https:\\\/\\\/etnofon.pl\\\/wp-content\\\/uploads\\\/2020\\\/11\\\/Kaszuby-57.mp3\",\"format\":\"mp3\",\"length\":\"0:21\",\"title\":\"57. Ps\\u00eb szczekaj\\u0105, m\\u0142inka graj\\u0105\",\"order\":56,\"mp3\":\"https:\\\/\\\/etnofon.pl\\\/wp-content\\\/uploads\\\/2020\\\/11\\\/Kaszuby-57.mp3\",\"meta\":{\"artist\":\"Antoni Tuszka\",\"length_formatted\":\"0:21\"},\"src\":\"https:\\\/\\\/etnofon.pl\\\/wp-content\\\/uploads\\\/2020\\\/11\\\/Kaszuby-57.mp3\",\"thumb\":{\"src\":\"\"}},{\"artist\":\"Jan Nadolski\",\"artworkId\":0,\"artworkUrl\":\"\",\"audioId\":3167,\"audioUrl\":\"https:\\\/\\\/etnofon.pl\\\/wp-content\\\/uploads\\\/2020\\\/11\\\/Kaszuby-58.mp3\",\"format\":\"mp3\",\"length\":\"0:54\",\"title\":\"58. Dz\\u00e3k\\u00f9j\\u00e3 c\\u00eb, \\u00f2jcze\",\"order\":57,\"mp3\":\"https:\\\/\\\/etnofon.pl\\\/wp-content\\\/uploads\\\/2020\\\/11\\\/Kaszuby-58.mp3\",\"meta\":{\"artist\":\"Jan Nadolski\",\"length_formatted\":\"0:54\"},\"src\":\"https:\\\/\\\/etnofon.pl\\\/wp-content\\\/uploads\\\/2020\\\/11\\\/Kaszuby-58.mp3\",\"thumb\":{\"src\":\"\"}},{\"artist\":\"Anastazja Kot\\u0142owska, Cecylia Pielowska\",\"artworkId\":0,\"artworkUrl\":\"\",\"audioId\":3168,\"audioUrl\":\"https:\\\/\\\/etnofon.pl\\\/wp-content\\\/uploads\\\/2020\\\/11\\\/Kaszuby-59.mp3\",\"format\":\"mp3\",\"length\":\"1:04\",\"title\":\"59. Ch\\u0142opi sek\\u0105 \\u017c\\u00ebto\",\"order\":58,\"mp3\":\"https:\\\/\\\/etnofon.pl\\\/wp-content\\\/uploads\\\/2020\\\/11\\\/Kaszuby-59.mp3\",\"meta\":{\"artist\":\"Anastazja Kot\\u0142owska, Cecylia Pielowska\",\"length_formatted\":\"1:04\"},\"src\":\"https:\\\/\\\/etnofon.pl\\\/wp-content\\\/uploads\\\/2020\\\/11\\\/Kaszuby-59.mp3\",\"thumb\":{\"src\":\"\"}},{\"artist\":\"Zofia D\\u00f6hring [D\\u00f6ring]\",\"artworkId\":0,\"artworkUrl\":\"\",\"audioId\":3169,\"audioUrl\":\"https:\\\/\\\/etnofon.pl\\\/wp-content\\\/uploads\\\/2020\\\/11\\\/Kaszuby-60.mp3\",\"format\":\"mp3\",\"length\":\"1:02\",\"title\":\"60. Niech pa\\u0144stw\\u00f2 nam p\\u00f2zw\\u00f2li\",\"order\":59,\"mp3\":\"https:\\\/\\\/etnofon.pl\\\/wp-content\\\/uploads\\\/2020\\\/11\\\/Kaszuby-60.mp3\",\"meta\":{\"artist\":\"Zofia D\\u00f6hring [D\\u00f6ring]\",\"length_formatted\":\"1:02\"},\"src\":\"https:\\\/\\\/etnofon.pl\\\/wp-content\\\/uploads\\\/2020\\\/11\\\/Kaszuby-60.mp3\",\"thumb\":{\"src\":\"\"}},{\"artist\":\"Zofia D\\u00f6hring [D\\u00f6ring]\",\"artworkId\":0,\"artworkUrl\":\"\",\"audioId\":3170,\"audioUrl\":\"https:\\\/\\\/etnofon.pl\\\/wp-content\\\/uploads\\\/2020\\\/11\\\/Kaszuby-61.mp3\",\"format\":\"mp3\",\"length\":\"0:34\",\"title\":\"61. Prz\\u00ebbie\\u017cel\\u00eb do Betlejem czem pr\\u00e3dzej pasterze\",\"order\":60,\"mp3\":\"https:\\\/\\\/etnofon.pl\\\/wp-content\\\/uploads\\\/2020\\\/11\\\/Kaszuby-61.mp3\",\"meta\":{\"artist\":\"Zofia D\\u00f6hring [D\\u00f6ring]\",\"length_formatted\":\"0:34\"},\"src\":\"https:\\\/\\\/etnofon.pl\\\/wp-content\\\/uploads\\\/2020\\\/11\\\/Kaszuby-61.mp3\",\"thumb\":{\"src\":\"\"}},{\"artist\":\"Franciszek Grucza\",\"artworkId\":0,\"artworkUrl\":\"\",\"audioId\":3171,\"audioUrl\":\"https:\\\/\\\/etnofon.pl\\\/wp-content\\\/uploads\\\/2020\\\/11\\\/Kaszuby-62.mp3\",\"format\":\"mp3\",\"length\":\"0:45\",\"title\":\"62. Bibi, bibi, jak mam\\u00f9la przi\\u0144dze z p\\u00f2la (K\\u00f2libi\\u00f3nka)\",\"order\":61,\"mp3\":\"https:\\\/\\\/etnofon.pl\\\/wp-content\\\/uploads\\\/2020\\\/11\\\/Kaszuby-62.mp3\",\"meta\":{\"artist\":\"Franciszek Grucza\",\"length_formatted\":\"0:45\"},\"src\":\"https:\\\/\\\/etnofon.pl\\\/wp-content\\\/uploads\\\/2020\\\/11\\\/Kaszuby-62.mp3\",\"thumb\":{\"src\":\"\"}},{\"artist\":\"Marta Labuda\",\"artworkId\":0,\"artworkUrl\":\"\",\"audioId\":3172,\"audioUrl\":\"https:\\\/\\\/etnofon.pl\\\/wp-content\\\/uploads\\\/2020\\\/11\\\/Kaszuby-63.mp3\",\"format\":\"mp3\",\"length\":\"0:53\",\"title\":\"63. \\u017bu\\u017ck\\u00f4jle, \\u017cu\\u017ck\\u00f4j do wiecz\\u00f3rka\",\"order\":62,\"mp3\":\"https:\\\/\\\/etnofon.pl\\\/wp-content\\\/uploads\\\/2020\\\/11\\\/Kaszuby-63.mp3\",\"meta\":{\"artist\":\"Marta Labuda\",\"length_formatted\":\"0:53\"},\"src\":\"https:\\\/\\\/etnofon.pl\\\/wp-content\\\/uploads\\\/2020\\\/11\\\/Kaszuby-63.mp3\",\"thumb\":{\"src\":\"\"}},{\"artist\":\"Boles\\u0142aw [Bronis\\u0142aw] T\\u0119pski\",\"artworkId\":0,\"artworkUrl\":\"\",\"audioId\":3173,\"audioUrl\":\"https:\\\/\\\/etnofon.pl\\\/wp-content\\\/uploads\\\/2020\\\/11\\\/Kaszuby-64.mp3\",\"format\":\"mp3\",\"length\":\"0:37\",\"title\":\"64. Spij, dzieck\\u00f2, spij\",\"order\":63,\"mp3\":\"https:\\\/\\\/etnofon.pl\\\/wp-content\\\/uploads\\\/2020\\\/11\\\/Kaszuby-64.mp3\",\"meta\":{\"artist\":\"Boles\\u0142aw [Bronis\\u0142aw] T\\u0119pski\",\"length_formatted\":\"0:37\"},\"src\":\"https:\\\/\\\/etnofon.pl\\\/wp-content\\\/uploads\\\/2020\\\/11\\\/Kaszuby-64.mp3\",\"thumb\":{\"src\":\"\"}},{\"artist\":\"Jakub Reszka\",\"artworkId\":0,\"artworkUrl\":\"\",\"audioId\":3174,\"audioUrl\":\"https:\\\/\\\/etnofon.pl\\\/wp-content\\\/uploads\\\/2020\\\/11\\\/Kaszuby-65.mp3\",\"format\":\"mp3\",\"length\":\"0:30\",\"title\":\"65. P\\u00f2da baba przez pi\\u00e9c malow\\u00f3n\\u00e9 grable\",\"order\":64,\"mp3\":\"https:\\\/\\\/etnofon.pl\\\/wp-content\\\/uploads\\\/2020\\\/11\\\/Kaszuby-65.mp3\",\"meta\":{\"artist\":\"Jakub Reszka\",\"length_formatted\":\"0:30\"},\"src\":\"https:\\\/\\\/etnofon.pl\\\/wp-content\\\/uploads\\\/2020\\\/11\\\/Kaszuby-65.mp3\",\"thumb\":{\"src\":\"\"}},{\"artist\":\"Jan Taube\",\"artworkId\":0,\"artworkUrl\":\"\",\"audioId\":3175,\"audioUrl\":\"https:\\\/\\\/etnofon.pl\\\/wp-content\\\/uploads\\\/2020\\\/11\\\/Kaszuby-66.mp3\",\"format\":\"mp3\",\"length\":\"1:12\",\"title\":\"66. Klepajk\",\"order\":65,\"mp3\":\"https:\\\/\\\/etnofon.pl\\\/wp-content\\\/uploads\\\/2020\\\/11\\\/Kaszuby-66.mp3\",\"meta\":{\"artist\":\"Jan Taube\",\"length_formatted\":\"1:12\"},\"src\":\"https:\\\/\\\/etnofon.pl\\\/wp-content\\\/uploads\\\/2020\\\/11\\\/Kaszuby-66.mp3\",\"thumb\":{\"src\":\"\"}},{\"artist\":\"Marta Labuda\",\"artworkId\":0,\"artworkUrl\":\"\",\"audioId\":3176,\"audioUrl\":\"https:\\\/\\\/etnofon.pl\\\/wp-content\\\/uploads\\\/2020\\\/11\\\/Kaszuby-67.mp3\",\"format\":\"mp3\",\"length\":\"0:25\",\"title\":\"67. Hej, hej, tak p\\u00f2n jedze p\\u00f2 \\u00f2biedze\",\"order\":66,\"mp3\":\"https:\\\/\\\/etnofon.pl\\\/wp-content\\\/uploads\\\/2020\\\/11\\\/Kaszuby-67.mp3\",\"meta\":{\"artist\":\"Marta Labuda\",\"length_formatted\":\"0:25\"},\"src\":\"https:\\\/\\\/etnofon.pl\\\/wp-content\\\/uploads\\\/2020\\\/11\\\/Kaszuby-67.mp3\",\"thumb\":{\"src\":\"\"}},{\"artist\":\"Kazimiera Styp-Rekowska\",\"artworkId\":0,\"artworkUrl\":\"\",\"audioId\":3177,\"audioUrl\":\"https:\\\/\\\/etnofon.pl\\\/wp-content\\\/uploads\\\/2020\\\/11\\\/Kaszuby-68.mp3\",\"format\":\"mp3\",\"length\":\"0:36\",\"title\":\"68. Auf dem Berge sitz der zaj\\u0105c mit dem Ohre s\\u0142uchaj\\u0105c\",\"order\":67,\"mp3\":\"https:\\\/\\\/etnofon.pl\\\/wp-content\\\/uploads\\\/2020\\\/11\\\/Kaszuby-68.mp3\",\"meta\":{\"artist\":\"Kazimiera Styp-Rekowska\",\"length_formatted\":\"0:36\"},\"src\":\"https:\\\/\\\/etnofon.pl\\\/wp-content\\\/uploads\\\/2020\\\/11\\\/Kaszuby-68.mp3\",\"thumb\":{\"src\":\"\"}},{\"artist\":\"Leon Stefanowski\",\"artworkId\":0,\"artworkUrl\":\"\",\"audioId\":3178,\"audioUrl\":\"https:\\\/\\\/etnofon.pl\\\/wp-content\\\/uploads\\\/2020\\\/11\\\/Kaszuby-69.mp3\",\"format\":\"mp3\",\"length\":\"0:30\",\"title\":\"69. Na ti to \\u0142\\u0105czce tam sedzy zaj\\u0105c\",\"order\":68,\"mp3\":\"https:\\\/\\\/etnofon.pl\\\/wp-content\\\/uploads\\\/2020\\\/11\\\/Kaszuby-69.mp3\",\"meta\":{\"artist\":\"Leon Stefanowski\",\"length_formatted\":\"0:30\"},\"src\":\"https:\\\/\\\/etnofon.pl\\\/wp-content\\\/uploads\\\/2020\\\/11\\\/Kaszuby-69.mp3\",\"thumb\":{\"src\":\"\"}},{\"artist\":\"Franciszek Darga\",\"artworkId\":0,\"artworkUrl\":\"\",\"audioId\":3179,\"audioUrl\":\"https:\\\/\\\/etnofon.pl\\\/wp-content\\\/uploads\\\/2020\\\/11\\\/Kaszuby-70.mp3\",\"format\":\"mp3\",\"length\":\"0:52\",\"title\":\"70. K\\u00f2w\\u00f4l\",\"order\":69,\"mp3\":\"https:\\\/\\\/etnofon.pl\\\/wp-content\\\/uploads\\\/2020\\\/11\\\/Kaszuby-70.mp3\",\"meta\":{\"artist\":\"Franciszek Darga\",\"length_formatted\":\"0:52\"},\"src\":\"https:\\\/\\\/etnofon.pl\\\/wp-content\\\/uploads\\\/2020\\\/11\\\/Kaszuby-70.mp3\",\"thumb\":{\"src\":\"\"}},{\"artist\":\"J\\u00f3zef Pryczkowski\",\"artworkId\":0,\"artworkUrl\":\"\",\"audioId\":3180,\"audioUrl\":\"https:\\\/\\\/etnofon.pl\\\/wp-content\\\/uploads\\\/2020\\\/11\\\/Kaszuby-71.mp3\",\"format\":\"mp3\",\"length\":\"0:33\",\"title\":\"71. Ju\\u017c pojecha\\u0142 z w\\u00f3zkiem do lasa\",\"order\":70,\"mp3\":\"https:\\\/\\\/etnofon.pl\\\/wp-content\\\/uploads\\\/2020\\\/11\\\/Kaszuby-71.mp3\",\"meta\":{\"artist\":\"J\\u00f3zef Pryczkowski\",\"length_formatted\":\"0:33\"},\"src\":\"https:\\\/\\\/etnofon.pl\\\/wp-content\\\/uploads\\\/2020\\\/11\\\/Kaszuby-71.mp3\",\"thumb\":{\"src\":\"\"}},{\"artist\":\"Augustyn Dopke\",\"artworkId\":0,\"artworkUrl\":\"\",\"audioId\":3181,\"audioUrl\":\"https:\\\/\\\/etnofon.pl\\\/wp-content\\\/uploads\\\/2020\\\/11\\\/Kaszuby-72.mp3\",\"format\":\"mp3\",\"length\":\"1:10\",\"title\":\"72. Szewc\",\"order\":71,\"mp3\":\"https:\\\/\\\/etnofon.pl\\\/wp-content\\\/uploads\\\/2020\\\/11\\\/Kaszuby-72.mp3\",\"meta\":{\"artist\":\"Augustyn Dopke\",\"length_formatted\":\"1:10\"},\"src\":\"https:\\\/\\\/etnofon.pl\\\/wp-content\\\/uploads\\\/2020\\\/11\\\/Kaszuby-72.mp3\",\"thumb\":{\"src\":\"\"}},{\"artist\":\"Augustyn Dopke\",\"artworkId\":0,\"artworkUrl\":\"\",\"audioId\":3182,\"audioUrl\":\"https:\\\/\\\/etnofon.pl\\\/wp-content\\\/uploads\\\/2020\\\/11\\\/Kaszuby-73.mp3\",\"format\":\"mp3\",\"length\":\"0:40\",\"title\":\"73. B\\u00f9l\\u00f4szk\",\"order\":72,\"mp3\":\"https:\\\/\\\/etnofon.pl\\\/wp-content\\\/uploads\\\/2020\\\/11\\\/Kaszuby-73.mp3\",\"meta\":{\"artist\":\"Augustyn Dopke\",\"length_formatted\":\"0:40\"},\"src\":\"https:\\\/\\\/etnofon.pl\\\/wp-content\\\/uploads\\\/2020\\\/11\\\/Kaszuby-73.mp3\",\"thumb\":{\"src\":\"\"}},{\"artist\":\"J\\u00f3zef Lubocki\",\"artworkId\":0,\"artworkUrl\":\"\",\"audioId\":3183,\"audioUrl\":\"https:\\\/\\\/etnofon.pl\\\/wp-content\\\/uploads\\\/2020\\\/11\\\/Kaszuby-74.mp3\",\"format\":\"mp3\",\"length\":\"1:14\",\"title\":\"74. B\\u00f9l\\u00f4szk\",\"order\":73,\"mp3\":\"https:\\\/\\\/etnofon.pl\\\/wp-content\\\/uploads\\\/2020\\\/11\\\/Kaszuby-74.mp3\",\"meta\":{\"artist\":\"J\\u00f3zef Lubocki\",\"length_formatted\":\"1:14\"},\"src\":\"https:\\\/\\\/etnofon.pl\\\/wp-content\\\/uploads\\\/2020\\\/11\\\/Kaszuby-74.mp3\",\"thumb\":{\"src\":\"\"}},{\"artist\":\"Maria Bizewska\",\"artworkId\":0,\"artworkUrl\":\"\",\"audioId\":3184,\"audioUrl\":\"https:\\\/\\\/etnofon.pl\\\/wp-content\\\/uploads\\\/2020\\\/11\\\/Kaszuby-75.mp3\",\"format\":\"mp3\",\"length\":\"0:22\",\"title\":\"75. Pila, pila g\\u0105ska, na \\u00f2grodze rz\\u0105ska\",\"order\":74,\"mp3\":\"https:\\\/\\\/etnofon.pl\\\/wp-content\\\/uploads\\\/2020\\\/11\\\/Kaszuby-75.mp3\",\"meta\":{\"artist\":\"Maria Bizewska\",\"length_formatted\":\"0:22\"},\"src\":\"https:\\\/\\\/etnofon.pl\\\/wp-content\\\/uploads\\\/2020\\\/11\\\/Kaszuby-75.mp3\",\"thumb\":{\"src\":\"\"}},{\"artist\":\"Joanna Bojke\",\"artworkId\":0,\"artworkUrl\":\"\",\"audioId\":3185,\"audioUrl\":\"https:\\\/\\\/etnofon.pl\\\/wp-content\\\/uploads\\\/2020\\\/11\\\/Kaszuby-76.mp3\",\"format\":\"mp3\",\"length\":\"0:28\",\"title\":\"76. Hej, la la, pilczi dr\\u00f3\\u017ck\\u0105!\",\"order\":75,\"mp3\":\"https:\\\/\\\/etnofon.pl\\\/wp-content\\\/uploads\\\/2020\\\/11\\\/Kaszuby-76.mp3\",\"meta\":{\"artist\":\"Joanna Bojke\",\"length_formatted\":\"0:28\"},\"src\":\"https:\\\/\\\/etnofon.pl\\\/wp-content\\\/uploads\\\/2020\\\/11\\\/Kaszuby-76.mp3\",\"thumb\":{\"src\":\"\"}},{\"artist\":\"Albert Patock\",\"artworkId\":0,\"artworkUrl\":\"\",\"audioId\":3186,\"audioUrl\":\"https:\\\/\\\/etnofon.pl\\\/wp-content\\\/uploads\\\/2020\\\/11\\\/Kaszuby-77.mp3\",\"format\":\"mp3\",\"length\":\"0:38\",\"title\":\"77. Nie p\\u00f2wiad\\u00f4j\\u017ce przed \\u00f2wczarzikem\",\"order\":76,\"mp3\":\"https:\\\/\\\/etnofon.pl\\\/wp-content\\\/uploads\\\/2020\\\/11\\\/Kaszuby-77.mp3\",\"meta\":{\"artist\":\"Albert Patock\",\"length_formatted\":\"0:38\"},\"src\":\"https:\\\/\\\/etnofon.pl\\\/wp-content\\\/uploads\\\/2020\\\/11\\\/Kaszuby-77.mp3\",\"thumb\":{\"src\":\"\"}},{\"artist\":\"J\\u00f3zef Bemowski, Jan Taube\",\"artworkId\":0,\"artworkUrl\":\"\",\"audioId\":3187,\"audioUrl\":\"https:\\\/\\\/etnofon.pl\\\/wp-content\\\/uploads\\\/2020\\\/11\\\/Kaszuby-78.mp3\",\"format\":\"mp3\",\"length\":\"1:33\",\"title\":\"78. Pas\\u0142em \\u00f2wieczki blisk\\u00f2 nade ws\\u0105\",\"order\":77,\"mp3\":\"https:\\\/\\\/etnofon.pl\\\/wp-content\\\/uploads\\\/2020\\\/11\\\/Kaszuby-78.mp3\",\"meta\":{\"artist\":\"J\\u00f3zef Bemowski, Jan Taube\",\"length_formatted\":\"1:33\"},\"src\":\"https:\\\/\\\/etnofon.pl\\\/wp-content\\\/uploads\\\/2020\\\/11\\\/Kaszuby-78.mp3\",\"thumb\":{\"src\":\"\"}},{\"artist\":\"Jan Trepczyk\",\"artworkId\":0,\"artworkUrl\":\"\",\"audioId\":3188,\"audioUrl\":\"https:\\\/\\\/etnofon.pl\\\/wp-content\\\/uploads\\\/2020\\\/11\\\/Kaszuby-79.mp3\",\"format\":\"mp3\",\"length\":\"0:48\",\"title\":\"79. Wczer\\u00f4 wiecz\\u00f3r s\\u00e3 biczczi gza\\u0142\\u00eb\",\"order\":78,\"mp3\":\"https:\\\/\\\/etnofon.pl\\\/wp-content\\\/uploads\\\/2020\\\/11\\\/Kaszuby-79.mp3\",\"meta\":{\"artist\":\"Jan Trepczyk\",\"length_formatted\":\"0:48\"},\"src\":\"https:\\\/\\\/etnofon.pl\\\/wp-content\\\/uploads\\\/2020\\\/11\\\/Kaszuby-79.mp3\",\"thumb\":{\"src\":\"\"}},{\"artist\":\"Joanna Bojke\",\"artworkId\":0,\"artworkUrl\":\"\",\"audioId\":3189,\"audioUrl\":\"https:\\\/\\\/etnofon.pl\\\/wp-content\\\/uploads\\\/2020\\\/11\\\/Kaszuby-80.mp3\",\"format\":\"mp3\",\"length\":\"0:21\",\"title\":\"80. Zasz\\u0142o s\\u0142u\\u0144ce za las\",\"order\":79,\"mp3\":\"https:\\\/\\\/etnofon.pl\\\/wp-content\\\/uploads\\\/2020\\\/11\\\/Kaszuby-80.mp3\",\"meta\":{\"artist\":\"Joanna Bojke\",\"length_formatted\":\"0:21\"},\"src\":\"https:\\\/\\\/etnofon.pl\\\/wp-content\\\/uploads\\\/2020\\\/11\\\/Kaszuby-80.mp3\",\"thumb\":{\"src\":\"\"}},{\"artist\":\"Albert Patock\",\"artworkId\":0,\"artworkUrl\":\"\",\"audioId\":3190,\"audioUrl\":\"https:\\\/\\\/etnofon.pl\\\/wp-content\\\/uploads\\\/2020\\\/11\\\/Kaszuby-81.mp3\",\"format\":\"mp3\",\"length\":\"0:54\",\"title\":\"81. G\\u00e3sy \\u00f9d, mia\\u0142czi br\\u00f3t\",\"order\":80,\"mp3\":\"https:\\\/\\\/etnofon.pl\\\/wp-content\\\/uploads\\\/2020\\\/11\\\/Kaszuby-81.mp3\",\"meta\":{\"artist\":\"Albert Patock\",\"length_formatted\":\"0:54\"},\"src\":\"https:\\\/\\\/etnofon.pl\\\/wp-content\\\/uploads\\\/2020\\\/11\\\/Kaszuby-81.mp3\",\"thumb\":{\"src\":\"\"}},{\"artist\":\"Jan Kozir\\u00f3g\",\"artworkId\":0,\"artworkUrl\":\"\",\"audioId\":3191,\"audioUrl\":\"https:\\\/\\\/etnofon.pl\\\/wp-content\\\/uploads\\\/2020\\\/11\\\/Kaszuby-82.mp3\",\"format\":\"mp3\",\"length\":\"0:32\",\"title\":\"82. Wide wide Wita, dze\\u017c t\\u00eb b\\u00eb\\u0142a\",\"order\":81,\"mp3\":\"https:\\\/\\\/etnofon.pl\\\/wp-content\\\/uploads\\\/2020\\\/11\\\/Kaszuby-82.mp3\",\"meta\":{\"artist\":\"Jan Kozir\\u00f3g\",\"length_formatted\":\"0:32\"},\"src\":\"https:\\\/\\\/etnofon.pl\\\/wp-content\\\/uploads\\\/2020\\\/11\\\/Kaszuby-82.mp3\",\"thumb\":{\"src\":\"\"}},{\"artist\":\"dzieci ze szko\\u0142y podstawowej w Ugoszczy\",\"artworkId\":0,\"artworkUrl\":\"\",\"audioId\":3192,\"audioUrl\":\"https:\\\/\\\/etnofon.pl\\\/wp-content\\\/uploads\\\/2020\\\/11\\\/Kaszuby-83.mp3\",\"format\":\"mp3\",\"length\":\"0:43\",\"title\":\"83. Owieczki chodz\\u0105, dzwonki brz\\u0105kaj\\u0105\",\"order\":82,\"mp3\":\"https:\\\/\\\/etnofon.pl\\\/wp-content\\\/uploads\\\/2020\\\/11\\\/Kaszuby-83.mp3\",\"meta\":{\"artist\":\"dzieci ze szko\\u0142y podstawowej w Ugoszczy\",\"length_formatted\":\"0:43\"},\"src\":\"https:\\\/\\\/etnofon.pl\\\/wp-content\\\/uploads\\\/2020\\\/11\\\/Kaszuby-83.mp3\",\"thumb\":{\"src\":\"\"}},{\"artist\":\"J\\u00f3zef Lubocki\",\"artworkId\":0,\"artworkUrl\":\"\",\"audioId\":3193,\"audioUrl\":\"https:\\\/\\\/etnofon.pl\\\/wp-content\\\/uploads\\\/2020\\\/11\\\/Kaszuby-84.mp3\",\"format\":\"mp3\",\"length\":\"1:12\",\"title\":\"84. Szewc\",\"order\":83,\"mp3\":\"https:\\\/\\\/etnofon.pl\\\/wp-content\\\/uploads\\\/2020\\\/11\\\/Kaszuby-84.mp3\",\"meta\":{\"artist\":\"J\\u00f3zef Lubocki\",\"length_formatted\":\"1:12\"},\"src\":\"https:\\\/\\\/etnofon.pl\\\/wp-content\\\/uploads\\\/2020\\\/11\\\/Kaszuby-84.mp3\",\"thumb\":{\"src\":\"\"}},{\"artist\":\"J\\u00f3zef Bemowski\",\"artworkId\":0,\"artworkUrl\":\"\",\"audioId\":3194,\"audioUrl\":\"https:\\\/\\\/etnofon.pl\\\/wp-content\\\/uploads\\\/2020\\\/11\\\/Kaszuby-85.mp3\",\"format\":\"mp3\",\"length\":\"2:04\",\"title\":\"85. \\u00f2\\u017ceni\\u0142 s\\u00e3 wr\\u00f3bel z kaw\\u0105\",\"order\":84,\"mp3\":\"https:\\\/\\\/etnofon.pl\\\/wp-content\\\/uploads\\\/2020\\\/11\\\/Kaszuby-85.mp3\",\"meta\":{\"artist\":\"J\\u00f3zef Bemowski\",\"length_formatted\":\"2:04\"},\"src\":\"https:\\\/\\\/etnofon.pl\\\/wp-content\\\/uploads\\\/2020\\\/11\\\/Kaszuby-85.mp3\",\"thumb\":{\"src\":\"\"}},{\"artist\":\"Konrad Baran\",\"artworkId\":0,\"artworkUrl\":\"\",\"audioId\":3195,\"audioUrl\":\"https:\\\/\\\/etnofon.pl\\\/wp-content\\\/uploads\\\/2020\\\/11\\\/Kaszuby-86.mp3\",\"format\":\"mp3\",\"length\":\"0:38\",\"title\":\"86. Dwaj kap\\u00f2ni\\u00e9\",\"order\":85,\"mp3\":\"https:\\\/\\\/etnofon.pl\\\/wp-content\\\/uploads\\\/2020\\\/11\\\/Kaszuby-86.mp3\",\"meta\":{\"artist\":\"Konrad Baran\",\"length_formatted\":\"0:38\"},\"src\":\"https:\\\/\\\/etnofon.pl\\\/wp-content\\\/uploads\\\/2020\\\/11\\\/Kaszuby-86.mp3\",\"thumb\":{\"src\":\"\"}},{\"artist\":\"Jan Trepczyk\",\"artworkId\":0,\"artworkUrl\":\"\",\"audioId\":3196,\"audioUrl\":\"https:\\\/\\\/etnofon.pl\\\/wp-content\\\/uploads\\\/2020\\\/11\\\/Kaszuby-87.mp3\",\"format\":\"mp3\",\"length\":\"0:33\",\"title\":\"87. K\\u00f2za p\\u00f2\\u0142k\\u0142a je\\u017ca\",\"order\":86,\"mp3\":\"https:\\\/\\\/etnofon.pl\\\/wp-content\\\/uploads\\\/2020\\\/11\\\/Kaszuby-87.mp3\",\"meta\":{\"artist\":\"Jan Trepczyk\",\"length_formatted\":\"0:33\"},\"src\":\"https:\\\/\\\/etnofon.pl\\\/wp-content\\\/uploads\\\/2020\\\/11\\\/Kaszuby-87.mp3\",\"thumb\":{\"src\":\"\"}},{\"artist\":\"Franciszka Majkowska\",\"artworkId\":0,\"artworkUrl\":\"\",\"audioId\":3197,\"audioUrl\":\"https:\\\/\\\/etnofon.pl\\\/wp-content\\\/uploads\\\/2020\\\/11\\\/Kaszuby-88.mp3\",\"format\":\"mp3\",\"length\":\"0:35\",\"title\":\"88. P\\u00f2szed\\u0142 k\\u00f2ze\\u0142 na r\\u00e9nk\",\"order\":87,\"mp3\":\"https:\\\/\\\/etnofon.pl\\\/wp-content\\\/uploads\\\/2020\\\/11\\\/Kaszuby-88.mp3\",\"meta\":{\"artist\":\"Franciszka Majkowska\",\"length_formatted\":\"0:35\"},\"src\":\"https:\\\/\\\/etnofon.pl\\\/wp-content\\\/uploads\\\/2020\\\/11\\\/Kaszuby-88.mp3\",\"thumb\":{\"src\":\"\"}},{\"artist\":\"Adam Bieszk\",\"artworkId\":0,\"artworkUrl\":\"\",\"audioId\":3198,\"audioUrl\":\"https:\\\/\\\/etnofon.pl\\\/wp-content\\\/uploads\\\/2020\\\/11\\\/Kaszuby-89.mp3\",\"format\":\"mp3\",\"length\":\"0:39\",\"title\":\"89. Pfi, jak j\\u00f4 s\\u00e3 \\u00f9rzas\\u0142a\",\"order\":88,\"mp3\":\"https:\\\/\\\/etnofon.pl\\\/wp-content\\\/uploads\\\/2020\\\/11\\\/Kaszuby-89.mp3\",\"meta\":{\"artist\":\"Adam Bieszk\",\"length_formatted\":\"0:39\"},\"src\":\"https:\\\/\\\/etnofon.pl\\\/wp-content\\\/uploads\\\/2020\\\/11\\\/Kaszuby-89.mp3\",\"thumb\":{\"src\":\"\"}},{\"artist\":\"Walentyna Richert\",\"artworkId\":0,\"artworkUrl\":\"\",\"audioId\":3199,\"audioUrl\":\"https:\\\/\\\/etnofon.pl\\\/wp-content\\\/uploads\\\/2020\\\/11\\\/Kaszuby-90.mp3\",\"format\":\"mp3\",\"length\":\"0:50\",\"title\":\"90. G\\u0142os s\\u00e3 w lese rozl\\u00e9g\\u00f4\",\"order\":89,\"mp3\":\"https:\\\/\\\/etnofon.pl\\\/wp-content\\\/uploads\\\/2020\\\/11\\\/Kaszuby-90.mp3\",\"meta\":{\"artist\":\"Walentyna Richert\",\"length_formatted\":\"0:50\"},\"src\":\"https:\\\/\\\/etnofon.pl\\\/wp-content\\\/uploads\\\/2020\\\/11\\\/Kaszuby-90.mp3\",\"thumb\":{\"src\":\"\"}},{\"artist\":\"Bronis\\u0142awa Zorn\",\"artworkId\":0,\"artworkUrl\":\"\",\"audioId\":3200,\"audioUrl\":\"https:\\\/\\\/etnofon.pl\\\/wp-content\\\/uploads\\\/2020\\\/11\\\/Kaszuby-91.mp3\",\"format\":\"mp3\",\"length\":\"0:23\",\"title\":\"91. \\u00f2d k\\u00f2mina do k\\u00f2mina p\\u00e3dzy diabe\\u0142 cepelina\",\"order\":90,\"mp3\":\"https:\\\/\\\/etnofon.pl\\\/wp-content\\\/uploads\\\/2020\\\/11\\\/Kaszuby-91.mp3\",\"meta\":{\"artist\":\"Bronis\\u0142awa Zorn\",\"length_formatted\":\"0:23\"},\"src\":\"https:\\\/\\\/etnofon.pl\\\/wp-content\\\/uploads\\\/2020\\\/11\\\/Kaszuby-91.mp3\",\"thumb\":{\"src\":\"\"}},{\"artist\":\"Zofia Treder\",\"artworkId\":0,\"artworkUrl\":\"\",\"audioId\":3201,\"audioUrl\":\"https:\\\/\\\/etnofon.pl\\\/wp-content\\\/uploads\\\/2020\\\/11\\\/Kaszuby-92.mp3\",\"format\":\"mp3\",\"length\":\"0:33\",\"title\":\"92. Jech\\u00f4\\u0142 ch\\u0142opczik z targ\\u00f9 z miasta\",\"order\":91,\"mp3\":\"https:\\\/\\\/etnofon.pl\\\/wp-content\\\/uploads\\\/2020\\\/11\\\/Kaszuby-92.mp3\",\"meta\":{\"artist\":\"Zofia Treder\",\"length_formatted\":\"0:33\"},\"src\":\"https:\\\/\\\/etnofon.pl\\\/wp-content\\\/uploads\\\/2020\\\/11\\\/Kaszuby-92.mp3\",\"thumb\":{\"src\":\"\"}},{\"artist\":\"Klemens Wittbrodt\",\"artworkId\":0,\"artworkUrl\":\"\",\"audioId\":3202,\"audioUrl\":\"https:\\\/\\\/etnofon.pl\\\/wp-content\\\/uploads\\\/2020\\\/11\\\/Kaszuby-93.mp3\",\"format\":\"mp3\",\"length\":\"0:25\",\"title\":\"93. B\\u00e9l to jeden gb\\u00f9rczik baro b\\u00f2gati\",\"order\":92,\"mp3\":\"https:\\\/\\\/etnofon.pl\\\/wp-content\\\/uploads\\\/2020\\\/11\\\/Kaszuby-93.mp3\",\"meta\":{\"artist\":\"Klemens Wittbrodt\",\"length_formatted\":\"0:25\"},\"src\":\"https:\\\/\\\/etnofon.pl\\\/wp-content\\\/uploads\\\/2020\\\/11\\\/Kaszuby-93.mp3\",\"thumb\":{\"src\":\"\"}},{\"artist\":\"Zofia D\\u00f6hring [D\\u00f6ring]\",\"artworkId\":0,\"artworkUrl\":\"\",\"audioId\":3203,\"audioUrl\":\"https:\\\/\\\/etnofon.pl\\\/wp-content\\\/uploads\\\/2020\\\/11\\\/Kaszuby-94.mp3\",\"format\":\"mp3\",\"length\":\"0:28\",\"title\":\"94. Na p\\u00f2dw\\u00f2rzim le\\u017ci p\\u0142ug\",\"order\":93,\"mp3\":\"https:\\\/\\\/etnofon.pl\\\/wp-content\\\/uploads\\\/2020\\\/11\\\/Kaszuby-94.mp3\",\"meta\":{\"artist\":\"Zofia D\\u00f6hring [D\\u00f6ring]\",\"length_formatted\":\"0:28\"},\"src\":\"https:\\\/\\\/etnofon.pl\\\/wp-content\\\/uploads\\\/2020\\\/11\\\/Kaszuby-94.mp3\",\"thumb\":{\"src\":\"\"}},{\"artist\":\"Jakub Reszka\",\"artworkId\":0,\"artworkUrl\":\"\",\"audioId\":3204,\"audioUrl\":\"https:\\\/\\\/etnofon.pl\\\/wp-content\\\/uploads\\\/2020\\\/11\\\/Kaszuby-95.mp3\",\"format\":\"mp3\",\"length\":\"0:30\",\"title\":\"95. Wl\\u00f4z\\u0142 Mich\\u00f4\\u0142 na d\\u0105bka\",\"order\":94,\"mp3\":\"https:\\\/\\\/etnofon.pl\\\/wp-content\\\/uploads\\\/2020\\\/11\\\/Kaszuby-95.mp3\",\"meta\":{\"artist\":\"Jakub Reszka\",\"length_formatted\":\"0:30\"},\"src\":\"https:\\\/\\\/etnofon.pl\\\/wp-content\\\/uploads\\\/2020\\\/11\\\/Kaszuby-95.mp3\",\"thumb\":{\"src\":\"\"}},{\"artist\":\"Zofia D\\u00f6hring [D\\u00f6ring]\",\"artworkId\":0,\"artworkUrl\":\"\",\"audioId\":3205,\"audioUrl\":\"https:\\\/\\\/etnofon.pl\\\/wp-content\\\/uploads\\\/2020\\\/11\\\/Kaszuby-96.mp3\",\"format\":\"mp3\",\"length\":\"0:27\",\"title\":\"96. Dz\\u00e9wcz\\u00e3, dz\\u00e9wcz\\u00e3, co t\\u00eb m\\u00f4sz\",\"order\":95,\"mp3\":\"https:\\\/\\\/etnofon.pl\\\/wp-content\\\/uploads\\\/2020\\\/11\\\/Kaszuby-96.mp3\",\"meta\":{\"artist\":\"Zofia D\\u00f6hring [D\\u00f6ring]\",\"length_formatted\":\"0:27\"},\"src\":\"https:\\\/\\\/etnofon.pl\\\/wp-content\\\/uploads\\\/2020\\\/11\\\/Kaszuby-96.mp3\",\"thumb\":{\"src\":\"\"}},{\"artist\":\"Jakub Reszka, Franciszek Darga\",\"artworkId\":0,\"artworkUrl\":\"\",\"audioId\":3206,\"audioUrl\":\"https:\\\/\\\/etnofon.pl\\\/wp-content\\\/uploads\\\/2020\\\/11\\\/Kaszuby-97.mp3\",\"format\":\"mp3\",\"length\":\"2:13\",\"title\":\"97. Wywiad o muzyce Kaszub\\u00f3w\",\"order\":96,\"mp3\":\"https:\\\/\\\/etnofon.pl\\\/wp-content\\\/uploads\\\/2020\\\/11\\\/Kaszuby-97.mp3\",\"meta\":{\"artist\":\"Jakub Reszka, Franciszek Darga\",\"length_formatted\":\"2:13\"},\"src\":\"https:\\\/\\\/etnofon.pl\\\/wp-content\\\/uploads\\\/2020\\\/11\\\/Kaszuby-97.mp3\",\"thumb\":{\"src\":\"\"}},{\"artist\":\"Jan Rompski\",\"artworkId\":0,\"artworkUrl\":\"\",\"audioId\":3207,\"audioUrl\":\"https:\\\/\\\/etnofon.pl\\\/wp-content\\\/uploads\\\/2020\\\/11\\\/Kaszuby-98.mp3\",\"format\":\"mp3\",\"length\":\"1:05\",\"title\":\"98. Szed\\u0142 ch\\u0142op do lasa (mel. ludowa, s\\u0142owa Jan Trepczyk)\",\"order\":97,\"mp3\":\"https:\\\/\\\/etnofon.pl\\\/wp-content\\\/uploads\\\/2020\\\/11\\\/Kaszuby-98.mp3\",\"meta\":{\"artist\":\"Jan Rompski\",\"length_formatted\":\"1:05\"},\"src\":\"https:\\\/\\\/etnofon.pl\\\/wp-content\\\/uploads\\\/2020\\\/11\\\/Kaszuby-98.mp3\",\"thumb\":{\"src\":\"\"}},{\"artist\":\"Jan Rompski\",\"artworkId\":0,\"artworkUrl\":\"\",\"audioId\":3208,\"audioUrl\":\"https:\\\/\\\/etnofon.pl\\\/wp-content\\\/uploads\\\/2020\\\/11\\\/Kaszuby-99.mp3\",\"format\":\"mp3\",\"length\":\"0:37\",\"title\":\"99. T\\u00eb z Dargclewa jes dz\\u00e9wcz\\u00e3\",\"order\":98,\"mp3\":\"https:\\\/\\\/etnofon.pl\\\/wp-content\\\/uploads\\\/2020\\\/11\\\/Kaszuby-99.mp3\",\"meta\":{\"artist\":\"Jan Rompski\",\"length_formatted\":\"0:37\"},\"src\":\"https:\\\/\\\/etnofon.pl\\\/wp-content\\\/uploads\\\/2020\\\/11\\\/Kaszuby-99.mp3\",\"thumb\":{\"src\":\"\"}}]}<\/script>\n\t\t<\/div><\/div>\n<\/div>\n","protected":false},"featured_media":1300,"parent":0,"template":"","meta":[],"translation":{"provider":"WPGlobus","version":"2.8.1","language":"en","enabled_languages":["pl","en"],"languages":{"pl":{"title":true,"content":true,"excerpt":false},"en":{"title":true,"content":true,"excerpt":false}}},"_links":{"self":[{"href":"https:\/\/etnofon.pl\/en\/wp-json\/wp\/v2\/plyta\/1299"}],"collection":[{"href":"https:\/\/etnofon.pl\/en\/wp-json\/wp\/v2\/plyta"}],"about":[{"href":"https:\/\/etnofon.pl\/en\/wp-json\/wp\/v2\/types\/plyta"}],"wp:featuredmedia":[{"embeddable":true,"href":"https:\/\/etnofon.pl\/en\/wp-json\/wp\/v2\/media\/1300"}],"wp:attachment":[{"href":"https:\/\/etnofon.pl\/en\/wp-json\/wp\/v2\/media?parent=1299"}],"curies":[{"name":"wp","href":"https:\/\/api.w.org\/{rel}","templated":true}]}}