{"id":1307,"date":"2020-09-21T15:58:14","date_gmt":"2020-09-21T15:58:14","guid":{"rendered":"https:\/\/etnofon.pl\/?post_type=plyta&#038;p=1307"},"modified":"2022-05-31T08:37:55","modified_gmt":"2022-05-31T08:37:55","slug":"pamiatki-przeszlosci-z-archiwum-wydobyte-piesni-i-muzyka-kielecczyzny","status":"publish","type":"plyta","link":"https:\/\/etnofon.pl\/en\/plyta\/pamiatki-przeszlosci-z-archiwum-wydobyte-piesni-i-muzyka-kielecczyzny\/","title":{"rendered":"Memories of past extracted from archive"},"content":{"rendered":"\n<div class=\"wp-container-3 wp-block-columns\">\n<div class=\"wp-container-1 wp-block-column is-vertically-aligned-center\">\n<p class=\"has-text-align-center\"><sub>&#8220;Memories of past extracted from archive&#8221;<\/sub><br> <sub>(vol. 9, ISPAN CD 010, 2013, <\/sub><br><sub>in cooperation with:<br>Provincial House of Culture in Kielce)<\/sub> <\/p>\n<\/div>\n\n\n\n<div class=\"wp-container-2 wp-block-column is-vertically-aligned-center\"><style>#jtg-3966 .modula-item .jtg-social a, .lightbox-socials.jtg-social a{ color: #ffffff }#jtg-3966 .modula-item .jtg-social svg, .lightbox-socials.jtg-social svg { height: 16px; width: 16px }#jtg-3966 .modula-item .jtg-social a:not(:last-child), .lightbox-socials.jtg-social a:not(:last-child) { margin-right: 10px }#jtg-3966 .modula-item .figc {color:#ffffff;}#jtg-3966 .modula-item .modula-item-content { transform: scale(1) }#jtg-3966 { width:100%;}#jtg-3966 .modula-items .figc p.description { font-size:14px; }#jtg-3966 .modula-items .figc p.description { color:#ffffff;}#jtg-3966.modula-gallery .modula-item > a, #jtg-3966.modula-gallery .modula-item, #jtg-3966.modula-gallery .modula-item-content > a { cursor:zoom-in; } #jtg-3966.modula-gallery .modula-item, .modula-gallery .modula-grid-sizer { width: calc(50% - 5px) !important ; } #jtg-3966 .modula-items{position:relative;}@media screen and (max-width:480px){#jtg-3966 .modula-item .figc .jtg-title {  font-size: 12px; }#jtg-3966 .modula-items .figc p.description { color:#ffffff;font-size:10px; }}<\/style>\n<!-- Gallery Container -->\n<div  id=\"jtg-3966\" class=\"modula modula-gallery modula-columns\" data-config=\"{&quot;enableTwitter&quot;:false,&quot;enableWhatsapp&quot;:false,&quot;enableFacebook&quot;:false,&quot;enablePinterest&quot;:false,&quot;enableLinkedin&quot;:false,&quot;enableEmail&quot;:false,&quot;randomFactor&quot;:0.5,&quot;type&quot;:&quot;grid&quot;,&quot;columns&quot;:12,&quot;gutter&quot;:10,&quot;mobileGutter&quot;:10,&quot;tabletGutter&quot;:10,&quot;desktopGutter&quot;:10,&quot;enableResponsive&quot;:&quot;0&quot;,&quot;tabletColumns&quot;:&quot;2&quot;,&quot;mobileColumns&quot;:&quot;1&quot;,&quot;lazyLoad&quot;:&quot;0&quot;,&quot;lightboxOpts&quot;:{&quot;loop&quot;:false,&quot;arrows&quot;:true,&quot;toolbar&quot;:true,&quot;keyboard&quot;:false,&quot;wheel&quot;:false,&quot;buttons&quot;:[&quot;close&quot;],&quot;hash&quot;:false,&quot;lang&quot;:&quot;en&quot;,&quot;touch&quot;:false,&quot;protect&quot;:false,&quot;i18n&quot;:{&quot;en&quot;:{&quot;CLOSE&quot;:&quot;Close&quot;,&quot;NEXT&quot;:&quot;Next&quot;,&quot;PREV&quot;:&quot;Previous&quot;,&quot;Error&quot;:&quot;The requested content cannot be loaded. Please try again later.&quot;,&quot;PLAY_START&quot;:&quot;Start slideshow&quot;,&quot;PLAY_STOP&quot;:&quot;Pause slideshow&quot;,&quot;FULL_SCREEN&quot;:&quot;Full screen&quot;,&quot;THUMBS&quot;:&quot;Thumbnails&quot;,&quot;DOWNLOAD&quot;:&quot;Download&quot;,&quot;SHARE&quot;:&quot;Share&quot;,&quot;ZOOM&quot;:&quot;Zoom&quot;}},&quot;clickSlide&quot;:false,&quot;clickOutside&quot;:false,&quot;dblclickContent&quot;:false,&quot;dblclickSlide&quot;:false,&quot;dblclickOutside&quot;:false,&quot;clickContent&quot;:false,&quot;baseTpl&quot;:&quot;&lt;div class=\\&quot;modula-fancybox-container modula-lightbox-jtg-3966\\&quot; role=\\&quot;dialog\\&quot; tabindex=\\&quot;-1\\&quot;&gt;&lt;div class=\\&quot;modula-fancybox-bg\\&quot;&gt;&lt;\\\/div&gt;&lt;div class=\\&quot;modula-fancybox-inner\\&quot;&gt;&lt;div class=\\&quot;modula-fancybox-infobar\\&quot;&gt;&lt;span data-fancybox-index&gt;&lt;\\\/span&gt;&nbsp;\\\/&nbsp;&lt;span data-fancybox-count&gt;&lt;\\\/span&gt;&lt;\\\/div&gt;&lt;div class=\\&quot;modula-fancybox-toolbar\\&quot;&gt;{{buttons}}&lt;\\\/div&gt;&lt;div class=\\&quot;modula-fancybox-navigation\\&quot;&gt;{{arrows}}&lt;\\\/div&gt;&lt;div class=\\&quot;modula-fancybox-stage\\&quot;&gt;&lt;\\\/div&gt;&lt;div class=\\&quot;modula-fancybox-caption\\&quot;&gt;&lt;div class=\\&quot;modula-fancybox-caption__body\\&quot;&gt;&lt;\\\/div&gt;&lt;\\\/div&gt;&lt;\\\/div&gt;&lt;\\\/div&gt;&quot;},&quot;inView&quot;:false,&quot;email_subject&quot;:&quot;Check out this awesome image !!&quot;,&quot;email_message&quot;:&quot;Here is the link to the image : %%image_link%% and this is the link to the gallery : %%gallery_link%%&quot;,&quot;grid_type&quot;:&quot;2&quot;,&quot;rowHeight&quot;:150,&quot;lastRow&quot;:&quot;justify&quot;,&quot;lightbox&quot;:&quot;fancybox&quot;}\">\n\n\t<div class=\"modula-grid-sizer\"> <\/div>\n\t<!-- Items Container -->\n\t<div  class=\"modula-items grid-gallery\">\n\t\t<div class=\"modula-item effect-pufrobo\" >\n\t<div class=\"modula-item-overlay\"><\/div>\n\n\t<div class=\"modula-item-content\">\n\n\t\t\t\t\n\t\t\t\t\t<a data-image-id=\"3967\" href=\"https:\/\/etnofon.pl\/wp-content\/uploads\/2020\/12\/kieleckie_front-1.jpg\" rel=\"jtg-3966\" data-caption=\"\" class=\"tile-inner modula-item-link\"><\/a>\n\t\t\n\t\t<img class=\"pic\"  data-valign=\"middle\" data-halign=\"center\" alt=\"\" data-full=\"https:\/\/etnofon.pl\/wp-content\/uploads\/2020\/12\/kieleckie_front-1.jpg\" title=\"kieleckie_front-1\" width=\"1081\" height=\"978\" src=\"https:\/\/etnofon.pl\/wp-content\/uploads\/2020\/12\/kieleckie_front-1.jpg\" data-src=\"https:\/\/etnofon.pl\/wp-content\/uploads\/2020\/12\/kieleckie_front-1.jpg\" data-caption=\"\"\/>\n\t\t<div class=\"figc no-description\">\n\t\t\t<div class=\"figc-inner\">\n\t\t\t\t\t\t\t\t\t\t\t\t\t\t\t<\/div>\n\t\t<\/div>\n\n\t<\/div>\n\n<\/div><div class=\"modula-item effect-pufrobo\" >\n\t<div class=\"modula-item-overlay\"><\/div>\n\n\t<div class=\"modula-item-content\">\n\n\t\t\t\t\n\t\t\t\t\t<a data-image-id=\"3968\" href=\"https:\/\/etnofon.pl\/wp-content\/uploads\/2020\/12\/kieleckie_tyl-1.jpg\" rel=\"jtg-3966\" data-caption=\"\" class=\"tile-inner modula-item-link\"><\/a>\n\t\t\n\t\t<img class=\"pic\"  data-valign=\"middle\" data-halign=\"center\" alt=\"\" data-full=\"https:\/\/etnofon.pl\/wp-content\/uploads\/2020\/12\/kieleckie_tyl-1.jpg\" title=\"kieleckie_ty\u0142-1\" width=\"1081\" height=\"978\" src=\"https:\/\/etnofon.pl\/wp-content\/uploads\/2020\/12\/kieleckie_tyl-1.jpg\" data-src=\"https:\/\/etnofon.pl\/wp-content\/uploads\/2020\/12\/kieleckie_tyl-1.jpg\" data-caption=\"\"\/>\n\t\t<div class=\"figc no-description\">\n\t\t\t<div class=\"figc-inner\">\n\t\t\t\t\t\t\t\t\t\t\t\t\t\t\t<\/div>\n\t\t<\/div>\n\n\t<\/div>\n\n<\/div>\t\t\n\t<\/div>\n\n\t\n\t\n\t<script type=\"application\/ld+json\">\n\t{\n\t\t\"@context\": \"http:\/\/schema.org\",\n\t\t\"@type\"   : \"ImageGallery\",\n\t\t\"id\"      : \"https:\/\/etnofon.pl\/en\/wp-json\/wp\/v2\/plyta\/1307\",\n\t\t\"url\"     : \"https:\/\/etnofon.pl\/en\/wp-json\/wp\/v2\/plyta\/1307\"\n\t}\n\n    <\/script>\n\n\t\n<\/div>\n\n\n\n<p><\/p>\n<\/div>\n<\/div>\n\n\n\n<p class=\"has-text-align-center\">Kielce region is an area situated between two rivers \u2013 the Pilica and the Vistula separated from Cracow region with the Szreniawa and D\u0142ubnia rivers and with the Pilica river from Mazovia region. For our choice of documentation recordings we concentrated on even smaller area of the region presenting its very centre around the city of Kielce.<\/p>\n\n\n\n<p class=\"has-text-align-center\">Characteristic for Kielce region are triple-time metre and mazurka rhythms next to typical for southern part duple-time metre, fast tempos, tempo rubato manner, diverse and full of dynamics melodies nof variously shaped phrases and wide, reaching octave ambitus. Vocal music is full of short, improvised couplets, sometimes called krakowiak. Instrumental style is dominated by songs folklore: Kielce region songs adapt melodies of popular here dances such as oberek, polka or waltz. All this could be find on the album \u201cMemories of past extracted from archive\u201c.<\/p>\n\n\n\n<div class=\"wp-container-6 wp-block-columns\">\n<div class=\"wp-container-4 wp-block-column is-vertically-aligned-center\" style=\"flex-basis:66.66%\"><a href=\"https:\/\/etnofon.pl\/wp-content\/uploads\/2020\/10\/kieleckiebooklet.pdf\" class=\"pdfemb-viewer\" style=\"\" data-width=\"max\" data-height=\"max\"  data-toolbar=\"bottom\" data-toolbar-fixed=\"off\">kieleckiebooklet<br\/><\/a>\n<p class=\"wp-block-pdfemb-pdf-embedder-viewer\"><\/p>\n<\/div>\n\n\n\n<div class=\"wp-container-5 wp-block-column is-vertically-aligned-center\" style=\"flex-basis:33.33%\">\n<h2 class=\"has-text-align-center\"><strong>Listen all the tracks from CD and read English summary in booklet<\/strong><\/h2>\n\n\n<div class=\"cue-playlist-container\">\n<div class=\"cue-playlist cue-theme-default\" itemscope itemtype=\"http:\/\/schema.org\/MusicPlaylist\">\n\t\n\t<meta itemprop=\"numTracks\" content=\"96\" \/>\n\n\t<audio src=\"https:\/\/etnofon.pl\/wp-content\/uploads\/2020\/11\/Kieleckie-1.mp3\" controls preload=\"none\" class=\"cue-audio\" style=\"width: 100%; height: auto\"><\/audio>\n\n\t<ol class=\"cue-tracks\">\n\t\t\t\t\t<li class=\"cue-track\" itemprop=\"track\" itemscope itemtype=\"http:\/\/schema.org\/MusicRecording\">\n\t\t\t\t\n\t\t\t\t<span class=\"cue-track-details cue-track-cell\">\n\t\t\t\t\t<span class=\"cue-track-title\" itemprop=\"name\">1. Okr\u0105g\u0142y zza g\u00f3r<\/span>\n\t\t\t\t\t<span class=\"cue-track-artist\" itemprop=\"byArtist\">S\u0142o\u0144 Stanis\u0142aw<\/span>\n\t\t\t\t<\/span>\n\n\t\t\t\t\n\t\t\t\t<span class=\"cue-track-length cue-track-cell\">0:33<\/span>\n\n\t\t\t\t\t\t\t<\/li>\n\t\t\t\t\t<li class=\"cue-track\" itemprop=\"track\" itemscope itemtype=\"http:\/\/schema.org\/MusicRecording\">\n\t\t\t\t\n\t\t\t\t<span class=\"cue-track-details cue-track-cell\">\n\t\t\t\t\t<span class=\"cue-track-title\" itemprop=\"name\">2. Oj zagrajze mi zagraj oberecka z nogi \u2013 przy\u015bpiewki<\/span>\n\t\t\t\t\t<span class=\"cue-track-artist\" itemprop=\"byArtist\">Pastuszka Marianna<\/span>\n\t\t\t\t<\/span>\n\n\t\t\t\t\n\t\t\t\t<span class=\"cue-track-length cue-track-cell\">0:13<\/span>\n\n\t\t\t\t\t\t\t<\/li>\n\t\t\t\t\t<li class=\"cue-track\" itemprop=\"track\" itemscope itemtype=\"http:\/\/schema.org\/MusicRecording\">\n\t\t\t\t\n\t\t\t\t<span class=\"cue-track-details cue-track-cell\">\n\t\t\t\t\t<span class=\"cue-track-title\" itemprop=\"name\">3. Oberek zagna\u0144ski<\/span>\n\t\t\t\t\t<span class=\"cue-track-artist\" itemprop=\"byArtist\">G\u00f3rzy\u0144ski Feliks, Marcisz Jan<\/span>\n\t\t\t\t<\/span>\n\n\t\t\t\t\n\t\t\t\t<span class=\"cue-track-length cue-track-cell\">0:16<\/span>\n\n\t\t\t\t\t\t\t<\/li>\n\t\t\t\t\t<li class=\"cue-track\" itemprop=\"track\" itemscope itemtype=\"http:\/\/schema.org\/MusicRecording\">\n\t\t\t\t\n\t\t\t\t<span class=\"cue-track-details cue-track-cell\">\n\t\t\t\t\t<span class=\"cue-track-title\" itemprop=\"name\">4. Mazur od Zagna\u0144ska (w zapowiedzi: mazurek)<\/span>\n\t\t\t\t\t<span class=\"cue-track-artist\" itemprop=\"byArtist\">Nieznany wykonawca<\/span>\n\t\t\t\t<\/span>\n\n\t\t\t\t\n\t\t\t\t<span class=\"cue-track-length cue-track-cell\">0:19<\/span>\n\n\t\t\t\t\t\t\t<\/li>\n\t\t\t\t\t<li class=\"cue-track\" itemprop=\"track\" itemscope itemtype=\"http:\/\/schema.org\/MusicRecording\">\n\t\t\t\t\n\t\t\t\t<span class=\"cue-track-details cue-track-cell\">\n\t\t\t\t\t<span class=\"cue-track-title\" itemprop=\"name\">5. uOj zagrajze mi zagraj tego mazurecka \u2013 przy\u015bpiewki<\/span>\n\t\t\t\t\t<span class=\"cue-track-artist\" itemprop=\"byArtist\">Siwek J\u00f3zef<\/span>\n\t\t\t\t<\/span>\n\n\t\t\t\t\n\t\t\t\t<span class=\"cue-track-length cue-track-cell\">0:56<\/span>\n\n\t\t\t\t\t\t\t<\/li>\n\t\t\t\t\t<li class=\"cue-track\" itemprop=\"track\" itemscope itemtype=\"http:\/\/schema.org\/MusicRecording\">\n\t\t\t\t\n\t\t\t\t<span class=\"cue-track-details cue-track-cell\">\n\t\t\t\t\t<span class=\"cue-track-title\" itemprop=\"name\">6. Mazurek wsiowy<\/span>\n\t\t\t\t\t<span class=\"cue-track-artist\" itemprop=\"byArtist\">\u015aliwa Jan<\/span>\n\t\t\t\t<\/span>\n\n\t\t\t\t\n\t\t\t\t<span class=\"cue-track-length cue-track-cell\">0:48<\/span>\n\n\t\t\t\t\t\t\t<\/li>\n\t\t\t\t\t<li class=\"cue-track\" itemprop=\"track\" itemscope itemtype=\"http:\/\/schema.org\/MusicRecording\">\n\t\t\t\t\n\t\t\t\t<span class=\"cue-track-details cue-track-cell\">\n\t\t\t\t\t<span class=\"cue-track-title\" itemprop=\"name\">7. Mazurek \u015bwiatowy<\/span>\n\t\t\t\t\t<span class=\"cue-track-artist\" itemprop=\"byArtist\">\u015aliwa Jan<\/span>\n\t\t\t\t<\/span>\n\n\t\t\t\t\n\t\t\t\t<span class=\"cue-track-length cue-track-cell\">0:57<\/span>\n\n\t\t\t\t\t\t\t<\/li>\n\t\t\t\t\t<li class=\"cue-track\" itemprop=\"track\" itemscope itemtype=\"http:\/\/schema.org\/MusicRecording\">\n\t\t\t\t\n\t\t\t\t<span class=\"cue-track-details cue-track-cell\">\n\t\t\t\t\t<span class=\"cue-track-title\" itemprop=\"name\">8. W pewnej chwili li\u015b si\u0119 z uos\u0142em kra\u015b\u0107 zm\u00f3wili \u2013 pie\u015b\u0144-bajka<\/span>\n\t\t\t\t\t<span class=\"cue-track-artist\" itemprop=\"byArtist\">Cie\u015blak Stanis\u0142aw<\/span>\n\t\t\t\t<\/span>\n\n\t\t\t\t\n\t\t\t\t<span class=\"cue-track-length cue-track-cell\">1:10<\/span>\n\n\t\t\t\t\t\t\t<\/li>\n\t\t\t\t\t<li class=\"cue-track\" itemprop=\"track\" itemscope itemtype=\"http:\/\/schema.org\/MusicRecording\">\n\t\t\t\t\n\t\t\t\t<span class=\"cue-track-details cue-track-cell\">\n\t\t\t\t\t<span class=\"cue-track-title\" itemprop=\"name\">9. Hej tam w karczmie za sto\u0142em \u2013 pie\u015b\u0144 historyczna<\/span>\n\t\t\t\t\t<span class=\"cue-track-artist\" itemprop=\"byArtist\">Cie\u015blak Stanis\u0142aw<\/span>\n\t\t\t\t<\/span>\n\n\t\t\t\t\n\t\t\t\t<span class=\"cue-track-length cue-track-cell\">0:31<\/span>\n\n\t\t\t\t\t\t\t<\/li>\n\t\t\t\t\t<li class=\"cue-track\" itemprop=\"track\" itemscope itemtype=\"http:\/\/schema.org\/MusicRecording\">\n\t\t\t\t\n\t\t\t\t<span class=\"cue-track-details cue-track-cell\">\n\t\t\t\t\t<span class=\"cue-track-title\" itemprop=\"name\">10. Mazurek w\u0142asny<\/span>\n\t\t\t\t\t<span class=\"cue-track-artist\" itemprop=\"byArtist\">\u015aliwa Jan<\/span>\n\t\t\t\t<\/span>\n\n\t\t\t\t\n\t\t\t\t<span class=\"cue-track-length cue-track-cell\">0:43<\/span>\n\n\t\t\t\t\t\t\t<\/li>\n\t\t\t\t\t<li class=\"cue-track\" itemprop=\"track\" itemscope itemtype=\"http:\/\/schema.org\/MusicRecording\">\n\t\t\t\t\n\t\t\t\t<span class=\"cue-track-details cue-track-cell\">\n\t\t\t\t\t<span class=\"cue-track-title\" itemprop=\"name\">11. Mazurek Obl\u0119gorski A zagraj\u017ce mi zagraj<\/span>\n\t\t\t\t\t<span class=\"cue-track-artist\" itemprop=\"byArtist\">\u015aliwa Jan<\/span>\n\t\t\t\t<\/span>\n\n\t\t\t\t\n\t\t\t\t<span class=\"cue-track-length cue-track-cell\">0:55<\/span>\n\n\t\t\t\t\t\t\t<\/li>\n\t\t\t\t\t<li class=\"cue-track\" itemprop=\"track\" itemscope itemtype=\"http:\/\/schema.org\/MusicRecording\">\n\t\t\t\t\n\t\t\t\t<span class=\"cue-track-details cue-track-cell\">\n\t\t\t\t\t<span class=\"cue-track-title\" itemprop=\"name\">12. A k\u0142apojze toruniu toruniu \u2013 pie\u015b\u0144 \u015bpiewana podczas chodzenia z turoniem<\/span>\n\t\t\t\t\t<span class=\"cue-track-artist\" itemprop=\"byArtist\">Gwardy\u015b Andrzej<\/span>\n\t\t\t\t<\/span>\n\n\t\t\t\t\n\t\t\t\t<span class=\"cue-track-length cue-track-cell\">0:28<\/span>\n\n\t\t\t\t\t\t\t<\/li>\n\t\t\t\t\t<li class=\"cue-track\" itemprop=\"track\" itemscope itemtype=\"http:\/\/schema.org\/MusicRecording\">\n\t\t\t\t\n\t\t\t\t<span class=\"cue-track-details cue-track-cell\">\n\t\t\t\t\t<span class=\"cue-track-title\" itemprop=\"name\">13. Bia\u0142y Janie uo\u017cenie cie piekno zonke naraje ci \u2013 pie\u015b\u0144 sob\u00f3tkowa<\/span>\n\t\t\t\t\t<span class=\"cue-track-artist\" itemprop=\"byArtist\">Gwardy\u015b Andrzej<\/span>\n\t\t\t\t<\/span>\n\n\t\t\t\t\n\t\t\t\t<span class=\"cue-track-length cue-track-cell\">0:22<\/span>\n\n\t\t\t\t\t\t\t<\/li>\n\t\t\t\t\t<li class=\"cue-track\" itemprop=\"track\" itemscope itemtype=\"http:\/\/schema.org\/MusicRecording\">\n\t\t\t\t\n\t\t\t\t<span class=\"cue-track-details cue-track-cell\">\n\t\t\t\t\t<span class=\"cue-track-title\" itemprop=\"name\">14. Melodia<\/span>\n\t\t\t\t\t<span class=\"cue-track-artist\" itemprop=\"byArtist\">Weso\u0142owski Wojciech, Pietrzaba Piotr<\/span>\n\t\t\t\t<\/span>\n\n\t\t\t\t\n\t\t\t\t<span class=\"cue-track-length cue-track-cell\">0:50<\/span>\n\n\t\t\t\t\t\t\t<\/li>\n\t\t\t\t\t<li class=\"cue-track\" itemprop=\"track\" itemscope itemtype=\"http:\/\/schema.org\/MusicRecording\">\n\t\t\t\t\n\t\t\t\t<span class=\"cue-track-details cue-track-cell\">\n\t\t\t\t\t<span class=\"cue-track-title\" itemprop=\"name\">15. A graj\u017ce mi krzypeczku \u2013 przy\u015bpiewka<\/span>\n\t\t\t\t\t<span class=\"cue-track-artist\" itemprop=\"byArtist\">Weso\u0142owska Katarzyna<\/span>\n\t\t\t\t<\/span>\n\n\t\t\t\t\n\t\t\t\t<span class=\"cue-track-length cue-track-cell\">0:08<\/span>\n\n\t\t\t\t\t\t\t<\/li>\n\t\t\t\t\t<li class=\"cue-track\" itemprop=\"track\" itemscope itemtype=\"http:\/\/schema.org\/MusicRecording\">\n\t\t\t\t\n\t\t\t\t<span class=\"cue-track-details cue-track-cell\">\n\t\t\t\t\t<span class=\"cue-track-title\" itemprop=\"name\">16. Do to\u0144ca<\/span>\n\t\t\t\t\t<span class=\"cue-track-artist\" itemprop=\"byArtist\">Weso\u0142owski Wojciech, Pietrzaba Piotr<\/span>\n\t\t\t\t<\/span>\n\n\t\t\t\t\n\t\t\t\t<span class=\"cue-track-length cue-track-cell\">0:50<\/span>\n\n\t\t\t\t\t\t\t<\/li>\n\t\t\t\t\t<li class=\"cue-track\" itemprop=\"track\" itemscope itemtype=\"http:\/\/schema.org\/MusicRecording\">\n\t\t\t\t\n\t\t\t\t<span class=\"cue-track-details cue-track-cell\">\n\t\t\t\t\t<span class=\"cue-track-title\" itemprop=\"name\">17. Oj zaloty zolota mego konia zjad\u0142a \u2013 przy\u015bpiewki<\/span>\n\t\t\t\t\t<span class=\"cue-track-artist\" itemprop=\"byArtist\">B\u0105k Marianna<\/span>\n\t\t\t\t<\/span>\n\n\t\t\t\t\n\t\t\t\t<span class=\"cue-track-length cue-track-cell\">0:38<\/span>\n\n\t\t\t\t\t\t\t<\/li>\n\t\t\t\t\t<li class=\"cue-track\" itemprop=\"track\" itemscope itemtype=\"http:\/\/schema.org\/MusicRecording\">\n\t\t\t\t\n\t\t\t\t<span class=\"cue-track-details cue-track-cell\">\n\t\t\t\t\t<span class=\"cue-track-title\" itemprop=\"name\">18. Letki<\/span>\n\t\t\t\t\t<span class=\"cue-track-artist\" itemprop=\"byArtist\">Weso\u0142owski Wojciech, Pietrzaba Piotr<\/span>\n\t\t\t\t<\/span>\n\n\t\t\t\t\n\t\t\t\t<span class=\"cue-track-length cue-track-cell\">1:13<\/span>\n\n\t\t\t\t\t\t\t<\/li>\n\t\t\t\t\t<li class=\"cue-track\" itemprop=\"track\" itemscope itemtype=\"http:\/\/schema.org\/MusicRecording\">\n\t\t\t\t\n\t\t\t\t<span class=\"cue-track-details cue-track-cell\">\n\t\t\t\t\t<span class=\"cue-track-title\" itemprop=\"name\">19. Boze m\u00f3j Boze m\u00f3j kieruj mojem losem \u2013 przy\u015bpiewki<\/span>\n\t\t\t\t\t<span class=\"cue-track-artist\" itemprop=\"byArtist\">Domaga\u0142a Magdalena<\/span>\n\t\t\t\t<\/span>\n\n\t\t\t\t\n\t\t\t\t<span class=\"cue-track-length cue-track-cell\">0:29<\/span>\n\n\t\t\t\t\t\t\t<\/li>\n\t\t\t\t\t<li class=\"cue-track\" itemprop=\"track\" itemscope itemtype=\"http:\/\/schema.org\/MusicRecording\">\n\t\t\t\t\n\t\t\t\t<span class=\"cue-track-details cue-track-cell\">\n\t\t\t\t\t<span class=\"cue-track-title\" itemprop=\"name\">20. Kolbusz\u00f3w na oberka i na polk\u0119<\/span>\n\t\t\t\t\t<span class=\"cue-track-artist\" itemprop=\"byArtist\">Grzejszczyk Stanis\u0142aw<\/span>\n\t\t\t\t<\/span>\n\n\t\t\t\t\n\t\t\t\t<span class=\"cue-track-length cue-track-cell\">1:23<\/span>\n\n\t\t\t\t\t\t\t<\/li>\n\t\t\t\t\t<li class=\"cue-track\" itemprop=\"track\" itemscope itemtype=\"http:\/\/schema.org\/MusicRecording\">\n\t\t\t\t\n\t\t\t\t<span class=\"cue-track-details cue-track-cell\">\n\t\t\t\t\t<span class=\"cue-track-title\" itemprop=\"name\">21. uO ze moja mamusiu posprzedaj- ciez u owce \u2013 przy\u015bpiewki<\/span>\n\t\t\t\t\t<span class=\"cue-track-artist\" itemprop=\"byArtist\">Kami\u0144ska Katarzyna<\/span>\n\t\t\t\t<\/span>\n\n\t\t\t\t\n\t\t\t\t<span class=\"cue-track-length cue-track-cell\">0:32<\/span>\n\n\t\t\t\t\t\t\t<\/li>\n\t\t\t\t\t<li class=\"cue-track\" itemprop=\"track\" itemscope itemtype=\"http:\/\/schema.org\/MusicRecording\">\n\t\t\t\t\n\t\t\t\t<span class=\"cue-track-details cue-track-cell\">\n\t\t\t\t\t<span class=\"cue-track-title\" itemprop=\"name\">22. Nie ch\u00f3d\u017a wele woza nie ch\u00f3d\u017a wele uosi \u2013 przy\u015bpiewki<\/span>\n\t\t\t\t\t<span class=\"cue-track-artist\" itemprop=\"byArtist\">Antoni So\u0142tys<\/span>\n\t\t\t\t<\/span>\n\n\t\t\t\t\n\t\t\t\t<span class=\"cue-track-length cue-track-cell\">0:20<\/span>\n\n\t\t\t\t\t\t\t<\/li>\n\t\t\t\t\t<li class=\"cue-track\" itemprop=\"track\" itemscope itemtype=\"http:\/\/schema.org\/MusicRecording\">\n\t\t\t\t\n\t\t\t\t<span class=\"cue-track-details cue-track-cell\">\n\t\t\t\t\t<span class=\"cue-track-title\" itemprop=\"name\">23. Od Chmielnika<\/span>\n\t\t\t\t\t<span class=\"cue-track-artist\" itemprop=\"byArtist\">Weso\u0142owski Wojciech, Pietrzaba Piotr<\/span>\n\t\t\t\t<\/span>\n\n\t\t\t\t\n\t\t\t\t<span class=\"cue-track-length cue-track-cell\">0:54<\/span>\n\n\t\t\t\t\t\t\t<\/li>\n\t\t\t\t\t<li class=\"cue-track\" itemprop=\"track\" itemscope itemtype=\"http:\/\/schema.org\/MusicRecording\">\n\t\t\t\t\n\t\t\t\t<span class=\"cue-track-details cue-track-cell\">\n\t\t\t\t\t<span class=\"cue-track-title\" itemprop=\"name\">24. \u015awiatowy wyjezdny<\/span>\n\t\t\t\t\t<span class=\"cue-track-artist\" itemprop=\"byArtist\">Grzejszczyk Stanis\u0142aw<\/span>\n\t\t\t\t<\/span>\n\n\t\t\t\t\n\t\t\t\t<span class=\"cue-track-length cue-track-cell\">0:49<\/span>\n\n\t\t\t\t\t\t\t<\/li>\n\t\t\t\t\t<li class=\"cue-track\" itemprop=\"track\" itemscope itemtype=\"http:\/\/schema.org\/MusicRecording\">\n\t\t\t\t\n\t\t\t\t<span class=\"cue-track-details cue-track-cell\">\n\t\t\t\t\t<span class=\"cue-track-title\" itemprop=\"name\">25. Sz\u0142o dw\u00f3ch dziadk\u00f3w drogom za ubi- tom szosom \u2013 parodia pie\u015bni dziadowskiej<\/span>\n\t\t\t\t\t<span class=\"cue-track-artist\" itemprop=\"byArtist\">Ostrowski Ludwik<\/span>\n\t\t\t\t<\/span>\n\n\t\t\t\t\n\t\t\t\t<span class=\"cue-track-length cue-track-cell\">2:09<\/span>\n\n\t\t\t\t\t\t\t<\/li>\n\t\t\t\t\t<li class=\"cue-track\" itemprop=\"track\" itemscope itemtype=\"http:\/\/schema.org\/MusicRecording\">\n\t\t\t\t\n\t\t\t\t<span class=\"cue-track-details cue-track-cell\">\n\t\t\t\t\t<span class=\"cue-track-title\" itemprop=\"name\">26. Wyjezdny w\u0119drowiec<\/span>\n\t\t\t\t\t<span class=\"cue-track-artist\" itemprop=\"byArtist\">Grzejszczyk Stanis\u0142aw<\/span>\n\t\t\t\t<\/span>\n\n\t\t\t\t\n\t\t\t\t<span class=\"cue-track-length cue-track-cell\">0:47<\/span>\n\n\t\t\t\t\t\t\t<\/li>\n\t\t\t\t\t<li class=\"cue-track\" itemprop=\"track\" itemscope itemtype=\"http:\/\/schema.org\/MusicRecording\">\n\t\t\t\t\n\t\t\t\t<span class=\"cue-track-details cue-track-cell\">\n\t\t\t\t\t<span class=\"cue-track-title\" itemprop=\"name\">27. Sokole Kasiu sokole \u2013 pie\u015b\u0144 weselna<\/span>\n\t\t\t\t\t<span class=\"cue-track-artist\" itemprop=\"byArtist\">Kami\u0144ska Katarzyna, Matys J\u00f3zefa<\/span>\n\t\t\t\t<\/span>\n\n\t\t\t\t\n\t\t\t\t<span class=\"cue-track-length cue-track-cell\">0:24<\/span>\n\n\t\t\t\t\t\t\t<\/li>\n\t\t\t\t\t<li class=\"cue-track\" itemprop=\"track\" itemscope itemtype=\"http:\/\/schema.org\/MusicRecording\">\n\t\t\t\t\n\t\t\t\t<span class=\"cue-track-details cue-track-cell\">\n\t\t\t\t\t<span class=\"cue-track-title\" itemprop=\"name\">28. Oj moje uOcios\u0119ki na g\u00f3rze stojicie \u2013 przy\u015bpiewka<\/span>\n\t\t\t\t\t<span class=\"cue-track-artist\" itemprop=\"byArtist\">Karwacina Katarzyna<\/span>\n\t\t\t\t<\/span>\n\n\t\t\t\t\n\t\t\t\t<span class=\"cue-track-length cue-track-cell\">0:24<\/span>\n\n\t\t\t\t\t\t\t<\/li>\n\t\t\t\t\t<li class=\"cue-track\" itemprop=\"track\" itemscope itemtype=\"http:\/\/schema.org\/MusicRecording\">\n\t\t\t\t\n\t\t\t\t<span class=\"cue-track-details cue-track-cell\">\n\t\t\t\t\t<span class=\"cue-track-title\" itemprop=\"name\">29. Oberek odchodny<\/span>\n\t\t\t\t\t<span class=\"cue-track-artist\" itemprop=\"byArtist\"><\/span>\n\t\t\t\t<\/span>\n\n\t\t\t\t\n\t\t\t\t<span class=\"cue-track-length cue-track-cell\">1:08<\/span>\n\n\t\t\t\t\t\t\t<\/li>\n\t\t\t\t\t<li class=\"cue-track\" itemprop=\"track\" itemscope itemtype=\"http:\/\/schema.org\/MusicRecording\">\n\t\t\t\t\n\t\t\t\t<span class=\"cue-track-details cue-track-cell\">\n\t\t\t\t\t<span class=\"cue-track-title\" itemprop=\"name\">30. A uojze jino uojze fijo\u0142ecku le\u015bny \u2013 przy\u015bpiewki<\/span>\n\t\t\t\t\t<span class=\"cue-track-artist\" itemprop=\"byArtist\">Bro\u017cyna Marianna<\/span>\n\t\t\t\t<\/span>\n\n\t\t\t\t\n\t\t\t\t<span class=\"cue-track-length cue-track-cell\">0:49<\/span>\n\n\t\t\t\t\t\t\t<\/li>\n\t\t\t\t\t<li class=\"cue-track\" itemprop=\"track\" itemscope itemtype=\"http:\/\/schema.org\/MusicRecording\">\n\t\t\t\t\n\t\t\t\t<span class=\"cue-track-details cue-track-cell\">\n\t\t\t\t\t<span class=\"cue-track-title\" itemprop=\"name\">31. Ko\u0142yzze sie ko\u0142ys kolebko bukuowa \u2013 ko\u0142ysanka<\/span>\n\t\t\t\t\t<span class=\"cue-track-artist\" itemprop=\"byArtist\">Wijasowa Marianna<\/span>\n\t\t\t\t<\/span>\n\n\t\t\t\t\n\t\t\t\t<span class=\"cue-track-length cue-track-cell\">0:18<\/span>\n\n\t\t\t\t\t\t\t<\/li>\n\t\t\t\t\t<li class=\"cue-track\" itemprop=\"track\" itemscope itemtype=\"http:\/\/schema.org\/MusicRecording\">\n\t\t\t\t\n\t\t\t\t<span class=\"cue-track-details cue-track-cell\">\n\t\t\t\t\t<span class=\"cue-track-title\" itemprop=\"name\">32. Posz\u0142a szlachta na trzy trachta \u2013 pie\u015b\u0144 rekrucka<\/span>\n\t\t\t\t\t<span class=\"cue-track-artist\" itemprop=\"byArtist\">Kruk J\u00f3zef<\/span>\n\t\t\t\t<\/span>\n\n\t\t\t\t\n\t\t\t\t<span class=\"cue-track-length cue-track-cell\">2:15<\/span>\n\n\t\t\t\t\t\t\t<\/li>\n\t\t\t\t\t<li class=\"cue-track\" itemprop=\"track\" itemscope itemtype=\"http:\/\/schema.org\/MusicRecording\">\n\t\t\t\t\n\t\t\t\t<span class=\"cue-track-details cue-track-cell\">\n\t\t\t\t\t<span class=\"cue-track-title\" itemprop=\"name\">33. Tam wedle uugora na rozstajnich drogach \u2013 pie\u015b\u0144 \u017cartobliwa<\/span>\n\t\t\t\t\t<span class=\"cue-track-artist\" itemprop=\"byArtist\">Antoni So\u0142tys<\/span>\n\t\t\t\t<\/span>\n\n\t\t\t\t\n\t\t\t\t<span class=\"cue-track-length cue-track-cell\">0:23<\/span>\n\n\t\t\t\t\t\t\t<\/li>\n\t\t\t\t\t<li class=\"cue-track\" itemprop=\"track\" itemscope itemtype=\"http:\/\/schema.org\/MusicRecording\">\n\t\t\t\t\n\t\t\t\t<span class=\"cue-track-details cue-track-cell\">\n\t\t\t\t\t<span class=\"cue-track-title\" itemprop=\"name\">34. Oberek Zza Ma\u0107kowej stodo\u0142y<\/span>\n\t\t\t\t\t<span class=\"cue-track-artist\" itemprop=\"byArtist\"><\/span>\n\t\t\t\t<\/span>\n\n\t\t\t\t\n\t\t\t\t<span class=\"cue-track-length cue-track-cell\">1:04<\/span>\n\n\t\t\t\t\t\t\t<\/li>\n\t\t\t\t\t<li class=\"cue-track\" itemprop=\"track\" itemscope itemtype=\"http:\/\/schema.org\/MusicRecording\">\n\t\t\t\t\n\t\t\t\t<span class=\"cue-track-details cue-track-cell\">\n\t\t\t\t\t<span class=\"cue-track-title\" itemprop=\"name\">35. A ja sobie ide z pola \u00f3n sie do mnie \u015bmieje \u2013 przy\u015bpiewki<\/span>\n\t\t\t\t\t<span class=\"cue-track-artist\" itemprop=\"byArtist\">G\u00f3rzy\u0144ski Jakub<\/span>\n\t\t\t\t<\/span>\n\n\t\t\t\t\n\t\t\t\t<span class=\"cue-track-length cue-track-cell\">0:29<\/span>\n\n\t\t\t\t\t\t\t<\/li>\n\t\t\t\t\t<li class=\"cue-track\" itemprop=\"track\" itemscope itemtype=\"http:\/\/schema.org\/MusicRecording\">\n\t\t\t\t\n\t\t\t\t<span class=\"cue-track-details cue-track-cell\">\n\t\t\t\t\t<span class=\"cue-track-title\" itemprop=\"name\">36. M\u00f3j uojciec be\u0142 poctalijon poctalijon co nosi\u0142 wode \u2013 pie\u015b\u0144 komiczna<\/span>\n\t\t\t\t\t<span class=\"cue-track-artist\" itemprop=\"byArtist\">G\u00f3rzy\u0144ski Jakub<\/span>\n\t\t\t\t<\/span>\n\n\t\t\t\t\n\t\t\t\t<span class=\"cue-track-length cue-track-cell\">0:30<\/span>\n\n\t\t\t\t\t\t\t<\/li>\n\t\t\t\t\t<li class=\"cue-track\" itemprop=\"track\" itemscope itemtype=\"http:\/\/schema.org\/MusicRecording\">\n\t\t\t\t\n\t\t\t\t<span class=\"cue-track-details cue-track-cell\">\n\t\t\t\t\t<span class=\"cue-track-title\" itemprop=\"name\">37. W\u0119drowiec od \u015bw. Krzy\u017ca<\/span>\n\t\t\t\t\t<span class=\"cue-track-artist\" itemprop=\"byArtist\"><\/span>\n\t\t\t\t<\/span>\n\n\t\t\t\t\n\t\t\t\t<span class=\"cue-track-length cue-track-cell\">1:15<\/span>\n\n\t\t\t\t\t\t\t<\/li>\n\t\t\t\t\t<li class=\"cue-track\" itemprop=\"track\" itemscope itemtype=\"http:\/\/schema.org\/MusicRecording\">\n\t\t\t\t\n\t\t\t\t<span class=\"cue-track-details cue-track-cell\">\n\t\t\t\t\t<span class=\"cue-track-title\" itemprop=\"name\">38. Polka z W\u0142oszczowic<\/span>\n\t\t\t\t\t<span class=\"cue-track-artist\" itemprop=\"byArtist\"><\/span>\n\t\t\t\t<\/span>\n\n\t\t\t\t\n\t\t\t\t<span class=\"cue-track-length cue-track-cell\">1:10<\/span>\n\n\t\t\t\t\t\t\t<\/li>\n\t\t\t\t\t<li class=\"cue-track\" itemprop=\"track\" itemscope itemtype=\"http:\/\/schema.org\/MusicRecording\">\n\t\t\t\t\n\t\t\t\t<span class=\"cue-track-details cue-track-cell\">\n\t\t\t\t\t<span class=\"cue-track-title\" itemprop=\"name\">39. Oberek-ch\u0142op ze Szczecna<\/span>\n\t\t\t\t\t<span class=\"cue-track-artist\" itemprop=\"byArtist\"><\/span>\n\t\t\t\t<\/span>\n\n\t\t\t\t\n\t\t\t\t<span class=\"cue-track-length cue-track-cell\">1:20<\/span>\n\n\t\t\t\t\t\t\t<\/li>\n\t\t\t\t\t<li class=\"cue-track\" itemprop=\"track\" itemscope itemtype=\"http:\/\/schema.org\/MusicRecording\">\n\t\t\t\t\n\t\t\t\t<span class=\"cue-track-details cue-track-cell\">\n\t\t\t\t\t<span class=\"cue-track-title\" itemprop=\"name\">40. Po d\u0142ugiej niewoli dwaj starzy \u017co\u0142nie- rze wracali do ojc\u00f3w swej ziemi \u2013 pie\u015b\u0144 historyczna<\/span>\n\t\t\t\t\t<span class=\"cue-track-artist\" itemprop=\"byArtist\">Mojszczak Rafa\u0142<\/span>\n\t\t\t\t<\/span>\n\n\t\t\t\t\n\t\t\t\t<span class=\"cue-track-length cue-track-cell\">1:41<\/span>\n\n\t\t\t\t\t\t\t<\/li>\n\t\t\t\t\t<li class=\"cue-track\" itemprop=\"track\" itemscope itemtype=\"http:\/\/schema.org\/MusicRecording\">\n\t\t\t\t\n\t\t\t\t<span class=\"cue-track-details cue-track-cell\">\n\t\t\t\t\t<span class=\"cue-track-title\" itemprop=\"name\">41. Oberek<\/span>\n\t\t\t\t\t<span class=\"cue-track-artist\" itemprop=\"byArtist\">Poreda Dionizy<\/span>\n\t\t\t\t<\/span>\n\n\t\t\t\t\n\t\t\t\t<span class=\"cue-track-length cue-track-cell\">0:39<\/span>\n\n\t\t\t\t\t\t\t<\/li>\n\t\t\t\t\t<li class=\"cue-track\" itemprop=\"track\" itemscope itemtype=\"http:\/\/schema.org\/MusicRecording\">\n\t\t\t\t\n\t\t\t\t<span class=\"cue-track-details cue-track-cell\">\n\t\t\t\t\t<span class=\"cue-track-title\" itemprop=\"name\">42. Kumoter kumosi gorzo\u0142ecke nosi \u2013 przy\u015bpiewka do wypitki<\/span>\n\t\t\t\t\t<span class=\"cue-track-artist\" itemprop=\"byArtist\">J\u0119drzejczyk Marcin<\/span>\n\t\t\t\t<\/span>\n\n\t\t\t\t\n\t\t\t\t<span class=\"cue-track-length cue-track-cell\">0:30<\/span>\n\n\t\t\t\t\t\t\t<\/li>\n\t\t\t\t\t<li class=\"cue-track\" itemprop=\"track\" itemscope itemtype=\"http:\/\/schema.org\/MusicRecording\">\n\t\t\t\t\n\t\t\t\t<span class=\"cue-track-details cue-track-cell\">\n\t\t\t\t\t<span class=\"cue-track-title\" itemprop=\"name\">43. Do\u017cynaj do\u017cynaj przodowniku \u0142ysy \u2013 przy\u015bpiewka do\u017cynkowa<\/span>\n\t\t\t\t\t<span class=\"cue-track-artist\" itemprop=\"byArtist\">J\u0119drzejczyk Stanis\u0142aw<\/span>\n\t\t\t\t<\/span>\n\n\t\t\t\t\n\t\t\t\t<span class=\"cue-track-length cue-track-cell\">0:45<\/span>\n\n\t\t\t\t\t\t\t<\/li>\n\t\t\t\t\t<li class=\"cue-track\" itemprop=\"track\" itemscope itemtype=\"http:\/\/schema.org\/MusicRecording\">\n\t\t\t\t\n\t\t\t\t<span class=\"cue-track-details cue-track-cell\">\n\t\t\t\t\t<span class=\"cue-track-title\" itemprop=\"name\">44. uOj le\u0144cie le\u0144cie s\u0142o\u0144ce gor\u0105ce pas\u0142a dziewcyna wo\u0142ki na \u0142\u0105ce \u2013 pie\u015b\u0144 zalotna<\/span>\n\t\t\t\t\t<span class=\"cue-track-artist\" itemprop=\"byArtist\">Michalska Antonina<\/span>\n\t\t\t\t<\/span>\n\n\t\t\t\t\n\t\t\t\t<span class=\"cue-track-length cue-track-cell\">0:30<\/span>\n\n\t\t\t\t\t\t\t<\/li>\n\t\t\t\t\t<li class=\"cue-track\" itemprop=\"track\" itemscope itemtype=\"http:\/\/schema.org\/MusicRecording\">\n\t\t\t\t\n\t\t\t\t<span class=\"cue-track-details cue-track-cell\">\n\t\t\t\t\t<span class=\"cue-track-title\" itemprop=\"name\">45. Pasternocek<\/span>\n\t\t\t\t\t<span class=\"cue-track-artist\" itemprop=\"byArtist\">Michalski Piotr<\/span>\n\t\t\t\t<\/span>\n\n\t\t\t\t\n\t\t\t\t<span class=\"cue-track-length cue-track-cell\">0:41<\/span>\n\n\t\t\t\t\t\t\t<\/li>\n\t\t\t\t\t<li class=\"cue-track\" itemprop=\"track\" itemscope itemtype=\"http:\/\/schema.org\/MusicRecording\">\n\t\t\t\t\n\t\t\t\t<span class=\"cue-track-details cue-track-cell\">\n\t\t\t\t\t<span class=\"cue-track-title\" itemprop=\"name\">46. Dzie\u0144 dobry moji pa\u0144stwo jak\u017ce nam sie tu macie \u2013 pie\u015b\u0144 weselna<\/span>\n\t\t\t\t\t<span class=\"cue-track-artist\" itemprop=\"byArtist\">Mojszczak Katarzyna<\/span>\n\t\t\t\t<\/span>\n\n\t\t\t\t\n\t\t\t\t<span class=\"cue-track-length cue-track-cell\">0:29<\/span>\n\n\t\t\t\t\t\t\t<\/li>\n\t\t\t\t\t<li class=\"cue-track\" itemprop=\"track\" itemscope itemtype=\"http:\/\/schema.org\/MusicRecording\">\n\t\t\t\t\n\t\t\t\t<span class=\"cue-track-details cue-track-cell\">\n\t\t\t\t\t<span class=\"cue-track-title\" itemprop=\"name\">47. Wyjezdny z weselem<\/span>\n\t\t\t\t\t<span class=\"cue-track-artist\" itemprop=\"byArtist\">Michalski Piotr<\/span>\n\t\t\t\t<\/span>\n\n\t\t\t\t\n\t\t\t\t<span class=\"cue-track-length cue-track-cell\">0:54<\/span>\n\n\t\t\t\t\t\t\t<\/li>\n\t\t\t\t\t<li class=\"cue-track\" itemprop=\"track\" itemscope itemtype=\"http:\/\/schema.org\/MusicRecording\">\n\t\t\t\t\n\t\t\t\t<span class=\"cue-track-details cue-track-cell\">\n\t\t\t\t\t<span class=\"cue-track-title\" itemprop=\"name\">48.Oj co mie puo ty wuodzie ki na ko\u0142o jidzie \u2013 przy\u015bpiewki<\/span>\n\t\t\t\t\t<span class=\"cue-track-artist\" itemprop=\"byArtist\">Duda\u0142a Antoni<\/span>\n\t\t\t\t<\/span>\n\n\t\t\t\t\n\t\t\t\t<span class=\"cue-track-length cue-track-cell\">0:34<\/span>\n\n\t\t\t\t\t\t\t<\/li>\n\t\t\t\t\t<li class=\"cue-track\" itemprop=\"track\" itemscope itemtype=\"http:\/\/schema.org\/MusicRecording\">\n\t\t\t\t\n\t\t\t\t<span class=\"cue-track-details cue-track-cell\">\n\t\t\t\t\t<span class=\"cue-track-title\" itemprop=\"name\">49. Ch\u0142opoki ch\u0142opoki butami butami jak sie buty zedrom bosymi nogami \u2013 przy\u015bpiewka<\/span>\n\t\t\t\t\t<span class=\"cue-track-artist\" itemprop=\"byArtist\">Maj J\u00f3zef<\/span>\n\t\t\t\t<\/span>\n\n\t\t\t\t\n\t\t\t\t<span class=\"cue-track-length cue-track-cell\">0:14<\/span>\n\n\t\t\t\t\t\t\t<\/li>\n\t\t\t\t\t<li class=\"cue-track\" itemprop=\"track\" itemscope itemtype=\"http:\/\/schema.org\/MusicRecording\">\n\t\t\t\t\n\t\t\t\t<span class=\"cue-track-details cue-track-cell\">\n\t\t\t\t\t<span class=\"cue-track-title\" itemprop=\"name\">50. Za p\u0142otem hulali<\/span>\n\t\t\t\t\t<span class=\"cue-track-artist\" itemprop=\"byArtist\"><\/span>\n\t\t\t\t<\/span>\n\n\t\t\t\t\n\t\t\t\t<span class=\"cue-track-length cue-track-cell\">0:39<\/span>\n\n\t\t\t\t\t\t\t<\/li>\n\t\t\t\t\t<li class=\"cue-track\" itemprop=\"track\" itemscope itemtype=\"http:\/\/schema.org\/MusicRecording\">\n\t\t\t\t\n\t\t\t\t<span class=\"cue-track-details cue-track-cell\">\n\t\t\t\t\t<span class=\"cue-track-title\" itemprop=\"name\">51. A oja moja oja<\/span>\n\t\t\t\t\t<span class=\"cue-track-artist\" itemprop=\"byArtist\">Szczepanik J\u00f3zef<\/span>\n\t\t\t\t<\/span>\n\n\t\t\t\t\n\t\t\t\t<span class=\"cue-track-length cue-track-cell\">0:40<\/span>\n\n\t\t\t\t\t\t\t<\/li>\n\t\t\t\t\t<li class=\"cue-track\" itemprop=\"track\" itemscope itemtype=\"http:\/\/schema.org\/MusicRecording\">\n\t\t\t\t\n\t\t\t\t<span class=\"cue-track-details cue-track-cell\">\n\t\t\t\t\t<span class=\"cue-track-title\" itemprop=\"name\">52. A oj\u017ce ino oja<\/span>\n\t\t\t\t\t<span class=\"cue-track-artist\" itemprop=\"byArtist\">Szczepanik J\u00f3zef<\/span>\n\t\t\t\t<\/span>\n\n\t\t\t\t\n\t\t\t\t<span class=\"cue-track-length cue-track-cell\">0:34<\/span>\n\n\t\t\t\t\t\t\t<\/li>\n\t\t\t\t\t<li class=\"cue-track\" itemprop=\"track\" itemscope itemtype=\"http:\/\/schema.org\/MusicRecording\">\n\t\t\t\t\n\t\t\t\t<span class=\"cue-track-details cue-track-cell\">\n\t\t\t\t\t<span class=\"cue-track-title\" itemprop=\"name\">53. Zielono lipka guorza\u0142a \u2013 pie\u015b\u0144 oczepinowa<\/span>\n\t\t\t\t\t<span class=\"cue-track-artist\" itemprop=\"byArtist\">Sajowa Ewa<\/span>\n\t\t\t\t<\/span>\n\n\t\t\t\t\n\t\t\t\t<span class=\"cue-track-length cue-track-cell\">0:54<\/span>\n\n\t\t\t\t\t\t\t<\/li>\n\t\t\t\t\t<li class=\"cue-track\" itemprop=\"track\" itemscope itemtype=\"http:\/\/schema.org\/MusicRecording\">\n\t\t\t\t\n\t\t\t\t<span class=\"cue-track-details cue-track-cell\">\n\t\t\t\t\t<span class=\"cue-track-title\" itemprop=\"name\">54. Polka Jag\u0142y<\/span>\n\t\t\t\t\t<span class=\"cue-track-artist\" itemprop=\"byArtist\"><\/span>\n\t\t\t\t<\/span>\n\n\t\t\t\t\n\t\t\t\t<span class=\"cue-track-length cue-track-cell\">0:53<\/span>\n\n\t\t\t\t\t\t\t<\/li>\n\t\t\t\t\t<li class=\"cue-track\" itemprop=\"track\" itemscope itemtype=\"http:\/\/schema.org\/MusicRecording\">\n\t\t\t\t\n\t\t\t\t<span class=\"cue-track-details cue-track-cell\">\n\t\t\t\t\t<span class=\"cue-track-title\" itemprop=\"name\">55. A hulojze \u0142ysoniu tobie sie gra nie komu \u2013 pie\u015b\u0144 \u017cartobliwa<\/span>\n\t\t\t\t\t<span class=\"cue-track-artist\" itemprop=\"byArtist\">Kowal Ma\u0142gorzata<\/span>\n\t\t\t\t<\/span>\n\n\t\t\t\t\n\t\t\t\t<span class=\"cue-track-length cue-track-cell\">0:24<\/span>\n\n\t\t\t\t\t\t\t<\/li>\n\t\t\t\t\t<li class=\"cue-track\" itemprop=\"track\" itemscope itemtype=\"http:\/\/schema.org\/MusicRecording\">\n\t\t\t\t\n\t\t\t\t<span class=\"cue-track-details cue-track-cell\">\n\t\t\t\t\t<span class=\"cue-track-title\" itemprop=\"name\">56. Melodia z Kociny<\/span>\n\t\t\t\t\t<span class=\"cue-track-artist\" itemprop=\"byArtist\">Ptasznik Stanis\u0142aw<\/span>\n\t\t\t\t<\/span>\n\n\t\t\t\t\n\t\t\t\t<span class=\"cue-track-length cue-track-cell\">0:26<\/span>\n\n\t\t\t\t\t\t\t<\/li>\n\t\t\t\t\t<li class=\"cue-track\" itemprop=\"track\" itemscope itemtype=\"http:\/\/schema.org\/MusicRecording\">\n\t\t\t\t\n\t\t\t\t<span class=\"cue-track-details cue-track-cell\">\n\t\t\t\t\t<span class=\"cue-track-title\" itemprop=\"name\">57. Melodia Klary z Piotrowic<\/span>\n\t\t\t\t\t<span class=\"cue-track-artist\" itemprop=\"byArtist\">Ptasznik Stanis\u0142aw<\/span>\n\t\t\t\t<\/span>\n\n\t\t\t\t\n\t\t\t\t<span class=\"cue-track-length cue-track-cell\">0:42<\/span>\n\n\t\t\t\t\t\t\t<\/li>\n\t\t\t\t\t<li class=\"cue-track\" itemprop=\"track\" itemscope itemtype=\"http:\/\/schema.org\/MusicRecording\">\n\t\t\t\t\n\t\t\t\t<span class=\"cue-track-details cue-track-cell\">\n\t\t\t\t\t<span class=\"cue-track-title\" itemprop=\"name\">58. Hola hola mamuniu moja \u2013 pie\u015b\u0144 panie\u0144ska<\/span>\n\t\t\t\t\t<span class=\"cue-track-artist\" itemprop=\"byArtist\">Czop Stanis\u0142aw<\/span>\n\t\t\t\t<\/span>\n\n\t\t\t\t\n\t\t\t\t<span class=\"cue-track-length cue-track-cell\">0:31<\/span>\n\n\t\t\t\t\t\t\t<\/li>\n\t\t\t\t\t<li class=\"cue-track\" itemprop=\"track\" itemscope itemtype=\"http:\/\/schema.org\/MusicRecording\">\n\t\t\t\t\n\t\t\t\t<span class=\"cue-track-details cue-track-cell\">\n\t\t\t\t\t<span class=\"cue-track-title\" itemprop=\"name\">59. A tam w lesie na pasiece tam Kasinia trawke siece \u2013 pie\u015b\u0144 zalotna<\/span>\n\t\t\t\t\t<span class=\"cue-track-artist\" itemprop=\"byArtist\">Czop Stanis\u0142aw<\/span>\n\t\t\t\t<\/span>\n\n\t\t\t\t\n\t\t\t\t<span class=\"cue-track-length cue-track-cell\">0:24<\/span>\n\n\t\t\t\t\t\t\t<\/li>\n\t\t\t\t\t<li class=\"cue-track\" itemprop=\"track\" itemscope itemtype=\"http:\/\/schema.org\/MusicRecording\">\n\t\t\t\t\n\t\t\t\t<span class=\"cue-track-details cue-track-cell\">\n\t\t\t\t\t<span class=\"cue-track-title\" itemprop=\"name\">60. Oberek z Go\u015bci\u0144czyna<\/span>\n\t\t\t\t\t<span class=\"cue-track-artist\" itemprop=\"byArtist\">\u0141azarski W\u0142adys\u0142aw<\/span>\n\t\t\t\t<\/span>\n\n\t\t\t\t\n\t\t\t\t<span class=\"cue-track-length cue-track-cell\">0:42<\/span>\n\n\t\t\t\t\t\t\t<\/li>\n\t\t\t\t\t<li class=\"cue-track\" itemprop=\"track\" itemscope itemtype=\"http:\/\/schema.org\/MusicRecording\">\n\t\t\t\t\n\t\t\t\t<span class=\"cue-track-details cue-track-cell\">\n\t\t\t\t\t<span class=\"cue-track-title\" itemprop=\"name\">61. Ka\u015b bywa\u0142a Maryja mi\u0142y Bo\u017ce \u2013 kol\u0119- da<\/span>\n\t\t\t\t\t<span class=\"cue-track-artist\" itemprop=\"byArtist\">Kocfin Franciszka<\/span>\n\t\t\t\t<\/span>\n\n\t\t\t\t\n\t\t\t\t<span class=\"cue-track-length cue-track-cell\">0:38<\/span>\n\n\t\t\t\t\t\t\t<\/li>\n\t\t\t\t\t<li class=\"cue-track\" itemprop=\"track\" itemscope itemtype=\"http:\/\/schema.org\/MusicRecording\">\n\t\t\t\t\n\t\t\t\t<span class=\"cue-track-details cue-track-cell\">\n\t\t\t\t\t<span class=\"cue-track-title\" itemprop=\"name\">62. Comber w uogr\u00f3decku comber w uogrodzie \u2013 pie\u015b\u0144 zapustna<\/span>\n\t\t\t\t\t<span class=\"cue-track-artist\" itemprop=\"byArtist\">Kocfin Franciszka<\/span>\n\t\t\t\t<\/span>\n\n\t\t\t\t\n\t\t\t\t<span class=\"cue-track-length cue-track-cell\">1:00<\/span>\n\n\t\t\t\t\t\t\t<\/li>\n\t\t\t\t\t<li class=\"cue-track\" itemprop=\"track\" itemscope itemtype=\"http:\/\/schema.org\/MusicRecording\">\n\t\t\t\t\n\t\t\t\t<span class=\"cue-track-details cue-track-cell\">\n\t\t\t\t\t<span class=\"cue-track-title\" itemprop=\"name\">63. Skowroneczek<\/span>\n\t\t\t\t\t<span class=\"cue-track-artist\" itemprop=\"byArtist\">Matysek Piotr<\/span>\n\t\t\t\t<\/span>\n\n\t\t\t\t\n\t\t\t\t<span class=\"cue-track-length cue-track-cell\">0:23<\/span>\n\n\t\t\t\t\t\t\t<\/li>\n\t\t\t\t\t<li class=\"cue-track\" itemprop=\"track\" itemscope itemtype=\"http:\/\/schema.org\/MusicRecording\">\n\t\t\t\t\n\t\t\t\t<span class=\"cue-track-details cue-track-cell\">\n\t\t\t\t\t<span class=\"cue-track-title\" itemprop=\"name\">64. Ni ma ci to ni ma<\/span>\n\t\t\t\t\t<span class=\"cue-track-artist\" itemprop=\"byArtist\">Matysek Piotr<\/span>\n\t\t\t\t<\/span>\n\n\t\t\t\t\n\t\t\t\t<span class=\"cue-track-length cue-track-cell\">0:28<\/span>\n\n\t\t\t\t\t\t\t<\/li>\n\t\t\t\t\t<li class=\"cue-track\" itemprop=\"track\" itemscope itemtype=\"http:\/\/schema.org\/MusicRecording\">\n\t\t\t\t\n\t\t\t\t<span class=\"cue-track-details cue-track-cell\">\n\t\t\t\t\t<span class=\"cue-track-title\" itemprop=\"name\">65. Siadajze na w\u00f3z kochanie moje \u2013 pie\u015b\u0144 weselna<\/span>\n\t\t\t\t\t<span class=\"cue-track-artist\" itemprop=\"byArtist\">Gaw\u0142owska Balbina, Zawada Karolina<\/span>\n\t\t\t\t<\/span>\n\n\t\t\t\t\n\t\t\t\t<span class=\"cue-track-length cue-track-cell\">0:47<\/span>\n\n\t\t\t\t\t\t\t<\/li>\n\t\t\t\t\t<li class=\"cue-track\" itemprop=\"track\" itemscope itemtype=\"http:\/\/schema.org\/MusicRecording\">\n\t\t\t\t\n\t\t\t\t<span class=\"cue-track-details cue-track-cell\">\n\t\t\t\t\t<span class=\"cue-track-title\" itemprop=\"name\">66. Obertas Ja\u015b<\/span>\n\t\t\t\t\t<span class=\"cue-track-artist\" itemprop=\"byArtist\"><\/span>\n\t\t\t\t<\/span>\n\n\t\t\t\t\n\t\t\t\t<span class=\"cue-track-length cue-track-cell\">0:56<\/span>\n\n\t\t\t\t\t\t\t<\/li>\n\t\t\t\t\t<li class=\"cue-track\" itemprop=\"track\" itemscope itemtype=\"http:\/\/schema.org\/MusicRecording\">\n\t\t\t\t\n\t\t\t\t<span class=\"cue-track-details cue-track-cell\">\n\t\t\t\t\t<span class=\"cue-track-title\" itemprop=\"name\">67. Oberek Wczoraj hulanina i dzisiaj te\u017c<\/span>\n\t\t\t\t\t<span class=\"cue-track-artist\" itemprop=\"byArtist\"><\/span>\n\t\t\t\t<\/span>\n\n\t\t\t\t\n\t\t\t\t<span class=\"cue-track-length cue-track-cell\">0:56<\/span>\n\n\t\t\t\t\t\t\t<\/li>\n\t\t\t\t\t<li class=\"cue-track\" itemprop=\"track\" itemscope itemtype=\"http:\/\/schema.org\/MusicRecording\">\n\t\t\t\t\n\t\t\t\t<span class=\"cue-track-details cue-track-cell\">\n\t\t\t\t\t<span class=\"cue-track-title\" itemprop=\"name\">68. uO skara\u0142e\u017a mie Bo\u017ce \u2013 pie\u015b\u0144 mi\u0142osna<\/span>\n\t\t\t\t\t<span class=\"cue-track-artist\" itemprop=\"byArtist\">Skurowa Julia<\/span>\n\t\t\t\t<\/span>\n\n\t\t\t\t\n\t\t\t\t<span class=\"cue-track-length cue-track-cell\">0:35<\/span>\n\n\t\t\t\t\t\t\t<\/li>\n\t\t\t\t\t<li class=\"cue-track\" itemprop=\"track\" itemscope itemtype=\"http:\/\/schema.org\/MusicRecording\">\n\t\t\t\t\n\t\t\t\t<span class=\"cue-track-details cue-track-cell\">\n\t\t\t\t\t<span class=\"cue-track-title\" itemprop=\"name\">69. Dzwony dzwoni\u0105 w kot\u0142y bij\u0105 \u2013 pie\u015b\u0144 rekrucka<\/span>\n\t\t\t\t\t<span class=\"cue-track-artist\" itemprop=\"byArtist\">Kordas J\u00f3zef<\/span>\n\t\t\t\t<\/span>\n\n\t\t\t\t\n\t\t\t\t<span class=\"cue-track-length cue-track-cell\">0:37<\/span>\n\n\t\t\t\t\t\t\t<\/li>\n\t\t\t\t\t<li class=\"cue-track\" itemprop=\"track\" itemscope itemtype=\"http:\/\/schema.org\/MusicRecording\">\n\t\t\t\t\n\t\t\t\t<span class=\"cue-track-details cue-track-cell\">\n\t\t\t\t\t<span class=\"cue-track-title\" itemprop=\"name\">70. Dryptok od Je\u017cowa<\/span>\n\t\t\t\t\t<span class=\"cue-track-artist\" itemprop=\"byArtist\"><\/span>\n\t\t\t\t<\/span>\n\n\t\t\t\t\n\t\t\t\t<span class=\"cue-track-length cue-track-cell\">0:34<\/span>\n\n\t\t\t\t\t\t\t<\/li>\n\t\t\t\t\t<li class=\"cue-track\" itemprop=\"track\" itemscope itemtype=\"http:\/\/schema.org\/MusicRecording\">\n\t\t\t\t\n\t\t\t\t<span class=\"cue-track-details cue-track-cell\">\n\t\t\t\t\t<span class=\"cue-track-title\" itemprop=\"name\">71. Hosiany Mostyny (w zapowiedzi: Mastyny)<\/span>\n\t\t\t\t\t<span class=\"cue-track-artist\" itemprop=\"byArtist\">Jawor Jan, Putowski J\u00f3zef, Haczyk J\u00f3zef<\/span>\n\t\t\t\t<\/span>\n\n\t\t\t\t\n\t\t\t\t<span class=\"cue-track-length cue-track-cell\">0:27<\/span>\n\n\t\t\t\t\t\t\t<\/li>\n\t\t\t\t\t<li class=\"cue-track\" itemprop=\"track\" itemscope itemtype=\"http:\/\/schema.org\/MusicRecording\">\n\t\t\t\t\n\t\t\t\t<span class=\"cue-track-details cue-track-cell\">\n\t\t\t\t\t<span class=\"cue-track-title\" itemprop=\"name\">72. R\u00f3wniu\u015bki Haczyka<\/span>\n\t\t\t\t\t<span class=\"cue-track-artist\" itemprop=\"byArtist\">Jawor Jan, Putowski J\u00f3zef, Haczyk J\u00f3zef<\/span>\n\t\t\t\t<\/span>\n\n\t\t\t\t\n\t\t\t\t<span class=\"cue-track-length cue-track-cell\">0:51<\/span>\n\n\t\t\t\t\t\t\t<\/li>\n\t\t\t\t\t<li class=\"cue-track\" itemprop=\"track\" itemscope itemtype=\"http:\/\/schema.org\/MusicRecording\">\n\t\t\t\t\n\t\t\t\t<span class=\"cue-track-details cue-track-cell\">\n\t\t\t\t\t<span class=\"cue-track-title\" itemprop=\"name\">73. Polka Na drabinie<\/span>\n\t\t\t\t\t<span class=\"cue-track-artist\" itemprop=\"byArtist\">Jawor Jan, Putowski J\u00f3zef, Haczyk J\u00f3zef<\/span>\n\t\t\t\t<\/span>\n\n\t\t\t\t\n\t\t\t\t<span class=\"cue-track-length cue-track-cell\">0:53<\/span>\n\n\t\t\t\t\t\t\t<\/li>\n\t\t\t\t\t<li class=\"cue-track\" itemprop=\"track\" itemscope itemtype=\"http:\/\/schema.org\/MusicRecording\">\n\t\t\t\t\n\t\t\t\t<span class=\"cue-track-details cue-track-cell\">\n\t\t\t\t\t<span class=\"cue-track-title\" itemprop=\"name\">74. Siedzi sowa na stodol\u2019e zaj\u0105c na lodzie \u2013 pie\u015b\u0144 zalotna<\/span>\n\t\t\t\t\t<span class=\"cue-track-artist\" itemprop=\"byArtist\">Nieznany wykonawca<\/span>\n\t\t\t\t<\/span>\n\n\t\t\t\t\n\t\t\t\t<span class=\"cue-track-length cue-track-cell\">1:37<\/span>\n\n\t\t\t\t\t\t\t<\/li>\n\t\t\t\t\t<li class=\"cue-track\" itemprop=\"track\" itemscope itemtype=\"http:\/\/schema.org\/MusicRecording\">\n\t\t\t\t\n\t\t\t\t<span class=\"cue-track-details cue-track-cell\">\n\t\t\t\t\t<span class=\"cue-track-title\" itemprop=\"name\">75. Oberek od Sielca<\/span>\n\t\t\t\t\t<span class=\"cue-track-artist\" itemprop=\"byArtist\"><\/span>\n\t\t\t\t<\/span>\n\n\t\t\t\t\n\t\t\t\t<span class=\"cue-track-length cue-track-cell\">0:36<\/span>\n\n\t\t\t\t\t\t\t<\/li>\n\t\t\t\t\t<li class=\"cue-track\" itemprop=\"track\" itemscope itemtype=\"http:\/\/schema.org\/MusicRecording\">\n\t\t\t\t\n\t\t\t\t<span class=\"cue-track-details cue-track-cell\">\n\t\t\t\t\t<span class=\"cue-track-title\" itemprop=\"name\">76. Polka Kopcia<\/span>\n\t\t\t\t\t<span class=\"cue-track-artist\" itemprop=\"byArtist\"><\/span>\n\t\t\t\t<\/span>\n\n\t\t\t\t\n\t\t\t\t<span class=\"cue-track-length cue-track-cell\">0:55<\/span>\n\n\t\t\t\t\t\t\t<\/li>\n\t\t\t\t\t<li class=\"cue-track\" itemprop=\"track\" itemscope itemtype=\"http:\/\/schema.org\/MusicRecording\">\n\t\t\t\t\n\t\t\t\t<span class=\"cue-track-details cue-track-cell\">\n\t\t\t\t\t<span class=\"cue-track-title\" itemprop=\"name\">77. Lulajze mi lulaj m\u00f3j ma\u0142y narodzie \u2013 ko\u0142ysanka<\/span>\n\t\t\t\t\t<span class=\"cue-track-artist\" itemprop=\"byArtist\">Jaworska Michalina<\/span>\n\t\t\t\t<\/span>\n\n\t\t\t\t\n\t\t\t\t<span class=\"cue-track-length cue-track-cell\">0:24<\/span>\n\n\t\t\t\t\t\t\t<\/li>\n\t\t\t\t\t<li class=\"cue-track\" itemprop=\"track\" itemscope itemtype=\"http:\/\/schema.org\/MusicRecording\">\n\t\t\t\t\n\t\t\t\t<span class=\"cue-track-details cue-track-cell\">\n\t\t\t\t\t<span class=\"cue-track-title\" itemprop=\"name\">78. Ola moja ola idom panny z pola \u2013 pie\u015b\u0144 zalotna<\/span>\n\t\t\t\t\t<span class=\"cue-track-artist\" itemprop=\"byArtist\">Jaworska Michalina<\/span>\n\t\t\t\t<\/span>\n\n\t\t\t\t\n\t\t\t\t<span class=\"cue-track-length cue-track-cell\">0:43<\/span>\n\n\t\t\t\t\t\t\t<\/li>\n\t\t\t\t\t<li class=\"cue-track\" itemprop=\"track\" itemscope itemtype=\"http:\/\/schema.org\/MusicRecording\">\n\t\t\t\t\n\t\t\t\t<span class=\"cue-track-details cue-track-cell\">\n\t\t\t\t\t<span class=\"cue-track-title\" itemprop=\"name\">79. Pojedzies pojade we\u017a i mnie ze sobom \u2013 pie\u015b\u0144 mi\u0142osna<\/span>\n\t\t\t\t\t<span class=\"cue-track-artist\" itemprop=\"byArtist\">Jaworska Michalina<\/span>\n\t\t\t\t<\/span>\n\n\t\t\t\t\n\t\t\t\t<span class=\"cue-track-length cue-track-cell\">0:38<\/span>\n\n\t\t\t\t\t\t\t<\/li>\n\t\t\t\t\t<li class=\"cue-track\" itemprop=\"track\" itemscope itemtype=\"http:\/\/schema.org\/MusicRecording\">\n\t\t\t\t\n\t\t\t\t<span class=\"cue-track-details cue-track-cell\">\n\t\t\t\t\t<span class=\"cue-track-title\" itemprop=\"name\">80. Krakowiak \u0141ajdok<\/span>\n\t\t\t\t\t<span class=\"cue-track-artist\" itemprop=\"byArtist\">Zar\u0119bski Wincenty, Putowski J\u00f3zef, Haczyk J\u00f3zef<\/span>\n\t\t\t\t<\/span>\n\n\t\t\t\t\n\t\t\t\t<span class=\"cue-track-length cue-track-cell\">0:30<\/span>\n\n\t\t\t\t\t\t\t<\/li>\n\t\t\t\t\t<li class=\"cue-track\" itemprop=\"track\" itemscope itemtype=\"http:\/\/schema.org\/MusicRecording\">\n\t\t\t\t\n\t\t\t\t<span class=\"cue-track-details cue-track-cell\">\n\t\t\t\t\t<span class=\"cue-track-title\" itemprop=\"name\">81. Lesiok<\/span>\n\t\t\t\t\t<span class=\"cue-track-artist\" itemprop=\"byArtist\">Zar\u0119bski Wincenty, Putowski J\u00f3zef, Haczyk J\u00f3zef<\/span>\n\t\t\t\t<\/span>\n\n\t\t\t\t\n\t\t\t\t<span class=\"cue-track-length cue-track-cell\">0:31<\/span>\n\n\t\t\t\t\t\t\t<\/li>\n\t\t\t\t\t<li class=\"cue-track\" itemprop=\"track\" itemscope itemtype=\"http:\/\/schema.org\/MusicRecording\">\n\t\t\t\t\n\t\t\t\t<span class=\"cue-track-details cue-track-cell\">\n\t\t\t\t\t<span class=\"cue-track-title\" itemprop=\"name\">82. Oberek od Rac\u0142awic<\/span>\n\t\t\t\t\t<span class=\"cue-track-artist\" itemprop=\"byArtist\"><\/span>\n\t\t\t\t<\/span>\n\n\t\t\t\t\n\t\t\t\t<span class=\"cue-track-length cue-track-cell\">1:08<\/span>\n\n\t\t\t\t\t\t\t<\/li>\n\t\t\t\t\t<li class=\"cue-track\" itemprop=\"track\" itemscope itemtype=\"http:\/\/schema.org\/MusicRecording\">\n\t\t\t\t\n\t\t\t\t<span class=\"cue-track-details cue-track-cell\">\n\t\t\t\t\t<span class=\"cue-track-title\" itemprop=\"name\">83. Polka wyrobnicza<\/span>\n\t\t\t\t\t<span class=\"cue-track-artist\" itemprop=\"byArtist\"><\/span>\n\t\t\t\t<\/span>\n\n\t\t\t\t\n\t\t\t\t<span class=\"cue-track-length cue-track-cell\">0:30<\/span>\n\n\t\t\t\t\t\t\t<\/li>\n\t\t\t\t\t<li class=\"cue-track\" itemprop=\"track\" itemscope itemtype=\"http:\/\/schema.org\/MusicRecording\">\n\t\t\t\t\n\t\t\t\t<span class=\"cue-track-details cue-track-cell\">\n\t\t\t\t\t<span class=\"cue-track-title\" itemprop=\"name\">84. Polka Kaw\u0119czy\u0144ska<\/span>\n\t\t\t\t\t<span class=\"cue-track-artist\" itemprop=\"byArtist\"><\/span>\n\t\t\t\t<\/span>\n\n\t\t\t\t\n\t\t\t\t<span class=\"cue-track-length cue-track-cell\">0:28<\/span>\n\n\t\t\t\t\t\t\t<\/li>\n\t\t\t\t\t<li class=\"cue-track\" itemprop=\"track\" itemscope itemtype=\"http:\/\/schema.org\/MusicRecording\">\n\t\t\t\t\n\t\t\t\t<span class=\"cue-track-details cue-track-cell\">\n\t\t\t\t\t<span class=\"cue-track-title\" itemprop=\"name\">85. Siwa kobelina pod bor\u00e9m z\u00e9ra\u0142a \u2013 pie\u015b\u0144 mi\u0142osna<\/span>\n\t\t\t\t\t<span class=\"cue-track-artist\" itemprop=\"byArtist\">Szpaczy\u0144ski Stanis\u0142aw<\/span>\n\t\t\t\t<\/span>\n\n\t\t\t\t\n\t\t\t\t<span class=\"cue-track-length cue-track-cell\">0:26<\/span>\n\n\t\t\t\t\t\t\t<\/li>\n\t\t\t\t\t<li class=\"cue-track\" itemprop=\"track\" itemscope itemtype=\"http:\/\/schema.org\/MusicRecording\">\n\t\t\t\t\n\t\t\t\t<span class=\"cue-track-details cue-track-cell\">\n\t\t\t\t\t<span class=\"cue-track-title\" itemprop=\"name\">86. A uu moji mamy stoja\u0142a grusza \u2013 pie\u015b\u0144 mi\u0142osna<\/span>\n\t\t\t\t\t<span class=\"cue-track-artist\" itemprop=\"byArtist\">Jagie\u0142\u0142o Antonina<\/span>\n\t\t\t\t<\/span>\n\n\t\t\t\t\n\t\t\t\t<span class=\"cue-track-length cue-track-cell\">0:43<\/span>\n\n\t\t\t\t\t\t\t<\/li>\n\t\t\t\t\t<li class=\"cue-track\" itemprop=\"track\" itemscope itemtype=\"http:\/\/schema.org\/MusicRecording\">\n\t\t\t\t\n\t\t\t\t<span class=\"cue-track-details cue-track-cell\">\n\t\t\t\t\t<span class=\"cue-track-title\" itemprop=\"name\">87. Ty ziel\u00e5ny rozmarynie siwa\u0142am cie po zag\u00f3nie \u2013 pie\u015b\u0144 panie\u0144ska<\/span>\n\t\t\t\t\t<span class=\"cue-track-artist\" itemprop=\"byArtist\">Cyprys Eleonora<\/span>\n\t\t\t\t<\/span>\n\n\t\t\t\t\n\t\t\t\t<span class=\"cue-track-length cue-track-cell\">0:21<\/span>\n\n\t\t\t\t\t\t\t<\/li>\n\t\t\t\t\t<li class=\"cue-track\" itemprop=\"track\" itemscope itemtype=\"http:\/\/schema.org\/MusicRecording\">\n\t\t\t\t\n\t\t\t\t<span class=\"cue-track-details cue-track-cell\">\n\t\t\t\t\t<span class=\"cue-track-title\" itemprop=\"name\">88. Ober wyjazdowy<\/span>\n\t\t\t\t\t<span class=\"cue-track-artist\" itemprop=\"byArtist\">Jakubowski W\u0142adys\u0142aw<\/span>\n\t\t\t\t<\/span>\n\n\t\t\t\t\n\t\t\t\t<span class=\"cue-track-length cue-track-cell\">0:49<\/span>\n\n\t\t\t\t\t\t\t<\/li>\n\t\t\t\t\t<li class=\"cue-track\" itemprop=\"track\" itemscope itemtype=\"http:\/\/schema.org\/MusicRecording\">\n\t\t\t\t\n\t\t\t\t<span class=\"cue-track-details cue-track-cell\">\n\t\t\t\t\t<span class=\"cue-track-title\" itemprop=\"name\">89. Ci\u0119zki ci\u0119zki kamie\u0144 m\u0142y\u0144ski jeszcze ci\u0119zsy ston ma\u0142\u017c\u00e9\u0144ski \u2013 pie\u015b\u0144 rodzinna<\/span>\n\t\t\t\t\t<span class=\"cue-track-artist\" itemprop=\"byArtist\">Jagie\u0142\u0142o Antonina<\/span>\n\t\t\t\t<\/span>\n\n\t\t\t\t\n\t\t\t\t<span class=\"cue-track-length cue-track-cell\">0:35<\/span>\n\n\t\t\t\t\t\t\t<\/li>\n\t\t\t\t\t<li class=\"cue-track\" itemprop=\"track\" itemscope itemtype=\"http:\/\/schema.org\/MusicRecording\">\n\t\t\t\t\n\t\t\t\t<span class=\"cue-track-details cue-track-cell\">\n\t\t\t\t\t<span class=\"cue-track-title\" itemprop=\"name\">90. Oberek dla starszych<\/span>\n\t\t\t\t\t<span class=\"cue-track-artist\" itemprop=\"byArtist\"><\/span>\n\t\t\t\t<\/span>\n\n\t\t\t\t\n\t\t\t\t<span class=\"cue-track-length cue-track-cell\">1:01<\/span>\n\n\t\t\t\t\t\t\t<\/li>\n\t\t\t\t\t<li class=\"cue-track\" itemprop=\"track\" itemscope itemtype=\"http:\/\/schema.org\/MusicRecording\">\n\t\t\t\t\n\t\t\t\t<span class=\"cue-track-details cue-track-cell\">\n\t\t\t\t\t<span class=\"cue-track-title\" itemprop=\"name\">91. Polka Krasi\u0144skiego<\/span>\n\t\t\t\t\t<span class=\"cue-track-artist\" itemprop=\"byArtist\"><\/span>\n\t\t\t\t<\/span>\n\n\t\t\t\t\n\t\t\t\t<span class=\"cue-track-length cue-track-cell\">0:56<\/span>\n\n\t\t\t\t\t\t\t<\/li>\n\t\t\t\t\t<li class=\"cue-track\" itemprop=\"track\" itemscope itemtype=\"http:\/\/schema.org\/MusicRecording\">\n\t\t\t\t\n\t\t\t\t<span class=\"cue-track-details cue-track-cell\">\n\t\t\t\t\t<span class=\"cue-track-title\" itemprop=\"name\">92. Ju\u017aci dobry dzi\u0144 moja Marysiu \u2013 pie\u015b\u0144 weselna<\/span>\n\t\t\t\t\t<span class=\"cue-track-artist\" itemprop=\"byArtist\">Jagie\u0142\u0142o Antonina<\/span>\n\t\t\t\t<\/span>\n\n\t\t\t\t\n\t\t\t\t<span class=\"cue-track-length cue-track-cell\">0:50<\/span>\n\n\t\t\t\t\t\t\t<\/li>\n\t\t\t\t\t<li class=\"cue-track\" itemprop=\"track\" itemscope itemtype=\"http:\/\/schema.org\/MusicRecording\">\n\t\t\t\t\n\t\t\t\t<span class=\"cue-track-details cue-track-cell\">\n\t\t\t\t\t<span class=\"cue-track-title\" itemprop=\"name\">93. Trzeba by to trzeba mamusi zawo\u0142a\u0107 \u2013 pie\u015b\u0144 weselna, oczepinowa<\/span>\n\t\t\t\t\t<span class=\"cue-track-artist\" itemprop=\"byArtist\">Rydzkowa Zofia<\/span>\n\t\t\t\t<\/span>\n\n\t\t\t\t\n\t\t\t\t<span class=\"cue-track-length cue-track-cell\">0:40<\/span>\n\n\t\t\t\t\t\t\t<\/li>\n\t\t\t\t\t<li class=\"cue-track\" itemprop=\"track\" itemscope itemtype=\"http:\/\/schema.org\/MusicRecording\">\n\t\t\t\t\n\t\t\t\t<span class=\"cue-track-details cue-track-cell\">\n\t\t\t\t\t<span class=\"cue-track-title\" itemprop=\"name\">94. Weselna<\/span>\n\t\t\t\t\t<span class=\"cue-track-artist\" itemprop=\"byArtist\"><\/span>\n\t\t\t\t<\/span>\n\n\t\t\t\t\n\t\t\t\t<span class=\"cue-track-length cue-track-cell\">0:32<\/span>\n\n\t\t\t\t\t\t\t<\/li>\n\t\t\t\t\t<li class=\"cue-track\" itemprop=\"track\" itemscope itemtype=\"http:\/\/schema.org\/MusicRecording\">\n\t\t\t\t\n\t\t\t\t<span class=\"cue-track-details cue-track-cell\">\n\t\t\t\t\t<span class=\"cue-track-title\" itemprop=\"name\">95. Polka Gajeckiego<\/span>\n\t\t\t\t\t<span class=\"cue-track-artist\" itemprop=\"byArtist\"><\/span>\n\t\t\t\t<\/span>\n\n\t\t\t\t\n\t\t\t\t<span class=\"cue-track-length cue-track-cell\">1:08<\/span>\n\n\t\t\t\t\t\t\t<\/li>\n\t\t\t\t\t<li class=\"cue-track\" itemprop=\"track\" itemscope itemtype=\"http:\/\/schema.org\/MusicRecording\">\n\t\t\t\t\n\t\t\t\t<span class=\"cue-track-details cue-track-cell\">\n\t\t\t\t\t<span class=\"cue-track-title\" itemprop=\"name\">96. Polka w\u0142oszczowska<\/span>\n\t\t\t\t\t<span class=\"cue-track-artist\" itemprop=\"byArtist\"><\/span>\n\t\t\t\t<\/span>\n\n\t\t\t\t\n\t\t\t\t<span class=\"cue-track-length cue-track-cell\">1:36<\/span>\n\n\t\t\t\t\t\t\t<\/li>\n\t\t\t<\/ol>\n\n\t<\/div>\n\t\t<script type=\"application\/json\" class=\"cue-playlist-data\">{\"embed_link\":\"https:\\\/\\\/etnofon.pl\\\/en\\\/?cue_embed=pamiatki-przeszlosci-z-archiwum-wydobyte-piesni-i-muzyka-kielecczyzny&cue_theme=default\",\"permalink\":\"https:\\\/\\\/etnofon.pl\\\/en\\\/?cue_playlist=pamiatki-przeszlosci-z-archiwum-wydobyte-piesni-i-muzyka-kielecczyzny\",\"skin\":\"cue-skin-default\",\"thumbnail\":\"https:\\\/\\\/etnofon.pl\\\/wp-content\\\/uploads\\\/2020\\\/09\\\/kielce-vol.9.jpg\",\"tracks\":[{\"artist\":\"S\\u0142o\\u0144 Stanis\\u0142aw\",\"artworkId\":0,\"artworkUrl\":\"\",\"audioId\":2815,\"audioUrl\":\"https:\\\/\\\/etnofon.pl\\\/wp-content\\\/uploads\\\/2020\\\/11\\\/Kieleckie-1.mp3\",\"format\":\"mp3\",\"length\":\"0:33\",\"title\":\"1. Okr\\u0105g\\u0142y zza g\\u00f3r\",\"order\":0,\"mp3\":\"https:\\\/\\\/etnofon.pl\\\/wp-content\\\/uploads\\\/2020\\\/11\\\/Kieleckie-1.mp3\",\"meta\":{\"artist\":\"S\\u0142o\\u0144 Stanis\\u0142aw\",\"length_formatted\":\"0:33\"},\"src\":\"https:\\\/\\\/etnofon.pl\\\/wp-content\\\/uploads\\\/2020\\\/11\\\/Kieleckie-1.mp3\",\"thumb\":{\"src\":\"\"}},{\"artist\":\"Pastuszka Marianna\",\"artworkId\":0,\"artworkUrl\":\"\",\"audioId\":2816,\"audioUrl\":\"https:\\\/\\\/etnofon.pl\\\/wp-content\\\/uploads\\\/2020\\\/11\\\/Kieleckie-2.mp3\",\"format\":\"mp3\",\"length\":\"0:13\",\"title\":\"2. Oj zagrajze mi zagraj oberecka z nogi \\u2013 przy\\u015bpiewki\",\"order\":1,\"mp3\":\"https:\\\/\\\/etnofon.pl\\\/wp-content\\\/uploads\\\/2020\\\/11\\\/Kieleckie-2.mp3\",\"meta\":{\"artist\":\"Pastuszka Marianna\",\"length_formatted\":\"0:13\"},\"src\":\"https:\\\/\\\/etnofon.pl\\\/wp-content\\\/uploads\\\/2020\\\/11\\\/Kieleckie-2.mp3\",\"thumb\":{\"src\":\"\"}},{\"artist\":\"G\\u00f3rzy\\u0144ski Feliks, Marcisz Jan\",\"artworkId\":0,\"artworkUrl\":\"\",\"audioId\":2817,\"audioUrl\":\"https:\\\/\\\/etnofon.pl\\\/wp-content\\\/uploads\\\/2020\\\/11\\\/Kieleckie-3.mp3\",\"format\":\"mp3\",\"length\":\"0:16\",\"title\":\"3. Oberek zagna\\u0144ski\",\"order\":2,\"mp3\":\"https:\\\/\\\/etnofon.pl\\\/wp-content\\\/uploads\\\/2020\\\/11\\\/Kieleckie-3.mp3\",\"meta\":{\"artist\":\"G\\u00f3rzy\\u0144ski Feliks, Marcisz Jan\",\"length_formatted\":\"0:16\"},\"src\":\"https:\\\/\\\/etnofon.pl\\\/wp-content\\\/uploads\\\/2020\\\/11\\\/Kieleckie-3.mp3\",\"thumb\":{\"src\":\"\"}},{\"artist\":\"Nieznany wykonawca\",\"artworkId\":0,\"artworkUrl\":\"\",\"audioId\":2818,\"audioUrl\":\"https:\\\/\\\/etnofon.pl\\\/wp-content\\\/uploads\\\/2020\\\/11\\\/Kieleckie-4.mp3\",\"format\":\"mp3\",\"length\":\"0:19\",\"title\":\"4. Mazur od Zagna\\u0144ska (w zapowiedzi: mazurek)\",\"order\":3,\"mp3\":\"https:\\\/\\\/etnofon.pl\\\/wp-content\\\/uploads\\\/2020\\\/11\\\/Kieleckie-4.mp3\",\"meta\":{\"artist\":\"Nieznany wykonawca\",\"length_formatted\":\"0:19\"},\"src\":\"https:\\\/\\\/etnofon.pl\\\/wp-content\\\/uploads\\\/2020\\\/11\\\/Kieleckie-4.mp3\",\"thumb\":{\"src\":\"\"}},{\"artist\":\"Siwek J\\u00f3zef\",\"artworkId\":0,\"artworkUrl\":\"\",\"audioId\":2819,\"audioUrl\":\"https:\\\/\\\/etnofon.pl\\\/wp-content\\\/uploads\\\/2020\\\/11\\\/Kieleckie-5.mp3\",\"format\":\"mp3\",\"length\":\"0:56\",\"title\":\"5. uOj zagrajze mi zagraj tego mazurecka \\u2013 przy\\u015bpiewki\",\"order\":4,\"mp3\":\"https:\\\/\\\/etnofon.pl\\\/wp-content\\\/uploads\\\/2020\\\/11\\\/Kieleckie-5.mp3\",\"meta\":{\"artist\":\"Siwek J\\u00f3zef\",\"length_formatted\":\"0:56\"},\"src\":\"https:\\\/\\\/etnofon.pl\\\/wp-content\\\/uploads\\\/2020\\\/11\\\/Kieleckie-5.mp3\",\"thumb\":{\"src\":\"\"}},{\"artist\":\"\\u015aliwa Jan\",\"artworkId\":0,\"artworkUrl\":\"\",\"audioId\":2820,\"audioUrl\":\"https:\\\/\\\/etnofon.pl\\\/wp-content\\\/uploads\\\/2020\\\/11\\\/Kieleckie-6.mp3\",\"format\":\"mp3\",\"length\":\"0:48\",\"title\":\"6. Mazurek wsiowy\",\"order\":5,\"mp3\":\"https:\\\/\\\/etnofon.pl\\\/wp-content\\\/uploads\\\/2020\\\/11\\\/Kieleckie-6.mp3\",\"meta\":{\"artist\":\"\\u015aliwa Jan\",\"length_formatted\":\"0:48\"},\"src\":\"https:\\\/\\\/etnofon.pl\\\/wp-content\\\/uploads\\\/2020\\\/11\\\/Kieleckie-6.mp3\",\"thumb\":{\"src\":\"\"}},{\"artist\":\"\\u015aliwa Jan\",\"artworkId\":0,\"artworkUrl\":\"\",\"audioId\":2821,\"audioUrl\":\"https:\\\/\\\/etnofon.pl\\\/wp-content\\\/uploads\\\/2020\\\/11\\\/Kieleckie-7.mp3\",\"format\":\"mp3\",\"length\":\"0:57\",\"title\":\"7. Mazurek \\u015bwiatowy\",\"order\":6,\"mp3\":\"https:\\\/\\\/etnofon.pl\\\/wp-content\\\/uploads\\\/2020\\\/11\\\/Kieleckie-7.mp3\",\"meta\":{\"artist\":\"\\u015aliwa Jan\",\"length_formatted\":\"0:57\"},\"src\":\"https:\\\/\\\/etnofon.pl\\\/wp-content\\\/uploads\\\/2020\\\/11\\\/Kieleckie-7.mp3\",\"thumb\":{\"src\":\"\"}},{\"artist\":\"Cie\\u015blak Stanis\\u0142aw\",\"artworkId\":0,\"artworkUrl\":\"\",\"audioId\":2822,\"audioUrl\":\"https:\\\/\\\/etnofon.pl\\\/wp-content\\\/uploads\\\/2020\\\/11\\\/Kieleckie-8.mp3\",\"format\":\"mp3\",\"length\":\"1:10\",\"title\":\"8. W pewnej chwili li\\u015b si\\u0119 z uos\\u0142em kra\\u015b\\u0107 zm\\u00f3wili \\u2013 pie\\u015b\\u0144-bajka\",\"order\":7,\"mp3\":\"https:\\\/\\\/etnofon.pl\\\/wp-content\\\/uploads\\\/2020\\\/11\\\/Kieleckie-8.mp3\",\"meta\":{\"artist\":\"Cie\\u015blak Stanis\\u0142aw\",\"length_formatted\":\"1:10\"},\"src\":\"https:\\\/\\\/etnofon.pl\\\/wp-content\\\/uploads\\\/2020\\\/11\\\/Kieleckie-8.mp3\",\"thumb\":{\"src\":\"\"}},{\"artist\":\"Cie\\u015blak Stanis\\u0142aw\",\"artworkId\":0,\"artworkUrl\":\"\",\"audioId\":2823,\"audioUrl\":\"https:\\\/\\\/etnofon.pl\\\/wp-content\\\/uploads\\\/2020\\\/11\\\/Kieleckie-9.mp3\",\"format\":\"mp3\",\"length\":\"0:31\",\"title\":\"9. Hej tam w karczmie za sto\\u0142em \\u2013 pie\\u015b\\u0144 historyczna\",\"order\":8,\"mp3\":\"https:\\\/\\\/etnofon.pl\\\/wp-content\\\/uploads\\\/2020\\\/11\\\/Kieleckie-9.mp3\",\"meta\":{\"artist\":\"Cie\\u015blak Stanis\\u0142aw\",\"length_formatted\":\"0:31\"},\"src\":\"https:\\\/\\\/etnofon.pl\\\/wp-content\\\/uploads\\\/2020\\\/11\\\/Kieleckie-9.mp3\",\"thumb\":{\"src\":\"\"}},{\"artist\":\"\\u015aliwa Jan\",\"artworkId\":0,\"artworkUrl\":\"\",\"audioId\":2824,\"audioUrl\":\"https:\\\/\\\/etnofon.pl\\\/wp-content\\\/uploads\\\/2020\\\/11\\\/Kieleckie-10.mp3\",\"format\":\"mp3\",\"length\":\"0:43\",\"title\":\"10. Mazurek w\\u0142asny\",\"order\":9,\"mp3\":\"https:\\\/\\\/etnofon.pl\\\/wp-content\\\/uploads\\\/2020\\\/11\\\/Kieleckie-10.mp3\",\"meta\":{\"artist\":\"\\u015aliwa Jan\",\"length_formatted\":\"0:43\"},\"src\":\"https:\\\/\\\/etnofon.pl\\\/wp-content\\\/uploads\\\/2020\\\/11\\\/Kieleckie-10.mp3\",\"thumb\":{\"src\":\"\"}},{\"artist\":\"\\u015aliwa Jan\",\"artworkId\":0,\"artworkUrl\":\"\",\"audioId\":2825,\"audioUrl\":\"https:\\\/\\\/etnofon.pl\\\/wp-content\\\/uploads\\\/2020\\\/11\\\/Kieleckie-11.mp3\",\"format\":\"mp3\",\"length\":\"0:55\",\"title\":\"11. Mazurek Obl\\u0119gorski A zagraj\\u017ce mi zagraj\",\"order\":10,\"mp3\":\"https:\\\/\\\/etnofon.pl\\\/wp-content\\\/uploads\\\/2020\\\/11\\\/Kieleckie-11.mp3\",\"meta\":{\"artist\":\"\\u015aliwa Jan\",\"length_formatted\":\"0:55\"},\"src\":\"https:\\\/\\\/etnofon.pl\\\/wp-content\\\/uploads\\\/2020\\\/11\\\/Kieleckie-11.mp3\",\"thumb\":{\"src\":\"\"}},{\"artist\":\"Gwardy\\u015b Andrzej\",\"artworkId\":0,\"artworkUrl\":\"\",\"audioId\":2826,\"audioUrl\":\"https:\\\/\\\/etnofon.pl\\\/wp-content\\\/uploads\\\/2020\\\/11\\\/Kieleckie-12.mp3\",\"format\":\"mp3\",\"length\":\"0:28\",\"title\":\"12. A k\\u0142apojze toruniu toruniu \\u2013 pie\\u015b\\u0144 \\u015bpiewana podczas chodzenia z turoniem\",\"order\":11,\"mp3\":\"https:\\\/\\\/etnofon.pl\\\/wp-content\\\/uploads\\\/2020\\\/11\\\/Kieleckie-12.mp3\",\"meta\":{\"artist\":\"Gwardy\\u015b Andrzej\",\"length_formatted\":\"0:28\"},\"src\":\"https:\\\/\\\/etnofon.pl\\\/wp-content\\\/uploads\\\/2020\\\/11\\\/Kieleckie-12.mp3\",\"thumb\":{\"src\":\"\"}},{\"artist\":\"Gwardy\\u015b Andrzej\",\"artworkId\":0,\"artworkUrl\":\"\",\"audioId\":2827,\"audioUrl\":\"https:\\\/\\\/etnofon.pl\\\/wp-content\\\/uploads\\\/2020\\\/11\\\/Kieleckie-13.mp3\",\"format\":\"mp3\",\"length\":\"0:22\",\"title\":\"13. Bia\\u0142y Janie uo\\u017cenie cie piekno zonke naraje ci \\u2013 pie\\u015b\\u0144 sob\\u00f3tkowa\",\"order\":12,\"mp3\":\"https:\\\/\\\/etnofon.pl\\\/wp-content\\\/uploads\\\/2020\\\/11\\\/Kieleckie-13.mp3\",\"meta\":{\"artist\":\"Gwardy\\u015b Andrzej\",\"length_formatted\":\"0:22\"},\"src\":\"https:\\\/\\\/etnofon.pl\\\/wp-content\\\/uploads\\\/2020\\\/11\\\/Kieleckie-13.mp3\",\"thumb\":{\"src\":\"\"}},{\"artist\":\"Weso\\u0142owski Wojciech, Pietrzaba Piotr\",\"artworkId\":0,\"artworkUrl\":\"\",\"audioId\":2828,\"audioUrl\":\"https:\\\/\\\/etnofon.pl\\\/wp-content\\\/uploads\\\/2020\\\/11\\\/Kieleckie-14.mp3\",\"format\":\"mp3\",\"length\":\"0:50\",\"title\":\"14. Melodia\",\"order\":13,\"mp3\":\"https:\\\/\\\/etnofon.pl\\\/wp-content\\\/uploads\\\/2020\\\/11\\\/Kieleckie-14.mp3\",\"meta\":{\"artist\":\"Weso\\u0142owski Wojciech, Pietrzaba Piotr\",\"length_formatted\":\"0:50\"},\"src\":\"https:\\\/\\\/etnofon.pl\\\/wp-content\\\/uploads\\\/2020\\\/11\\\/Kieleckie-14.mp3\",\"thumb\":{\"src\":\"\"}},{\"artist\":\"Weso\\u0142owska Katarzyna\",\"artworkId\":0,\"artworkUrl\":\"\",\"audioId\":2829,\"audioUrl\":\"https:\\\/\\\/etnofon.pl\\\/wp-content\\\/uploads\\\/2020\\\/11\\\/Kieleckie-15.mp3\",\"format\":\"mp3\",\"length\":\"0:08\",\"title\":\"15. A graj\\u017ce mi krzypeczku \\u2013 przy\\u015bpiewka\",\"order\":14,\"mp3\":\"https:\\\/\\\/etnofon.pl\\\/wp-content\\\/uploads\\\/2020\\\/11\\\/Kieleckie-15.mp3\",\"meta\":{\"artist\":\"Weso\\u0142owska Katarzyna\",\"length_formatted\":\"0:08\"},\"src\":\"https:\\\/\\\/etnofon.pl\\\/wp-content\\\/uploads\\\/2020\\\/11\\\/Kieleckie-15.mp3\",\"thumb\":{\"src\":\"\"}},{\"artist\":\"Weso\\u0142owski Wojciech, Pietrzaba Piotr\",\"artworkId\":0,\"artworkUrl\":\"\",\"audioId\":2830,\"audioUrl\":\"https:\\\/\\\/etnofon.pl\\\/wp-content\\\/uploads\\\/2020\\\/11\\\/Kieleckie-16.mp3\",\"format\":\"mp3\",\"length\":\"0:50\",\"title\":\"16. Do to\\u0144ca\",\"order\":15,\"mp3\":\"https:\\\/\\\/etnofon.pl\\\/wp-content\\\/uploads\\\/2020\\\/11\\\/Kieleckie-16.mp3\",\"meta\":{\"artist\":\"Weso\\u0142owski Wojciech, Pietrzaba Piotr\",\"length_formatted\":\"0:50\"},\"src\":\"https:\\\/\\\/etnofon.pl\\\/wp-content\\\/uploads\\\/2020\\\/11\\\/Kieleckie-16.mp3\",\"thumb\":{\"src\":\"\"}},{\"artist\":\"B\\u0105k Marianna\",\"artworkId\":0,\"artworkUrl\":\"\",\"audioId\":2831,\"audioUrl\":\"https:\\\/\\\/etnofon.pl\\\/wp-content\\\/uploads\\\/2020\\\/11\\\/Kieleckie-17.mp3\",\"format\":\"mp3\",\"length\":\"0:38\",\"title\":\"17. Oj zaloty zolota mego konia zjad\\u0142a \\u2013 przy\\u015bpiewki\",\"order\":16,\"mp3\":\"https:\\\/\\\/etnofon.pl\\\/wp-content\\\/uploads\\\/2020\\\/11\\\/Kieleckie-17.mp3\",\"meta\":{\"artist\":\"B\\u0105k Marianna\",\"length_formatted\":\"0:38\"},\"src\":\"https:\\\/\\\/etnofon.pl\\\/wp-content\\\/uploads\\\/2020\\\/11\\\/Kieleckie-17.mp3\",\"thumb\":{\"src\":\"\"}},{\"artist\":\"Weso\\u0142owski Wojciech, Pietrzaba Piotr\",\"artworkId\":0,\"artworkUrl\":\"\",\"audioId\":2832,\"audioUrl\":\"https:\\\/\\\/etnofon.pl\\\/wp-content\\\/uploads\\\/2020\\\/11\\\/Kieleckie-18.mp3\",\"format\":\"mp3\",\"length\":\"1:13\",\"title\":\"18. Letki\",\"order\":17,\"mp3\":\"https:\\\/\\\/etnofon.pl\\\/wp-content\\\/uploads\\\/2020\\\/11\\\/Kieleckie-18.mp3\",\"meta\":{\"artist\":\"Weso\\u0142owski Wojciech, Pietrzaba Piotr\",\"length_formatted\":\"1:13\"},\"src\":\"https:\\\/\\\/etnofon.pl\\\/wp-content\\\/uploads\\\/2020\\\/11\\\/Kieleckie-18.mp3\",\"thumb\":{\"src\":\"\"}},{\"artist\":\"Domaga\\u0142a Magdalena\",\"artworkId\":0,\"artworkUrl\":\"\",\"audioId\":2833,\"audioUrl\":\"https:\\\/\\\/etnofon.pl\\\/wp-content\\\/uploads\\\/2020\\\/11\\\/Kieleckie-19.mp3\",\"format\":\"mp3\",\"length\":\"0:29\",\"title\":\"19. Boze m\\u00f3j Boze m\\u00f3j kieruj mojem losem \\u2013 przy\\u015bpiewki\",\"order\":18,\"mp3\":\"https:\\\/\\\/etnofon.pl\\\/wp-content\\\/uploads\\\/2020\\\/11\\\/Kieleckie-19.mp3\",\"meta\":{\"artist\":\"Domaga\\u0142a Magdalena\",\"length_formatted\":\"0:29\"},\"src\":\"https:\\\/\\\/etnofon.pl\\\/wp-content\\\/uploads\\\/2020\\\/11\\\/Kieleckie-19.mp3\",\"thumb\":{\"src\":\"\"}},{\"artist\":\"Grzejszczyk Stanis\\u0142aw\",\"artworkId\":0,\"artworkUrl\":\"\",\"audioId\":2834,\"audioUrl\":\"https:\\\/\\\/etnofon.pl\\\/wp-content\\\/uploads\\\/2020\\\/11\\\/Kieleckie-20.mp3\",\"format\":\"mp3\",\"length\":\"1:23\",\"title\":\"20. Kolbusz\\u00f3w na oberka i na polk\\u0119\",\"order\":19,\"mp3\":\"https:\\\/\\\/etnofon.pl\\\/wp-content\\\/uploads\\\/2020\\\/11\\\/Kieleckie-20.mp3\",\"meta\":{\"artist\":\"Grzejszczyk Stanis\\u0142aw\",\"length_formatted\":\"1:23\"},\"src\":\"https:\\\/\\\/etnofon.pl\\\/wp-content\\\/uploads\\\/2020\\\/11\\\/Kieleckie-20.mp3\",\"thumb\":{\"src\":\"\"}},{\"artist\":\"Kami\\u0144ska Katarzyna\",\"artworkId\":0,\"artworkUrl\":\"\",\"audioId\":2835,\"audioUrl\":\"https:\\\/\\\/etnofon.pl\\\/wp-content\\\/uploads\\\/2020\\\/11\\\/Kieleckie-21.mp3\",\"format\":\"mp3\",\"length\":\"0:32\",\"title\":\"21. uO ze moja mamusiu posprzedaj- ciez u owce \\u2013 przy\\u015bpiewki\",\"order\":20,\"mp3\":\"https:\\\/\\\/etnofon.pl\\\/wp-content\\\/uploads\\\/2020\\\/11\\\/Kieleckie-21.mp3\",\"meta\":{\"artist\":\"Kami\\u0144ska Katarzyna\",\"length_formatted\":\"0:32\"},\"src\":\"https:\\\/\\\/etnofon.pl\\\/wp-content\\\/uploads\\\/2020\\\/11\\\/Kieleckie-21.mp3\",\"thumb\":{\"src\":\"\"}},{\"artist\":\"Antoni So\\u0142tys\",\"artworkId\":0,\"artworkUrl\":\"\",\"audioId\":2836,\"audioUrl\":\"https:\\\/\\\/etnofon.pl\\\/wp-content\\\/uploads\\\/2020\\\/11\\\/Kieleckie-22.mp3\",\"format\":\"mp3\",\"length\":\"0:20\",\"title\":\"22. Nie ch\\u00f3d\\u017a wele woza nie ch\\u00f3d\\u017a wele uosi \\u2013 przy\\u015bpiewki\",\"order\":21,\"mp3\":\"https:\\\/\\\/etnofon.pl\\\/wp-content\\\/uploads\\\/2020\\\/11\\\/Kieleckie-22.mp3\",\"meta\":{\"artist\":\"Antoni So\\u0142tys\",\"length_formatted\":\"0:20\"},\"src\":\"https:\\\/\\\/etnofon.pl\\\/wp-content\\\/uploads\\\/2020\\\/11\\\/Kieleckie-22.mp3\",\"thumb\":{\"src\":\"\"}},{\"artist\":\"Weso\\u0142owski Wojciech, Pietrzaba Piotr\",\"artworkId\":0,\"artworkUrl\":\"\",\"audioId\":2837,\"audioUrl\":\"https:\\\/\\\/etnofon.pl\\\/wp-content\\\/uploads\\\/2020\\\/11\\\/Kieleckie-23.mp3\",\"format\":\"mp3\",\"length\":\"0:54\",\"title\":\"23. Od Chmielnika\",\"order\":22,\"mp3\":\"https:\\\/\\\/etnofon.pl\\\/wp-content\\\/uploads\\\/2020\\\/11\\\/Kieleckie-23.mp3\",\"meta\":{\"artist\":\"Weso\\u0142owski Wojciech, Pietrzaba Piotr\",\"length_formatted\":\"0:54\"},\"src\":\"https:\\\/\\\/etnofon.pl\\\/wp-content\\\/uploads\\\/2020\\\/11\\\/Kieleckie-23.mp3\",\"thumb\":{\"src\":\"\"}},{\"artist\":\"Grzejszczyk Stanis\\u0142aw\",\"artworkId\":0,\"artworkUrl\":\"\",\"audioId\":2838,\"audioUrl\":\"https:\\\/\\\/etnofon.pl\\\/wp-content\\\/uploads\\\/2020\\\/11\\\/Kieleckie-24.mp3\",\"format\":\"mp3\",\"length\":\"0:49\",\"title\":\"24. \\u015awiatowy wyjezdny\",\"order\":23,\"mp3\":\"https:\\\/\\\/etnofon.pl\\\/wp-content\\\/uploads\\\/2020\\\/11\\\/Kieleckie-24.mp3\",\"meta\":{\"artist\":\"Grzejszczyk Stanis\\u0142aw\",\"length_formatted\":\"0:49\"},\"src\":\"https:\\\/\\\/etnofon.pl\\\/wp-content\\\/uploads\\\/2020\\\/11\\\/Kieleckie-24.mp3\",\"thumb\":{\"src\":\"\"}},{\"artist\":\"Ostrowski Ludwik\",\"artworkId\":0,\"artworkUrl\":\"\",\"audioId\":2839,\"audioUrl\":\"https:\\\/\\\/etnofon.pl\\\/wp-content\\\/uploads\\\/2020\\\/11\\\/Kieleckie-25.mp3\",\"format\":\"mp3\",\"length\":\"2:09\",\"title\":\"25. Sz\\u0142o dw\\u00f3ch dziadk\\u00f3w drogom za ubi- tom szosom \\u2013 parodia pie\\u015bni dziadowskiej\",\"order\":24,\"mp3\":\"https:\\\/\\\/etnofon.pl\\\/wp-content\\\/uploads\\\/2020\\\/11\\\/Kieleckie-25.mp3\",\"meta\":{\"artist\":\"Ostrowski Ludwik\",\"length_formatted\":\"2:09\"},\"src\":\"https:\\\/\\\/etnofon.pl\\\/wp-content\\\/uploads\\\/2020\\\/11\\\/Kieleckie-25.mp3\",\"thumb\":{\"src\":\"\"}},{\"artist\":\"Grzejszczyk Stanis\\u0142aw\",\"artworkId\":0,\"artworkUrl\":\"\",\"audioId\":2840,\"audioUrl\":\"https:\\\/\\\/etnofon.pl\\\/wp-content\\\/uploads\\\/2020\\\/11\\\/Kieleckie-26.mp3\",\"format\":\"mp3\",\"length\":\"0:47\",\"title\":\"26. Wyjezdny w\\u0119drowiec\",\"order\":25,\"mp3\":\"https:\\\/\\\/etnofon.pl\\\/wp-content\\\/uploads\\\/2020\\\/11\\\/Kieleckie-26.mp3\",\"meta\":{\"artist\":\"Grzejszczyk Stanis\\u0142aw\",\"length_formatted\":\"0:47\"},\"src\":\"https:\\\/\\\/etnofon.pl\\\/wp-content\\\/uploads\\\/2020\\\/11\\\/Kieleckie-26.mp3\",\"thumb\":{\"src\":\"\"}},{\"artist\":\"Kami\\u0144ska Katarzyna, Matys J\\u00f3zefa\",\"artworkId\":0,\"artworkUrl\":\"\",\"audioId\":2841,\"audioUrl\":\"https:\\\/\\\/etnofon.pl\\\/wp-content\\\/uploads\\\/2020\\\/11\\\/Kieleckie-27.mp3\",\"format\":\"mp3\",\"length\":\"0:24\",\"title\":\"27. Sokole Kasiu sokole \\u2013 pie\\u015b\\u0144 weselna\",\"order\":26,\"mp3\":\"https:\\\/\\\/etnofon.pl\\\/wp-content\\\/uploads\\\/2020\\\/11\\\/Kieleckie-27.mp3\",\"meta\":{\"artist\":\"Kami\\u0144ska Katarzyna, Matys J\\u00f3zefa\",\"length_formatted\":\"0:24\"},\"src\":\"https:\\\/\\\/etnofon.pl\\\/wp-content\\\/uploads\\\/2020\\\/11\\\/Kieleckie-27.mp3\",\"thumb\":{\"src\":\"\"}},{\"artist\":\"Karwacina Katarzyna\",\"artworkId\":0,\"artworkUrl\":\"\",\"audioId\":2842,\"audioUrl\":\"https:\\\/\\\/etnofon.pl\\\/wp-content\\\/uploads\\\/2020\\\/11\\\/Kieleckie-28.mp3\",\"format\":\"mp3\",\"length\":\"0:24\",\"title\":\"28. Oj moje uOcios\\u0119ki na g\\u00f3rze stojicie \\u2013 przy\\u015bpiewka\",\"order\":27,\"mp3\":\"https:\\\/\\\/etnofon.pl\\\/wp-content\\\/uploads\\\/2020\\\/11\\\/Kieleckie-28.mp3\",\"meta\":{\"artist\":\"Karwacina Katarzyna\",\"length_formatted\":\"0:24\"},\"src\":\"https:\\\/\\\/etnofon.pl\\\/wp-content\\\/uploads\\\/2020\\\/11\\\/Kieleckie-28.mp3\",\"thumb\":{\"src\":\"\"}},{\"artist\":\"\",\"artworkId\":0,\"artworkUrl\":\"\",\"audioId\":2843,\"audioUrl\":\"https:\\\/\\\/etnofon.pl\\\/wp-content\\\/uploads\\\/2020\\\/11\\\/Kieleckie-29.mp3\",\"format\":\"mp3\",\"length\":\"1:08\",\"title\":\"29. Oberek odchodny\",\"order\":28,\"mp3\":\"https:\\\/\\\/etnofon.pl\\\/wp-content\\\/uploads\\\/2020\\\/11\\\/Kieleckie-29.mp3\",\"meta\":{\"artist\":\"\",\"length_formatted\":\"1:08\"},\"src\":\"https:\\\/\\\/etnofon.pl\\\/wp-content\\\/uploads\\\/2020\\\/11\\\/Kieleckie-29.mp3\",\"thumb\":{\"src\":\"\"}},{\"artist\":\"Bro\\u017cyna Marianna\",\"artworkId\":0,\"artworkUrl\":\"\",\"audioId\":2844,\"audioUrl\":\"https:\\\/\\\/etnofon.pl\\\/wp-content\\\/uploads\\\/2020\\\/11\\\/Kieleckie-30.mp3\",\"format\":\"mp3\",\"length\":\"0:49\",\"title\":\"30. A uojze jino uojze fijo\\u0142ecku le\\u015bny \\u2013 przy\\u015bpiewki\",\"order\":29,\"mp3\":\"https:\\\/\\\/etnofon.pl\\\/wp-content\\\/uploads\\\/2020\\\/11\\\/Kieleckie-30.mp3\",\"meta\":{\"artist\":\"Bro\\u017cyna Marianna\",\"length_formatted\":\"0:49\"},\"src\":\"https:\\\/\\\/etnofon.pl\\\/wp-content\\\/uploads\\\/2020\\\/11\\\/Kieleckie-30.mp3\",\"thumb\":{\"src\":\"\"}},{\"artist\":\"Wijasowa Marianna\",\"artworkId\":0,\"artworkUrl\":\"\",\"audioId\":2845,\"audioUrl\":\"https:\\\/\\\/etnofon.pl\\\/wp-content\\\/uploads\\\/2020\\\/11\\\/Kieleckie-31.mp3\",\"format\":\"mp3\",\"length\":\"0:18\",\"title\":\"31. Ko\\u0142yzze sie ko\\u0142ys kolebko bukuowa \\u2013 ko\\u0142ysanka\",\"order\":30,\"mp3\":\"https:\\\/\\\/etnofon.pl\\\/wp-content\\\/uploads\\\/2020\\\/11\\\/Kieleckie-31.mp3\",\"meta\":{\"artist\":\"Wijasowa Marianna\",\"length_formatted\":\"0:18\"},\"src\":\"https:\\\/\\\/etnofon.pl\\\/wp-content\\\/uploads\\\/2020\\\/11\\\/Kieleckie-31.mp3\",\"thumb\":{\"src\":\"\"}},{\"artist\":\"Kruk J\\u00f3zef\",\"artworkId\":0,\"artworkUrl\":\"\",\"audioId\":2846,\"audioUrl\":\"https:\\\/\\\/etnofon.pl\\\/wp-content\\\/uploads\\\/2020\\\/11\\\/Kieleckie-32.mp3\",\"format\":\"mp3\",\"length\":\"2:15\",\"title\":\"32. Posz\\u0142a szlachta na trzy trachta \\u2013 pie\\u015b\\u0144 rekrucka\",\"order\":31,\"mp3\":\"https:\\\/\\\/etnofon.pl\\\/wp-content\\\/uploads\\\/2020\\\/11\\\/Kieleckie-32.mp3\",\"meta\":{\"artist\":\"Kruk J\\u00f3zef\",\"length_formatted\":\"2:15\"},\"src\":\"https:\\\/\\\/etnofon.pl\\\/wp-content\\\/uploads\\\/2020\\\/11\\\/Kieleckie-32.mp3\",\"thumb\":{\"src\":\"\"}},{\"artist\":\"Antoni So\\u0142tys\",\"artworkId\":0,\"artworkUrl\":\"\",\"audioId\":2847,\"audioUrl\":\"https:\\\/\\\/etnofon.pl\\\/wp-content\\\/uploads\\\/2020\\\/11\\\/Kieleckie-33.mp3\",\"format\":\"mp3\",\"length\":\"0:23\",\"title\":\"33. Tam wedle uugora na rozstajnich drogach \\u2013 pie\\u015b\\u0144 \\u017cartobliwa\",\"order\":32,\"mp3\":\"https:\\\/\\\/etnofon.pl\\\/wp-content\\\/uploads\\\/2020\\\/11\\\/Kieleckie-33.mp3\",\"meta\":{\"artist\":\"Antoni So\\u0142tys\",\"length_formatted\":\"0:23\"},\"src\":\"https:\\\/\\\/etnofon.pl\\\/wp-content\\\/uploads\\\/2020\\\/11\\\/Kieleckie-33.mp3\",\"thumb\":{\"src\":\"\"}},{\"artist\":\"\",\"artworkId\":0,\"artworkUrl\":\"\",\"audioId\":2848,\"audioUrl\":\"https:\\\/\\\/etnofon.pl\\\/wp-content\\\/uploads\\\/2020\\\/11\\\/Kieleckie-34.mp3\",\"format\":\"mp3\",\"length\":\"1:04\",\"title\":\"34. Oberek Zza Ma\\u0107kowej stodo\\u0142y\",\"order\":33,\"mp3\":\"https:\\\/\\\/etnofon.pl\\\/wp-content\\\/uploads\\\/2020\\\/11\\\/Kieleckie-34.mp3\",\"meta\":{\"artist\":\"\",\"length_formatted\":\"1:04\"},\"src\":\"https:\\\/\\\/etnofon.pl\\\/wp-content\\\/uploads\\\/2020\\\/11\\\/Kieleckie-34.mp3\",\"thumb\":{\"src\":\"\"}},{\"artist\":\"G\\u00f3rzy\\u0144ski Jakub\",\"artworkId\":0,\"artworkUrl\":\"\",\"audioId\":2849,\"audioUrl\":\"https:\\\/\\\/etnofon.pl\\\/wp-content\\\/uploads\\\/2020\\\/11\\\/Kieleckie-35.mp3\",\"format\":\"mp3\",\"length\":\"0:29\",\"title\":\"35. A ja sobie ide z pola \\u00f3n sie do mnie \\u015bmieje \\u2013 przy\\u015bpiewki\",\"order\":34,\"mp3\":\"https:\\\/\\\/etnofon.pl\\\/wp-content\\\/uploads\\\/2020\\\/11\\\/Kieleckie-35.mp3\",\"meta\":{\"artist\":\"G\\u00f3rzy\\u0144ski Jakub\",\"length_formatted\":\"0:29\"},\"src\":\"https:\\\/\\\/etnofon.pl\\\/wp-content\\\/uploads\\\/2020\\\/11\\\/Kieleckie-35.mp3\",\"thumb\":{\"src\":\"\"}},{\"artist\":\"G\\u00f3rzy\\u0144ski Jakub\",\"artworkId\":0,\"artworkUrl\":\"\",\"audioId\":2850,\"audioUrl\":\"https:\\\/\\\/etnofon.pl\\\/wp-content\\\/uploads\\\/2020\\\/11\\\/Kieleckie-36.mp3\",\"format\":\"mp3\",\"length\":\"0:30\",\"title\":\"36. M\\u00f3j uojciec be\\u0142 poctalijon poctalijon co nosi\\u0142 wode \\u2013 pie\\u015b\\u0144 komiczna\",\"order\":35,\"mp3\":\"https:\\\/\\\/etnofon.pl\\\/wp-content\\\/uploads\\\/2020\\\/11\\\/Kieleckie-36.mp3\",\"meta\":{\"artist\":\"G\\u00f3rzy\\u0144ski Jakub\",\"length_formatted\":\"0:30\"},\"src\":\"https:\\\/\\\/etnofon.pl\\\/wp-content\\\/uploads\\\/2020\\\/11\\\/Kieleckie-36.mp3\",\"thumb\":{\"src\":\"\"}},{\"artist\":\"\",\"artworkId\":0,\"artworkUrl\":\"\",\"audioId\":2851,\"audioUrl\":\"https:\\\/\\\/etnofon.pl\\\/wp-content\\\/uploads\\\/2020\\\/11\\\/Kieleckie-37.mp3\",\"format\":\"mp3\",\"length\":\"1:15\",\"title\":\"37. W\\u0119drowiec od \\u015bw. Krzy\\u017ca\",\"order\":36,\"mp3\":\"https:\\\/\\\/etnofon.pl\\\/wp-content\\\/uploads\\\/2020\\\/11\\\/Kieleckie-37.mp3\",\"meta\":{\"artist\":\"\",\"length_formatted\":\"1:15\"},\"src\":\"https:\\\/\\\/etnofon.pl\\\/wp-content\\\/uploads\\\/2020\\\/11\\\/Kieleckie-37.mp3\",\"thumb\":{\"src\":\"\"}},{\"artist\":\"\",\"artworkId\":0,\"artworkUrl\":\"\",\"audioId\":2852,\"audioUrl\":\"https:\\\/\\\/etnofon.pl\\\/wp-content\\\/uploads\\\/2020\\\/11\\\/Kieleckie-38.mp3\",\"format\":\"mp3\",\"length\":\"1:10\",\"title\":\"38. Polka z W\\u0142oszczowic\",\"order\":37,\"mp3\":\"https:\\\/\\\/etnofon.pl\\\/wp-content\\\/uploads\\\/2020\\\/11\\\/Kieleckie-38.mp3\",\"meta\":{\"artist\":\"\",\"length_formatted\":\"1:10\"},\"src\":\"https:\\\/\\\/etnofon.pl\\\/wp-content\\\/uploads\\\/2020\\\/11\\\/Kieleckie-38.mp3\",\"thumb\":{\"src\":\"\"}},{\"artist\":\"\",\"artworkId\":0,\"artworkUrl\":\"\",\"audioId\":2853,\"audioUrl\":\"https:\\\/\\\/etnofon.pl\\\/wp-content\\\/uploads\\\/2020\\\/11\\\/Kieleckie-39.mp3\",\"format\":\"mp3\",\"length\":\"1:20\",\"title\":\"39. Oberek-ch\\u0142op ze Szczecna\",\"order\":38,\"mp3\":\"https:\\\/\\\/etnofon.pl\\\/wp-content\\\/uploads\\\/2020\\\/11\\\/Kieleckie-39.mp3\",\"meta\":{\"artist\":\"\",\"length_formatted\":\"1:20\"},\"src\":\"https:\\\/\\\/etnofon.pl\\\/wp-content\\\/uploads\\\/2020\\\/11\\\/Kieleckie-39.mp3\",\"thumb\":{\"src\":\"\"}},{\"artist\":\"Mojszczak Rafa\\u0142\",\"artworkId\":0,\"artworkUrl\":\"\",\"audioId\":2854,\"audioUrl\":\"https:\\\/\\\/etnofon.pl\\\/wp-content\\\/uploads\\\/2020\\\/11\\\/Kieleckie-40.mp3\",\"format\":\"mp3\",\"length\":\"1:41\",\"title\":\"40. Po d\\u0142ugiej niewoli dwaj starzy \\u017co\\u0142nie- rze wracali do ojc\\u00f3w swej ziemi \\u2013 pie\\u015b\\u0144 historyczna\",\"order\":39,\"mp3\":\"https:\\\/\\\/etnofon.pl\\\/wp-content\\\/uploads\\\/2020\\\/11\\\/Kieleckie-40.mp3\",\"meta\":{\"artist\":\"Mojszczak Rafa\\u0142\",\"length_formatted\":\"1:41\"},\"src\":\"https:\\\/\\\/etnofon.pl\\\/wp-content\\\/uploads\\\/2020\\\/11\\\/Kieleckie-40.mp3\",\"thumb\":{\"src\":\"\"}},{\"artist\":\"Poreda Dionizy\",\"artworkId\":0,\"artworkUrl\":\"\",\"audioId\":2855,\"audioUrl\":\"https:\\\/\\\/etnofon.pl\\\/wp-content\\\/uploads\\\/2020\\\/11\\\/Kieleckie-41.mp3\",\"format\":\"mp3\",\"length\":\"0:39\",\"title\":\"41. Oberek\",\"order\":40,\"mp3\":\"https:\\\/\\\/etnofon.pl\\\/wp-content\\\/uploads\\\/2020\\\/11\\\/Kieleckie-41.mp3\",\"meta\":{\"artist\":\"Poreda Dionizy\",\"length_formatted\":\"0:39\"},\"src\":\"https:\\\/\\\/etnofon.pl\\\/wp-content\\\/uploads\\\/2020\\\/11\\\/Kieleckie-41.mp3\",\"thumb\":{\"src\":\"\"}},{\"artist\":\"J\\u0119drzejczyk Marcin\",\"artworkId\":0,\"artworkUrl\":\"\",\"audioId\":2856,\"audioUrl\":\"https:\\\/\\\/etnofon.pl\\\/wp-content\\\/uploads\\\/2020\\\/11\\\/Kieleckie-42.mp3\",\"format\":\"mp3\",\"length\":\"0:30\",\"title\":\"42. Kumoter kumosi gorzo\\u0142ecke nosi \\u2013 przy\\u015bpiewka do wypitki\",\"order\":41,\"mp3\":\"https:\\\/\\\/etnofon.pl\\\/wp-content\\\/uploads\\\/2020\\\/11\\\/Kieleckie-42.mp3\",\"meta\":{\"artist\":\"J\\u0119drzejczyk Marcin\",\"length_formatted\":\"0:30\"},\"src\":\"https:\\\/\\\/etnofon.pl\\\/wp-content\\\/uploads\\\/2020\\\/11\\\/Kieleckie-42.mp3\",\"thumb\":{\"src\":\"\"}},{\"artist\":\"J\\u0119drzejczyk Stanis\\u0142aw\",\"artworkId\":0,\"artworkUrl\":\"\",\"audioId\":2857,\"audioUrl\":\"https:\\\/\\\/etnofon.pl\\\/wp-content\\\/uploads\\\/2020\\\/11\\\/Kieleckie-43.mp3\",\"format\":\"mp3\",\"length\":\"0:45\",\"title\":\"43. Do\\u017cynaj do\\u017cynaj przodowniku \\u0142ysy \\u2013 przy\\u015bpiewka do\\u017cynkowa\",\"order\":42,\"mp3\":\"https:\\\/\\\/etnofon.pl\\\/wp-content\\\/uploads\\\/2020\\\/11\\\/Kieleckie-43.mp3\",\"meta\":{\"artist\":\"J\\u0119drzejczyk Stanis\\u0142aw\",\"length_formatted\":\"0:45\"},\"src\":\"https:\\\/\\\/etnofon.pl\\\/wp-content\\\/uploads\\\/2020\\\/11\\\/Kieleckie-43.mp3\",\"thumb\":{\"src\":\"\"}},{\"artist\":\"Michalska Antonina\",\"artworkId\":0,\"artworkUrl\":\"\",\"audioId\":2858,\"audioUrl\":\"https:\\\/\\\/etnofon.pl\\\/wp-content\\\/uploads\\\/2020\\\/11\\\/Kieleckie-44.mp3\",\"format\":\"mp3\",\"length\":\"0:30\",\"title\":\"44. uOj le\\u0144cie le\\u0144cie s\\u0142o\\u0144ce gor\\u0105ce pas\\u0142a dziewcyna wo\\u0142ki na \\u0142\\u0105ce \\u2013 pie\\u015b\\u0144 zalotna\",\"order\":43,\"mp3\":\"https:\\\/\\\/etnofon.pl\\\/wp-content\\\/uploads\\\/2020\\\/11\\\/Kieleckie-44.mp3\",\"meta\":{\"artist\":\"Michalska Antonina\",\"length_formatted\":\"0:30\"},\"src\":\"https:\\\/\\\/etnofon.pl\\\/wp-content\\\/uploads\\\/2020\\\/11\\\/Kieleckie-44.mp3\",\"thumb\":{\"src\":\"\"}},{\"artist\":\"Michalski Piotr\",\"artworkId\":0,\"artworkUrl\":\"\",\"audioId\":2859,\"audioUrl\":\"https:\\\/\\\/etnofon.pl\\\/wp-content\\\/uploads\\\/2020\\\/11\\\/Kieleckie-45.mp3\",\"format\":\"mp3\",\"length\":\"0:41\",\"title\":\"45. Pasternocek\",\"order\":44,\"mp3\":\"https:\\\/\\\/etnofon.pl\\\/wp-content\\\/uploads\\\/2020\\\/11\\\/Kieleckie-45.mp3\",\"meta\":{\"artist\":\"Michalski Piotr\",\"length_formatted\":\"0:41\"},\"src\":\"https:\\\/\\\/etnofon.pl\\\/wp-content\\\/uploads\\\/2020\\\/11\\\/Kieleckie-45.mp3\",\"thumb\":{\"src\":\"\"}},{\"artist\":\"Mojszczak Katarzyna\",\"artworkId\":0,\"artworkUrl\":\"\",\"audioId\":2860,\"audioUrl\":\"https:\\\/\\\/etnofon.pl\\\/wp-content\\\/uploads\\\/2020\\\/11\\\/Kieleckie-46.mp3\",\"format\":\"mp3\",\"length\":\"0:29\",\"title\":\"46. Dzie\\u0144 dobry moji pa\\u0144stwo jak\\u017ce nam sie tu macie \\u2013 pie\\u015b\\u0144 weselna\",\"order\":45,\"mp3\":\"https:\\\/\\\/etnofon.pl\\\/wp-content\\\/uploads\\\/2020\\\/11\\\/Kieleckie-46.mp3\",\"meta\":{\"artist\":\"Mojszczak Katarzyna\",\"length_formatted\":\"0:29\"},\"src\":\"https:\\\/\\\/etnofon.pl\\\/wp-content\\\/uploads\\\/2020\\\/11\\\/Kieleckie-46.mp3\",\"thumb\":{\"src\":\"\"}},{\"artist\":\"Michalski Piotr\",\"artworkId\":0,\"artworkUrl\":\"\",\"audioId\":2861,\"audioUrl\":\"https:\\\/\\\/etnofon.pl\\\/wp-content\\\/uploads\\\/2020\\\/11\\\/Kieleckie-47.mp3\",\"format\":\"mp3\",\"length\":\"0:54\",\"title\":\"47. Wyjezdny z weselem\",\"order\":46,\"mp3\":\"https:\\\/\\\/etnofon.pl\\\/wp-content\\\/uploads\\\/2020\\\/11\\\/Kieleckie-47.mp3\",\"meta\":{\"artist\":\"Michalski Piotr\",\"length_formatted\":\"0:54\"},\"src\":\"https:\\\/\\\/etnofon.pl\\\/wp-content\\\/uploads\\\/2020\\\/11\\\/Kieleckie-47.mp3\",\"thumb\":{\"src\":\"\"}},{\"artist\":\"Duda\\u0142a Antoni\",\"artworkId\":0,\"artworkUrl\":\"\",\"audioId\":2862,\"audioUrl\":\"https:\\\/\\\/etnofon.pl\\\/wp-content\\\/uploads\\\/2020\\\/11\\\/Kieleckie-48.mp3\",\"format\":\"mp3\",\"length\":\"0:34\",\"title\":\"48.Oj co mie puo ty wuodzie ki na ko\\u0142o jidzie \\u2013 przy\\u015bpiewki\",\"order\":47,\"mp3\":\"https:\\\/\\\/etnofon.pl\\\/wp-content\\\/uploads\\\/2020\\\/11\\\/Kieleckie-48.mp3\",\"meta\":{\"artist\":\"Duda\\u0142a Antoni\",\"length_formatted\":\"0:34\"},\"src\":\"https:\\\/\\\/etnofon.pl\\\/wp-content\\\/uploads\\\/2020\\\/11\\\/Kieleckie-48.mp3\",\"thumb\":{\"src\":\"\"}},{\"artist\":\"Maj J\\u00f3zef\",\"artworkId\":0,\"artworkUrl\":\"\",\"audioId\":2863,\"audioUrl\":\"https:\\\/\\\/etnofon.pl\\\/wp-content\\\/uploads\\\/2020\\\/11\\\/Kieleckie-49.mp3\",\"format\":\"mp3\",\"length\":\"0:14\",\"title\":\"49. Ch\\u0142opoki ch\\u0142opoki butami butami jak sie buty zedrom bosymi nogami \\u2013 przy\\u015bpiewka\",\"order\":48,\"mp3\":\"https:\\\/\\\/etnofon.pl\\\/wp-content\\\/uploads\\\/2020\\\/11\\\/Kieleckie-49.mp3\",\"meta\":{\"artist\":\"Maj J\\u00f3zef\",\"length_formatted\":\"0:14\"},\"src\":\"https:\\\/\\\/etnofon.pl\\\/wp-content\\\/uploads\\\/2020\\\/11\\\/Kieleckie-49.mp3\",\"thumb\":{\"src\":\"\"}},{\"artist\":\"\",\"artworkId\":0,\"artworkUrl\":\"\",\"audioId\":2864,\"audioUrl\":\"https:\\\/\\\/etnofon.pl\\\/wp-content\\\/uploads\\\/2020\\\/11\\\/Kieleckie-50.mp3\",\"format\":\"mp3\",\"length\":\"0:39\",\"title\":\"50. Za p\\u0142otem hulali\",\"order\":49,\"mp3\":\"https:\\\/\\\/etnofon.pl\\\/wp-content\\\/uploads\\\/2020\\\/11\\\/Kieleckie-50.mp3\",\"meta\":{\"artist\":\"\",\"length_formatted\":\"0:39\"},\"src\":\"https:\\\/\\\/etnofon.pl\\\/wp-content\\\/uploads\\\/2020\\\/11\\\/Kieleckie-50.mp3\",\"thumb\":{\"src\":\"\"}},{\"artist\":\"Szczepanik J\\u00f3zef\",\"artworkId\":0,\"artworkUrl\":\"\",\"audioId\":2865,\"audioUrl\":\"https:\\\/\\\/etnofon.pl\\\/wp-content\\\/uploads\\\/2020\\\/11\\\/Kieleckie-51.mp3\",\"format\":\"mp3\",\"length\":\"0:40\",\"title\":\"51. A oja moja oja\",\"order\":50,\"mp3\":\"https:\\\/\\\/etnofon.pl\\\/wp-content\\\/uploads\\\/2020\\\/11\\\/Kieleckie-51.mp3\",\"meta\":{\"artist\":\"Szczepanik J\\u00f3zef\",\"length_formatted\":\"0:40\"},\"src\":\"https:\\\/\\\/etnofon.pl\\\/wp-content\\\/uploads\\\/2020\\\/11\\\/Kieleckie-51.mp3\",\"thumb\":{\"src\":\"\"}},{\"artist\":\"Szczepanik J\\u00f3zef\",\"artworkId\":0,\"artworkUrl\":\"\",\"audioId\":2866,\"audioUrl\":\"https:\\\/\\\/etnofon.pl\\\/wp-content\\\/uploads\\\/2020\\\/11\\\/Kieleckie-52.mp3\",\"format\":\"mp3\",\"length\":\"0:34\",\"title\":\"52. A oj\\u017ce ino oja\",\"order\":51,\"mp3\":\"https:\\\/\\\/etnofon.pl\\\/wp-content\\\/uploads\\\/2020\\\/11\\\/Kieleckie-52.mp3\",\"meta\":{\"artist\":\"Szczepanik J\\u00f3zef\",\"length_formatted\":\"0:34\"},\"src\":\"https:\\\/\\\/etnofon.pl\\\/wp-content\\\/uploads\\\/2020\\\/11\\\/Kieleckie-52.mp3\",\"thumb\":{\"src\":\"\"}},{\"artist\":\"Sajowa Ewa\",\"artworkId\":0,\"artworkUrl\":\"\",\"audioId\":2867,\"audioUrl\":\"https:\\\/\\\/etnofon.pl\\\/wp-content\\\/uploads\\\/2020\\\/11\\\/Kieleckie-53.mp3\",\"format\":\"mp3\",\"length\":\"0:54\",\"title\":\"53. Zielono lipka guorza\\u0142a \\u2013 pie\\u015b\\u0144 oczepinowa\",\"order\":52,\"mp3\":\"https:\\\/\\\/etnofon.pl\\\/wp-content\\\/uploads\\\/2020\\\/11\\\/Kieleckie-53.mp3\",\"meta\":{\"artist\":\"Sajowa Ewa\",\"length_formatted\":\"0:54\"},\"src\":\"https:\\\/\\\/etnofon.pl\\\/wp-content\\\/uploads\\\/2020\\\/11\\\/Kieleckie-53.mp3\",\"thumb\":{\"src\":\"\"}},{\"artist\":\"\",\"artworkId\":0,\"artworkUrl\":\"\",\"audioId\":2868,\"audioUrl\":\"https:\\\/\\\/etnofon.pl\\\/wp-content\\\/uploads\\\/2020\\\/11\\\/Kieleckie-54.mp3\",\"format\":\"mp3\",\"length\":\"0:53\",\"title\":\"54. Polka Jag\\u0142y\",\"order\":53,\"mp3\":\"https:\\\/\\\/etnofon.pl\\\/wp-content\\\/uploads\\\/2020\\\/11\\\/Kieleckie-54.mp3\",\"meta\":{\"artist\":\"\",\"length_formatted\":\"0:53\"},\"src\":\"https:\\\/\\\/etnofon.pl\\\/wp-content\\\/uploads\\\/2020\\\/11\\\/Kieleckie-54.mp3\",\"thumb\":{\"src\":\"\"}},{\"artist\":\"Kowal Ma\\u0142gorzata\",\"artworkId\":0,\"artworkUrl\":\"\",\"audioId\":2869,\"audioUrl\":\"https:\\\/\\\/etnofon.pl\\\/wp-content\\\/uploads\\\/2020\\\/11\\\/Kieleckie-55.mp3\",\"format\":\"mp3\",\"length\":\"0:24\",\"title\":\"55. A hulojze \\u0142ysoniu tobie sie gra nie komu \\u2013 pie\\u015b\\u0144 \\u017cartobliwa\",\"order\":54,\"mp3\":\"https:\\\/\\\/etnofon.pl\\\/wp-content\\\/uploads\\\/2020\\\/11\\\/Kieleckie-55.mp3\",\"meta\":{\"artist\":\"Kowal Ma\\u0142gorzata\",\"length_formatted\":\"0:24\"},\"src\":\"https:\\\/\\\/etnofon.pl\\\/wp-content\\\/uploads\\\/2020\\\/11\\\/Kieleckie-55.mp3\",\"thumb\":{\"src\":\"\"}},{\"artist\":\"Ptasznik Stanis\\u0142aw\",\"artworkId\":0,\"artworkUrl\":\"\",\"audioId\":2870,\"audioUrl\":\"https:\\\/\\\/etnofon.pl\\\/wp-content\\\/uploads\\\/2020\\\/11\\\/Kieleckie-56.mp3\",\"format\":\"mp3\",\"length\":\"0:26\",\"title\":\"56. Melodia z Kociny\",\"order\":55,\"mp3\":\"https:\\\/\\\/etnofon.pl\\\/wp-content\\\/uploads\\\/2020\\\/11\\\/Kieleckie-56.mp3\",\"meta\":{\"artist\":\"Ptasznik Stanis\\u0142aw\",\"length_formatted\":\"0:26\"},\"src\":\"https:\\\/\\\/etnofon.pl\\\/wp-content\\\/uploads\\\/2020\\\/11\\\/Kieleckie-56.mp3\",\"thumb\":{\"src\":\"\"}},{\"artist\":\"Ptasznik Stanis\\u0142aw\",\"artworkId\":0,\"artworkUrl\":\"\",\"audioId\":2871,\"audioUrl\":\"https:\\\/\\\/etnofon.pl\\\/wp-content\\\/uploads\\\/2020\\\/11\\\/Kieleckie-57.mp3\",\"format\":\"mp3\",\"length\":\"0:42\",\"title\":\"57. Melodia Klary z Piotrowic\",\"order\":56,\"mp3\":\"https:\\\/\\\/etnofon.pl\\\/wp-content\\\/uploads\\\/2020\\\/11\\\/Kieleckie-57.mp3\",\"meta\":{\"artist\":\"Ptasznik Stanis\\u0142aw\",\"length_formatted\":\"0:42\"},\"src\":\"https:\\\/\\\/etnofon.pl\\\/wp-content\\\/uploads\\\/2020\\\/11\\\/Kieleckie-57.mp3\",\"thumb\":{\"src\":\"\"}},{\"artist\":\"Czop Stanis\\u0142aw\",\"artworkId\":0,\"artworkUrl\":\"\",\"audioId\":2872,\"audioUrl\":\"https:\\\/\\\/etnofon.pl\\\/wp-content\\\/uploads\\\/2020\\\/11\\\/Kieleckie-58.mp3\",\"format\":\"mp3\",\"length\":\"0:31\",\"title\":\"58. Hola hola mamuniu moja \\u2013 pie\\u015b\\u0144 panie\\u0144ska\",\"order\":57,\"mp3\":\"https:\\\/\\\/etnofon.pl\\\/wp-content\\\/uploads\\\/2020\\\/11\\\/Kieleckie-58.mp3\",\"meta\":{\"artist\":\"Czop Stanis\\u0142aw\",\"length_formatted\":\"0:31\"},\"src\":\"https:\\\/\\\/etnofon.pl\\\/wp-content\\\/uploads\\\/2020\\\/11\\\/Kieleckie-58.mp3\",\"thumb\":{\"src\":\"\"}},{\"artist\":\"Czop Stanis\\u0142aw\",\"artworkId\":0,\"artworkUrl\":\"\",\"audioId\":2873,\"audioUrl\":\"https:\\\/\\\/etnofon.pl\\\/wp-content\\\/uploads\\\/2020\\\/11\\\/Kieleckie-59.mp3\",\"format\":\"mp3\",\"length\":\"0:24\",\"title\":\"59. A tam w lesie na pasiece tam Kasinia trawke siece \\u2013 pie\\u015b\\u0144 zalotna\",\"order\":58,\"mp3\":\"https:\\\/\\\/etnofon.pl\\\/wp-content\\\/uploads\\\/2020\\\/11\\\/Kieleckie-59.mp3\",\"meta\":{\"artist\":\"Czop Stanis\\u0142aw\",\"length_formatted\":\"0:24\"},\"src\":\"https:\\\/\\\/etnofon.pl\\\/wp-content\\\/uploads\\\/2020\\\/11\\\/Kieleckie-59.mp3\",\"thumb\":{\"src\":\"\"}},{\"artist\":\"\\u0141azarski W\\u0142adys\\u0142aw\",\"artworkId\":0,\"artworkUrl\":\"\",\"audioId\":2874,\"audioUrl\":\"https:\\\/\\\/etnofon.pl\\\/wp-content\\\/uploads\\\/2020\\\/11\\\/Kieleckie-60.mp3\",\"format\":\"mp3\",\"length\":\"0:42\",\"title\":\"60. Oberek z Go\\u015bci\\u0144czyna\",\"order\":59,\"mp3\":\"https:\\\/\\\/etnofon.pl\\\/wp-content\\\/uploads\\\/2020\\\/11\\\/Kieleckie-60.mp3\",\"meta\":{\"artist\":\"\\u0141azarski W\\u0142adys\\u0142aw\",\"length_formatted\":\"0:42\"},\"src\":\"https:\\\/\\\/etnofon.pl\\\/wp-content\\\/uploads\\\/2020\\\/11\\\/Kieleckie-60.mp3\",\"thumb\":{\"src\":\"\"}},{\"artist\":\"Kocfin Franciszka\",\"artworkId\":0,\"artworkUrl\":\"\",\"audioId\":2875,\"audioUrl\":\"https:\\\/\\\/etnofon.pl\\\/wp-content\\\/uploads\\\/2020\\\/11\\\/Kieleckie-61.mp3\",\"format\":\"mp3\",\"length\":\"0:38\",\"title\":\"61. Ka\\u015b bywa\\u0142a Maryja mi\\u0142y Bo\\u017ce \\u2013 kol\\u0119- da\",\"order\":60,\"mp3\":\"https:\\\/\\\/etnofon.pl\\\/wp-content\\\/uploads\\\/2020\\\/11\\\/Kieleckie-61.mp3\",\"meta\":{\"artist\":\"Kocfin Franciszka\",\"length_formatted\":\"0:38\"},\"src\":\"https:\\\/\\\/etnofon.pl\\\/wp-content\\\/uploads\\\/2020\\\/11\\\/Kieleckie-61.mp3\",\"thumb\":{\"src\":\"\"}},{\"artist\":\"Kocfin Franciszka\",\"artworkId\":0,\"artworkUrl\":\"\",\"audioId\":2876,\"audioUrl\":\"https:\\\/\\\/etnofon.pl\\\/wp-content\\\/uploads\\\/2020\\\/11\\\/Kieleckie-62.mp3\",\"format\":\"mp3\",\"length\":\"1:00\",\"title\":\"62. Comber w uogr\\u00f3decku comber w uogrodzie \\u2013 pie\\u015b\\u0144 zapustna\",\"order\":61,\"mp3\":\"https:\\\/\\\/etnofon.pl\\\/wp-content\\\/uploads\\\/2020\\\/11\\\/Kieleckie-62.mp3\",\"meta\":{\"artist\":\"Kocfin Franciszka\",\"length_formatted\":\"1:00\"},\"src\":\"https:\\\/\\\/etnofon.pl\\\/wp-content\\\/uploads\\\/2020\\\/11\\\/Kieleckie-62.mp3\",\"thumb\":{\"src\":\"\"}},{\"artist\":\"Matysek Piotr\",\"artworkId\":0,\"artworkUrl\":\"\",\"audioId\":2877,\"audioUrl\":\"https:\\\/\\\/etnofon.pl\\\/wp-content\\\/uploads\\\/2020\\\/11\\\/Kieleckie-63.mp3\",\"format\":\"mp3\",\"length\":\"0:23\",\"title\":\"63. Skowroneczek\",\"order\":62,\"mp3\":\"https:\\\/\\\/etnofon.pl\\\/wp-content\\\/uploads\\\/2020\\\/11\\\/Kieleckie-63.mp3\",\"meta\":{\"artist\":\"Matysek Piotr\",\"length_formatted\":\"0:23\"},\"src\":\"https:\\\/\\\/etnofon.pl\\\/wp-content\\\/uploads\\\/2020\\\/11\\\/Kieleckie-63.mp3\",\"thumb\":{\"src\":\"\"}},{\"artist\":\"Matysek Piotr\",\"artworkId\":0,\"artworkUrl\":\"\",\"audioId\":2878,\"audioUrl\":\"https:\\\/\\\/etnofon.pl\\\/wp-content\\\/uploads\\\/2020\\\/11\\\/Kieleckie-64.mp3\",\"format\":\"mp3\",\"length\":\"0:28\",\"title\":\"64. Ni ma ci to ni ma\",\"order\":63,\"mp3\":\"https:\\\/\\\/etnofon.pl\\\/wp-content\\\/uploads\\\/2020\\\/11\\\/Kieleckie-64.mp3\",\"meta\":{\"artist\":\"Matysek Piotr\",\"length_formatted\":\"0:28\"},\"src\":\"https:\\\/\\\/etnofon.pl\\\/wp-content\\\/uploads\\\/2020\\\/11\\\/Kieleckie-64.mp3\",\"thumb\":{\"src\":\"\"}},{\"artist\":\"Gaw\\u0142owska Balbina, Zawada Karolina\",\"artworkId\":0,\"artworkUrl\":\"\",\"audioId\":2879,\"audioUrl\":\"https:\\\/\\\/etnofon.pl\\\/wp-content\\\/uploads\\\/2020\\\/11\\\/Kieleckie-65.mp3\",\"format\":\"mp3\",\"length\":\"0:47\",\"title\":\"65. Siadajze na w\\u00f3z kochanie moje \\u2013 pie\\u015b\\u0144 weselna\",\"order\":64,\"mp3\":\"https:\\\/\\\/etnofon.pl\\\/wp-content\\\/uploads\\\/2020\\\/11\\\/Kieleckie-65.mp3\",\"meta\":{\"artist\":\"Gaw\\u0142owska Balbina, Zawada Karolina\",\"length_formatted\":\"0:47\"},\"src\":\"https:\\\/\\\/etnofon.pl\\\/wp-content\\\/uploads\\\/2020\\\/11\\\/Kieleckie-65.mp3\",\"thumb\":{\"src\":\"\"}},{\"artist\":\"\",\"artworkId\":0,\"artworkUrl\":\"\",\"audioId\":2880,\"audioUrl\":\"https:\\\/\\\/etnofon.pl\\\/wp-content\\\/uploads\\\/2020\\\/11\\\/Kieleckie-66.mp3\",\"format\":\"mp3\",\"length\":\"0:56\",\"title\":\"66. Obertas Ja\\u015b\",\"order\":65,\"mp3\":\"https:\\\/\\\/etnofon.pl\\\/wp-content\\\/uploads\\\/2020\\\/11\\\/Kieleckie-66.mp3\",\"meta\":{\"artist\":\"\",\"length_formatted\":\"0:56\"},\"src\":\"https:\\\/\\\/etnofon.pl\\\/wp-content\\\/uploads\\\/2020\\\/11\\\/Kieleckie-66.mp3\",\"thumb\":{\"src\":\"\"}},{\"artist\":\"\",\"artworkId\":0,\"artworkUrl\":\"\",\"audioId\":2881,\"audioUrl\":\"https:\\\/\\\/etnofon.pl\\\/wp-content\\\/uploads\\\/2020\\\/11\\\/Kieleckie-67.mp3\",\"format\":\"mp3\",\"length\":\"0:56\",\"title\":\"67. Oberek Wczoraj hulanina i dzisiaj te\\u017c\",\"order\":66,\"mp3\":\"https:\\\/\\\/etnofon.pl\\\/wp-content\\\/uploads\\\/2020\\\/11\\\/Kieleckie-67.mp3\",\"meta\":{\"artist\":\"\",\"length_formatted\":\"0:56\"},\"src\":\"https:\\\/\\\/etnofon.pl\\\/wp-content\\\/uploads\\\/2020\\\/11\\\/Kieleckie-67.mp3\",\"thumb\":{\"src\":\"\"}},{\"artist\":\"Skurowa Julia\",\"artworkId\":0,\"artworkUrl\":\"\",\"audioId\":2882,\"audioUrl\":\"https:\\\/\\\/etnofon.pl\\\/wp-content\\\/uploads\\\/2020\\\/11\\\/Kieleckie-68.mp3\",\"format\":\"mp3\",\"length\":\"0:35\",\"title\":\"68. uO skara\\u0142e\\u017a mie Bo\\u017ce \\u2013 pie\\u015b\\u0144 mi\\u0142osna\",\"order\":67,\"mp3\":\"https:\\\/\\\/etnofon.pl\\\/wp-content\\\/uploads\\\/2020\\\/11\\\/Kieleckie-68.mp3\",\"meta\":{\"artist\":\"Skurowa Julia\",\"length_formatted\":\"0:35\"},\"src\":\"https:\\\/\\\/etnofon.pl\\\/wp-content\\\/uploads\\\/2020\\\/11\\\/Kieleckie-68.mp3\",\"thumb\":{\"src\":\"\"}},{\"artist\":\"Kordas J\\u00f3zef\",\"artworkId\":0,\"artworkUrl\":\"\",\"audioId\":2883,\"audioUrl\":\"https:\\\/\\\/etnofon.pl\\\/wp-content\\\/uploads\\\/2020\\\/11\\\/Kieleckie-69.mp3\",\"format\":\"mp3\",\"length\":\"0:37\",\"title\":\"69. Dzwony dzwoni\\u0105 w kot\\u0142y bij\\u0105 \\u2013 pie\\u015b\\u0144 rekrucka\",\"order\":68,\"mp3\":\"https:\\\/\\\/etnofon.pl\\\/wp-content\\\/uploads\\\/2020\\\/11\\\/Kieleckie-69.mp3\",\"meta\":{\"artist\":\"Kordas J\\u00f3zef\",\"length_formatted\":\"0:37\"},\"src\":\"https:\\\/\\\/etnofon.pl\\\/wp-content\\\/uploads\\\/2020\\\/11\\\/Kieleckie-69.mp3\",\"thumb\":{\"src\":\"\"}},{\"artist\":\"\",\"artworkId\":0,\"artworkUrl\":\"\",\"audioId\":2884,\"audioUrl\":\"https:\\\/\\\/etnofon.pl\\\/wp-content\\\/uploads\\\/2020\\\/11\\\/Kieleckie-70.mp3\",\"format\":\"mp3\",\"length\":\"0:34\",\"title\":\"70. Dryptok od Je\\u017cowa\",\"order\":69,\"mp3\":\"https:\\\/\\\/etnofon.pl\\\/wp-content\\\/uploads\\\/2020\\\/11\\\/Kieleckie-70.mp3\",\"meta\":{\"artist\":\"\",\"length_formatted\":\"0:34\"},\"src\":\"https:\\\/\\\/etnofon.pl\\\/wp-content\\\/uploads\\\/2020\\\/11\\\/Kieleckie-70.mp3\",\"thumb\":{\"src\":\"\"}},{\"artist\":\"Jawor Jan, Putowski J\\u00f3zef, Haczyk J\\u00f3zef\",\"artworkId\":0,\"artworkUrl\":\"\",\"audioId\":2885,\"audioUrl\":\"https:\\\/\\\/etnofon.pl\\\/wp-content\\\/uploads\\\/2020\\\/11\\\/Kieleckie-71.mp3\",\"format\":\"mp3\",\"length\":\"0:27\",\"title\":\"71. Hosiany Mostyny (w zapowiedzi: Mastyny)\",\"order\":70,\"mp3\":\"https:\\\/\\\/etnofon.pl\\\/wp-content\\\/uploads\\\/2020\\\/11\\\/Kieleckie-71.mp3\",\"meta\":{\"artist\":\"Jawor Jan, Putowski J\\u00f3zef, Haczyk J\\u00f3zef\",\"length_formatted\":\"0:27\"},\"src\":\"https:\\\/\\\/etnofon.pl\\\/wp-content\\\/uploads\\\/2020\\\/11\\\/Kieleckie-71.mp3\",\"thumb\":{\"src\":\"\"}},{\"artist\":\"Jawor Jan, Putowski J\\u00f3zef, Haczyk J\\u00f3zef\",\"artworkId\":0,\"artworkUrl\":\"\",\"audioId\":2886,\"audioUrl\":\"https:\\\/\\\/etnofon.pl\\\/wp-content\\\/uploads\\\/2020\\\/11\\\/Kieleckie-72.mp3\",\"format\":\"mp3\",\"length\":\"0:51\",\"title\":\"72. R\\u00f3wniu\\u015bki Haczyka\",\"order\":71,\"mp3\":\"https:\\\/\\\/etnofon.pl\\\/wp-content\\\/uploads\\\/2020\\\/11\\\/Kieleckie-72.mp3\",\"meta\":{\"artist\":\"Jawor Jan, Putowski J\\u00f3zef, Haczyk J\\u00f3zef\",\"length_formatted\":\"0:51\"},\"src\":\"https:\\\/\\\/etnofon.pl\\\/wp-content\\\/uploads\\\/2020\\\/11\\\/Kieleckie-72.mp3\",\"thumb\":{\"src\":\"\"}},{\"artist\":\"Jawor Jan, Putowski J\\u00f3zef, Haczyk J\\u00f3zef\",\"artworkId\":0,\"artworkUrl\":\"\",\"audioId\":2887,\"audioUrl\":\"https:\\\/\\\/etnofon.pl\\\/wp-content\\\/uploads\\\/2020\\\/11\\\/Kieleckie-73.mp3\",\"format\":\"mp3\",\"length\":\"0:53\",\"title\":\"73. Polka Na drabinie\",\"order\":72,\"mp3\":\"https:\\\/\\\/etnofon.pl\\\/wp-content\\\/uploads\\\/2020\\\/11\\\/Kieleckie-73.mp3\",\"meta\":{\"artist\":\"Jawor Jan, Putowski J\\u00f3zef, Haczyk J\\u00f3zef\",\"length_formatted\":\"0:53\"},\"src\":\"https:\\\/\\\/etnofon.pl\\\/wp-content\\\/uploads\\\/2020\\\/11\\\/Kieleckie-73.mp3\",\"thumb\":{\"src\":\"\"}},{\"artist\":\"Nieznany wykonawca\",\"artworkId\":0,\"artworkUrl\":\"\",\"audioId\":2888,\"audioUrl\":\"https:\\\/\\\/etnofon.pl\\\/wp-content\\\/uploads\\\/2020\\\/11\\\/Kieleckie-74.mp3\",\"format\":\"mp3\",\"length\":\"1:37\",\"title\":\"74. Siedzi sowa na stodol\\u2019e zaj\\u0105c na lodzie \\u2013 pie\\u015b\\u0144 zalotna\",\"order\":73,\"mp3\":\"https:\\\/\\\/etnofon.pl\\\/wp-content\\\/uploads\\\/2020\\\/11\\\/Kieleckie-74.mp3\",\"meta\":{\"artist\":\"Nieznany wykonawca\",\"length_formatted\":\"1:37\"},\"src\":\"https:\\\/\\\/etnofon.pl\\\/wp-content\\\/uploads\\\/2020\\\/11\\\/Kieleckie-74.mp3\",\"thumb\":{\"src\":\"\"}},{\"artist\":\"\",\"artworkId\":0,\"artworkUrl\":\"\",\"audioId\":2889,\"audioUrl\":\"https:\\\/\\\/etnofon.pl\\\/wp-content\\\/uploads\\\/2020\\\/11\\\/Kieleckie-75.mp3\",\"format\":\"mp3\",\"length\":\"0:36\",\"title\":\"75. Oberek od Sielca\",\"order\":74,\"mp3\":\"https:\\\/\\\/etnofon.pl\\\/wp-content\\\/uploads\\\/2020\\\/11\\\/Kieleckie-75.mp3\",\"meta\":{\"artist\":\"\",\"length_formatted\":\"0:36\"},\"src\":\"https:\\\/\\\/etnofon.pl\\\/wp-content\\\/uploads\\\/2020\\\/11\\\/Kieleckie-75.mp3\",\"thumb\":{\"src\":\"\"}},{\"artist\":\"\",\"artworkId\":0,\"artworkUrl\":\"\",\"audioId\":2890,\"audioUrl\":\"https:\\\/\\\/etnofon.pl\\\/wp-content\\\/uploads\\\/2020\\\/11\\\/Kieleckie-76.mp3\",\"format\":\"mp3\",\"length\":\"0:55\",\"title\":\"76. Polka Kopcia\",\"order\":75,\"mp3\":\"https:\\\/\\\/etnofon.pl\\\/wp-content\\\/uploads\\\/2020\\\/11\\\/Kieleckie-76.mp3\",\"meta\":{\"artist\":\"\",\"length_formatted\":\"0:55\"},\"src\":\"https:\\\/\\\/etnofon.pl\\\/wp-content\\\/uploads\\\/2020\\\/11\\\/Kieleckie-76.mp3\",\"thumb\":{\"src\":\"\"}},{\"artist\":\"Jaworska Michalina\",\"artworkId\":0,\"artworkUrl\":\"\",\"audioId\":2891,\"audioUrl\":\"https:\\\/\\\/etnofon.pl\\\/wp-content\\\/uploads\\\/2020\\\/11\\\/Kieleckie-77.mp3\",\"format\":\"mp3\",\"length\":\"0:24\",\"title\":\"77. Lulajze mi lulaj m\\u00f3j ma\\u0142y narodzie \\u2013 ko\\u0142ysanka\",\"order\":76,\"mp3\":\"https:\\\/\\\/etnofon.pl\\\/wp-content\\\/uploads\\\/2020\\\/11\\\/Kieleckie-77.mp3\",\"meta\":{\"artist\":\"Jaworska Michalina\",\"length_formatted\":\"0:24\"},\"src\":\"https:\\\/\\\/etnofon.pl\\\/wp-content\\\/uploads\\\/2020\\\/11\\\/Kieleckie-77.mp3\",\"thumb\":{\"src\":\"\"}},{\"artist\":\"Jaworska Michalina\",\"artworkId\":0,\"artworkUrl\":\"\",\"audioId\":2892,\"audioUrl\":\"https:\\\/\\\/etnofon.pl\\\/wp-content\\\/uploads\\\/2020\\\/11\\\/Kieleckie-78.mp3\",\"format\":\"mp3\",\"length\":\"0:43\",\"title\":\"78. Ola moja ola idom panny z pola \\u2013 pie\\u015b\\u0144 zalotna\",\"order\":77,\"mp3\":\"https:\\\/\\\/etnofon.pl\\\/wp-content\\\/uploads\\\/2020\\\/11\\\/Kieleckie-78.mp3\",\"meta\":{\"artist\":\"Jaworska Michalina\",\"length_formatted\":\"0:43\"},\"src\":\"https:\\\/\\\/etnofon.pl\\\/wp-content\\\/uploads\\\/2020\\\/11\\\/Kieleckie-78.mp3\",\"thumb\":{\"src\":\"\"}},{\"artist\":\"Jaworska Michalina\",\"artworkId\":0,\"artworkUrl\":\"\",\"audioId\":2893,\"audioUrl\":\"https:\\\/\\\/etnofon.pl\\\/wp-content\\\/uploads\\\/2020\\\/11\\\/Kieleckie-79.mp3\",\"format\":\"mp3\",\"length\":\"0:38\",\"title\":\"79. Pojedzies pojade we\\u017a i mnie ze sobom \\u2013 pie\\u015b\\u0144 mi\\u0142osna\",\"order\":78,\"mp3\":\"https:\\\/\\\/etnofon.pl\\\/wp-content\\\/uploads\\\/2020\\\/11\\\/Kieleckie-79.mp3\",\"meta\":{\"artist\":\"Jaworska Michalina\",\"length_formatted\":\"0:38\"},\"src\":\"https:\\\/\\\/etnofon.pl\\\/wp-content\\\/uploads\\\/2020\\\/11\\\/Kieleckie-79.mp3\",\"thumb\":{\"src\":\"\"}},{\"artist\":\"Zar\\u0119bski Wincenty, Putowski J\\u00f3zef, Haczyk J\\u00f3zef\",\"artworkId\":0,\"artworkUrl\":\"\",\"audioId\":2894,\"audioUrl\":\"https:\\\/\\\/etnofon.pl\\\/wp-content\\\/uploads\\\/2020\\\/11\\\/Kieleckie-80.mp3\",\"format\":\"mp3\",\"length\":\"0:30\",\"title\":\"80. Krakowiak \\u0141ajdok\",\"order\":79,\"mp3\":\"https:\\\/\\\/etnofon.pl\\\/wp-content\\\/uploads\\\/2020\\\/11\\\/Kieleckie-80.mp3\",\"meta\":{\"artist\":\"Zar\\u0119bski Wincenty, Putowski J\\u00f3zef, Haczyk J\\u00f3zef\",\"length_formatted\":\"0:30\"},\"src\":\"https:\\\/\\\/etnofon.pl\\\/wp-content\\\/uploads\\\/2020\\\/11\\\/Kieleckie-80.mp3\",\"thumb\":{\"src\":\"\"}},{\"artist\":\"Zar\\u0119bski Wincenty, Putowski J\\u00f3zef, Haczyk J\\u00f3zef\",\"artworkId\":0,\"artworkUrl\":\"\",\"audioId\":2895,\"audioUrl\":\"https:\\\/\\\/etnofon.pl\\\/wp-content\\\/uploads\\\/2020\\\/11\\\/Kieleckie-81.mp3\",\"format\":\"mp3\",\"length\":\"0:31\",\"title\":\"81. Lesiok\",\"order\":80,\"mp3\":\"https:\\\/\\\/etnofon.pl\\\/wp-content\\\/uploads\\\/2020\\\/11\\\/Kieleckie-81.mp3\",\"meta\":{\"artist\":\"Zar\\u0119bski Wincenty, Putowski J\\u00f3zef, Haczyk J\\u00f3zef\",\"length_formatted\":\"0:31\"},\"src\":\"https:\\\/\\\/etnofon.pl\\\/wp-content\\\/uploads\\\/2020\\\/11\\\/Kieleckie-81.mp3\",\"thumb\":{\"src\":\"\"}},{\"artist\":\"\",\"artworkId\":0,\"artworkUrl\":\"\",\"audioId\":2896,\"audioUrl\":\"https:\\\/\\\/etnofon.pl\\\/wp-content\\\/uploads\\\/2020\\\/11\\\/Kieleckie-82.mp3\",\"format\":\"mp3\",\"length\":\"1:08\",\"title\":\"82. Oberek od Rac\\u0142awic\",\"order\":81,\"mp3\":\"https:\\\/\\\/etnofon.pl\\\/wp-content\\\/uploads\\\/2020\\\/11\\\/Kieleckie-82.mp3\",\"meta\":{\"artist\":\"\",\"length_formatted\":\"1:08\"},\"src\":\"https:\\\/\\\/etnofon.pl\\\/wp-content\\\/uploads\\\/2020\\\/11\\\/Kieleckie-82.mp3\",\"thumb\":{\"src\":\"\"}},{\"artist\":\"\",\"artworkId\":0,\"artworkUrl\":\"\",\"audioId\":2897,\"audioUrl\":\"https:\\\/\\\/etnofon.pl\\\/wp-content\\\/uploads\\\/2020\\\/11\\\/Kieleckie-83.mp3\",\"format\":\"mp3\",\"length\":\"0:30\",\"title\":\"83. Polka wyrobnicza\",\"order\":82,\"mp3\":\"https:\\\/\\\/etnofon.pl\\\/wp-content\\\/uploads\\\/2020\\\/11\\\/Kieleckie-83.mp3\",\"meta\":{\"artist\":\"\",\"length_formatted\":\"0:30\"},\"src\":\"https:\\\/\\\/etnofon.pl\\\/wp-content\\\/uploads\\\/2020\\\/11\\\/Kieleckie-83.mp3\",\"thumb\":{\"src\":\"\"}},{\"artist\":\"\",\"artworkId\":0,\"artworkUrl\":\"\",\"audioId\":2898,\"audioUrl\":\"https:\\\/\\\/etnofon.pl\\\/wp-content\\\/uploads\\\/2020\\\/11\\\/Kieleckie-84.mp3\",\"format\":\"mp3\",\"length\":\"0:28\",\"title\":\"84. Polka Kaw\\u0119czy\\u0144ska\",\"order\":83,\"mp3\":\"https:\\\/\\\/etnofon.pl\\\/wp-content\\\/uploads\\\/2020\\\/11\\\/Kieleckie-84.mp3\",\"meta\":{\"artist\":\"\",\"length_formatted\":\"0:28\"},\"src\":\"https:\\\/\\\/etnofon.pl\\\/wp-content\\\/uploads\\\/2020\\\/11\\\/Kieleckie-84.mp3\",\"thumb\":{\"src\":\"\"}},{\"artist\":\"Szpaczy\\u0144ski Stanis\\u0142aw\",\"artworkId\":0,\"artworkUrl\":\"\",\"audioId\":2899,\"audioUrl\":\"https:\\\/\\\/etnofon.pl\\\/wp-content\\\/uploads\\\/2020\\\/11\\\/Kieleckie-85.mp3\",\"format\":\"mp3\",\"length\":\"0:26\",\"title\":\"85. Siwa kobelina pod bor\\u00e9m z\\u00e9ra\\u0142a \\u2013 pie\\u015b\\u0144 mi\\u0142osna\",\"order\":84,\"mp3\":\"https:\\\/\\\/etnofon.pl\\\/wp-content\\\/uploads\\\/2020\\\/11\\\/Kieleckie-85.mp3\",\"meta\":{\"artist\":\"Szpaczy\\u0144ski Stanis\\u0142aw\",\"length_formatted\":\"0:26\"},\"src\":\"https:\\\/\\\/etnofon.pl\\\/wp-content\\\/uploads\\\/2020\\\/11\\\/Kieleckie-85.mp3\",\"thumb\":{\"src\":\"\"}},{\"artist\":\"Jagie\\u0142\\u0142o Antonina\",\"artworkId\":0,\"artworkUrl\":\"\",\"audioId\":2900,\"audioUrl\":\"https:\\\/\\\/etnofon.pl\\\/wp-content\\\/uploads\\\/2020\\\/11\\\/Kieleckie-86.mp3\",\"format\":\"mp3\",\"length\":\"0:43\",\"title\":\"86. A uu moji mamy stoja\\u0142a grusza \\u2013 pie\\u015b\\u0144 mi\\u0142osna\",\"order\":85,\"mp3\":\"https:\\\/\\\/etnofon.pl\\\/wp-content\\\/uploads\\\/2020\\\/11\\\/Kieleckie-86.mp3\",\"meta\":{\"artist\":\"Jagie\\u0142\\u0142o Antonina\",\"length_formatted\":\"0:43\"},\"src\":\"https:\\\/\\\/etnofon.pl\\\/wp-content\\\/uploads\\\/2020\\\/11\\\/Kieleckie-86.mp3\",\"thumb\":{\"src\":\"\"}},{\"artist\":\"Cyprys Eleonora\",\"artworkId\":0,\"artworkUrl\":\"\",\"audioId\":2901,\"audioUrl\":\"https:\\\/\\\/etnofon.pl\\\/wp-content\\\/uploads\\\/2020\\\/11\\\/Kieleckie-87.mp3\",\"format\":\"mp3\",\"length\":\"0:21\",\"title\":\"87. Ty ziel\\u00e5ny rozmarynie siwa\\u0142am cie po zag\\u00f3nie \\u2013 pie\\u015b\\u0144 panie\\u0144ska\",\"order\":86,\"mp3\":\"https:\\\/\\\/etnofon.pl\\\/wp-content\\\/uploads\\\/2020\\\/11\\\/Kieleckie-87.mp3\",\"meta\":{\"artist\":\"Cyprys Eleonora\",\"length_formatted\":\"0:21\"},\"src\":\"https:\\\/\\\/etnofon.pl\\\/wp-content\\\/uploads\\\/2020\\\/11\\\/Kieleckie-87.mp3\",\"thumb\":{\"src\":\"\"}},{\"artist\":\"Jakubowski W\\u0142adys\\u0142aw\",\"artworkId\":0,\"artworkUrl\":\"\",\"audioId\":2902,\"audioUrl\":\"https:\\\/\\\/etnofon.pl\\\/wp-content\\\/uploads\\\/2020\\\/11\\\/Kieleckie-88.mp3\",\"format\":\"mp3\",\"length\":\"0:49\",\"title\":\"88. Ober wyjazdowy\",\"order\":87,\"mp3\":\"https:\\\/\\\/etnofon.pl\\\/wp-content\\\/uploads\\\/2020\\\/11\\\/Kieleckie-88.mp3\",\"meta\":{\"artist\":\"Jakubowski W\\u0142adys\\u0142aw\",\"length_formatted\":\"0:49\"},\"src\":\"https:\\\/\\\/etnofon.pl\\\/wp-content\\\/uploads\\\/2020\\\/11\\\/Kieleckie-88.mp3\",\"thumb\":{\"src\":\"\"}},{\"artist\":\"Jagie\\u0142\\u0142o Antonina\",\"artworkId\":0,\"artworkUrl\":\"\",\"audioId\":2903,\"audioUrl\":\"https:\\\/\\\/etnofon.pl\\\/wp-content\\\/uploads\\\/2020\\\/11\\\/Kieleckie-89.mp3\",\"format\":\"mp3\",\"length\":\"0:35\",\"title\":\"89. Ci\\u0119zki ci\\u0119zki kamie\\u0144 m\\u0142y\\u0144ski jeszcze ci\\u0119zsy ston ma\\u0142\\u017c\\u00e9\\u0144ski \\u2013 pie\\u015b\\u0144 rodzinna\",\"order\":88,\"mp3\":\"https:\\\/\\\/etnofon.pl\\\/wp-content\\\/uploads\\\/2020\\\/11\\\/Kieleckie-89.mp3\",\"meta\":{\"artist\":\"Jagie\\u0142\\u0142o Antonina\",\"length_formatted\":\"0:35\"},\"src\":\"https:\\\/\\\/etnofon.pl\\\/wp-content\\\/uploads\\\/2020\\\/11\\\/Kieleckie-89.mp3\",\"thumb\":{\"src\":\"\"}},{\"artist\":\"\",\"artworkId\":0,\"artworkUrl\":\"\",\"audioId\":2904,\"audioUrl\":\"https:\\\/\\\/etnofon.pl\\\/wp-content\\\/uploads\\\/2020\\\/11\\\/Kieleckie-90.mp3\",\"format\":\"mp3\",\"length\":\"1:01\",\"title\":\"90. Oberek dla starszych\",\"order\":89,\"mp3\":\"https:\\\/\\\/etnofon.pl\\\/wp-content\\\/uploads\\\/2020\\\/11\\\/Kieleckie-90.mp3\",\"meta\":{\"artist\":\"\",\"length_formatted\":\"1:01\"},\"src\":\"https:\\\/\\\/etnofon.pl\\\/wp-content\\\/uploads\\\/2020\\\/11\\\/Kieleckie-90.mp3\",\"thumb\":{\"src\":\"\"}},{\"artist\":\"\",\"artworkId\":0,\"artworkUrl\":\"\",\"audioId\":2905,\"audioUrl\":\"https:\\\/\\\/etnofon.pl\\\/wp-content\\\/uploads\\\/2020\\\/11\\\/Kieleckie-91.mp3\",\"format\":\"mp3\",\"length\":\"0:56\",\"title\":\"91. Polka Krasi\\u0144skiego\",\"order\":90,\"mp3\":\"https:\\\/\\\/etnofon.pl\\\/wp-content\\\/uploads\\\/2020\\\/11\\\/Kieleckie-91.mp3\",\"meta\":{\"artist\":\"\",\"length_formatted\":\"0:56\"},\"src\":\"https:\\\/\\\/etnofon.pl\\\/wp-content\\\/uploads\\\/2020\\\/11\\\/Kieleckie-91.mp3\",\"thumb\":{\"src\":\"\"}},{\"artist\":\"Jagie\\u0142\\u0142o Antonina\",\"artworkId\":0,\"artworkUrl\":\"\",\"audioId\":2906,\"audioUrl\":\"https:\\\/\\\/etnofon.pl\\\/wp-content\\\/uploads\\\/2020\\\/11\\\/Kieleckie-92.mp3\",\"format\":\"mp3\",\"length\":\"0:50\",\"title\":\"92. Ju\\u017aci dobry dzi\\u0144 moja Marysiu \\u2013 pie\\u015b\\u0144 weselna\",\"order\":91,\"mp3\":\"https:\\\/\\\/etnofon.pl\\\/wp-content\\\/uploads\\\/2020\\\/11\\\/Kieleckie-92.mp3\",\"meta\":{\"artist\":\"Jagie\\u0142\\u0142o Antonina\",\"length_formatted\":\"0:50\"},\"src\":\"https:\\\/\\\/etnofon.pl\\\/wp-content\\\/uploads\\\/2020\\\/11\\\/Kieleckie-92.mp3\",\"thumb\":{\"src\":\"\"}},{\"artist\":\"Rydzkowa Zofia\",\"artworkId\":0,\"artworkUrl\":\"\",\"audioId\":2907,\"audioUrl\":\"https:\\\/\\\/etnofon.pl\\\/wp-content\\\/uploads\\\/2020\\\/11\\\/Kieleckie-93.mp3\",\"format\":\"mp3\",\"length\":\"0:40\",\"title\":\"93. Trzeba by to trzeba mamusi zawo\\u0142a\\u0107 \\u2013 pie\\u015b\\u0144 weselna, oczepinowa\",\"order\":92,\"mp3\":\"https:\\\/\\\/etnofon.pl\\\/wp-content\\\/uploads\\\/2020\\\/11\\\/Kieleckie-93.mp3\",\"meta\":{\"artist\":\"Rydzkowa Zofia\",\"length_formatted\":\"0:40\"},\"src\":\"https:\\\/\\\/etnofon.pl\\\/wp-content\\\/uploads\\\/2020\\\/11\\\/Kieleckie-93.mp3\",\"thumb\":{\"src\":\"\"}},{\"artist\":\"\",\"artworkId\":0,\"artworkUrl\":\"\",\"audioId\":2908,\"audioUrl\":\"https:\\\/\\\/etnofon.pl\\\/wp-content\\\/uploads\\\/2020\\\/11\\\/Kieleckie-94.mp3\",\"format\":\"mp3\",\"length\":\"0:32\",\"title\":\"94. Weselna\",\"order\":93,\"mp3\":\"https:\\\/\\\/etnofon.pl\\\/wp-content\\\/uploads\\\/2020\\\/11\\\/Kieleckie-94.mp3\",\"meta\":{\"artist\":\"\",\"length_formatted\":\"0:32\"},\"src\":\"https:\\\/\\\/etnofon.pl\\\/wp-content\\\/uploads\\\/2020\\\/11\\\/Kieleckie-94.mp3\",\"thumb\":{\"src\":\"\"}},{\"artist\":\"\",\"artworkId\":0,\"artworkUrl\":\"\",\"audioId\":2909,\"audioUrl\":\"https:\\\/\\\/etnofon.pl\\\/wp-content\\\/uploads\\\/2020\\\/11\\\/Kieleckie-95.mp3\",\"format\":\"mp3\",\"length\":\"1:08\",\"title\":\"95. Polka Gajeckiego\",\"order\":94,\"mp3\":\"https:\\\/\\\/etnofon.pl\\\/wp-content\\\/uploads\\\/2020\\\/11\\\/Kieleckie-95.mp3\",\"meta\":{\"artist\":\"\",\"length_formatted\":\"1:08\"},\"src\":\"https:\\\/\\\/etnofon.pl\\\/wp-content\\\/uploads\\\/2020\\\/11\\\/Kieleckie-95.mp3\",\"thumb\":{\"src\":\"\"}},{\"artist\":\"\",\"artworkId\":0,\"artworkUrl\":\"\",\"audioId\":2910,\"audioUrl\":\"https:\\\/\\\/etnofon.pl\\\/wp-content\\\/uploads\\\/2020\\\/11\\\/Kieleckie-96.mp3\",\"format\":\"mp3\",\"length\":\"1:36\",\"title\":\"96. Polka w\\u0142oszczowska\",\"order\":95,\"mp3\":\"https:\\\/\\\/etnofon.pl\\\/wp-content\\\/uploads\\\/2020\\\/11\\\/Kieleckie-96.mp3\",\"meta\":{\"artist\":\"\",\"length_formatted\":\"1:36\"},\"src\":\"https:\\\/\\\/etnofon.pl\\\/wp-content\\\/uploads\\\/2020\\\/11\\\/Kieleckie-96.mp3\",\"thumb\":{\"src\":\"\"}}]}<\/script>\n\t\t<\/div><\/div>\n<\/div>\n","protected":false},"featured_media":1308,"parent":0,"template":"","meta":[],"translation":{"provider":"WPGlobus","version":"2.8.1","language":"en","enabled_languages":["pl","en"],"languages":{"pl":{"title":true,"content":true,"excerpt":false},"en":{"title":true,"content":true,"excerpt":false}}},"_links":{"self":[{"href":"https:\/\/etnofon.pl\/en\/wp-json\/wp\/v2\/plyta\/1307"}],"collection":[{"href":"https:\/\/etnofon.pl\/en\/wp-json\/wp\/v2\/plyta"}],"about":[{"href":"https:\/\/etnofon.pl\/en\/wp-json\/wp\/v2\/types\/plyta"}],"wp:featuredmedia":[{"embeddable":true,"href":"https:\/\/etnofon.pl\/en\/wp-json\/wp\/v2\/media\/1308"}],"wp:attachment":[{"href":"https:\/\/etnofon.pl\/en\/wp-json\/wp\/v2\/media?parent=1307"}],"curies":[{"name":"wp","href":"https:\/\/api.w.org\/{rel}","templated":true}]}}