{"id":1317,"date":"2020-09-21T16:06:24","date_gmt":"2020-09-21T16:06:24","guid":{"rendered":"https:\/\/etnofon.pl\/?post_type=plyta&#038;p=1317"},"modified":"2021-11-18T09:24:42","modified_gmt":"2021-11-18T09:24:42","slug":"muzycy-muzycy-cos-po-wos-ostanie","status":"publish","type":"plyta","link":"https:\/\/etnofon.pl\/en\/plyta\/muzycy-muzycy-cos-po-wos-ostanie\/","title":{"rendered":"Musicians, musicians\u2026"},"content":{"rendered":"\n<div class=\"wp-container-3 wp-block-columns\">\n<div class=\"wp-container-1 wp-block-column is-vertically-aligned-center\">\n<p class=\"has-text-align-center\"><sub>&#8220;Musicians, musicians\u2026&#8221;<br>(vol.\u00a0 3,\u00a0 ISPAN CD 003, 2008 r.; in coopertion with: Tatra Development, Promotion and Culture Agency, Second ed. revised and expanded<\/sub> <sub>in 2018)\u00a0\u00a0<\/sub> <\/p>\n<\/div>\n\n\n\n<div class=\"wp-container-2 wp-block-column is-vertically-aligned-center\"><style>#jtg-3972 .modula-item .jtg-social a, .lightbox-socials.jtg-social a{ color: #ffffff }#jtg-3972 .modula-item .jtg-social svg, .lightbox-socials.jtg-social svg { height: 16px; width: 16px }#jtg-3972 .modula-item .jtg-social a:not(:last-child), .lightbox-socials.jtg-social a:not(:last-child) { margin-right: 10px }#jtg-3972 .modula-item .figc {color:#ffffff;}#jtg-3972 .modula-item .modula-item-content { transform: scale(1) }#jtg-3972 { width:100%;}#jtg-3972 .modula-items .figc p.description { font-size:14px; }#jtg-3972 .modula-items .figc p.description { color:#ffffff;}#jtg-3972.modula-gallery .modula-item > a, #jtg-3972.modula-gallery .modula-item, #jtg-3972.modula-gallery .modula-item-content > a { cursor:zoom-in; } @media screen and (max-width:480px){#jtg-3972 .modula-item .figc .jtg-title {  font-size: 12px; }#jtg-3972 .modula-items .figc p.description { color:#ffffff;font-size:10px; }}<\/style>\n<!-- Gallery Container -->\n<div  id=\"jtg-3972\" class=\"modula modula-gallery modula-columns\" data-config=\"{&quot;enableTwitter&quot;:false,&quot;enableWhatsapp&quot;:false,&quot;enableFacebook&quot;:false,&quot;enablePinterest&quot;:false,&quot;enableLinkedin&quot;:false,&quot;enableEmail&quot;:false,&quot;randomFactor&quot;:0.5,&quot;type&quot;:&quot;grid&quot;,&quot;columns&quot;:12,&quot;gutter&quot;:10,&quot;mobileGutter&quot;:10,&quot;tabletGutter&quot;:10,&quot;desktopGutter&quot;:10,&quot;enableResponsive&quot;:&quot;0&quot;,&quot;tabletColumns&quot;:&quot;2&quot;,&quot;mobileColumns&quot;:&quot;1&quot;,&quot;lazyLoad&quot;:&quot;0&quot;,&quot;lightboxOpts&quot;:{&quot;loop&quot;:false,&quot;arrows&quot;:true,&quot;toolbar&quot;:true,&quot;keyboard&quot;:false,&quot;wheel&quot;:false,&quot;buttons&quot;:[&quot;close&quot;],&quot;hash&quot;:false,&quot;lang&quot;:&quot;en&quot;,&quot;touch&quot;:false,&quot;protect&quot;:false,&quot;i18n&quot;:{&quot;en&quot;:{&quot;CLOSE&quot;:&quot;Close&quot;,&quot;NEXT&quot;:&quot;Next&quot;,&quot;PREV&quot;:&quot;Previous&quot;,&quot;Error&quot;:&quot;The requested content cannot be loaded. Please try again later.&quot;,&quot;PLAY_START&quot;:&quot;Start slideshow&quot;,&quot;PLAY_STOP&quot;:&quot;Pause slideshow&quot;,&quot;FULL_SCREEN&quot;:&quot;Full screen&quot;,&quot;THUMBS&quot;:&quot;Thumbnails&quot;,&quot;DOWNLOAD&quot;:&quot;Download&quot;,&quot;SHARE&quot;:&quot;Share&quot;,&quot;ZOOM&quot;:&quot;Zoom&quot;}},&quot;clickSlide&quot;:false,&quot;clickOutside&quot;:false,&quot;dblclickContent&quot;:false,&quot;dblclickSlide&quot;:false,&quot;dblclickOutside&quot;:false,&quot;clickContent&quot;:false,&quot;baseTpl&quot;:&quot;&lt;div class=\\&quot;modula-fancybox-container modula-lightbox-jtg-3972\\&quot; role=\\&quot;dialog\\&quot; tabindex=\\&quot;-1\\&quot;&gt;&lt;div class=\\&quot;modula-fancybox-bg\\&quot;&gt;&lt;\\\/div&gt;&lt;div class=\\&quot;modula-fancybox-inner\\&quot;&gt;&lt;div class=\\&quot;modula-fancybox-infobar\\&quot;&gt;&lt;span data-fancybox-index&gt;&lt;\\\/span&gt;&nbsp;\\\/&nbsp;&lt;span data-fancybox-count&gt;&lt;\\\/span&gt;&lt;\\\/div&gt;&lt;div class=\\&quot;modula-fancybox-toolbar\\&quot;&gt;{{buttons}}&lt;\\\/div&gt;&lt;div class=\\&quot;modula-fancybox-navigation\\&quot;&gt;{{arrows}}&lt;\\\/div&gt;&lt;div class=\\&quot;modula-fancybox-stage\\&quot;&gt;&lt;\\\/div&gt;&lt;div class=\\&quot;modula-fancybox-caption\\&quot;&gt;&lt;div class=\\&quot;modula-fancybox-caption__body\\&quot;&gt;&lt;\\\/div&gt;&lt;\\\/div&gt;&lt;\\\/div&gt;&lt;\\\/div&gt;&quot;},&quot;inView&quot;:false,&quot;email_subject&quot;:&quot;Check out this awesome image !!&quot;,&quot;email_message&quot;:&quot;Here is the link to the image : %%image_link%% and this is the link to the gallery : %%gallery_link%%&quot;,&quot;grid_type&quot;:&quot;automatic&quot;,&quot;rowHeight&quot;:150,&quot;lastRow&quot;:&quot;justify&quot;,&quot;lightbox&quot;:&quot;fancybox&quot;}\">\n\n\t\n\t<!-- Items Container -->\n\t<div  class=\"modula-items grid-gallery\">\n\t\t<div class=\"modula-item effect-pufrobo\" >\n\t<div class=\"modula-item-overlay\"><\/div>\n\n\t<div class=\"modula-item-content\">\n\n\t\t\t\t\n\t\t\t\t\t<a data-image-id=\"3973\" href=\"https:\/\/etnofon.pl\/wp-content\/uploads\/2020\/12\/muzycy-muzycy_front-1.jpg\" rel=\"jtg-3972\" data-caption=\"\" class=\"tile-inner modula-item-link\"><\/a>\n\t\t\n\t\t<img class=\"pic\"  data-valign=\"middle\" data-halign=\"center\" alt=\"\" data-full=\"https:\/\/etnofon.pl\/wp-content\/uploads\/2020\/12\/muzycy-muzycy_front-1.jpg\" title=\"muzycy, muzycy_front-1\" width=\"1085\" height=\"978\" src=\"https:\/\/etnofon.pl\/wp-content\/uploads\/2020\/12\/muzycy-muzycy_front-1.jpg\" data-src=\"https:\/\/etnofon.pl\/wp-content\/uploads\/2020\/12\/muzycy-muzycy_front-1.jpg\" data-caption=\"\"\/>\n\t\t<div class=\"figc no-description\">\n\t\t\t<div class=\"figc-inner\">\n\t\t\t\t\t\t\t\t\t\t\t\t\t\t\t<\/div>\n\t\t<\/div>\n\n\t<\/div>\n\n<\/div><div class=\"modula-item effect-pufrobo\" >\n\t<div class=\"modula-item-overlay\"><\/div>\n\n\t<div class=\"modula-item-content\">\n\n\t\t\t\t\n\t\t\t\t\t<a data-image-id=\"3974\" href=\"https:\/\/etnofon.pl\/wp-content\/uploads\/2020\/12\/muzycy-muzycy_tyl-1.jpg\" rel=\"jtg-3972\" data-caption=\"\" class=\"tile-inner modula-item-link\"><\/a>\n\t\t\n\t\t<img class=\"pic\"  data-valign=\"middle\" data-halign=\"center\" alt=\"\" data-full=\"https:\/\/etnofon.pl\/wp-content\/uploads\/2020\/12\/muzycy-muzycy_tyl-1.jpg\" title=\"muzycy, muzycy_ty\u0142-1\" width=\"1087\" height=\"978\" src=\"https:\/\/etnofon.pl\/wp-content\/uploads\/2020\/12\/muzycy-muzycy_tyl-1.jpg\" data-src=\"https:\/\/etnofon.pl\/wp-content\/uploads\/2020\/12\/muzycy-muzycy_tyl-1.jpg\" data-caption=\"\"\/>\n\t\t<div class=\"figc no-description\">\n\t\t\t<div class=\"figc-inner\">\n\t\t\t\t\t\t\t\t\t\t\t\t\t\t\t<\/div>\n\t\t<\/div>\n\n\t<\/div>\n\n<\/div>\t\t\n\t<\/div>\n\n\t\n\t\n\t<script type=\"application\/ld+json\">\n\t{\n\t\t\"@context\": \"http:\/\/schema.org\",\n\t\t\"@type\"   : \"ImageGallery\",\n\t\t\"id\"      : \"https:\/\/etnofon.pl\/en\/wp-json\/wp\/v2\/plyta\/1317\",\n\t\t\"url\"     : \"https:\/\/etnofon.pl\/en\/wp-json\/wp\/v2\/plyta\/1317\"\n\t}\n\n    <\/script>\n\n\t\n<\/div>\n\n\n\n<p><\/p>\n<\/div>\n<\/div>\n\n\n\n<p class=\"has-text-align-center\">This CD presents archival recordings of traditional music of Podhale region situated in southern Poland and surrounded by Tatra mountains. The material chosen for the CD represents Skalne Podhale (Rock Podhale) and the areas situated around the town of Nowy Targ. Typical bands of Skalne Podhale consist of string instruments: main violin (&#8220;prym&#8221;), two or three second violins (&#8220;sekund&#8221;) and a local small bass of the cello type. Members of local bands are often\u00a0\u00a0whole families. Other traditional instruments were pipes (\u201cpiszcza\u0142ki\u201d), long shepherd\u2019s horns (\u201ctrombita\u201d) and bagpipes (&#8220;koza&#8221;). Archaic kind of local fiddle (&#8220;z\u0142\u00f3bcoki&#8221;)m was carved out of one piece of wood.<\/p>\n\n\n\n<p class=\"has-text-align-center\">The most popular traditional dances of Skalne Podhale are &#8220;zb\u00f3jnicki&#8221; (robber\u2019s dance) and &#8220;g\u00f3ralski&#8221; (highlander\u2019s dance), both of them can be found on this CD.<\/p>\n\n\n\n<div class=\"wp-container-6 wp-block-columns\">\n<div class=\"wp-container-4 wp-block-column\" style=\"flex-basis:66.66%\"><a href=\"https:\/\/etnofon.pl\/wp-content\/uploads\/2020\/11\/bookletmuzycymuzycy.pdf\" class=\"pdfemb-viewer\" style=\"\" data-width=\"max\" data-height=\"max\"  data-toolbar=\"bottom\" data-toolbar-fixed=\"off\">bookletmuzycymuzycy<br\/><\/a>\n<p class=\"wp-block-pdfemb-pdf-embedder-viewer\"><\/p>\n<\/div>\n\n\n\n<div class=\"wp-container-5 wp-block-column is-vertically-aligned-center\" style=\"flex-basis:33.33%\">\n<h2 class=\"has-text-align-center\"><strong>Listen all the tracks from CD and read English summary in booklet<\/strong><\/h2>\n\n\n<div class=\"cue-playlist-container\">\n<div class=\"cue-playlist cue-theme-default\" itemscope itemtype=\"http:\/\/schema.org\/MusicPlaylist\">\n\t\n\t<meta itemprop=\"numTracks\" content=\"97\" \/>\n\n\t<audio src=\"https:\/\/etnofon.pl\/wp-content\/uploads\/2020\/11\/Muzycy-muzycy-1.mp3\" controls preload=\"none\" class=\"cue-audio\" style=\"width: 100%; height: auto\"><\/audio>\n\n\t<ol class=\"cue-tracks\">\n\t\t\t\t\t<li class=\"cue-track\" itemprop=\"track\" itemscope itemtype=\"http:\/\/schema.org\/MusicRecording\">\n\t\t\t\t\n\t\t\t\t<span class=\"cue-track-details cue-track-cell\">\n\t\t\t\t\t<span class=\"cue-track-title\" itemprop=\"name\">1. Taniec g\u00f3ralski wed\u0142ug uj\u0119cia J\u00f3zefa Le\u015bniaka: Wi\u00e9r\u015bke, ch\u0142opcy, wi\u00e9r\u015bke (ozwodna); Zal\u00e9c\u00e1\u0142 sie k u ogut kurze (krzesana po trzy \u2013 ze starej); Ej, z g\u00f3ry jade, z g\u00f3ry jade (krzesana po trzy); Tak\u00e1 sie mi podob\u00e1 (krzesana po trzy a raz); W Dziadusiowym dworze (zielona)<\/span>\n\t\t\t\t\t<span class=\"cue-track-artist\" itemprop=\"byArtist\">Muzyka W\u0142adys\u0142awa Obrochty<\/span>\n\t\t\t\t<\/span>\n\n\t\t\t\t\n\t\t\t\t<span class=\"cue-track-length cue-track-cell\">3:16<\/span>\n\n\t\t\t\t\t\t\t<\/li>\n\t\t\t\t\t<li class=\"cue-track\" itemprop=\"track\" itemscope itemtype=\"http:\/\/schema.org\/MusicRecording\">\n\t\t\t\t\n\t\t\t\t<span class=\"cue-track-details cue-track-cell\">\n\t\t\t\t\t<span class=\"cue-track-title\" itemprop=\"name\">2. Hej, Saba\u0142a za\u015bpi\u00e9w\u00e1\u0142 (Saba\u0142owa)<\/span>\n\t\t\t\t\t<span class=\"cue-track-artist\" itemprop=\"byArtist\">Muzyka W\u0142adys\u0142awa Obrochty<\/span>\n\t\t\t\t<\/span>\n\n\t\t\t\t\n\t\t\t\t<span class=\"cue-track-length cue-track-cell\">0:49<\/span>\n\n\t\t\t\t\t\t\t<\/li>\n\t\t\t\t\t<li class=\"cue-track\" itemprop=\"track\" itemscope itemtype=\"http:\/\/schema.org\/MusicRecording\">\n\t\t\t\t\n\t\t\t\t<span class=\"cue-track-details cue-track-cell\">\n\t\t\t\t\t<span class=\"cue-track-title\" itemprop=\"name\">3. A kie j\u00e1 se umre, moja dusa wstanie (ozwodna)<\/span>\n\t\t\t\t\t<span class=\"cue-track-artist\" itemprop=\"byArtist\">Muzyka W\u0142adys\u0142awa Obrochty<\/span>\n\t\t\t\t<\/span>\n\n\t\t\t\t\n\t\t\t\t<span class=\"cue-track-length cue-track-cell\">0:49<\/span>\n\n\t\t\t\t\t\t\t<\/li>\n\t\t\t\t\t<li class=\"cue-track\" itemprop=\"track\" itemscope itemtype=\"http:\/\/schema.org\/MusicRecording\">\n\t\t\t\t\n\t\t\t\t<span class=\"cue-track-details cue-track-cell\">\n\t\t\t\t\t<span class=\"cue-track-title\" itemprop=\"name\">4. Kieby\u015b se ty be\u0142a mojom (drobna staro\u015bwiecka)<\/span>\n\t\t\t\t\t<span class=\"cue-track-artist\" itemprop=\"byArtist\">Muzyka W\u0142adys\u0142awa Obrochty<\/span>\n\t\t\t\t<\/span>\n\n\t\t\t\t\n\t\t\t\t<span class=\"cue-track-length cue-track-cell\">0:31<\/span>\n\n\t\t\t\t\t\t\t<\/li>\n\t\t\t\t\t<li class=\"cue-track\" itemprop=\"track\" itemscope itemtype=\"http:\/\/schema.org\/MusicRecording\">\n\t\t\t\t\n\t\t\t\t<span class=\"cue-track-details cue-track-cell\">\n\t\t\t\t\t<span class=\"cue-track-title\" itemprop=\"name\">5. Zb\u00f3jnicki wg wersji z Ko\u015bcieliska: Ta\u0144cyli zb\u00f3jnicy w Miku\u0142asie (marsz \u2013 w ta\u0144cu ozwodna do zb\u00f3jnickiego); Ta\u0144cowali zb\u00f3jnicy\/Ty sy, Janko, ty sy ch\u0142op\/Ta\u0144cow\u00e1\u0142byk, kiebyk m\u00f3g (zb\u00f3jnicki); Ej, idzie zima ku zimie (krzesana i zielona do zb\u00f3jnickiego); Hej, idem w las (Marsz Cha\u0142ubi\u0144skiego i marsz jaworzy\u0144ski)<\/span>\n\t\t\t\t\t<span class=\"cue-track-artist\" itemprop=\"byArtist\"><\/span>\n\t\t\t\t<\/span>\n\n\t\t\t\t\n\t\t\t\t<span class=\"cue-track-length cue-track-cell\">4:55<\/span>\n\n\t\t\t\t\t\t\t<\/li>\n\t\t\t\t\t<li class=\"cue-track\" itemprop=\"track\" itemscope itemtype=\"http:\/\/schema.org\/MusicRecording\">\n\t\t\t\t\n\t\t\t\t<span class=\"cue-track-details cue-track-cell\">\n\t\t\t\t\t<span class=\"cue-track-title\" itemprop=\"name\">6. Ozl\u00e9g\u00e1j sie, g\u0142osie (wierchowa)<\/span>\n\t\t\t\t\t<span class=\"cue-track-artist\" itemprop=\"byArtist\">zesp\u00f3\u0142 kobiet z Zakopanego<\/span>\n\t\t\t\t<\/span>\n\n\t\t\t\t\n\t\t\t\t<span class=\"cue-track-length cue-track-cell\">1:10<\/span>\n\n\t\t\t\t\t\t\t<\/li>\n\t\t\t\t\t<li class=\"cue-track\" itemprop=\"track\" itemscope itemtype=\"http:\/\/schema.org\/MusicRecording\">\n\t\t\t\t\n\t\t\t\t<span class=\"cue-track-details cue-track-cell\">\n\t\t\t\t\t<span class=\"cue-track-title\" itemprop=\"name\">7. Idom se owiecki, idom w g\u00f3re pyrciom (ozwodna)<\/span>\n\t\t\t\t\t<span class=\"cue-track-artist\" itemprop=\"byArtist\">J\u00f3zef Majerczyk<\/span>\n\t\t\t\t<\/span>\n\n\t\t\t\t\n\t\t\t\t<span class=\"cue-track-length cue-track-cell\">0:29<\/span>\n\n\t\t\t\t\t\t\t<\/li>\n\t\t\t\t\t<li class=\"cue-track\" itemprop=\"track\" itemscope itemtype=\"http:\/\/schema.org\/MusicRecording\">\n\t\t\t\t\n\t\t\t\t<span class=\"cue-track-details cue-track-cell\">\n\t\t\t\t\t<span class=\"cue-track-title\" itemprop=\"name\">8. Ej, z uorawskiego zamku, ej, ch\u0142opcy pozi\u00e9rajo (ozwodna)<\/span>\n\t\t\t\t\t<span class=\"cue-track-artist\" itemprop=\"byArtist\">Muzyka Topor\u00f3w-Futr\u00f3w<\/span>\n\t\t\t\t<\/span>\n\n\t\t\t\t\n\t\t\t\t<span class=\"cue-track-length cue-track-cell\">0:33<\/span>\n\n\t\t\t\t\t\t\t<\/li>\n\t\t\t\t\t<li class=\"cue-track\" itemprop=\"track\" itemscope itemtype=\"http:\/\/schema.org\/MusicRecording\">\n\t\t\t\t\n\t\t\t\t<span class=\"cue-track-details cue-track-cell\">\n\t\t\t\t\t<span class=\"cue-track-title\" itemprop=\"name\">9. A \u015btarydy, a \u015btajrom, sto tysi\u0119cy kacek mom (krzesana trzy a raz)<\/span>\n\t\t\t\t\t<span class=\"cue-track-artist\" itemprop=\"byArtist\">Muzyka Topor\u00f3w-Futr\u00f3w<\/span>\n\t\t\t\t<\/span>\n\n\t\t\t\t\n\t\t\t\t<span class=\"cue-track-length cue-track-cell\">0:28<\/span>\n\n\t\t\t\t\t\t\t<\/li>\n\t\t\t\t\t<li class=\"cue-track\" itemprop=\"track\" itemscope itemtype=\"http:\/\/schema.org\/MusicRecording\">\n\t\t\t\t\n\t\t\t\t<span class=\"cue-track-details cue-track-cell\">\n\t\t\t\t\t<span class=\"cue-track-title\" itemprop=\"name\">10. Ej, edy\u0107 se na Cyrhli, ka se bez las chuodzi (ozwodna)<\/span>\n\t\t\t\t\t<span class=\"cue-track-artist\" itemprop=\"byArtist\">Muzyka Topor\u00f3w-Futr\u00f3w<\/span>\n\t\t\t\t<\/span>\n\n\t\t\t\t\n\t\t\t\t<span class=\"cue-track-length cue-track-cell\">0:25<\/span>\n\n\t\t\t\t\t\t\t<\/li>\n\t\t\t\t\t<li class=\"cue-track\" itemprop=\"track\" itemscope itemtype=\"http:\/\/schema.org\/MusicRecording\">\n\t\t\t\t\n\t\t\t\t<span class=\"cue-track-details cue-track-cell\">\n\t\t\t\t\t<span class=\"cue-track-title\" itemprop=\"name\">11. Janicku, luter\u00e1n, ja za cie w\u00f3le m\u00e1m (wierchowa)<\/span>\n\t\t\t\t\t<span class=\"cue-track-artist\" itemprop=\"byArtist\">Muzyka Topor\u00f3w-Futr\u00f3w<\/span>\n\t\t\t\t<\/span>\n\n\t\t\t\t\n\t\t\t\t<span class=\"cue-track-length cue-track-cell\">0:30<\/span>\n\n\t\t\t\t\t\t\t<\/li>\n\t\t\t\t\t<li class=\"cue-track\" itemprop=\"track\" itemscope itemtype=\"http:\/\/schema.org\/MusicRecording\">\n\t\t\t\t\n\t\t\t\t<span class=\"cue-track-details cue-track-cell\">\n\t\t\t\t\t<span class=\"cue-track-title\" itemprop=\"name\">12. Nuta wierchowa<\/span>\n\t\t\t\t\t<span class=\"cue-track-artist\" itemprop=\"byArtist\">Muzyka Topor\u00f3w-Futr\u00f3w<\/span>\n\t\t\t\t<\/span>\n\n\t\t\t\t\n\t\t\t\t<span class=\"cue-track-length cue-track-cell\">0:39<\/span>\n\n\t\t\t\t\t\t\t<\/li>\n\t\t\t\t\t<li class=\"cue-track\" itemprop=\"track\" itemscope itemtype=\"http:\/\/schema.org\/MusicRecording\">\n\t\t\t\t\n\t\t\t\t<span class=\"cue-track-details cue-track-cell\">\n\t\t\t\t\t<span class=\"cue-track-title\" itemprop=\"name\">13. E, dy\u0107 se w Kondr\u00e1towej (wierchowa)<\/span>\n\t\t\t\t\t<span class=\"cue-track-artist\" itemprop=\"byArtist\"><\/span>\n\t\t\t\t<\/span>\n\n\t\t\t\t\n\t\t\t\t<span class=\"cue-track-length cue-track-cell\">0:34<\/span>\n\n\t\t\t\t\t\t\t<\/li>\n\t\t\t\t\t<li class=\"cue-track\" itemprop=\"track\" itemscope itemtype=\"http:\/\/schema.org\/MusicRecording\">\n\t\t\t\t\n\t\t\t\t<span class=\"cue-track-details cue-track-cell\">\n\t\t\t\t\t<span class=\"cue-track-title\" itemprop=\"name\">14. Hej, nie by\u0142o mnie w domu, hej, by\u0142ek za g\u00f3rami (ozwodna)<\/span>\n\t\t\t\t\t<span class=\"cue-track-artist\" itemprop=\"byArtist\">Jan Bafia<\/span>\n\t\t\t\t<\/span>\n\n\t\t\t\t\n\t\t\t\t<span class=\"cue-track-length cue-track-cell\">0:26<\/span>\n\n\t\t\t\t\t\t\t<\/li>\n\t\t\t\t\t<li class=\"cue-track\" itemprop=\"track\" itemscope itemtype=\"http:\/\/schema.org\/MusicRecording\">\n\t\t\t\t\n\t\t\t\t<span class=\"cue-track-details cue-track-cell\">\n\t\t\t\t\t<span class=\"cue-track-title\" itemprop=\"name\">15. Hej, sy\u0107ko sie mi widzi, sy\u0107ko sie mi zdaje (wierchowa)<\/span>\n\t\t\t\t\t<span class=\"cue-track-artist\" itemprop=\"byArtist\"><\/span>\n\t\t\t\t<\/span>\n\n\t\t\t\t\n\t\t\t\t<span class=\"cue-track-length cue-track-cell\">0:40<\/span>\n\n\t\t\t\t\t\t\t<\/li>\n\t\t\t\t\t<li class=\"cue-track\" itemprop=\"track\" itemscope itemtype=\"http:\/\/schema.org\/MusicRecording\">\n\t\t\t\t\n\t\t\t\t<span class=\"cue-track-details cue-track-cell\">\n\t\t\t\t\t<span class=\"cue-track-title\" itemprop=\"name\">16. Krzyzu na Giewoncie (wierchowa)<\/span>\n\t\t\t\t\t<span class=\"cue-track-artist\" itemprop=\"byArtist\"><\/span>\n\t\t\t\t<\/span>\n\n\t\t\t\t\n\t\t\t\t<span class=\"cue-track-length cue-track-cell\">0:40<\/span>\n\n\t\t\t\t\t\t\t<\/li>\n\t\t\t\t\t<li class=\"cue-track\" itemprop=\"track\" itemscope itemtype=\"http:\/\/schema.org\/MusicRecording\">\n\t\t\t\t\n\t\t\t\t<span class=\"cue-track-details cue-track-cell\">\n\t\t\t\t\t<span class=\"cue-track-title\" itemprop=\"name\">17. Saba\u0142a, Saba\u0142a, saba\u0142owe dzieci (ozwodna)<\/span>\n\t\t\t\t\t<span class=\"cue-track-artist\" itemprop=\"byArtist\">Muzyka Franciszka Czernika<\/span>\n\t\t\t\t<\/span>\n\n\t\t\t\t\n\t\t\t\t<span class=\"cue-track-length cue-track-cell\">0:51<\/span>\n\n\t\t\t\t\t\t\t<\/li>\n\t\t\t\t\t<li class=\"cue-track\" itemprop=\"track\" itemscope itemtype=\"http:\/\/schema.org\/MusicRecording\">\n\t\t\t\t\n\t\t\t\t<span class=\"cue-track-details cue-track-cell\">\n\t\t\t\t\t<span class=\"cue-track-title\" itemprop=\"name\">18. Te moje owiecki narobi\u00e9\u0142y skody (ozwodna)<\/span>\n\t\t\t\t\t<span class=\"cue-track-artist\" itemprop=\"byArtist\">Muzyka Franciszka Czernika<\/span>\n\t\t\t\t<\/span>\n\n\t\t\t\t\n\t\t\t\t<span class=\"cue-track-length cue-track-cell\">0:49<\/span>\n\n\t\t\t\t\t\t\t<\/li>\n\t\t\t\t\t<li class=\"cue-track\" itemprop=\"track\" itemscope itemtype=\"http:\/\/schema.org\/MusicRecording\">\n\t\t\t\t\n\t\t\t\t<span class=\"cue-track-details cue-track-cell\">\n\t\t\t\t\t<span class=\"cue-track-title\" itemprop=\"name\">19. Sy\u0107ko j\u00e1 sie, sy\u0107ko na\u015bmi\u00e9wa\u0142a \u015b niego (wierchowa)<\/span>\n\t\t\t\t\t<span class=\"cue-track-artist\" itemprop=\"byArtist\">Maria Bafia<\/span>\n\t\t\t\t<\/span>\n\n\t\t\t\t\n\t\t\t\t<span class=\"cue-track-length cue-track-cell\">0:40<\/span>\n\n\t\t\t\t\t\t\t<\/li>\n\t\t\t\t\t<li class=\"cue-track\" itemprop=\"track\" itemscope itemtype=\"http:\/\/schema.org\/MusicRecording\">\n\t\t\t\t\n\t\t\t\t<span class=\"cue-track-details cue-track-cell\">\n\t\t\t\t\t<span class=\"cue-track-title\" itemprop=\"name\">20. Spod tego jawora woda kapka (ballada)<\/span>\n\t\t\t\t\t<span class=\"cue-track-artist\" itemprop=\"byArtist\">J\u00f3zef Bigos<\/span>\n\t\t\t\t<\/span>\n\n\t\t\t\t\n\t\t\t\t<span class=\"cue-track-length cue-track-cell\">0:37<\/span>\n\n\t\t\t\t\t\t\t<\/li>\n\t\t\t\t\t<li class=\"cue-track\" itemprop=\"track\" itemscope itemtype=\"http:\/\/schema.org\/MusicRecording\">\n\t\t\t\t\n\t\t\t\t<span class=\"cue-track-details cue-track-cell\">\n\t\t\t\t\t<span class=\"cue-track-title\" itemprop=\"name\">21. Ej, byli ch\u0142opcy, byli, ale sie minyli (wierchowa)<\/span>\n\t\t\t\t\t<span class=\"cue-track-artist\" itemprop=\"byArtist\">Muzyka Bronis\u0142awy Koniecznej-Dziado\u0144<\/span>\n\t\t\t\t<\/span>\n\n\t\t\t\t\n\t\t\t\t<span class=\"cue-track-length cue-track-cell\">1:01<\/span>\n\n\t\t\t\t\t\t\t<\/li>\n\t\t\t\t\t<li class=\"cue-track\" itemprop=\"track\" itemscope itemtype=\"http:\/\/schema.org\/MusicRecording\">\n\t\t\t\t\n\t\t\t\t<span class=\"cue-track-details cue-track-cell\">\n\t\t\t\t\t<span class=\"cue-track-title\" itemprop=\"name\">22. Na holi wysokiej orze\u0142 sie podnosi (ozwodna)<\/span>\n\t\t\t\t\t<span class=\"cue-track-artist\" itemprop=\"byArtist\">Muzyka Bronis\u0142awy Koniecznej<\/span>\n\t\t\t\t<\/span>\n\n\t\t\t\t\n\t\t\t\t<span class=\"cue-track-length cue-track-cell\">0:58<\/span>\n\n\t\t\t\t\t\t\t<\/li>\n\t\t\t\t\t<li class=\"cue-track\" itemprop=\"track\" itemscope itemtype=\"http:\/\/schema.org\/MusicRecording\">\n\t\t\t\t\n\t\t\t\t<span class=\"cue-track-details cue-track-cell\">\n\t\t\t\t\t<span class=\"cue-track-title\" itemprop=\"name\">23. Krzesany po dwa<\/span>\n\t\t\t\t\t<span class=\"cue-track-artist\" itemprop=\"byArtist\">Muzyka Bronis\u0142awy Koniecznej<\/span>\n\t\t\t\t<\/span>\n\n\t\t\t\t\n\t\t\t\t<span class=\"cue-track-length cue-track-cell\">0:33<\/span>\n\n\t\t\t\t\t\t\t<\/li>\n\t\t\t\t\t<li class=\"cue-track\" itemprop=\"track\" itemscope itemtype=\"http:\/\/schema.org\/MusicRecording\">\n\t\t\t\t\n\t\t\t\t<span class=\"cue-track-details cue-track-cell\">\n\t\t\t\t\t<span class=\"cue-track-title\" itemprop=\"name\">24. Krzesany po dwa<\/span>\n\t\t\t\t\t<span class=\"cue-track-artist\" itemprop=\"byArtist\">Muzyka Bronis\u0142awy Koniecznej<\/span>\n\t\t\t\t<\/span>\n\n\t\t\t\t\n\t\t\t\t<span class=\"cue-track-length cue-track-cell\">0:33<\/span>\n\n\t\t\t\t\t\t\t<\/li>\n\t\t\t\t\t<li class=\"cue-track\" itemprop=\"track\" itemscope itemtype=\"http:\/\/schema.org\/MusicRecording\">\n\t\t\t\t\n\t\t\t\t<span class=\"cue-track-details cue-track-cell\">\n\t\t\t\t\t<span class=\"cue-track-title\" itemprop=\"name\">25. Zielona<\/span>\n\t\t\t\t\t<span class=\"cue-track-artist\" itemprop=\"byArtist\">Muzyka Bronis\u0142awy Koniecznej<\/span>\n\t\t\t\t<\/span>\n\n\t\t\t\t\n\t\t\t\t<span class=\"cue-track-length cue-track-cell\">0:34<\/span>\n\n\t\t\t\t\t\t\t<\/li>\n\t\t\t\t\t<li class=\"cue-track\" itemprop=\"track\" itemscope itemtype=\"http:\/\/schema.org\/MusicRecording\">\n\t\t\t\t\n\t\t\t\t<span class=\"cue-track-details cue-track-cell\">\n\t\t\t\t\t<span class=\"cue-track-title\" itemprop=\"name\">26. Marsz Bartos<\/span>\n\t\t\t\t\t<span class=\"cue-track-artist\" itemprop=\"byArtist\">Muzyka Bronis\u0142awy Koniecznej<\/span>\n\t\t\t\t<\/span>\n\n\t\t\t\t\n\t\t\t\t<span class=\"cue-track-length cue-track-cell\">1:02<\/span>\n\n\t\t\t\t\t\t\t<\/li>\n\t\t\t\t\t<li class=\"cue-track\" itemprop=\"track\" itemscope itemtype=\"http:\/\/schema.org\/MusicRecording\">\n\t\t\t\t\n\t\t\t\t<span class=\"cue-track-details cue-track-cell\">\n\t\t\t\t\t<span class=\"cue-track-title\" itemprop=\"name\">27. Marsz<\/span>\n\t\t\t\t\t<span class=\"cue-track-artist\" itemprop=\"byArtist\">Muzyka Bronis\u0142awy Koniecznej<\/span>\n\t\t\t\t<\/span>\n\n\t\t\t\t\n\t\t\t\t<span class=\"cue-track-length cue-track-cell\">0:50<\/span>\n\n\t\t\t\t\t\t\t<\/li>\n\t\t\t\t\t<li class=\"cue-track\" itemprop=\"track\" itemscope itemtype=\"http:\/\/schema.org\/MusicRecording\">\n\t\t\t\t\n\t\t\t\t<span class=\"cue-track-details cue-track-cell\">\n\t\t\t\t\t<span class=\"cue-track-title\" itemprop=\"name\">28. Pytacka (pytacka od do\u0142u i pytacka od g\u00f3ry)<\/span>\n\t\t\t\t\t<span class=\"cue-track-artist\" itemprop=\"byArtist\">Muzyka Bronis\u0142awy Koniecznej<\/span>\n\t\t\t\t<\/span>\n\n\t\t\t\t\n\t\t\t\t<span class=\"cue-track-length cue-track-cell\">0:48<\/span>\n\n\t\t\t\t\t\t\t<\/li>\n\t\t\t\t\t<li class=\"cue-track\" itemprop=\"track\" itemscope itemtype=\"http:\/\/schema.org\/MusicRecording\">\n\t\t\t\t\n\t\t\t\t<span class=\"cue-track-details cue-track-cell\">\n\t\t\t\t\t<span class=\"cue-track-title\" itemprop=\"name\">29. Cepowiny<\/span>\n\t\t\t\t\t<span class=\"cue-track-artist\" itemprop=\"byArtist\">Muzyka Bronis\u0142awy Koniecznej<\/span>\n\t\t\t\t<\/span>\n\n\t\t\t\t\n\t\t\t\t<span class=\"cue-track-length cue-track-cell\">1:10<\/span>\n\n\t\t\t\t\t\t\t<\/li>\n\t\t\t\t\t<li class=\"cue-track\" itemprop=\"track\" itemscope itemtype=\"http:\/\/schema.org\/MusicRecording\">\n\t\t\t\t\n\t\t\t\t<span class=\"cue-track-details cue-track-cell\">\n\t\t\t\t\t<span class=\"cue-track-title\" itemprop=\"name\">30. Ej, ni ma se to, ni ma, jak na Buk u owinie (wierchowa)<\/span>\n\t\t\t\t\t<span class=\"cue-track-artist\" itemprop=\"byArtist\">Muzyka Bronis\u0142awy Koniecznej<\/span>\n\t\t\t\t<\/span>\n\n\t\t\t\t\n\t\t\t\t<span class=\"cue-track-length cue-track-cell\">0:45<\/span>\n\n\t\t\t\t\t\t\t<\/li>\n\t\t\t\t\t<li class=\"cue-track\" itemprop=\"track\" itemscope itemtype=\"http:\/\/schema.org\/MusicRecording\">\n\t\t\t\t\n\t\t\t\t<span class=\"cue-track-details cue-track-cell\">\n\t\t\t\t\t<span class=\"cue-track-title\" itemprop=\"name\">31. Posed g\u00f3r\u00e1l za chlebym w doliny (ozwodna)<\/span>\n\t\t\t\t\t<span class=\"cue-track-artist\" itemprop=\"byArtist\">Stanis\u0142aw Nowobilski<\/span>\n\t\t\t\t<\/span>\n\n\t\t\t\t\n\t\t\t\t<span class=\"cue-track-length cue-track-cell\">0:34<\/span>\n\n\t\t\t\t\t\t\t<\/li>\n\t\t\t\t\t<li class=\"cue-track\" itemprop=\"track\" itemscope itemtype=\"http:\/\/schema.org\/MusicRecording\">\n\t\t\t\t\n\t\t\t\t<span class=\"cue-track-details cue-track-cell\">\n\t\t\t\t\t<span class=\"cue-track-title\" itemprop=\"name\">32. Ej, kiedy g\u00f3r\u00e1l umre, ej, nik za nim nie p\u0142ace (czorszty\u0144ska)<\/span>\n\t\t\t\t\t<span class=\"cue-track-artist\" itemprop=\"byArtist\">Stanis\u0142aw Nowobilski<\/span>\n\t\t\t\t<\/span>\n\n\t\t\t\t\n\t\t\t\t<span class=\"cue-track-length cue-track-cell\">0:34<\/span>\n\n\t\t\t\t\t\t\t<\/li>\n\t\t\t\t\t<li class=\"cue-track\" itemprop=\"track\" itemscope itemtype=\"http:\/\/schema.org\/MusicRecording\">\n\t\t\t\t\n\t\t\t\t<span class=\"cue-track-details cue-track-cell\">\n\t\t\t\t\t<span class=\"cue-track-title\" itemprop=\"name\">33. Ni mom nic, ni mom nic, w u oda mi zabra\u0142a (wierchowa)<\/span>\n\t\t\t\t\t<span class=\"cue-track-artist\" itemprop=\"byArtist\">Ludwik Le\u015bnicki<\/span>\n\t\t\t\t<\/span>\n\n\t\t\t\t\n\t\t\t\t<span class=\"cue-track-length cue-track-cell\">0:29<\/span>\n\n\t\t\t\t\t\t\t<\/li>\n\t\t\t\t\t<li class=\"cue-track\" itemprop=\"track\" itemscope itemtype=\"http:\/\/schema.org\/MusicRecording\">\n\t\t\t\t\n\t\t\t\t<span class=\"cue-track-details cue-track-cell\">\n\t\t\t\t\t<span class=\"cue-track-title\" itemprop=\"name\">34. G\u00f3ry nase g\u00f3ry, h\u00e1le nase, h\u00e1le (ozwodna)<\/span>\n\t\t\t\t\t<span class=\"cue-track-artist\" itemprop=\"byArtist\">Stanis\u0142aw Baran<\/span>\n\t\t\t\t<\/span>\n\n\t\t\t\t\n\t\t\t\t<span class=\"cue-track-length cue-track-cell\">0:19<\/span>\n\n\t\t\t\t\t\t\t<\/li>\n\t\t\t\t\t<li class=\"cue-track\" itemprop=\"track\" itemscope itemtype=\"http:\/\/schema.org\/MusicRecording\">\n\t\t\t\t\n\t\t\t\t<span class=\"cue-track-details cue-track-cell\">\n\t\t\t\t\t<span class=\"cue-track-title\" itemprop=\"name\">35. Wesele, wesele, wesele t\u00e9z to tu (weselna)<\/span>\n\t\t\t\t\t<span class=\"cue-track-artist\" itemprop=\"byArtist\">Stanis\u0142aw Baran<\/span>\n\t\t\t\t<\/span>\n\n\t\t\t\t\n\t\t\t\t<span class=\"cue-track-length cue-track-cell\">0:21<\/span>\n\n\t\t\t\t\t\t\t<\/li>\n\t\t\t\t\t<li class=\"cue-track\" itemprop=\"track\" itemscope itemtype=\"http:\/\/schema.org\/MusicRecording\">\n\t\t\t\t\n\t\t\t\t<span class=\"cue-track-details cue-track-cell\">\n\t\t\t\t\t<span class=\"cue-track-title\" itemprop=\"name\">36. O, ty moja rodzino, dy\u0107 jo w\u00e1s podziele (Saba\u0142owa \u2013 fragment Testamentu starego g\u00f3rala)<\/span>\n\t\t\t\t\t<span class=\"cue-track-artist\" itemprop=\"byArtist\">W\u0142adys\u0142aw Gromada<\/span>\n\t\t\t\t<\/span>\n\n\t\t\t\t\n\t\t\t\t<span class=\"cue-track-length cue-track-cell\">0:32<\/span>\n\n\t\t\t\t\t\t\t<\/li>\n\t\t\t\t\t<li class=\"cue-track\" itemprop=\"track\" itemscope itemtype=\"http:\/\/schema.org\/MusicRecording\">\n\t\t\t\t\n\t\t\t\t<span class=\"cue-track-details cue-track-cell\">\n\t\t\t\t\t<span class=\"cue-track-title\" itemprop=\"name\">37. Pozna\u0107 t\u00e9z to, pozna\u0107, fto kogo r\u00e1d widzi (wierchowa)<\/span>\n\t\t\t\t\t<span class=\"cue-track-artist\" itemprop=\"byArtist\">Muzyka W\u0142adys\u0142awa Gromady<\/span>\n\t\t\t\t<\/span>\n\n\t\t\t\t\n\t\t\t\t<span class=\"cue-track-length cue-track-cell\">0:42<\/span>\n\n\t\t\t\t\t\t\t<\/li>\n\t\t\t\t\t<li class=\"cue-track\" itemprop=\"track\" itemscope itemtype=\"http:\/\/schema.org\/MusicRecording\">\n\t\t\t\t\n\t\t\t\t<span class=\"cue-track-details cue-track-cell\">\n\t\t\t\t\t<span class=\"cue-track-title\" itemprop=\"name\">38. Dziewcyna kona\u0142a, jesce sie pyta\u0142a (ozwodna)<\/span>\n\t\t\t\t\t<span class=\"cue-track-artist\" itemprop=\"byArtist\">W\u0142adys\u0142aw Gromada<\/span>\n\t\t\t\t<\/span>\n\n\t\t\t\t\n\t\t\t\t<span class=\"cue-track-length cue-track-cell\">0:21<\/span>\n\n\t\t\t\t\t\t\t<\/li>\n\t\t\t\t\t<li class=\"cue-track\" itemprop=\"track\" itemscope itemtype=\"http:\/\/schema.org\/MusicRecording\">\n\t\t\t\t\n\t\t\t\t<span class=\"cue-track-details cue-track-cell\">\n\t\t\t\t\t<span class=\"cue-track-title\" itemprop=\"name\">39. J\u00e1 ni mom pini\u0105zk\u00f3w, ty se ni m\u00e1s pola (wierchowa<\/span>\n\t\t\t\t\t<span class=\"cue-track-artist\" itemprop=\"byArtist\"><\/span>\n\t\t\t\t<\/span>\n\n\t\t\t\t\n\t\t\t\t<span class=\"cue-track-length cue-track-cell\">0:48<\/span>\n\n\t\t\t\t\t\t\t<\/li>\n\t\t\t\t\t<li class=\"cue-track\" itemprop=\"track\" itemscope itemtype=\"http:\/\/schema.org\/MusicRecording\">\n\t\t\t\t\n\t\t\t\t<span class=\"cue-track-details cue-track-cell\">\n\t\t\t\t\t<span class=\"cue-track-title\" itemprop=\"name\">40. Ej, j\u00e1 se m\u00f3m konicki (ozwodna)<\/span>\n\t\t\t\t\t<span class=\"cue-track-artist\" itemprop=\"byArtist\">W\u0142adys\u0142aw Gromada<\/span>\n\t\t\t\t<\/span>\n\n\t\t\t\t\n\t\t\t\t<span class=\"cue-track-length cue-track-cell\">0:20<\/span>\n\n\t\t\t\t\t\t\t<\/li>\n\t\t\t\t\t<li class=\"cue-track\" itemprop=\"track\" itemscope itemtype=\"http:\/\/schema.org\/MusicRecording\">\n\t\t\t\t\n\t\t\t\t<span class=\"cue-track-details cue-track-cell\">\n\t\t\t\t\t<span class=\"cue-track-title\" itemprop=\"name\">41. Zeby\u015bcie wy wiedzieli, jaki j\u00e1 r\u00e1d niedzieli (drobna)<\/span>\n\t\t\t\t\t<span class=\"cue-track-artist\" itemprop=\"byArtist\">W\u0142adys\u0142aw Gromada<\/span>\n\t\t\t\t<\/span>\n\n\t\t\t\t\n\t\t\t\t<span class=\"cue-track-length cue-track-cell\">0:27<\/span>\n\n\t\t\t\t\t\t\t<\/li>\n\t\t\t\t\t<li class=\"cue-track\" itemprop=\"track\" itemscope itemtype=\"http:\/\/schema.org\/MusicRecording\">\n\t\t\t\t\n\t\t\t\t<span class=\"cue-track-details cue-track-cell\">\n\t\t\t\t\t<span class=\"cue-track-title\" itemprop=\"name\">42. Ej, ty dzi\u00e9wcyno pi\u00e9rs\u00e1, tys mi jest n\u00e1jmils\u00e1 (ozwodna \u2013 czarnodunajecka)<\/span>\n\t\t\t\t\t<span class=\"cue-track-artist\" itemprop=\"byArtist\">W\u0142adys\u0142aw Gromada<\/span>\n\t\t\t\t<\/span>\n\n\t\t\t\t\n\t\t\t\t<span class=\"cue-track-length cue-track-cell\">0:47<\/span>\n\n\t\t\t\t\t\t\t<\/li>\n\t\t\t\t\t<li class=\"cue-track\" itemprop=\"track\" itemscope itemtype=\"http:\/\/schema.org\/MusicRecording\">\n\t\t\t\t\n\t\t\t\t<span class=\"cue-track-details cue-track-cell\">\n\t\t\t\t\t<span class=\"cue-track-title\" itemprop=\"name\">43. uOwiecki beca\u0142y, kiej sie \u0142\u0105cy\u0107 mia\u0142y (przy\u015bpiewki pasterskie \u2013 wierchowe)<\/span>\n\t\t\t\t\t<span class=\"cue-track-artist\" itemprop=\"byArtist\">Karol Walczak<\/span>\n\t\t\t\t<\/span>\n\n\t\t\t\t\n\t\t\t\t<span class=\"cue-track-length cue-track-cell\">0:35<\/span>\n\n\t\t\t\t\t\t\t<\/li>\n\t\t\t\t\t<li class=\"cue-track\" itemprop=\"track\" itemscope itemtype=\"http:\/\/schema.org\/MusicRecording\">\n\t\t\t\t\n\t\t\t\t<span class=\"cue-track-details cue-track-cell\">\n\t\t\t\t\t<span class=\"cue-track-title\" itemprop=\"name\">44. Nie smu\u0107cie sie, Tatry, hej, ze\u015bcie takie stare (pytacka)<\/span>\n\t\t\t\t\t<span class=\"cue-track-artist\" itemprop=\"byArtist\">Muzyka Ludwika \u0141ojasa<\/span>\n\t\t\t\t<\/span>\n\n\t\t\t\t\n\t\t\t\t<span class=\"cue-track-length cue-track-cell\">0:56<\/span>\n\n\t\t\t\t\t\t\t<\/li>\n\t\t\t\t\t<li class=\"cue-track\" itemprop=\"track\" itemscope itemtype=\"http:\/\/schema.org\/MusicRecording\">\n\t\t\t\t\n\t\t\t\t<span class=\"cue-track-details cue-track-cell\">\n\t\t\t\t\t<span class=\"cue-track-title\" itemprop=\"name\">45. Dy\u0107 te Ko\u015bcieliska to pi\u00e9kna dolina (ozwodna)<\/span>\n\t\t\t\t\t<span class=\"cue-track-artist\" itemprop=\"byArtist\">Muzyka Ludwika \u0141ojasa<\/span>\n\t\t\t\t<\/span>\n\n\t\t\t\t\n\t\t\t\t<span class=\"cue-track-length cue-track-cell\">0:40<\/span>\n\n\t\t\t\t\t\t\t<\/li>\n\t\t\t\t\t<li class=\"cue-track\" itemprop=\"track\" itemscope itemtype=\"http:\/\/schema.org\/MusicRecording\">\n\t\t\t\t\n\t\t\t\t<span class=\"cue-track-details cue-track-cell\">\n\t\t\t\t\t<span class=\"cue-track-title\" itemprop=\"name\">46. Z k\u00f3nisia ka\u015btanka n\u00e1jleps\u00e1 furmanka (ozwodna)<\/span>\n\t\t\t\t\t<span class=\"cue-track-artist\" itemprop=\"byArtist\">Muzyka Ludwika \u0141ojasa<\/span>\n\t\t\t\t<\/span>\n\n\t\t\t\t\n\t\t\t\t<span class=\"cue-track-length cue-track-cell\">0:49<\/span>\n\n\t\t\t\t\t\t\t<\/li>\n\t\t\t\t\t<li class=\"cue-track\" itemprop=\"track\" itemscope itemtype=\"http:\/\/schema.org\/MusicRecording\">\n\t\t\t\t\n\t\t\t\t<span class=\"cue-track-details cue-track-cell\">\n\t\t\t\t\t<span class=\"cue-track-title\" itemprop=\"name\">47. Pas\u0142o dziywce owiecki w ziel\u00f3nej ubocy (ozwodna \u2013 spiska)<\/span>\n\t\t\t\t\t<span class=\"cue-track-artist\" itemprop=\"byArtist\">Muzyka Ludwika \u0141ojasa<\/span>\n\t\t\t\t<\/span>\n\n\t\t\t\t\n\t\t\t\t<span class=\"cue-track-length cue-track-cell\">1:18<\/span>\n\n\t\t\t\t\t\t\t<\/li>\n\t\t\t\t\t<li class=\"cue-track\" itemprop=\"track\" itemscope itemtype=\"http:\/\/schema.org\/MusicRecording\">\n\t\t\t\t\n\t\t\t\t<span class=\"cue-track-details cue-track-cell\">\n\t\t\t\t\t<span class=\"cue-track-title\" itemprop=\"name\">48. Ej, sum sum sum po sosynie, ej, sum sum sum po lesie (polka)<\/span>\n\t\t\t\t\t<span class=\"cue-track-artist\" itemprop=\"byArtist\">Muzyka Ludwika \u0141ojasa<\/span>\n\t\t\t\t<\/span>\n\n\t\t\t\t\n\t\t\t\t<span class=\"cue-track-length cue-track-cell\">0:31<\/span>\n\n\t\t\t\t\t\t\t<\/li>\n\t\t\t\t\t<li class=\"cue-track\" itemprop=\"track\" itemscope itemtype=\"http:\/\/schema.org\/MusicRecording\">\n\t\t\t\t\n\t\t\t\t<span class=\"cue-track-details cue-track-cell\">\n\t\t\t\t\t<span class=\"cue-track-title\" itemprop=\"name\">49. Moja kochanecka w lesie sie straci\u00e9\u0142a (wierchowa)<\/span>\n\t\t\t\t\t<span class=\"cue-track-artist\" itemprop=\"byArtist\">Muzyka Jana Bryi<\/span>\n\t\t\t\t<\/span>\n\n\t\t\t\t\n\t\t\t\t<span class=\"cue-track-length cue-track-cell\">0:42<\/span>\n\n\t\t\t\t\t\t\t<\/li>\n\t\t\t\t\t<li class=\"cue-track\" itemprop=\"track\" itemscope itemtype=\"http:\/\/schema.org\/MusicRecording\">\n\t\t\t\t\n\t\t\t\t<span class=\"cue-track-details cue-track-cell\">\n\t\t\t\t\t<span class=\"cue-track-title\" itemprop=\"name\">50. Spodoba\u0142y sie mi u zajonca usy (wierchowa)<\/span>\n\t\t\t\t\t<span class=\"cue-track-artist\" itemprop=\"byArtist\">Muzyka Jana Pawlikowskiego<\/span>\n\t\t\t\t<\/span>\n\n\t\t\t\t\n\t\t\t\t<span class=\"cue-track-length cue-track-cell\">0:39<\/span>\n\n\t\t\t\t\t\t\t<\/li>\n\t\t\t\t\t<li class=\"cue-track\" itemprop=\"track\" itemscope itemtype=\"http:\/\/schema.org\/MusicRecording\">\n\t\t\t\t\n\t\t\t\t<span class=\"cue-track-details cue-track-cell\">\n\t\t\t\t\t<span class=\"cue-track-title\" itemprop=\"name\">51. Hej, j\u00e1 se g\u00f3r\u00e1licek, siwy m\u00f3j k\u00f3nicek (ozwodna)<\/span>\n\t\t\t\t\t<span class=\"cue-track-artist\" itemprop=\"byArtist\">Muzyka Jana Pawlikowskiego<\/span>\n\t\t\t\t<\/span>\n\n\t\t\t\t\n\t\t\t\t<span class=\"cue-track-length cue-track-cell\">0:42<\/span>\n\n\t\t\t\t\t\t\t<\/li>\n\t\t\t\t\t<li class=\"cue-track\" itemprop=\"track\" itemscope itemtype=\"http:\/\/schema.org\/MusicRecording\">\n\t\t\t\t\n\t\t\t\t<span class=\"cue-track-details cue-track-cell\">\n\t\t\t\t\t<span class=\"cue-track-title\" itemprop=\"name\">52. Kieby nie te mury, ej uokna za kratami (ozwodna i zielona)<\/span>\n\t\t\t\t\t<span class=\"cue-track-artist\" itemprop=\"byArtist\">Muzyka Franciszka Polaka<\/span>\n\t\t\t\t<\/span>\n\n\t\t\t\t\n\t\t\t\t<span class=\"cue-track-length cue-track-cell\">1:20<\/span>\n\n\t\t\t\t\t\t\t<\/li>\n\t\t\t\t\t<li class=\"cue-track\" itemprop=\"track\" itemscope itemtype=\"http:\/\/schema.org\/MusicRecording\">\n\t\t\t\t\n\t\t\t\t<span class=\"cue-track-details cue-track-cell\">\n\t\t\t\t\t<span class=\"cue-track-title\" itemprop=\"name\">53. Rubaj, rubaj, pokiel mozes (krzesany po \u015btyry)<\/span>\n\t\t\t\t\t<span class=\"cue-track-artist\" itemprop=\"byArtist\">Muzyka Franciszka Polaka<\/span>\n\t\t\t\t<\/span>\n\n\t\t\t\t\n\t\t\t\t<span class=\"cue-track-length cue-track-cell\">0:45<\/span>\n\n\t\t\t\t\t\t\t<\/li>\n\t\t\t\t\t<li class=\"cue-track\" itemprop=\"track\" itemscope itemtype=\"http:\/\/schema.org\/MusicRecording\">\n\t\t\t\t\n\t\t\t\t<span class=\"cue-track-details cue-track-cell\">\n\t\t\t\t\t<span class=\"cue-track-title\" itemprop=\"name\">54. Zbi\u00e9r\u00e1j sie, zbi\u00e9r\u00e1j, moje kochanie (weselna \u2013 na wyjazd do \u015blubu)<\/span>\n\t\t\t\t\t<span class=\"cue-track-artist\" itemprop=\"byArtist\">Franciszek Polak<\/span>\n\t\t\t\t<\/span>\n\n\t\t\t\t\n\t\t\t\t<span class=\"cue-track-length cue-track-cell\">0:23<\/span>\n\n\t\t\t\t\t\t\t<\/li>\n\t\t\t\t\t<li class=\"cue-track\" itemprop=\"track\" itemscope itemtype=\"http:\/\/schema.org\/MusicRecording\">\n\t\t\t\t\n\t\t\t\t<span class=\"cue-track-details cue-track-cell\">\n\t\t\t\t\t<span class=\"cue-track-title\" itemprop=\"name\">55. Janosik, Janosik, ka\u015b podzi\u00e1\u0142 wa\u0142asik 1 (ozwodna \u2013 luptowska)<\/span>\n\t\t\t\t\t<span class=\"cue-track-artist\" itemprop=\"byArtist\">Muzyka Wojciecha Blaszaka<\/span>\n\t\t\t\t<\/span>\n\n\t\t\t\t\n\t\t\t\t<span class=\"cue-track-length cue-track-cell\">1:16<\/span>\n\n\t\t\t\t\t\t\t<\/li>\n\t\t\t\t\t<li class=\"cue-track\" itemprop=\"track\" itemscope itemtype=\"http:\/\/schema.org\/MusicRecording\">\n\t\t\t\t\n\t\t\t\t<span class=\"cue-track-details cue-track-cell\">\n\t\t\t\t\t<span class=\"cue-track-title\" itemprop=\"name\">56. Nuta Wojciecha Blaszaka (ozwodna)<\/span>\n\t\t\t\t\t<span class=\"cue-track-artist\" itemprop=\"byArtist\">Muzyka Wojciecha Blaszaka<\/span>\n\t\t\t\t<\/span>\n\n\t\t\t\t\n\t\t\t\t<span class=\"cue-track-length cue-track-cell\">0:35<\/span>\n\n\t\t\t\t\t\t\t<\/li>\n\t\t\t\t\t<li class=\"cue-track\" itemprop=\"track\" itemscope itemtype=\"http:\/\/schema.org\/MusicRecording\">\n\t\t\t\t\n\t\t\t\t<span class=\"cue-track-details cue-track-cell\">\n\t\t\t\t\t<span class=\"cue-track-title\" itemprop=\"name\">57. Nuta staro\u015bwiecka Jacka Krupy (ozwodna)<\/span>\n\t\t\t\t\t<span class=\"cue-track-artist\" itemprop=\"byArtist\">Muzyka Wojciecha Blaszaka<\/span>\n\t\t\t\t<\/span>\n\n\t\t\t\t\n\t\t\t\t<span class=\"cue-track-length cue-track-cell\">0:38<\/span>\n\n\t\t\t\t\t\t\t<\/li>\n\t\t\t\t\t<li class=\"cue-track\" itemprop=\"track\" itemscope itemtype=\"http:\/\/schema.org\/MusicRecording\">\n\t\t\t\t\n\t\t\t\t<span class=\"cue-track-details cue-track-cell\">\n\t\t\t\t\t<span class=\"cue-track-title\" itemprop=\"name\">58. Nuta stara krzesana bardyjowska (krzesana po trzy)<\/span>\n\t\t\t\t\t<span class=\"cue-track-artist\" itemprop=\"byArtist\">Muzyka w sk\u0142adzie: Wojciech Blaszak \u2013 prym, J\u00f3zef Obrochta \u2013 sekund<\/span>\n\t\t\t\t<\/span>\n\n\t\t\t\t\n\t\t\t\t<span class=\"cue-track-length cue-track-cell\">0:44<\/span>\n\n\t\t\t\t\t\t\t<\/li>\n\t\t\t\t\t<li class=\"cue-track\" itemprop=\"track\" itemscope itemtype=\"http:\/\/schema.org\/MusicRecording\">\n\t\t\t\t\n\t\t\t\t<span class=\"cue-track-details cue-track-cell\">\n\t\t\t\t\t<span class=\"cue-track-title\" itemprop=\"name\">59. Nuta Saba\u0142owa (ozwodna czarnodunajecka)<\/span>\n\t\t\t\t\t<span class=\"cue-track-artist\" itemprop=\"byArtist\">Wojciech Blaszak<\/span>\n\t\t\t\t<\/span>\n\n\t\t\t\t\n\t\t\t\t<span class=\"cue-track-length cue-track-cell\">0:35<\/span>\n\n\t\t\t\t\t\t\t<\/li>\n\t\t\t\t\t<li class=\"cue-track\" itemprop=\"track\" itemscope itemtype=\"http:\/\/schema.org\/MusicRecording\">\n\t\t\t\t\n\t\t\t\t<span class=\"cue-track-details cue-track-cell\">\n\t\t\t\t\t<span class=\"cue-track-title\" itemprop=\"name\">60. Wit\u00f3w nas, Wit\u00f3w nas, piekne po\u0142ozenie (ozwodna)<\/span>\n\t\t\t\t\t<span class=\"cue-track-artist\" itemprop=\"byArtist\">Muzyka Wojciecha Szwaba-Bojora<\/span>\n\t\t\t\t<\/span>\n\n\t\t\t\t\n\t\t\t\t<span class=\"cue-track-length cue-track-cell\">0:45<\/span>\n\n\t\t\t\t\t\t\t<\/li>\n\t\t\t\t\t<li class=\"cue-track\" itemprop=\"track\" itemscope itemtype=\"http:\/\/schema.org\/MusicRecording\">\n\t\t\t\t\n\t\t\t\t<span class=\"cue-track-details cue-track-cell\">\n\t\t\t\t\t<span class=\"cue-track-title\" itemprop=\"name\">61. Hejze ino, po dwa razy (krzesana po trzy)<\/span>\n\t\t\t\t\t<span class=\"cue-track-artist\" itemprop=\"byArtist\">Muzyka Wojciecha Szwaba-Bojora<\/span>\n\t\t\t\t<\/span>\n\n\t\t\t\t\n\t\t\t\t<span class=\"cue-track-length cue-track-cell\">0:33<\/span>\n\n\t\t\t\t\t\t\t<\/li>\n\t\t\t\t\t<li class=\"cue-track\" itemprop=\"track\" itemscope itemtype=\"http:\/\/schema.org\/MusicRecording\">\n\t\t\t\t\n\t\t\t\t<span class=\"cue-track-details cue-track-cell\">\n\t\t\t\t\t<span class=\"cue-track-title\" itemprop=\"name\">62. Ni ma t\u00e9z to jak juhasom (drobna \u2013 zakopia\u0144ska)<\/span>\n\t\t\t\t\t<span class=\"cue-track-artist\" itemprop=\"byArtist\">Muzyka Wojciecha Szwaba-Bojora<\/span>\n\t\t\t\t<\/span>\n\n\t\t\t\t\n\t\t\t\t<span class=\"cue-track-length cue-track-cell\">0:17<\/span>\n\n\t\t\t\t\t\t\t<\/li>\n\t\t\t\t\t<li class=\"cue-track\" itemprop=\"track\" itemscope itemtype=\"http:\/\/schema.org\/MusicRecording\">\n\t\t\t\t\n\t\t\t\t<span class=\"cue-track-details cue-track-cell\">\n\t\t\t\t\t<span class=\"cue-track-title\" itemprop=\"name\">63. Idzie, idzie ku zimie (krzesana po trzy)<\/span>\n\t\t\t\t\t<span class=\"cue-track-artist\" itemprop=\"byArtist\">Zesp\u00f3\u0142 m\u0119\u017cczyzn z Witowa; Muzyka Wojciecha Szwaba-Bojora<\/span>\n\t\t\t\t<\/span>\n\n\t\t\t\t\n\t\t\t\t<span class=\"cue-track-length cue-track-cell\">0:32<\/span>\n\n\t\t\t\t\t\t\t<\/li>\n\t\t\t\t\t<li class=\"cue-track\" itemprop=\"track\" itemscope itemtype=\"http:\/\/schema.org\/MusicRecording\">\n\t\t\t\t\n\t\t\t\t<span class=\"cue-track-details cue-track-cell\">\n\t\t\t\t\t<span class=\"cue-track-title\" itemprop=\"name\">64. Nuta rodowa Ma\u015bniak\u00f3w (wierchowa)<\/span>\n\t\t\t\t\t<span class=\"cue-track-artist\" itemprop=\"byArtist\">Muzyka Styrczul\u00f3w-Ma\u015bniak\u00f3w<\/span>\n\t\t\t\t<\/span>\n\n\t\t\t\t\n\t\t\t\t<span class=\"cue-track-length cue-track-cell\">0:33<\/span>\n\n\t\t\t\t\t\t\t<\/li>\n\t\t\t\t\t<li class=\"cue-track\" itemprop=\"track\" itemscope itemtype=\"http:\/\/schema.org\/MusicRecording\">\n\t\t\t\t\n\t\t\t\t<span class=\"cue-track-details cue-track-cell\">\n\t\t\t\t\t<span class=\"cue-track-title\" itemprop=\"name\">65. Nuta Kamie\u0144skiego (wierchowa)<\/span>\n\t\t\t\t\t<span class=\"cue-track-artist\" itemprop=\"byArtist\">Muzyka Styrczul\u00f3w-Ma\u015bniak\u00f3w<\/span>\n\t\t\t\t<\/span>\n\n\t\t\t\t\n\t\t\t\t<span class=\"cue-track-length cue-track-cell\">0:27<\/span>\n\n\t\t\t\t\t\t\t<\/li>\n\t\t\t\t\t<li class=\"cue-track\" itemprop=\"track\" itemscope itemtype=\"http:\/\/schema.org\/MusicRecording\">\n\t\t\t\t\n\t\t\t\t<span class=\"cue-track-details cue-track-cell\">\n\t\t\t\t\t<span class=\"cue-track-title\" itemprop=\"name\">66. Nuta Symka Zaryckiego \u2013 przewodnika tatrza\u0144skiego (wierchowa)<\/span>\n\t\t\t\t\t<span class=\"cue-track-artist\" itemprop=\"byArtist\">Muzyka Styrczul\u00f3w-Ma\u015bniak\u00f3w<\/span>\n\t\t\t\t<\/span>\n\n\t\t\t\t\n\t\t\t\t<span class=\"cue-track-length cue-track-cell\">0:23<\/span>\n\n\t\t\t\t\t\t\t<\/li>\n\t\t\t\t\t<li class=\"cue-track\" itemprop=\"track\" itemscope itemtype=\"http:\/\/schema.org\/MusicRecording\">\n\t\t\t\t\n\t\t\t\t<span class=\"cue-track-details cue-track-cell\">\n\t\t\t\t\t<span class=\"cue-track-title\" itemprop=\"name\">67. Nuta juhaska (wierchowa)<\/span>\n\t\t\t\t\t<span class=\"cue-track-artist\" itemprop=\"byArtist\">Muzyka Styrczul\u00f3w-Ma\u015bniak\u00f3w<\/span>\n\t\t\t\t<\/span>\n\n\t\t\t\t\n\t\t\t\t<span class=\"cue-track-length cue-track-cell\">0:30<\/span>\n\n\t\t\t\t\t\t\t<\/li>\n\t\t\t\t\t<li class=\"cue-track\" itemprop=\"track\" itemscope itemtype=\"http:\/\/schema.org\/MusicRecording\">\n\t\t\t\t\n\t\t\t\t<span class=\"cue-track-details cue-track-cell\">\n\t\t\t\t\t<span class=\"cue-track-title\" itemprop=\"name\">68. Nuta krzesana ze starej<\/span>\n\t\t\t\t\t<span class=\"cue-track-artist\" itemprop=\"byArtist\">Muzyka Styrczul\u00f3w-Ma\u015bniak\u00f3w<\/span>\n\t\t\t\t<\/span>\n\n\t\t\t\t\n\t\t\t\t<span class=\"cue-track-length cue-track-cell\">0:29<\/span>\n\n\t\t\t\t\t\t\t<\/li>\n\t\t\t\t\t<li class=\"cue-track\" itemprop=\"track\" itemscope itemtype=\"http:\/\/schema.org\/MusicRecording\">\n\t\t\t\t\n\t\t\t\t<span class=\"cue-track-details cue-track-cell\">\n\t\t\t\t\t<span class=\"cue-track-title\" itemprop=\"name\">69. Nuta krzesana brzezowicka<\/span>\n\t\t\t\t\t<span class=\"cue-track-artist\" itemprop=\"byArtist\">Muzyka Styrczul\u00f3w-Ma\u015bniak\u00f3w<\/span>\n\t\t\t\t<\/span>\n\n\t\t\t\t\n\t\t\t\t<span class=\"cue-track-length cue-track-cell\">0:35<\/span>\n\n\t\t\t\t\t\t\t<\/li>\n\t\t\t\t\t<li class=\"cue-track\" itemprop=\"track\" itemscope itemtype=\"http:\/\/schema.org\/MusicRecording\">\n\t\t\t\t\n\t\t\t\t<span class=\"cue-track-details cue-track-cell\">\n\t\t\t\t\t<span class=\"cue-track-title\" itemprop=\"name\">70. Dy\u0107 se Ko\u015bcielisko \u0142adne po\u0142ozenie (ozwodna)<\/span>\n\t\t\t\t\t<span class=\"cue-track-artist\" itemprop=\"byArtist\">Muzyka Styrczul\u00f3w-Ma\u015bniak\u00f3w<\/span>\n\t\t\t\t<\/span>\n\n\t\t\t\t\n\t\t\t\t<span class=\"cue-track-length cue-track-cell\">0:30<\/span>\n\n\t\t\t\t\t\t\t<\/li>\n\t\t\t\t\t<li class=\"cue-track\" itemprop=\"track\" itemscope itemtype=\"http:\/\/schema.org\/MusicRecording\">\n\t\t\t\t\n\t\t\t\t<span class=\"cue-track-details cue-track-cell\">\n\t\t\t\t\t<span class=\"cue-track-title\" itemprop=\"name\">71. Nuta czarnodunajecka (ozwodna)<\/span>\n\t\t\t\t\t<span class=\"cue-track-artist\" itemprop=\"byArtist\">Muzyka Styrczul\u00f3w-Ma\u015bniak\u00f3w<\/span>\n\t\t\t\t<\/span>\n\n\t\t\t\t\n\t\t\t\t<span class=\"cue-track-length cue-track-cell\">0:36<\/span>\n\n\t\t\t\t\t\t\t<\/li>\n\t\t\t\t\t<li class=\"cue-track\" itemprop=\"track\" itemscope itemtype=\"http:\/\/schema.org\/MusicRecording\">\n\t\t\t\t\n\t\t\t\t<span class=\"cue-track-details cue-track-cell\">\n\t\t\t\t\t<span class=\"cue-track-title\" itemprop=\"name\">72. Nuta sobcykowska (ozwodna)<\/span>\n\t\t\t\t\t<span class=\"cue-track-artist\" itemprop=\"byArtist\">Muzyka Styrczul\u00f3w-Ma\u015bniak\u00f3w<\/span>\n\t\t\t\t<\/span>\n\n\t\t\t\t\n\t\t\t\t<span class=\"cue-track-length cue-track-cell\">0:21<\/span>\n\n\t\t\t\t\t\t\t<\/li>\n\t\t\t\t\t<li class=\"cue-track\" itemprop=\"track\" itemscope itemtype=\"http:\/\/schema.org\/MusicRecording\">\n\t\t\t\t\n\t\t\t\t<span class=\"cue-track-details cue-track-cell\">\n\t\t\t\t\t<span class=\"cue-track-title\" itemprop=\"name\">73. Nuta po dwa razy w drugim tonie (drobna)<\/span>\n\t\t\t\t\t<span class=\"cue-track-artist\" itemprop=\"byArtist\">Muzyka Styrczul\u00f3w-Ma\u015bniak\u00f3w<\/span>\n\t\t\t\t<\/span>\n\n\t\t\t\t\n\t\t\t\t<span class=\"cue-track-length cue-track-cell\">0:30<\/span>\n\n\t\t\t\t\t\t\t<\/li>\n\t\t\t\t\t<li class=\"cue-track\" itemprop=\"track\" itemscope itemtype=\"http:\/\/schema.org\/MusicRecording\">\n\t\t\t\t\n\t\t\t\t<span class=\"cue-track-details cue-track-cell\">\n\t\t\t\t\t<span class=\"cue-track-title\" itemprop=\"name\">74. Nuta polaniarska (ozwodna)<\/span>\n\t\t\t\t\t<span class=\"cue-track-artist\" itemprop=\"byArtist\">Muzyka Styrczul\u00f3w-Ma\u015bniak\u00f3w<\/span>\n\t\t\t\t<\/span>\n\n\t\t\t\t\n\t\t\t\t<span class=\"cue-track-length cue-track-cell\">0:30<\/span>\n\n\t\t\t\t\t\t\t<\/li>\n\t\t\t\t\t<li class=\"cue-track\" itemprop=\"track\" itemscope itemtype=\"http:\/\/schema.org\/MusicRecording\">\n\t\t\t\t\n\t\t\t\t<span class=\"cue-track-details cue-track-cell\">\n\t\t\t\t\t<span class=\"cue-track-title\" itemprop=\"name\">75. Nuta staro\u015bwiecka (ozwodna)<\/span>\n\t\t\t\t\t<span class=\"cue-track-artist\" itemprop=\"byArtist\">Muzyka Styrczul\u00f3w-Ma\u015bniak\u00f3w<\/span>\n\t\t\t\t<\/span>\n\n\t\t\t\t\n\t\t\t\t<span class=\"cue-track-length cue-track-cell\">0:30<\/span>\n\n\t\t\t\t\t\t\t<\/li>\n\t\t\t\t\t<li class=\"cue-track\" itemprop=\"track\" itemscope itemtype=\"http:\/\/schema.org\/MusicRecording\">\n\t\t\t\t\n\t\t\t\t<span class=\"cue-track-details cue-track-cell\">\n\t\t\t\t\t<span class=\"cue-track-title\" itemprop=\"name\">76. Popod regle (nuta Kubi\u0144cowa-ozwodna)<\/span>\n\t\t\t\t\t<span class=\"cue-track-artist\" itemprop=\"byArtist\">Muzyka Styrczul\u00f3w-Ma\u015bniak\u00f3w<\/span>\n\t\t\t\t<\/span>\n\n\t\t\t\t\n\t\t\t\t<span class=\"cue-track-length cue-track-cell\">0:41<\/span>\n\n\t\t\t\t\t\t\t<\/li>\n\t\t\t\t\t<li class=\"cue-track\" itemprop=\"track\" itemscope itemtype=\"http:\/\/schema.org\/MusicRecording\">\n\t\t\t\t\n\t\t\t\t<span class=\"cue-track-details cue-track-cell\">\n\t\t\t\t\t<span class=\"cue-track-title\" itemprop=\"name\">77. Nuta za\u0142obno Janosikowo (ballada)<\/span>\n\t\t\t\t\t<span class=\"cue-track-artist\" itemprop=\"byArtist\">Muzyka Styrczul\u00f3w-Ma\u015bniak\u00f3w<\/span>\n\t\t\t\t<\/span>\n\n\t\t\t\t\n\t\t\t\t<span class=\"cue-track-length cue-track-cell\">0:51<\/span>\n\n\t\t\t\t\t\t\t<\/li>\n\t\t\t\t\t<li class=\"cue-track\" itemprop=\"track\" itemscope itemtype=\"http:\/\/schema.org\/MusicRecording\">\n\t\t\t\t\n\t\t\t\t<span class=\"cue-track-details cue-track-cell\">\n\t\t\t\t\t<span class=\"cue-track-title\" itemprop=\"name\">78. Marsz Duch\u00f3w Ej wara w\u00e1m dunajcanie (ballada)<\/span>\n\t\t\t\t\t<span class=\"cue-track-artist\" itemprop=\"byArtist\">Muzyka Styrczul\u00f3w-Ma\u015bniak\u00f3w<\/span>\n\t\t\t\t<\/span>\n\n\t\t\t\t\n\t\t\t\t<span class=\"cue-track-length cue-track-cell\">0:40<\/span>\n\n\t\t\t\t\t\t\t<\/li>\n\t\t\t\t\t<li class=\"cue-track\" itemprop=\"track\" itemscope itemtype=\"http:\/\/schema.org\/MusicRecording\">\n\t\t\t\t\n\t\t\t\t<span class=\"cue-track-details cue-track-cell\">\n\t\t\t\t\t<span class=\"cue-track-title\" itemprop=\"name\">79. Weso\u0142\u00e1 bywa\u0142ak, nigdyk nie p\u0142aka\u0142a (wierchowa)<\/span>\n\t\t\t\t\t<span class=\"cue-track-artist\" itemprop=\"byArtist\"><\/span>\n\t\t\t\t<\/span>\n\n\t\t\t\t\n\t\t\t\t<span class=\"cue-track-length cue-track-cell\">0:43<\/span>\n\n\t\t\t\t\t\t\t<\/li>\n\t\t\t\t\t<li class=\"cue-track\" itemprop=\"track\" itemscope itemtype=\"http:\/\/schema.org\/MusicRecording\">\n\t\t\t\t\n\t\t\t\t<span class=\"cue-track-details cue-track-cell\">\n\t\t\t\t\t<span class=\"cue-track-title\" itemprop=\"name\">80. Juz to dzi\u00e9wce zemre\u0142o, co nom dobrze cyni\u00e9\u0142o (Saba\u0142owa)<\/span>\n\t\t\t\t\t<span class=\"cue-track-artist\" itemprop=\"byArtist\">Muzyka Stanis\u0142awa N\u0119dzy-Chotarskiego<\/span>\n\t\t\t\t<\/span>\n\n\t\t\t\t\n\t\t\t\t<span class=\"cue-track-length cue-track-cell\">0:33<\/span>\n\n\t\t\t\t\t\t\t<\/li>\n\t\t\t\t\t<li class=\"cue-track\" itemprop=\"track\" itemscope itemtype=\"http:\/\/schema.org\/MusicRecording\">\n\t\t\t\t\n\t\t\t\t<span class=\"cue-track-details cue-track-cell\">\n\t\t\t\t\t<span class=\"cue-track-title\" itemprop=\"name\">81. Ej ch\u0142opc\u00b7iska w karcmie pijo (krzesana po dwa)<\/span>\n\t\t\t\t\t<span class=\"cue-track-artist\" itemprop=\"byArtist\">Muzyka Stanis\u0142awa N\u0119dzy-Chotarskiego<\/span>\n\t\t\t\t<\/span>\n\n\t\t\t\t\n\t\t\t\t<span class=\"cue-track-length cue-track-cell\">0:36<\/span>\n\n\t\t\t\t\t\t\t<\/li>\n\t\t\t\t\t<li class=\"cue-track\" itemprop=\"track\" itemscope itemtype=\"http:\/\/schema.org\/MusicRecording\">\n\t\t\t\t\n\t\t\t\t<span class=\"cue-track-details cue-track-cell\">\n\t\t\t\t\t<span class=\"cue-track-title\" itemprop=\"name\">82. Kosi\u00e9\u0142 ociec, kosi\u00e9\u0142 stryk, a syn lez\u00e1\u0142 jako byk (krzesana trzy a raz)<\/span>\n\t\t\t\t\t<span class=\"cue-track-artist\" itemprop=\"byArtist\">Muzyka Stanis\u0142awa N\u0119dzy-Chotarskiego<\/span>\n\t\t\t\t<\/span>\n\n\t\t\t\t\n\t\t\t\t<span class=\"cue-track-length cue-track-cell\">0:41<\/span>\n\n\t\t\t\t\t\t\t<\/li>\n\t\t\t\t\t<li class=\"cue-track\" itemprop=\"track\" itemscope itemtype=\"http:\/\/schema.org\/MusicRecording\">\n\t\t\t\t\n\t\t\t\t<span class=\"cue-track-details cue-track-cell\">\n\t\t\t\t\t<span class=\"cue-track-title\" itemprop=\"name\">83. Ej, kieby\u015b, dzi\u00e9wce, ej, kieby\u015b nie ty (Saba\u0142owa \u2013 luptowska)<\/span>\n\t\t\t\t\t<span class=\"cue-track-artist\" itemprop=\"byArtist\">Muzyka Stanis\u0142awa N\u0119dzy-Chotarskiego<\/span>\n\t\t\t\t<\/span>\n\n\t\t\t\t\n\t\t\t\t<span class=\"cue-track-length cue-track-cell\">0:48<\/span>\n\n\t\t\t\t\t\t\t<\/li>\n\t\t\t\t\t<li class=\"cue-track\" itemprop=\"track\" itemscope itemtype=\"http:\/\/schema.org\/MusicRecording\">\n\t\t\t\t\n\t\t\t\t<span class=\"cue-track-details cue-track-cell\">\n\t\t\t\t\t<span class=\"cue-track-title\" itemprop=\"name\">84. Kieby by\u0142o nie \u015bwita\u0142o, by\u0142oby mi dzi\u00e9wce da\u0142o (drobna orawska)<\/span>\n\t\t\t\t\t<span class=\"cue-track-artist\" itemprop=\"byArtist\">Muzyka Stanis\u0142awa N\u0119dzy-Chotarskiego<\/span>\n\t\t\t\t<\/span>\n\n\t\t\t\t\n\t\t\t\t<span class=\"cue-track-length cue-track-cell\">1:22<\/span>\n\n\t\t\t\t\t\t\t<\/li>\n\t\t\t\t\t<li class=\"cue-track\" itemprop=\"track\" itemscope itemtype=\"http:\/\/schema.org\/MusicRecording\">\n\t\t\t\t\n\t\t\t\t<span class=\"cue-track-details cue-track-cell\">\n\t\t\t\t\t<span class=\"cue-track-title\" itemprop=\"name\">85. P\u00f3d\u017a do domu, Dora, bo cie mama wo\u0142\u00e1 (ozwodna)<\/span>\n\t\t\t\t\t<span class=\"cue-track-artist\" itemprop=\"byArtist\">Muzyka Stanis\u0142awa N\u0119dzy-Chotarskiego<\/span>\n\t\t\t\t<\/span>\n\n\t\t\t\t\n\t\t\t\t<span class=\"cue-track-length cue-track-cell\">0:39<\/span>\n\n\t\t\t\t\t\t\t<\/li>\n\t\t\t\t\t<li class=\"cue-track\" itemprop=\"track\" itemscope itemtype=\"http:\/\/schema.org\/MusicRecording\">\n\t\t\t\t\n\t\t\t\t<span class=\"cue-track-details cue-track-cell\">\n\t\t\t\t\t<span class=\"cue-track-title\" itemprop=\"name\">86. Abo mie zabijom, abo j\u00e1 k u og u osi (ozwodna)<\/span>\n\t\t\t\t\t<span class=\"cue-track-artist\" itemprop=\"byArtist\">Muzyka Stanis\u0142awa N\u0119dzy-Chotarskiego<\/span>\n\t\t\t\t<\/span>\n\n\t\t\t\t\n\t\t\t\t<span class=\"cue-track-length cue-track-cell\">0:48<\/span>\n\n\t\t\t\t\t\t\t<\/li>\n\t\t\t\t\t<li class=\"cue-track\" itemprop=\"track\" itemscope itemtype=\"http:\/\/schema.org\/MusicRecording\">\n\t\t\t\t\n\t\t\t\t<span class=\"cue-track-details cue-track-cell\">\n\t\t\t\t\t<span class=\"cue-track-title\" itemprop=\"name\">87. W t\u00e9j dolinie sucharynie sumi tam (krzesany po osiem \u2013 grzybowa)<\/span>\n\t\t\t\t\t<span class=\"cue-track-artist\" itemprop=\"byArtist\">Muzyka Stanis\u0142awa N\u0119dzy-Chotarskiego<\/span>\n\t\t\t\t<\/span>\n\n\t\t\t\t\n\t\t\t\t<span class=\"cue-track-length cue-track-cell\">0:38<\/span>\n\n\t\t\t\t\t\t\t<\/li>\n\t\t\t\t\t<li class=\"cue-track\" itemprop=\"track\" itemscope itemtype=\"http:\/\/schema.org\/MusicRecording\">\n\t\t\t\t\n\t\t\t\t<span class=\"cue-track-details cue-track-cell\">\n\t\t\t\t\t<span class=\"cue-track-title\" itemprop=\"name\">88. Idzie Janko lasem, wysoko si\u00e9 niesi\u00e9 (ballada \u2013 \u017ca\u0142obna Janosikowa)<\/span>\n\t\t\t\t\t<span class=\"cue-track-artist\" itemprop=\"byArtist\"><\/span>\n\t\t\t\t<\/span>\n\n\t\t\t\t\n\t\t\t\t<span class=\"cue-track-length cue-track-cell\">1:20<\/span>\n\n\t\t\t\t\t\t\t<\/li>\n\t\t\t\t\t<li class=\"cue-track\" itemprop=\"track\" itemscope itemtype=\"http:\/\/schema.org\/MusicRecording\">\n\t\t\t\t\n\t\t\t\t<span class=\"cue-track-details cue-track-cell\">\n\t\t\t\t\t<span class=\"cue-track-title\" itemprop=\"name\">89. Co sie sta\u0142o, Boze, w Bardyjowym dworze (ballada \u2013 Janosikowa)<\/span>\n\t\t\t\t\t<span class=\"cue-track-artist\" itemprop=\"byArtist\">Muzyka Stanis\u0142awa N\u0119dzy-Chotarskiego<\/span>\n\t\t\t\t<\/span>\n\n\t\t\t\t\n\t\t\t\t<span class=\"cue-track-length cue-track-cell\">1:23<\/span>\n\n\t\t\t\t\t\t\t<\/li>\n\t\t\t\t\t<li class=\"cue-track\" itemprop=\"track\" itemscope itemtype=\"http:\/\/schema.org\/MusicRecording\">\n\t\t\t\t\n\t\t\t\t<span class=\"cue-track-details cue-track-cell\">\n\t\t\t\t\t<span class=\"cue-track-title\" itemprop=\"name\">90. Ej, przyjd\u017aze, przyjd\u017a, Janicku, cni mi sie bez tobie (ozwodna)<\/span>\n\t\t\t\t\t<span class=\"cue-track-artist\" itemprop=\"byArtist\">Muzyka Stanis\u0142awa N\u0119dzy-Chotarskiego<\/span>\n\t\t\t\t<\/span>\n\n\t\t\t\t\n\t\t\t\t<span class=\"cue-track-length cue-track-cell\">0:46<\/span>\n\n\t\t\t\t\t\t\t<\/li>\n\t\t\t\t\t<li class=\"cue-track\" itemprop=\"track\" itemscope itemtype=\"http:\/\/schema.org\/MusicRecording\">\n\t\t\t\t\n\t\t\t\t<span class=\"cue-track-details cue-track-cell\">\n\t\t\t\t\t<span class=\"cue-track-title\" itemprop=\"name\">91. Ej, wa\u0142asom, wa\u0142asom, tomaniarskim juhasom (krzesana po trzy)<\/span>\n\t\t\t\t\t<span class=\"cue-track-artist\" itemprop=\"byArtist\">Muzyka Stanis\u0142awa N\u0119dzy-Chotarskiego<\/span>\n\t\t\t\t<\/span>\n\n\t\t\t\t\n\t\t\t\t<span class=\"cue-track-length cue-track-cell\">0:31<\/span>\n\n\t\t\t\t\t\t\t<\/li>\n\t\t\t\t\t<li class=\"cue-track\" itemprop=\"track\" itemscope itemtype=\"http:\/\/schema.org\/MusicRecording\">\n\t\t\t\t\n\t\t\t\t<span class=\"cue-track-details cue-track-cell\">\n\t\t\t\t\t<span class=\"cue-track-title\" itemprop=\"name\">92. Ej, se ino po hajducku, zimn\u00e1 rosa na k\u0142abu\u0107ku (krzesana po trzy)<\/span>\n\t\t\t\t\t<span class=\"cue-track-artist\" itemprop=\"byArtist\">Muzyka Stanis\u0142awa N\u0119dzy-Chotarskiego<\/span>\n\t\t\t\t<\/span>\n\n\t\t\t\t\n\t\t\t\t<span class=\"cue-track-length cue-track-cell\">0:34<\/span>\n\n\t\t\t\t\t\t\t<\/li>\n\t\t\t\t\t<li class=\"cue-track\" itemprop=\"track\" itemscope itemtype=\"http:\/\/schema.org\/MusicRecording\">\n\t\t\t\t\n\t\t\t\t<span class=\"cue-track-details cue-track-cell\">\n\t\t\t\t\t<span class=\"cue-track-title\" itemprop=\"name\">93. Powiedz, powiedz, nie b\u00f3j sie, komu\u015b da\u0142a gembusie (drobna staro\u015bwiecka)<\/span>\n\t\t\t\t\t<span class=\"cue-track-artist\" itemprop=\"byArtist\">Muzyka Stanis\u0142awa N\u0119dzy-Chotarskiego<\/span>\n\t\t\t\t<\/span>\n\n\t\t\t\t\n\t\t\t\t<span class=\"cue-track-length cue-track-cell\">0:43<\/span>\n\n\t\t\t\t\t\t\t<\/li>\n\t\t\t\t\t<li class=\"cue-track\" itemprop=\"track\" itemscope itemtype=\"http:\/\/schema.org\/MusicRecording\">\n\t\t\t\t\n\t\t\t\t<span class=\"cue-track-details cue-track-cell\">\n\t\t\t\t\t<span class=\"cue-track-title\" itemprop=\"name\">94. Ni ma t\u00e9z to, jak juhasom: nic nie robiom, owce pasom (krzesana po dwa)<\/span>\n\t\t\t\t\t<span class=\"cue-track-artist\" itemprop=\"byArtist\">Muzyka Stanis\u0142awa N\u0119dzy-Chotarskiego<\/span>\n\t\t\t\t<\/span>\n\n\t\t\t\t\n\t\t\t\t<span class=\"cue-track-length cue-track-cell\">0:29<\/span>\n\n\t\t\t\t\t\t\t<\/li>\n\t\t\t\t\t<li class=\"cue-track\" itemprop=\"track\" itemscope itemtype=\"http:\/\/schema.org\/MusicRecording\">\n\t\t\t\t\n\t\t\t\t<span class=\"cue-track-details cue-track-cell\">\n\t\t\t\t\t<span class=\"cue-track-title\" itemprop=\"name\">95. Dy\u0107 my przyjechali, jako\u015b sama fcia\u0142a<\/span>\n\t\t\t\t\t<span class=\"cue-track-artist\" itemprop=\"byArtist\">Muzyka Stanis\u0142awa N\u0119dzy-Chotarskiego<\/span>\n\t\t\t\t<\/span>\n\n\t\t\t\t\n\t\t\t\t<span class=\"cue-track-length cue-track-cell\">1:03<\/span>\n\n\t\t\t\t\t\t\t<\/li>\n\t\t\t\t\t<li class=\"cue-track\" itemprop=\"track\" itemscope itemtype=\"http:\/\/schema.org\/MusicRecording\">\n\t\t\t\t\n\t\t\t\t<span class=\"cue-track-details cue-track-cell\">\n\t\t\t\t\t<span class=\"cue-track-title\" itemprop=\"name\">96. Ej, Madziar pije, ej, Madziar p\u0142aci (marsz)<\/span>\n\t\t\t\t\t<span class=\"cue-track-artist\" itemprop=\"byArtist\">Muzyka Stanis\u0142awa N\u0119dzy-Chotarskiego<\/span>\n\t\t\t\t<\/span>\n\n\t\t\t\t\n\t\t\t\t<span class=\"cue-track-length cue-track-cell\">0:54<\/span>\n\n\t\t\t\t\t\t\t<\/li>\n\t\t\t\t\t<li class=\"cue-track\" itemprop=\"track\" itemscope itemtype=\"http:\/\/schema.org\/MusicRecording\">\n\t\t\t\t\n\t\t\t\t<span class=\"cue-track-details cue-track-cell\">\n\t\t\t\t\t<span class=\"cue-track-title\" itemprop=\"name\">97. Wi\u0105zanka polek<\/span>\n\t\t\t\t\t<span class=\"cue-track-artist\" itemprop=\"byArtist\">Muzyka Stanis\u0142awa N\u0119dzy-Chotarskiego<\/span>\n\t\t\t\t<\/span>\n\n\t\t\t\t\n\t\t\t\t<span class=\"cue-track-length cue-track-cell\">1:38<\/span>\n\n\t\t\t\t\t\t\t<\/li>\n\t\t\t<\/ol>\n\n\t<\/div>\n\t\t<script type=\"application\/json\" class=\"cue-playlist-data\">{\"embed_link\":\"https:\\\/\\\/etnofon.pl\\\/en\\\/?cue_embed=muzycy-muzycy-co-po-wos-ostanie&cue_theme=default\",\"permalink\":\"https:\\\/\\\/etnofon.pl\\\/en\\\/?cue_playlist=muzycy-muzycy-co-po-wos-ostanie\",\"skin\":\"cue-skin-default\",\"thumbnail\":\"https:\\\/\\\/etnofon.pl\\\/wp-content\\\/uploads\\\/2020\\\/09\\\/muzycyco-po-wos_okladka.jpg\",\"tracks\":[{\"artist\":\"Muzyka W\\u0142adys\\u0142awa Obrochty\",\"artworkId\":0,\"artworkUrl\":\"\",\"audioId\":2483,\"audioUrl\":\"https:\\\/\\\/etnofon.pl\\\/wp-content\\\/uploads\\\/2020\\\/11\\\/Muzycy-muzycy-1.mp3\",\"format\":\"mp3\",\"length\":\"3:16\",\"title\":\"1. Taniec g\\u00f3ralski wed\\u0142ug uj\\u0119cia J\\u00f3zefa Le\\u015bniaka: Wi\\u00e9r\\u015bke, ch\\u0142opcy, wi\\u00e9r\\u015bke (ozwodna); Zal\\u00e9c\\u00e1\\u0142 sie k u ogut kurze (krzesana po trzy \\u2013 ze starej); Ej, z g\\u00f3ry jade, z g\\u00f3ry jade (krzesana po trzy); Tak\\u00e1 sie mi podob\\u00e1 (krzesana po trzy a raz); W Dziadusiowym dworze (zielona)\",\"order\":0,\"mp3\":\"https:\\\/\\\/etnofon.pl\\\/wp-content\\\/uploads\\\/2020\\\/11\\\/Muzycy-muzycy-1.mp3\",\"meta\":{\"artist\":\"Muzyka W\\u0142adys\\u0142awa Obrochty\",\"length_formatted\":\"3:16\"},\"src\":\"https:\\\/\\\/etnofon.pl\\\/wp-content\\\/uploads\\\/2020\\\/11\\\/Muzycy-muzycy-1.mp3\",\"thumb\":{\"src\":\"\"}},{\"artist\":\"Muzyka W\\u0142adys\\u0142awa Obrochty\",\"artworkId\":0,\"artworkUrl\":\"\",\"audioId\":2484,\"audioUrl\":\"https:\\\/\\\/etnofon.pl\\\/wp-content\\\/uploads\\\/2020\\\/11\\\/Muzycy-muzycy-2.mp3\",\"format\":\"mp3\",\"length\":\"0:49\",\"title\":\"2. Hej, Saba\\u0142a za\\u015bpi\\u00e9w\\u00e1\\u0142 (Saba\\u0142owa)\",\"order\":1,\"mp3\":\"https:\\\/\\\/etnofon.pl\\\/wp-content\\\/uploads\\\/2020\\\/11\\\/Muzycy-muzycy-2.mp3\",\"meta\":{\"artist\":\"Muzyka W\\u0142adys\\u0142awa Obrochty\",\"length_formatted\":\"0:49\"},\"src\":\"https:\\\/\\\/etnofon.pl\\\/wp-content\\\/uploads\\\/2020\\\/11\\\/Muzycy-muzycy-2.mp3\",\"thumb\":{\"src\":\"\"}},{\"artist\":\"Muzyka W\\u0142adys\\u0142awa Obrochty\",\"artworkId\":0,\"artworkUrl\":\"\",\"audioId\":2485,\"audioUrl\":\"https:\\\/\\\/etnofon.pl\\\/wp-content\\\/uploads\\\/2020\\\/11\\\/Muzycy-muzycy-3.mp3\",\"format\":\"mp3\",\"length\":\"0:49\",\"title\":\"3. A kie j\\u00e1 se umre, moja dusa wstanie (ozwodna)\",\"order\":2,\"mp3\":\"https:\\\/\\\/etnofon.pl\\\/wp-content\\\/uploads\\\/2020\\\/11\\\/Muzycy-muzycy-3.mp3\",\"meta\":{\"artist\":\"Muzyka W\\u0142adys\\u0142awa Obrochty\",\"length_formatted\":\"0:49\"},\"src\":\"https:\\\/\\\/etnofon.pl\\\/wp-content\\\/uploads\\\/2020\\\/11\\\/Muzycy-muzycy-3.mp3\",\"thumb\":{\"src\":\"\"}},{\"artist\":\"Muzyka W\\u0142adys\\u0142awa Obrochty\",\"artworkId\":0,\"artworkUrl\":\"\",\"audioId\":2486,\"audioUrl\":\"https:\\\/\\\/etnofon.pl\\\/wp-content\\\/uploads\\\/2020\\\/11\\\/Muzycy-muzycy-4.mp3\",\"format\":\"mp3\",\"length\":\"0:31\",\"title\":\"4. Kieby\\u015b se ty be\\u0142a mojom (drobna staro\\u015bwiecka)\",\"order\":3,\"mp3\":\"https:\\\/\\\/etnofon.pl\\\/wp-content\\\/uploads\\\/2020\\\/11\\\/Muzycy-muzycy-4.mp3\",\"meta\":{\"artist\":\"Muzyka W\\u0142adys\\u0142awa Obrochty\",\"length_formatted\":\"0:31\"},\"src\":\"https:\\\/\\\/etnofon.pl\\\/wp-content\\\/uploads\\\/2020\\\/11\\\/Muzycy-muzycy-4.mp3\",\"thumb\":{\"src\":\"\"}},{\"artist\":\"\",\"artworkId\":0,\"artworkUrl\":\"\",\"audioId\":2487,\"audioUrl\":\"https:\\\/\\\/etnofon.pl\\\/wp-content\\\/uploads\\\/2020\\\/11\\\/Muzycy-muzycy-5.mp3\",\"format\":\"mp3\",\"length\":\"4:55\",\"title\":\"5. Zb\\u00f3jnicki wg wersji z Ko\\u015bcieliska: Ta\\u0144cyli zb\\u00f3jnicy w Miku\\u0142asie (marsz \\u2013 w ta\\u0144cu ozwodna do zb\\u00f3jnickiego); Ta\\u0144cowali zb\\u00f3jnicy\\\/Ty sy, Janko, ty sy ch\\u0142op\\\/Ta\\u0144cow\\u00e1\\u0142byk, kiebyk m\\u00f3g (zb\\u00f3jnicki); Ej, idzie zima ku zimie (krzesana i zielona do zb\\u00f3jnickiego); Hej, idem w las (Marsz Cha\\u0142ubi\\u0144skiego i marsz jaworzy\\u0144ski)\",\"order\":4,\"mp3\":\"https:\\\/\\\/etnofon.pl\\\/wp-content\\\/uploads\\\/2020\\\/11\\\/Muzycy-muzycy-5.mp3\",\"meta\":{\"artist\":\"\",\"length_formatted\":\"4:55\"},\"src\":\"https:\\\/\\\/etnofon.pl\\\/wp-content\\\/uploads\\\/2020\\\/11\\\/Muzycy-muzycy-5.mp3\",\"thumb\":{\"src\":\"\"}},{\"artist\":\"zesp\\u00f3\\u0142 kobiet z Zakopanego\",\"artworkId\":0,\"artworkUrl\":\"\",\"audioId\":2488,\"audioUrl\":\"https:\\\/\\\/etnofon.pl\\\/wp-content\\\/uploads\\\/2020\\\/11\\\/Muzycy-muzycy-6.mp3\",\"format\":\"mp3\",\"length\":\"1:10\",\"title\":\"6. Ozl\\u00e9g\\u00e1j sie, g\\u0142osie (wierchowa)\",\"order\":5,\"mp3\":\"https:\\\/\\\/etnofon.pl\\\/wp-content\\\/uploads\\\/2020\\\/11\\\/Muzycy-muzycy-6.mp3\",\"meta\":{\"artist\":\"zesp\\u00f3\\u0142 kobiet z Zakopanego\",\"length_formatted\":\"1:10\"},\"src\":\"https:\\\/\\\/etnofon.pl\\\/wp-content\\\/uploads\\\/2020\\\/11\\\/Muzycy-muzycy-6.mp3\",\"thumb\":{\"src\":\"\"}},{\"artist\":\"J\\u00f3zef Majerczyk\",\"artworkId\":0,\"artworkUrl\":\"\",\"audioId\":2489,\"audioUrl\":\"https:\\\/\\\/etnofon.pl\\\/wp-content\\\/uploads\\\/2020\\\/11\\\/Muzycy-muzycy-7.mp3\",\"format\":\"mp3\",\"length\":\"0:29\",\"title\":\"7. Idom se owiecki, idom w g\\u00f3re pyrciom (ozwodna)\",\"order\":6,\"mp3\":\"https:\\\/\\\/etnofon.pl\\\/wp-content\\\/uploads\\\/2020\\\/11\\\/Muzycy-muzycy-7.mp3\",\"meta\":{\"artist\":\"J\\u00f3zef Majerczyk\",\"length_formatted\":\"0:29\"},\"src\":\"https:\\\/\\\/etnofon.pl\\\/wp-content\\\/uploads\\\/2020\\\/11\\\/Muzycy-muzycy-7.mp3\",\"thumb\":{\"src\":\"\"}},{\"artist\":\"Muzyka Topor\\u00f3w-Futr\\u00f3w\",\"artworkId\":0,\"artworkUrl\":\"\",\"audioId\":2490,\"audioUrl\":\"https:\\\/\\\/etnofon.pl\\\/wp-content\\\/uploads\\\/2020\\\/11\\\/Muzycy-muzycy-8.mp3\",\"format\":\"mp3\",\"length\":\"0:33\",\"title\":\"8. Ej, z uorawskiego zamku, ej, ch\\u0142opcy pozi\\u00e9rajo (ozwodna)\",\"order\":7,\"mp3\":\"https:\\\/\\\/etnofon.pl\\\/wp-content\\\/uploads\\\/2020\\\/11\\\/Muzycy-muzycy-8.mp3\",\"meta\":{\"artist\":\"Muzyka Topor\\u00f3w-Futr\\u00f3w\",\"length_formatted\":\"0:33\"},\"src\":\"https:\\\/\\\/etnofon.pl\\\/wp-content\\\/uploads\\\/2020\\\/11\\\/Muzycy-muzycy-8.mp3\",\"thumb\":{\"src\":\"\"}},{\"artist\":\"Muzyka Topor\\u00f3w-Futr\\u00f3w\",\"artworkId\":0,\"artworkUrl\":\"\",\"audioId\":2491,\"audioUrl\":\"https:\\\/\\\/etnofon.pl\\\/wp-content\\\/uploads\\\/2020\\\/11\\\/Muzycy-muzycy-9.mp3\",\"format\":\"mp3\",\"length\":\"0:28\",\"title\":\"9. A \\u015btarydy, a \\u015btajrom, sto tysi\\u0119cy kacek mom (krzesana trzy a raz)\",\"order\":8,\"mp3\":\"https:\\\/\\\/etnofon.pl\\\/wp-content\\\/uploads\\\/2020\\\/11\\\/Muzycy-muzycy-9.mp3\",\"meta\":{\"artist\":\"Muzyka Topor\\u00f3w-Futr\\u00f3w\",\"length_formatted\":\"0:28\"},\"src\":\"https:\\\/\\\/etnofon.pl\\\/wp-content\\\/uploads\\\/2020\\\/11\\\/Muzycy-muzycy-9.mp3\",\"thumb\":{\"src\":\"\"}},{\"artist\":\"Muzyka Topor\\u00f3w-Futr\\u00f3w\",\"artworkId\":0,\"artworkUrl\":\"\",\"audioId\":2492,\"audioUrl\":\"https:\\\/\\\/etnofon.pl\\\/wp-content\\\/uploads\\\/2020\\\/11\\\/Muzycy-muzycy-10.mp3\",\"format\":\"mp3\",\"length\":\"0:25\",\"title\":\"10. Ej, edy\\u0107 se na Cyrhli, ka se bez las chuodzi (ozwodna)\",\"order\":9,\"mp3\":\"https:\\\/\\\/etnofon.pl\\\/wp-content\\\/uploads\\\/2020\\\/11\\\/Muzycy-muzycy-10.mp3\",\"meta\":{\"artist\":\"Muzyka Topor\\u00f3w-Futr\\u00f3w\",\"length_formatted\":\"0:25\"},\"src\":\"https:\\\/\\\/etnofon.pl\\\/wp-content\\\/uploads\\\/2020\\\/11\\\/Muzycy-muzycy-10.mp3\",\"thumb\":{\"src\":\"\"}},{\"artist\":\"Muzyka Topor\\u00f3w-Futr\\u00f3w\",\"artworkId\":0,\"artworkUrl\":\"\",\"audioId\":2493,\"audioUrl\":\"https:\\\/\\\/etnofon.pl\\\/wp-content\\\/uploads\\\/2020\\\/11\\\/Muzycy-muzycy-11.mp3\",\"format\":\"mp3\",\"length\":\"0:30\",\"title\":\"11. Janicku, luter\\u00e1n, ja za cie w\\u00f3le m\\u00e1m (wierchowa)\",\"order\":10,\"mp3\":\"https:\\\/\\\/etnofon.pl\\\/wp-content\\\/uploads\\\/2020\\\/11\\\/Muzycy-muzycy-11.mp3\",\"meta\":{\"artist\":\"Muzyka Topor\\u00f3w-Futr\\u00f3w\",\"length_formatted\":\"0:30\"},\"src\":\"https:\\\/\\\/etnofon.pl\\\/wp-content\\\/uploads\\\/2020\\\/11\\\/Muzycy-muzycy-11.mp3\",\"thumb\":{\"src\":\"\"}},{\"artist\":\"Muzyka Topor\\u00f3w-Futr\\u00f3w\",\"artworkId\":0,\"artworkUrl\":\"\",\"audioId\":2494,\"audioUrl\":\"https:\\\/\\\/etnofon.pl\\\/wp-content\\\/uploads\\\/2020\\\/11\\\/Muzycy-muzycy-12.mp3\",\"format\":\"mp3\",\"length\":\"0:39\",\"title\":\"12. Nuta wierchowa\",\"order\":11,\"mp3\":\"https:\\\/\\\/etnofon.pl\\\/wp-content\\\/uploads\\\/2020\\\/11\\\/Muzycy-muzycy-12.mp3\",\"meta\":{\"artist\":\"Muzyka Topor\\u00f3w-Futr\\u00f3w\",\"length_formatted\":\"0:39\"},\"src\":\"https:\\\/\\\/etnofon.pl\\\/wp-content\\\/uploads\\\/2020\\\/11\\\/Muzycy-muzycy-12.mp3\",\"thumb\":{\"src\":\"\"}},{\"artist\":\"\",\"artworkId\":0,\"artworkUrl\":\"\",\"audioId\":2495,\"audioUrl\":\"https:\\\/\\\/etnofon.pl\\\/wp-content\\\/uploads\\\/2020\\\/11\\\/Muzycy-muzycy-13.mp3\",\"format\":\"mp3\",\"length\":\"0:34\",\"title\":\"13. E, dy\\u0107 se w Kondr\\u00e1towej (wierchowa)\",\"order\":12,\"mp3\":\"https:\\\/\\\/etnofon.pl\\\/wp-content\\\/uploads\\\/2020\\\/11\\\/Muzycy-muzycy-13.mp3\",\"meta\":{\"artist\":\"\",\"length_formatted\":\"0:34\"},\"src\":\"https:\\\/\\\/etnofon.pl\\\/wp-content\\\/uploads\\\/2020\\\/11\\\/Muzycy-muzycy-13.mp3\",\"thumb\":{\"src\":\"\"}},{\"artist\":\"Jan Bafia\",\"artworkId\":0,\"artworkUrl\":\"\",\"audioId\":2496,\"audioUrl\":\"https:\\\/\\\/etnofon.pl\\\/wp-content\\\/uploads\\\/2020\\\/11\\\/Muzycy-muzycy-14.mp3\",\"format\":\"mp3\",\"length\":\"0:26\",\"title\":\"14. Hej, nie by\\u0142o mnie w domu, hej, by\\u0142ek za g\\u00f3rami (ozwodna)\",\"order\":13,\"mp3\":\"https:\\\/\\\/etnofon.pl\\\/wp-content\\\/uploads\\\/2020\\\/11\\\/Muzycy-muzycy-14.mp3\",\"meta\":{\"artist\":\"Jan Bafia\",\"length_formatted\":\"0:26\"},\"src\":\"https:\\\/\\\/etnofon.pl\\\/wp-content\\\/uploads\\\/2020\\\/11\\\/Muzycy-muzycy-14.mp3\",\"thumb\":{\"src\":\"\"}},{\"artist\":\"\",\"artworkId\":0,\"artworkUrl\":\"\",\"audioId\":2497,\"audioUrl\":\"https:\\\/\\\/etnofon.pl\\\/wp-content\\\/uploads\\\/2020\\\/11\\\/Muzycy-muzycy-15.mp3\",\"format\":\"mp3\",\"length\":\"0:40\",\"title\":\"15. Hej, sy\\u0107ko sie mi widzi, sy\\u0107ko sie mi zdaje (wierchowa)\",\"order\":14,\"mp3\":\"https:\\\/\\\/etnofon.pl\\\/wp-content\\\/uploads\\\/2020\\\/11\\\/Muzycy-muzycy-15.mp3\",\"meta\":{\"artist\":\"\",\"length_formatted\":\"0:40\"},\"src\":\"https:\\\/\\\/etnofon.pl\\\/wp-content\\\/uploads\\\/2020\\\/11\\\/Muzycy-muzycy-15.mp3\",\"thumb\":{\"src\":\"\"}},{\"artist\":\"\",\"artworkId\":0,\"artworkUrl\":\"\",\"audioId\":2498,\"audioUrl\":\"https:\\\/\\\/etnofon.pl\\\/wp-content\\\/uploads\\\/2020\\\/11\\\/Muzycy-muzycy-16.mp3\",\"format\":\"mp3\",\"length\":\"0:40\",\"title\":\"16. Krzyzu na Giewoncie (wierchowa)\",\"order\":15,\"mp3\":\"https:\\\/\\\/etnofon.pl\\\/wp-content\\\/uploads\\\/2020\\\/11\\\/Muzycy-muzycy-16.mp3\",\"meta\":{\"artist\":\"\",\"length_formatted\":\"0:40\"},\"src\":\"https:\\\/\\\/etnofon.pl\\\/wp-content\\\/uploads\\\/2020\\\/11\\\/Muzycy-muzycy-16.mp3\",\"thumb\":{\"src\":\"\"}},{\"artist\":\"Muzyka Franciszka Czernika\",\"artworkId\":0,\"artworkUrl\":\"\",\"audioId\":2499,\"audioUrl\":\"https:\\\/\\\/etnofon.pl\\\/wp-content\\\/uploads\\\/2020\\\/11\\\/Muzycy-muzycy-17.mp3\",\"format\":\"mp3\",\"length\":\"0:51\",\"title\":\"17. Saba\\u0142a, Saba\\u0142a, saba\\u0142owe dzieci (ozwodna)\",\"order\":16,\"mp3\":\"https:\\\/\\\/etnofon.pl\\\/wp-content\\\/uploads\\\/2020\\\/11\\\/Muzycy-muzycy-17.mp3\",\"meta\":{\"artist\":\"Muzyka Franciszka Czernika\",\"length_formatted\":\"0:51\"},\"src\":\"https:\\\/\\\/etnofon.pl\\\/wp-content\\\/uploads\\\/2020\\\/11\\\/Muzycy-muzycy-17.mp3\",\"thumb\":{\"src\":\"\"}},{\"artist\":\"Muzyka Franciszka Czernika\",\"artworkId\":0,\"artworkUrl\":\"\",\"audioId\":2500,\"audioUrl\":\"https:\\\/\\\/etnofon.pl\\\/wp-content\\\/uploads\\\/2020\\\/11\\\/Muzycy-muzycy-18.mp3\",\"format\":\"mp3\",\"length\":\"0:49\",\"title\":\"18. Te moje owiecki narobi\\u00e9\\u0142y skody (ozwodna)\",\"order\":17,\"mp3\":\"https:\\\/\\\/etnofon.pl\\\/wp-content\\\/uploads\\\/2020\\\/11\\\/Muzycy-muzycy-18.mp3\",\"meta\":{\"artist\":\"Muzyka Franciszka Czernika\",\"length_formatted\":\"0:49\"},\"src\":\"https:\\\/\\\/etnofon.pl\\\/wp-content\\\/uploads\\\/2020\\\/11\\\/Muzycy-muzycy-18.mp3\",\"thumb\":{\"src\":\"\"}},{\"artist\":\"Maria Bafia\",\"artworkId\":0,\"artworkUrl\":\"\",\"audioId\":2501,\"audioUrl\":\"https:\\\/\\\/etnofon.pl\\\/wp-content\\\/uploads\\\/2020\\\/11\\\/Muzycy-muzycy-19.mp3\",\"format\":\"mp3\",\"length\":\"0:40\",\"title\":\"19. Sy\\u0107ko j\\u00e1 sie, sy\\u0107ko na\\u015bmi\\u00e9wa\\u0142a \\u015b niego (wierchowa)\",\"order\":18,\"mp3\":\"https:\\\/\\\/etnofon.pl\\\/wp-content\\\/uploads\\\/2020\\\/11\\\/Muzycy-muzycy-19.mp3\",\"meta\":{\"artist\":\"Maria Bafia\",\"length_formatted\":\"0:40\"},\"src\":\"https:\\\/\\\/etnofon.pl\\\/wp-content\\\/uploads\\\/2020\\\/11\\\/Muzycy-muzycy-19.mp3\",\"thumb\":{\"src\":\"\"}},{\"artist\":\"J\\u00f3zef Bigos\",\"artworkId\":0,\"artworkUrl\":\"\",\"audioId\":2502,\"audioUrl\":\"https:\\\/\\\/etnofon.pl\\\/wp-content\\\/uploads\\\/2020\\\/11\\\/Muzycy-muzycy-20.mp3\",\"format\":\"mp3\",\"length\":\"0:37\",\"title\":\"20. Spod tego jawora woda kapka (ballada)\",\"order\":19,\"mp3\":\"https:\\\/\\\/etnofon.pl\\\/wp-content\\\/uploads\\\/2020\\\/11\\\/Muzycy-muzycy-20.mp3\",\"meta\":{\"artist\":\"J\\u00f3zef Bigos\",\"length_formatted\":\"0:37\"},\"src\":\"https:\\\/\\\/etnofon.pl\\\/wp-content\\\/uploads\\\/2020\\\/11\\\/Muzycy-muzycy-20.mp3\",\"thumb\":{\"src\":\"\"}},{\"artist\":\"Muzyka Bronis\\u0142awy Koniecznej-Dziado\\u0144\",\"artworkId\":0,\"artworkUrl\":\"\",\"audioId\":2503,\"audioUrl\":\"https:\\\/\\\/etnofon.pl\\\/wp-content\\\/uploads\\\/2020\\\/11\\\/Muzycy-muzycy-21.mp3\",\"format\":\"mp3\",\"length\":\"1:01\",\"title\":\"21. Ej, byli ch\\u0142opcy, byli, ale sie minyli (wierchowa)\",\"order\":20,\"mp3\":\"https:\\\/\\\/etnofon.pl\\\/wp-content\\\/uploads\\\/2020\\\/11\\\/Muzycy-muzycy-21.mp3\",\"meta\":{\"artist\":\"Muzyka Bronis\\u0142awy Koniecznej-Dziado\\u0144\",\"length_formatted\":\"1:01\"},\"src\":\"https:\\\/\\\/etnofon.pl\\\/wp-content\\\/uploads\\\/2020\\\/11\\\/Muzycy-muzycy-21.mp3\",\"thumb\":{\"src\":\"\"}},{\"artist\":\"Muzyka Bronis\\u0142awy Koniecznej\",\"artworkId\":0,\"artworkUrl\":\"\",\"audioId\":2504,\"audioUrl\":\"https:\\\/\\\/etnofon.pl\\\/wp-content\\\/uploads\\\/2020\\\/11\\\/Muzycy-muzycy-22.mp3\",\"format\":\"mp3\",\"length\":\"0:58\",\"title\":\"22. Na holi wysokiej orze\\u0142 sie podnosi (ozwodna)\",\"order\":21,\"mp3\":\"https:\\\/\\\/etnofon.pl\\\/wp-content\\\/uploads\\\/2020\\\/11\\\/Muzycy-muzycy-22.mp3\",\"meta\":{\"artist\":\"Muzyka Bronis\\u0142awy Koniecznej\",\"length_formatted\":\"0:58\"},\"src\":\"https:\\\/\\\/etnofon.pl\\\/wp-content\\\/uploads\\\/2020\\\/11\\\/Muzycy-muzycy-22.mp3\",\"thumb\":{\"src\":\"\"}},{\"artist\":\"Muzyka Bronis\\u0142awy Koniecznej\",\"artworkId\":0,\"artworkUrl\":\"\",\"audioId\":2505,\"audioUrl\":\"https:\\\/\\\/etnofon.pl\\\/wp-content\\\/uploads\\\/2020\\\/11\\\/Muzycy-muzycy-23.mp3\",\"format\":\"mp3\",\"length\":\"0:33\",\"title\":\"23. Krzesany po dwa\",\"order\":22,\"mp3\":\"https:\\\/\\\/etnofon.pl\\\/wp-content\\\/uploads\\\/2020\\\/11\\\/Muzycy-muzycy-23.mp3\",\"meta\":{\"artist\":\"Muzyka Bronis\\u0142awy Koniecznej\",\"length_formatted\":\"0:33\"},\"src\":\"https:\\\/\\\/etnofon.pl\\\/wp-content\\\/uploads\\\/2020\\\/11\\\/Muzycy-muzycy-23.mp3\",\"thumb\":{\"src\":\"\"}},{\"artist\":\"Muzyka Bronis\\u0142awy Koniecznej\",\"artworkId\":0,\"artworkUrl\":\"\",\"audioId\":2506,\"audioUrl\":\"https:\\\/\\\/etnofon.pl\\\/wp-content\\\/uploads\\\/2020\\\/11\\\/Muzycy-muzycy-24.mp3\",\"format\":\"mp3\",\"length\":\"0:33\",\"title\":\"24. Krzesany po dwa\",\"order\":23,\"mp3\":\"https:\\\/\\\/etnofon.pl\\\/wp-content\\\/uploads\\\/2020\\\/11\\\/Muzycy-muzycy-24.mp3\",\"meta\":{\"artist\":\"Muzyka Bronis\\u0142awy Koniecznej\",\"length_formatted\":\"0:33\"},\"src\":\"https:\\\/\\\/etnofon.pl\\\/wp-content\\\/uploads\\\/2020\\\/11\\\/Muzycy-muzycy-24.mp3\",\"thumb\":{\"src\":\"\"}},{\"artist\":\"Muzyka Bronis\\u0142awy Koniecznej\",\"artworkId\":0,\"artworkUrl\":\"\",\"audioId\":2507,\"audioUrl\":\"https:\\\/\\\/etnofon.pl\\\/wp-content\\\/uploads\\\/2020\\\/11\\\/Muzycy-muzycy-25.mp3\",\"format\":\"mp3\",\"length\":\"0:34\",\"title\":\"25. Zielona\",\"order\":24,\"mp3\":\"https:\\\/\\\/etnofon.pl\\\/wp-content\\\/uploads\\\/2020\\\/11\\\/Muzycy-muzycy-25.mp3\",\"meta\":{\"artist\":\"Muzyka Bronis\\u0142awy Koniecznej\",\"length_formatted\":\"0:34\"},\"src\":\"https:\\\/\\\/etnofon.pl\\\/wp-content\\\/uploads\\\/2020\\\/11\\\/Muzycy-muzycy-25.mp3\",\"thumb\":{\"src\":\"\"}},{\"artist\":\"Muzyka Bronis\\u0142awy Koniecznej\",\"artworkId\":0,\"artworkUrl\":\"\",\"audioId\":2508,\"audioUrl\":\"https:\\\/\\\/etnofon.pl\\\/wp-content\\\/uploads\\\/2020\\\/11\\\/Muzycy-muzycy-26.mp3\",\"format\":\"mp3\",\"length\":\"1:02\",\"title\":\"26. Marsz Bartos\",\"order\":25,\"mp3\":\"https:\\\/\\\/etnofon.pl\\\/wp-content\\\/uploads\\\/2020\\\/11\\\/Muzycy-muzycy-26.mp3\",\"meta\":{\"artist\":\"Muzyka Bronis\\u0142awy Koniecznej\",\"length_formatted\":\"1:02\"},\"src\":\"https:\\\/\\\/etnofon.pl\\\/wp-content\\\/uploads\\\/2020\\\/11\\\/Muzycy-muzycy-26.mp3\",\"thumb\":{\"src\":\"\"}},{\"artist\":\"Muzyka Bronis\\u0142awy Koniecznej\",\"artworkId\":0,\"artworkUrl\":\"\",\"audioId\":2509,\"audioUrl\":\"https:\\\/\\\/etnofon.pl\\\/wp-content\\\/uploads\\\/2020\\\/11\\\/Muzycy-muzycy-27.mp3\",\"format\":\"mp3\",\"length\":\"0:50\",\"title\":\"27. Marsz\",\"order\":26,\"mp3\":\"https:\\\/\\\/etnofon.pl\\\/wp-content\\\/uploads\\\/2020\\\/11\\\/Muzycy-muzycy-27.mp3\",\"meta\":{\"artist\":\"Muzyka Bronis\\u0142awy Koniecznej\",\"length_formatted\":\"0:50\"},\"src\":\"https:\\\/\\\/etnofon.pl\\\/wp-content\\\/uploads\\\/2020\\\/11\\\/Muzycy-muzycy-27.mp3\",\"thumb\":{\"src\":\"\"}},{\"artist\":\"Muzyka Bronis\\u0142awy Koniecznej\",\"artworkId\":0,\"artworkUrl\":\"\",\"audioId\":2510,\"audioUrl\":\"https:\\\/\\\/etnofon.pl\\\/wp-content\\\/uploads\\\/2020\\\/11\\\/Muzycy-muzycy-28.mp3\",\"format\":\"mp3\",\"length\":\"0:48\",\"title\":\"28. Pytacka (pytacka od do\\u0142u i pytacka od g\\u00f3ry)\",\"order\":27,\"mp3\":\"https:\\\/\\\/etnofon.pl\\\/wp-content\\\/uploads\\\/2020\\\/11\\\/Muzycy-muzycy-28.mp3\",\"meta\":{\"artist\":\"Muzyka Bronis\\u0142awy Koniecznej\",\"length_formatted\":\"0:48\"},\"src\":\"https:\\\/\\\/etnofon.pl\\\/wp-content\\\/uploads\\\/2020\\\/11\\\/Muzycy-muzycy-28.mp3\",\"thumb\":{\"src\":\"\"}},{\"artist\":\"Muzyka Bronis\\u0142awy Koniecznej\",\"artworkId\":0,\"artworkUrl\":\"\",\"audioId\":2511,\"audioUrl\":\"https:\\\/\\\/etnofon.pl\\\/wp-content\\\/uploads\\\/2020\\\/11\\\/Muzycy-muzycy-29.mp3\",\"format\":\"mp3\",\"length\":\"1:10\",\"title\":\"29. Cepowiny\",\"order\":28,\"mp3\":\"https:\\\/\\\/etnofon.pl\\\/wp-content\\\/uploads\\\/2020\\\/11\\\/Muzycy-muzycy-29.mp3\",\"meta\":{\"artist\":\"Muzyka Bronis\\u0142awy Koniecznej\",\"length_formatted\":\"1:10\"},\"src\":\"https:\\\/\\\/etnofon.pl\\\/wp-content\\\/uploads\\\/2020\\\/11\\\/Muzycy-muzycy-29.mp3\",\"thumb\":{\"src\":\"\"}},{\"artist\":\"Muzyka Bronis\\u0142awy Koniecznej\",\"artworkId\":0,\"artworkUrl\":\"\",\"audioId\":2512,\"audioUrl\":\"https:\\\/\\\/etnofon.pl\\\/wp-content\\\/uploads\\\/2020\\\/11\\\/Muzycy-muzycy-30.mp3\",\"format\":\"mp3\",\"length\":\"0:45\",\"title\":\"30. Ej, ni ma se to, ni ma, jak na Buk u owinie (wierchowa)\",\"order\":29,\"mp3\":\"https:\\\/\\\/etnofon.pl\\\/wp-content\\\/uploads\\\/2020\\\/11\\\/Muzycy-muzycy-30.mp3\",\"meta\":{\"artist\":\"Muzyka Bronis\\u0142awy Koniecznej\",\"length_formatted\":\"0:45\"},\"src\":\"https:\\\/\\\/etnofon.pl\\\/wp-content\\\/uploads\\\/2020\\\/11\\\/Muzycy-muzycy-30.mp3\",\"thumb\":{\"src\":\"\"}},{\"artist\":\"Stanis\\u0142aw Nowobilski\",\"artworkId\":0,\"artworkUrl\":\"\",\"audioId\":2513,\"audioUrl\":\"https:\\\/\\\/etnofon.pl\\\/wp-content\\\/uploads\\\/2020\\\/11\\\/Muzycy-muzycy-31.mp3\",\"format\":\"mp3\",\"length\":\"0:34\",\"title\":\"31. Posed g\\u00f3r\\u00e1l za chlebym w doliny (ozwodna)\",\"order\":30,\"mp3\":\"https:\\\/\\\/etnofon.pl\\\/wp-content\\\/uploads\\\/2020\\\/11\\\/Muzycy-muzycy-31.mp3\",\"meta\":{\"artist\":\"Stanis\\u0142aw Nowobilski\",\"length_formatted\":\"0:34\"},\"src\":\"https:\\\/\\\/etnofon.pl\\\/wp-content\\\/uploads\\\/2020\\\/11\\\/Muzycy-muzycy-31.mp3\",\"thumb\":{\"src\":\"\"}},{\"artist\":\"Stanis\\u0142aw Nowobilski\",\"artworkId\":0,\"artworkUrl\":\"\",\"audioId\":2514,\"audioUrl\":\"https:\\\/\\\/etnofon.pl\\\/wp-content\\\/uploads\\\/2020\\\/11\\\/Muzycy-muzycy-32.mp3\",\"format\":\"mp3\",\"length\":\"0:34\",\"title\":\"32. Ej, kiedy g\\u00f3r\\u00e1l umre, ej, nik za nim nie p\\u0142ace (czorszty\\u0144ska)\",\"order\":31,\"mp3\":\"https:\\\/\\\/etnofon.pl\\\/wp-content\\\/uploads\\\/2020\\\/11\\\/Muzycy-muzycy-32.mp3\",\"meta\":{\"artist\":\"Stanis\\u0142aw Nowobilski\",\"length_formatted\":\"0:34\"},\"src\":\"https:\\\/\\\/etnofon.pl\\\/wp-content\\\/uploads\\\/2020\\\/11\\\/Muzycy-muzycy-32.mp3\",\"thumb\":{\"src\":\"\"}},{\"artist\":\"Ludwik Le\\u015bnicki\",\"artworkId\":0,\"artworkUrl\":\"\",\"audioId\":2515,\"audioUrl\":\"https:\\\/\\\/etnofon.pl\\\/wp-content\\\/uploads\\\/2020\\\/11\\\/Muzycy-muzycy-33.mp3\",\"format\":\"mp3\",\"length\":\"0:29\",\"title\":\"33. Ni mom nic, ni mom nic, w u oda mi zabra\\u0142a (wierchowa)\",\"order\":32,\"mp3\":\"https:\\\/\\\/etnofon.pl\\\/wp-content\\\/uploads\\\/2020\\\/11\\\/Muzycy-muzycy-33.mp3\",\"meta\":{\"artist\":\"Ludwik Le\\u015bnicki\",\"length_formatted\":\"0:29\"},\"src\":\"https:\\\/\\\/etnofon.pl\\\/wp-content\\\/uploads\\\/2020\\\/11\\\/Muzycy-muzycy-33.mp3\",\"thumb\":{\"src\":\"\"}},{\"artist\":\"Stanis\\u0142aw Baran\",\"artworkId\":0,\"artworkUrl\":\"\",\"audioId\":2516,\"audioUrl\":\"https:\\\/\\\/etnofon.pl\\\/wp-content\\\/uploads\\\/2020\\\/11\\\/Muzycy-muzycy-34.mp3\",\"format\":\"mp3\",\"length\":\"0:19\",\"title\":\"34. G\\u00f3ry nase g\\u00f3ry, h\\u00e1le nase, h\\u00e1le (ozwodna)\",\"order\":33,\"mp3\":\"https:\\\/\\\/etnofon.pl\\\/wp-content\\\/uploads\\\/2020\\\/11\\\/Muzycy-muzycy-34.mp3\",\"meta\":{\"artist\":\"Stanis\\u0142aw Baran\",\"length_formatted\":\"0:19\"},\"src\":\"https:\\\/\\\/etnofon.pl\\\/wp-content\\\/uploads\\\/2020\\\/11\\\/Muzycy-muzycy-34.mp3\",\"thumb\":{\"src\":\"\"}},{\"artist\":\"Stanis\\u0142aw Baran\",\"artworkId\":0,\"artworkUrl\":\"\",\"audioId\":2517,\"audioUrl\":\"https:\\\/\\\/etnofon.pl\\\/wp-content\\\/uploads\\\/2020\\\/11\\\/Muzycy-muzycy-35.mp3\",\"format\":\"mp3\",\"length\":\"0:21\",\"title\":\"35. Wesele, wesele, wesele t\\u00e9z to tu (weselna)\",\"order\":34,\"mp3\":\"https:\\\/\\\/etnofon.pl\\\/wp-content\\\/uploads\\\/2020\\\/11\\\/Muzycy-muzycy-35.mp3\",\"meta\":{\"artist\":\"Stanis\\u0142aw Baran\",\"length_formatted\":\"0:21\"},\"src\":\"https:\\\/\\\/etnofon.pl\\\/wp-content\\\/uploads\\\/2020\\\/11\\\/Muzycy-muzycy-35.mp3\",\"thumb\":{\"src\":\"\"}},{\"artist\":\"W\\u0142adys\\u0142aw Gromada\",\"artworkId\":0,\"artworkUrl\":\"\",\"audioId\":2518,\"audioUrl\":\"https:\\\/\\\/etnofon.pl\\\/wp-content\\\/uploads\\\/2020\\\/11\\\/Muzycy-muzycy-36.mp3\",\"format\":\"mp3\",\"length\":\"0:32\",\"title\":\"36. O, ty moja rodzino, dy\\u0107 jo w\\u00e1s podziele (Saba\\u0142owa \\u2013 fragment Testamentu starego g\\u00f3rala)\",\"order\":35,\"mp3\":\"https:\\\/\\\/etnofon.pl\\\/wp-content\\\/uploads\\\/2020\\\/11\\\/Muzycy-muzycy-36.mp3\",\"meta\":{\"artist\":\"W\\u0142adys\\u0142aw Gromada\",\"length_formatted\":\"0:32\"},\"src\":\"https:\\\/\\\/etnofon.pl\\\/wp-content\\\/uploads\\\/2020\\\/11\\\/Muzycy-muzycy-36.mp3\",\"thumb\":{\"src\":\"\"}},{\"artist\":\"Muzyka W\\u0142adys\\u0142awa Gromady\",\"artworkId\":0,\"artworkUrl\":\"\",\"audioId\":2519,\"audioUrl\":\"https:\\\/\\\/etnofon.pl\\\/wp-content\\\/uploads\\\/2020\\\/11\\\/Muzycy-muzycy-37.mp3\",\"format\":\"mp3\",\"length\":\"0:42\",\"title\":\"37. Pozna\\u0107 t\\u00e9z to, pozna\\u0107, fto kogo r\\u00e1d widzi (wierchowa)\",\"order\":36,\"mp3\":\"https:\\\/\\\/etnofon.pl\\\/wp-content\\\/uploads\\\/2020\\\/11\\\/Muzycy-muzycy-37.mp3\",\"meta\":{\"artist\":\"Muzyka W\\u0142adys\\u0142awa Gromady\",\"length_formatted\":\"0:42\"},\"src\":\"https:\\\/\\\/etnofon.pl\\\/wp-content\\\/uploads\\\/2020\\\/11\\\/Muzycy-muzycy-37.mp3\",\"thumb\":{\"src\":\"\"}},{\"artist\":\"W\\u0142adys\\u0142aw Gromada\",\"artworkId\":0,\"artworkUrl\":\"\",\"audioId\":2520,\"audioUrl\":\"https:\\\/\\\/etnofon.pl\\\/wp-content\\\/uploads\\\/2020\\\/11\\\/Muzycy-muzycy-38.mp3\",\"format\":\"mp3\",\"length\":\"0:21\",\"title\":\"38. Dziewcyna kona\\u0142a, jesce sie pyta\\u0142a (ozwodna)\",\"order\":37,\"mp3\":\"https:\\\/\\\/etnofon.pl\\\/wp-content\\\/uploads\\\/2020\\\/11\\\/Muzycy-muzycy-38.mp3\",\"meta\":{\"artist\":\"W\\u0142adys\\u0142aw Gromada\",\"length_formatted\":\"0:21\"},\"src\":\"https:\\\/\\\/etnofon.pl\\\/wp-content\\\/uploads\\\/2020\\\/11\\\/Muzycy-muzycy-38.mp3\",\"thumb\":{\"src\":\"\"}},{\"artist\":\"\",\"artworkId\":0,\"artworkUrl\":\"\",\"audioId\":2521,\"audioUrl\":\"https:\\\/\\\/etnofon.pl\\\/wp-content\\\/uploads\\\/2020\\\/11\\\/Muzycy-muzycy-39.mp3\",\"format\":\"mp3\",\"length\":\"0:48\",\"title\":\"39. J\\u00e1 ni mom pini\\u0105zk\\u00f3w, ty se ni m\\u00e1s pola (wierchowa\",\"order\":38,\"mp3\":\"https:\\\/\\\/etnofon.pl\\\/wp-content\\\/uploads\\\/2020\\\/11\\\/Muzycy-muzycy-39.mp3\",\"meta\":{\"artist\":\"\",\"length_formatted\":\"0:48\"},\"src\":\"https:\\\/\\\/etnofon.pl\\\/wp-content\\\/uploads\\\/2020\\\/11\\\/Muzycy-muzycy-39.mp3\",\"thumb\":{\"src\":\"\"}},{\"artist\":\"W\\u0142adys\\u0142aw Gromada\",\"artworkId\":0,\"artworkUrl\":\"\",\"audioId\":2522,\"audioUrl\":\"https:\\\/\\\/etnofon.pl\\\/wp-content\\\/uploads\\\/2020\\\/11\\\/Muzycy-muzycy-40.mp3\",\"format\":\"mp3\",\"length\":\"0:20\",\"title\":\"40. Ej, j\\u00e1 se m\\u00f3m konicki (ozwodna)\",\"order\":39,\"mp3\":\"https:\\\/\\\/etnofon.pl\\\/wp-content\\\/uploads\\\/2020\\\/11\\\/Muzycy-muzycy-40.mp3\",\"meta\":{\"artist\":\"W\\u0142adys\\u0142aw Gromada\",\"length_formatted\":\"0:20\"},\"src\":\"https:\\\/\\\/etnofon.pl\\\/wp-content\\\/uploads\\\/2020\\\/11\\\/Muzycy-muzycy-40.mp3\",\"thumb\":{\"src\":\"\"}},{\"artist\":\"W\\u0142adys\\u0142aw Gromada\",\"artworkId\":0,\"artworkUrl\":\"\",\"audioId\":2523,\"audioUrl\":\"https:\\\/\\\/etnofon.pl\\\/wp-content\\\/uploads\\\/2020\\\/11\\\/Muzycy-muzycy-41.mp3\",\"format\":\"mp3\",\"length\":\"0:27\",\"title\":\"41. Zeby\\u015bcie wy wiedzieli, jaki j\\u00e1 r\\u00e1d niedzieli (drobna)\",\"order\":40,\"mp3\":\"https:\\\/\\\/etnofon.pl\\\/wp-content\\\/uploads\\\/2020\\\/11\\\/Muzycy-muzycy-41.mp3\",\"meta\":{\"artist\":\"W\\u0142adys\\u0142aw Gromada\",\"length_formatted\":\"0:27\"},\"src\":\"https:\\\/\\\/etnofon.pl\\\/wp-content\\\/uploads\\\/2020\\\/11\\\/Muzycy-muzycy-41.mp3\",\"thumb\":{\"src\":\"\"}},{\"artist\":\"W\\u0142adys\\u0142aw Gromada\",\"artworkId\":0,\"artworkUrl\":\"\",\"audioId\":2524,\"audioUrl\":\"https:\\\/\\\/etnofon.pl\\\/wp-content\\\/uploads\\\/2020\\\/11\\\/Muzycy-muzycy-42.mp3\",\"format\":\"mp3\",\"length\":\"0:47\",\"title\":\"42. Ej, ty dzi\\u00e9wcyno pi\\u00e9rs\\u00e1, tys mi jest n\\u00e1jmils\\u00e1 (ozwodna \\u2013 czarnodunajecka)\",\"order\":41,\"mp3\":\"https:\\\/\\\/etnofon.pl\\\/wp-content\\\/uploads\\\/2020\\\/11\\\/Muzycy-muzycy-42.mp3\",\"meta\":{\"artist\":\"W\\u0142adys\\u0142aw Gromada\",\"length_formatted\":\"0:47\"},\"src\":\"https:\\\/\\\/etnofon.pl\\\/wp-content\\\/uploads\\\/2020\\\/11\\\/Muzycy-muzycy-42.mp3\",\"thumb\":{\"src\":\"\"}},{\"artist\":\"Karol Walczak\",\"artworkId\":0,\"artworkUrl\":\"\",\"audioId\":2525,\"audioUrl\":\"https:\\\/\\\/etnofon.pl\\\/wp-content\\\/uploads\\\/2020\\\/11\\\/Muzycy-muzycy-43.mp3\",\"format\":\"mp3\",\"length\":\"0:35\",\"title\":\"43. uOwiecki beca\\u0142y, kiej sie \\u0142\\u0105cy\\u0107 mia\\u0142y (przy\\u015bpiewki pasterskie \\u2013 wierchowe)\",\"order\":42,\"mp3\":\"https:\\\/\\\/etnofon.pl\\\/wp-content\\\/uploads\\\/2020\\\/11\\\/Muzycy-muzycy-43.mp3\",\"meta\":{\"artist\":\"Karol Walczak\",\"length_formatted\":\"0:35\"},\"src\":\"https:\\\/\\\/etnofon.pl\\\/wp-content\\\/uploads\\\/2020\\\/11\\\/Muzycy-muzycy-43.mp3\",\"thumb\":{\"src\":\"\"}},{\"artist\":\"Muzyka Ludwika \\u0141ojasa\",\"artworkId\":0,\"artworkUrl\":\"\",\"audioId\":2526,\"audioUrl\":\"https:\\\/\\\/etnofon.pl\\\/wp-content\\\/uploads\\\/2020\\\/11\\\/Muzycy-muzycy-44.mp3\",\"format\":\"mp3\",\"length\":\"0:56\",\"title\":\"44. Nie smu\\u0107cie sie, Tatry, hej, ze\\u015bcie takie stare (pytacka)\",\"order\":43,\"mp3\":\"https:\\\/\\\/etnofon.pl\\\/wp-content\\\/uploads\\\/2020\\\/11\\\/Muzycy-muzycy-44.mp3\",\"meta\":{\"artist\":\"Muzyka Ludwika \\u0141ojasa\",\"length_formatted\":\"0:56\"},\"src\":\"https:\\\/\\\/etnofon.pl\\\/wp-content\\\/uploads\\\/2020\\\/11\\\/Muzycy-muzycy-44.mp3\",\"thumb\":{\"src\":\"\"}},{\"artist\":\"Muzyka Ludwika \\u0141ojasa\",\"artworkId\":0,\"artworkUrl\":\"\",\"audioId\":2527,\"audioUrl\":\"https:\\\/\\\/etnofon.pl\\\/wp-content\\\/uploads\\\/2020\\\/11\\\/Muzycy-muzycy-45.mp3\",\"format\":\"mp3\",\"length\":\"0:40\",\"title\":\"45. Dy\\u0107 te Ko\\u015bcieliska to pi\\u00e9kna dolina (ozwodna)\",\"order\":44,\"mp3\":\"https:\\\/\\\/etnofon.pl\\\/wp-content\\\/uploads\\\/2020\\\/11\\\/Muzycy-muzycy-45.mp3\",\"meta\":{\"artist\":\"Muzyka Ludwika \\u0141ojasa\",\"length_formatted\":\"0:40\"},\"src\":\"https:\\\/\\\/etnofon.pl\\\/wp-content\\\/uploads\\\/2020\\\/11\\\/Muzycy-muzycy-45.mp3\",\"thumb\":{\"src\":\"\"}},{\"artist\":\"Muzyka Ludwika \\u0141ojasa\",\"artworkId\":0,\"artworkUrl\":\"\",\"audioId\":2528,\"audioUrl\":\"https:\\\/\\\/etnofon.pl\\\/wp-content\\\/uploads\\\/2020\\\/11\\\/Muzycy-muzycy-46.mp3\",\"format\":\"mp3\",\"length\":\"0:49\",\"title\":\"46. Z k\\u00f3nisia ka\\u015btanka n\\u00e1jleps\\u00e1 furmanka (ozwodna)\",\"order\":45,\"mp3\":\"https:\\\/\\\/etnofon.pl\\\/wp-content\\\/uploads\\\/2020\\\/11\\\/Muzycy-muzycy-46.mp3\",\"meta\":{\"artist\":\"Muzyka Ludwika \\u0141ojasa\",\"length_formatted\":\"0:49\"},\"src\":\"https:\\\/\\\/etnofon.pl\\\/wp-content\\\/uploads\\\/2020\\\/11\\\/Muzycy-muzycy-46.mp3\",\"thumb\":{\"src\":\"\"}},{\"artist\":\"Muzyka Ludwika \\u0141ojasa\",\"artworkId\":0,\"artworkUrl\":\"\",\"audioId\":2529,\"audioUrl\":\"https:\\\/\\\/etnofon.pl\\\/wp-content\\\/uploads\\\/2020\\\/11\\\/Muzycy-muzycy-47.mp3\",\"format\":\"mp3\",\"length\":\"1:18\",\"title\":\"47. Pas\\u0142o dziywce owiecki w ziel\\u00f3nej ubocy (ozwodna \\u2013 spiska)\",\"order\":46,\"mp3\":\"https:\\\/\\\/etnofon.pl\\\/wp-content\\\/uploads\\\/2020\\\/11\\\/Muzycy-muzycy-47.mp3\",\"meta\":{\"artist\":\"Muzyka Ludwika \\u0141ojasa\",\"length_formatted\":\"1:18\"},\"src\":\"https:\\\/\\\/etnofon.pl\\\/wp-content\\\/uploads\\\/2020\\\/11\\\/Muzycy-muzycy-47.mp3\",\"thumb\":{\"src\":\"\"}},{\"artist\":\"Muzyka Ludwika \\u0141ojasa\",\"artworkId\":0,\"artworkUrl\":\"\",\"audioId\":2530,\"audioUrl\":\"https:\\\/\\\/etnofon.pl\\\/wp-content\\\/uploads\\\/2020\\\/11\\\/Muzycy-muzycy-48.mp3\",\"format\":\"mp3\",\"length\":\"0:31\",\"title\":\"48. Ej, sum sum sum po sosynie, ej, sum sum sum po lesie (polka)\",\"order\":47,\"mp3\":\"https:\\\/\\\/etnofon.pl\\\/wp-content\\\/uploads\\\/2020\\\/11\\\/Muzycy-muzycy-48.mp3\",\"meta\":{\"artist\":\"Muzyka Ludwika \\u0141ojasa\",\"length_formatted\":\"0:31\"},\"src\":\"https:\\\/\\\/etnofon.pl\\\/wp-content\\\/uploads\\\/2020\\\/11\\\/Muzycy-muzycy-48.mp3\",\"thumb\":{\"src\":\"\"}},{\"artist\":\"Muzyka Jana Bryi\",\"artworkId\":0,\"artworkUrl\":\"\",\"audioId\":2531,\"audioUrl\":\"https:\\\/\\\/etnofon.pl\\\/wp-content\\\/uploads\\\/2020\\\/11\\\/Muzycy-muzycy-49.mp3\",\"format\":\"mp3\",\"length\":\"0:42\",\"title\":\"49. Moja kochanecka w lesie sie straci\\u00e9\\u0142a (wierchowa)\",\"order\":48,\"mp3\":\"https:\\\/\\\/etnofon.pl\\\/wp-content\\\/uploads\\\/2020\\\/11\\\/Muzycy-muzycy-49.mp3\",\"meta\":{\"artist\":\"Muzyka Jana Bryi\",\"length_formatted\":\"0:42\"},\"src\":\"https:\\\/\\\/etnofon.pl\\\/wp-content\\\/uploads\\\/2020\\\/11\\\/Muzycy-muzycy-49.mp3\",\"thumb\":{\"src\":\"\"}},{\"artist\":\"Muzyka Jana Pawlikowskiego\",\"artworkId\":0,\"artworkUrl\":\"\",\"audioId\":2532,\"audioUrl\":\"https:\\\/\\\/etnofon.pl\\\/wp-content\\\/uploads\\\/2020\\\/11\\\/Muzycy-muzycy-50.mp3\",\"format\":\"mp3\",\"length\":\"0:39\",\"title\":\"50. Spodoba\\u0142y sie mi u zajonca usy (wierchowa)\",\"order\":49,\"mp3\":\"https:\\\/\\\/etnofon.pl\\\/wp-content\\\/uploads\\\/2020\\\/11\\\/Muzycy-muzycy-50.mp3\",\"meta\":{\"artist\":\"Muzyka Jana Pawlikowskiego\",\"length_formatted\":\"0:39\"},\"src\":\"https:\\\/\\\/etnofon.pl\\\/wp-content\\\/uploads\\\/2020\\\/11\\\/Muzycy-muzycy-50.mp3\",\"thumb\":{\"src\":\"\"}},{\"artist\":\"Muzyka Jana Pawlikowskiego\",\"artworkId\":0,\"artworkUrl\":\"\",\"audioId\":2533,\"audioUrl\":\"https:\\\/\\\/etnofon.pl\\\/wp-content\\\/uploads\\\/2020\\\/11\\\/Muzycy-muzycy-51.mp3\",\"format\":\"mp3\",\"length\":\"0:42\",\"title\":\"51. Hej, j\\u00e1 se g\\u00f3r\\u00e1licek, siwy m\\u00f3j k\\u00f3nicek (ozwodna)\",\"order\":50,\"mp3\":\"https:\\\/\\\/etnofon.pl\\\/wp-content\\\/uploads\\\/2020\\\/11\\\/Muzycy-muzycy-51.mp3\",\"meta\":{\"artist\":\"Muzyka Jana Pawlikowskiego\",\"length_formatted\":\"0:42\"},\"src\":\"https:\\\/\\\/etnofon.pl\\\/wp-content\\\/uploads\\\/2020\\\/11\\\/Muzycy-muzycy-51.mp3\",\"thumb\":{\"src\":\"\"}},{\"artist\":\"Muzyka Franciszka Polaka\",\"artworkId\":0,\"artworkUrl\":\"\",\"audioId\":2534,\"audioUrl\":\"https:\\\/\\\/etnofon.pl\\\/wp-content\\\/uploads\\\/2020\\\/11\\\/Muzycy-muzycy-52.mp3\",\"format\":\"mp3\",\"length\":\"1:20\",\"title\":\"52. Kieby nie te mury, ej uokna za kratami (ozwodna i zielona)\",\"order\":51,\"mp3\":\"https:\\\/\\\/etnofon.pl\\\/wp-content\\\/uploads\\\/2020\\\/11\\\/Muzycy-muzycy-52.mp3\",\"meta\":{\"artist\":\"Muzyka Franciszka Polaka\",\"length_formatted\":\"1:20\"},\"src\":\"https:\\\/\\\/etnofon.pl\\\/wp-content\\\/uploads\\\/2020\\\/11\\\/Muzycy-muzycy-52.mp3\",\"thumb\":{\"src\":\"\"}},{\"artist\":\"Muzyka Franciszka Polaka\",\"artworkId\":0,\"artworkUrl\":\"\",\"audioId\":2535,\"audioUrl\":\"https:\\\/\\\/etnofon.pl\\\/wp-content\\\/uploads\\\/2020\\\/11\\\/Muzycy-muzycy-53.mp3\",\"format\":\"mp3\",\"length\":\"0:45\",\"title\":\"53. Rubaj, rubaj, pokiel mozes (krzesany po \\u015btyry)\",\"order\":52,\"mp3\":\"https:\\\/\\\/etnofon.pl\\\/wp-content\\\/uploads\\\/2020\\\/11\\\/Muzycy-muzycy-53.mp3\",\"meta\":{\"artist\":\"Muzyka Franciszka Polaka\",\"length_formatted\":\"0:45\"},\"src\":\"https:\\\/\\\/etnofon.pl\\\/wp-content\\\/uploads\\\/2020\\\/11\\\/Muzycy-muzycy-53.mp3\",\"thumb\":{\"src\":\"\"}},{\"artist\":\"Franciszek Polak\",\"artworkId\":0,\"artworkUrl\":\"\",\"audioId\":2536,\"audioUrl\":\"https:\\\/\\\/etnofon.pl\\\/wp-content\\\/uploads\\\/2020\\\/11\\\/Muzycy-muzycy-54.mp3\",\"format\":\"mp3\",\"length\":\"0:23\",\"title\":\"54. Zbi\\u00e9r\\u00e1j sie, zbi\\u00e9r\\u00e1j, moje kochanie (weselna \\u2013 na wyjazd do \\u015blubu)\",\"order\":53,\"mp3\":\"https:\\\/\\\/etnofon.pl\\\/wp-content\\\/uploads\\\/2020\\\/11\\\/Muzycy-muzycy-54.mp3\",\"meta\":{\"artist\":\"Franciszek Polak\",\"length_formatted\":\"0:23\"},\"src\":\"https:\\\/\\\/etnofon.pl\\\/wp-content\\\/uploads\\\/2020\\\/11\\\/Muzycy-muzycy-54.mp3\",\"thumb\":{\"src\":\"\"}},{\"artist\":\"Muzyka Wojciecha Blaszaka\",\"artworkId\":0,\"artworkUrl\":\"\",\"audioId\":2537,\"audioUrl\":\"https:\\\/\\\/etnofon.pl\\\/wp-content\\\/uploads\\\/2020\\\/11\\\/Muzycy-muzycy-55.mp3\",\"format\":\"mp3\",\"length\":\"1:16\",\"title\":\"55. Janosik, Janosik, ka\\u015b podzi\\u00e1\\u0142 wa\\u0142asik 1 (ozwodna \\u2013 luptowska)\",\"order\":54,\"mp3\":\"https:\\\/\\\/etnofon.pl\\\/wp-content\\\/uploads\\\/2020\\\/11\\\/Muzycy-muzycy-55.mp3\",\"meta\":{\"artist\":\"Muzyka Wojciecha Blaszaka\",\"length_formatted\":\"1:16\"},\"src\":\"https:\\\/\\\/etnofon.pl\\\/wp-content\\\/uploads\\\/2020\\\/11\\\/Muzycy-muzycy-55.mp3\",\"thumb\":{\"src\":\"\"}},{\"artist\":\"Muzyka Wojciecha Blaszaka\",\"artworkId\":0,\"artworkUrl\":\"\",\"audioId\":2538,\"audioUrl\":\"https:\\\/\\\/etnofon.pl\\\/wp-content\\\/uploads\\\/2020\\\/11\\\/Muzycy-muzycy-56.mp3\",\"format\":\"mp3\",\"length\":\"0:35\",\"title\":\"56. Nuta Wojciecha Blaszaka (ozwodna)\",\"order\":55,\"mp3\":\"https:\\\/\\\/etnofon.pl\\\/wp-content\\\/uploads\\\/2020\\\/11\\\/Muzycy-muzycy-56.mp3\",\"meta\":{\"artist\":\"Muzyka Wojciecha Blaszaka\",\"length_formatted\":\"0:35\"},\"src\":\"https:\\\/\\\/etnofon.pl\\\/wp-content\\\/uploads\\\/2020\\\/11\\\/Muzycy-muzycy-56.mp3\",\"thumb\":{\"src\":\"\"}},{\"artist\":\"Muzyka Wojciecha Blaszaka\",\"artworkId\":0,\"artworkUrl\":\"\",\"audioId\":2539,\"audioUrl\":\"https:\\\/\\\/etnofon.pl\\\/wp-content\\\/uploads\\\/2020\\\/11\\\/Muzycy-muzycy-57.mp3\",\"format\":\"mp3\",\"length\":\"0:38\",\"title\":\"57. Nuta staro\\u015bwiecka Jacka Krupy (ozwodna)\",\"order\":56,\"mp3\":\"https:\\\/\\\/etnofon.pl\\\/wp-content\\\/uploads\\\/2020\\\/11\\\/Muzycy-muzycy-57.mp3\",\"meta\":{\"artist\":\"Muzyka Wojciecha Blaszaka\",\"length_formatted\":\"0:38\"},\"src\":\"https:\\\/\\\/etnofon.pl\\\/wp-content\\\/uploads\\\/2020\\\/11\\\/Muzycy-muzycy-57.mp3\",\"thumb\":{\"src\":\"\"}},{\"artist\":\"Muzyka w sk\\u0142adzie: Wojciech Blaszak \\u2013 prym, J\\u00f3zef Obrochta \\u2013 sekund\",\"artworkId\":0,\"artworkUrl\":\"\",\"audioId\":2540,\"audioUrl\":\"https:\\\/\\\/etnofon.pl\\\/wp-content\\\/uploads\\\/2020\\\/11\\\/Muzycy-muzycy-58.mp3\",\"format\":\"mp3\",\"length\":\"0:44\",\"title\":\"58. Nuta stara krzesana bardyjowska (krzesana po trzy)\",\"order\":57,\"mp3\":\"https:\\\/\\\/etnofon.pl\\\/wp-content\\\/uploads\\\/2020\\\/11\\\/Muzycy-muzycy-58.mp3\",\"meta\":{\"artist\":\"Muzyka w sk\\u0142adzie: Wojciech Blaszak \\u2013 prym, J\\u00f3zef Obrochta \\u2013 sekund\",\"length_formatted\":\"0:44\"},\"src\":\"https:\\\/\\\/etnofon.pl\\\/wp-content\\\/uploads\\\/2020\\\/11\\\/Muzycy-muzycy-58.mp3\",\"thumb\":{\"src\":\"\"}},{\"artist\":\"Wojciech Blaszak\",\"artworkId\":0,\"artworkUrl\":\"\",\"audioId\":2541,\"audioUrl\":\"https:\\\/\\\/etnofon.pl\\\/wp-content\\\/uploads\\\/2020\\\/11\\\/Muzycy-muzycy-59.mp3\",\"format\":\"mp3\",\"length\":\"0:35\",\"title\":\"59. Nuta Saba\\u0142owa (ozwodna czarnodunajecka)\",\"order\":58,\"mp3\":\"https:\\\/\\\/etnofon.pl\\\/wp-content\\\/uploads\\\/2020\\\/11\\\/Muzycy-muzycy-59.mp3\",\"meta\":{\"artist\":\"Wojciech Blaszak\",\"length_formatted\":\"0:35\"},\"src\":\"https:\\\/\\\/etnofon.pl\\\/wp-content\\\/uploads\\\/2020\\\/11\\\/Muzycy-muzycy-59.mp3\",\"thumb\":{\"src\":\"\"}},{\"artist\":\"Muzyka Wojciecha Szwaba-Bojora\",\"artworkId\":0,\"artworkUrl\":\"\",\"audioId\":2542,\"audioUrl\":\"https:\\\/\\\/etnofon.pl\\\/wp-content\\\/uploads\\\/2020\\\/11\\\/Muzycy-muzycy-60.mp3\",\"format\":\"mp3\",\"length\":\"0:45\",\"title\":\"60. Wit\\u00f3w nas, Wit\\u00f3w nas, piekne po\\u0142ozenie (ozwodna)\",\"order\":59,\"mp3\":\"https:\\\/\\\/etnofon.pl\\\/wp-content\\\/uploads\\\/2020\\\/11\\\/Muzycy-muzycy-60.mp3\",\"meta\":{\"artist\":\"Muzyka Wojciecha Szwaba-Bojora\",\"length_formatted\":\"0:45\"},\"src\":\"https:\\\/\\\/etnofon.pl\\\/wp-content\\\/uploads\\\/2020\\\/11\\\/Muzycy-muzycy-60.mp3\",\"thumb\":{\"src\":\"\"}},{\"artist\":\"Muzyka Wojciecha Szwaba-Bojora\",\"artworkId\":0,\"artworkUrl\":\"\",\"audioId\":2543,\"audioUrl\":\"https:\\\/\\\/etnofon.pl\\\/wp-content\\\/uploads\\\/2020\\\/11\\\/Muzycy-muzycy-61.mp3\",\"format\":\"mp3\",\"length\":\"0:33\",\"title\":\"61. Hejze ino, po dwa razy (krzesana po trzy)\",\"order\":60,\"mp3\":\"https:\\\/\\\/etnofon.pl\\\/wp-content\\\/uploads\\\/2020\\\/11\\\/Muzycy-muzycy-61.mp3\",\"meta\":{\"artist\":\"Muzyka Wojciecha Szwaba-Bojora\",\"length_formatted\":\"0:33\"},\"src\":\"https:\\\/\\\/etnofon.pl\\\/wp-content\\\/uploads\\\/2020\\\/11\\\/Muzycy-muzycy-61.mp3\",\"thumb\":{\"src\":\"\"}},{\"artist\":\"Muzyka Wojciecha Szwaba-Bojora\",\"artworkId\":0,\"artworkUrl\":\"\",\"audioId\":2544,\"audioUrl\":\"https:\\\/\\\/etnofon.pl\\\/wp-content\\\/uploads\\\/2020\\\/11\\\/Muzycy-muzycy-62.mp3\",\"format\":\"mp3\",\"length\":\"0:17\",\"title\":\"62. Ni ma t\\u00e9z to jak juhasom (drobna \\u2013 zakopia\\u0144ska)\",\"order\":61,\"mp3\":\"https:\\\/\\\/etnofon.pl\\\/wp-content\\\/uploads\\\/2020\\\/11\\\/Muzycy-muzycy-62.mp3\",\"meta\":{\"artist\":\"Muzyka Wojciecha Szwaba-Bojora\",\"length_formatted\":\"0:17\"},\"src\":\"https:\\\/\\\/etnofon.pl\\\/wp-content\\\/uploads\\\/2020\\\/11\\\/Muzycy-muzycy-62.mp3\",\"thumb\":{\"src\":\"\"}},{\"artist\":\"Zesp\\u00f3\\u0142 m\\u0119\\u017cczyzn z Witowa; Muzyka Wojciecha Szwaba-Bojora\",\"artworkId\":0,\"artworkUrl\":\"\",\"audioId\":2545,\"audioUrl\":\"https:\\\/\\\/etnofon.pl\\\/wp-content\\\/uploads\\\/2020\\\/11\\\/Muzycy-muzycy-63.mp3\",\"format\":\"mp3\",\"length\":\"0:32\",\"title\":\"63. Idzie, idzie ku zimie (krzesana po trzy)\",\"order\":62,\"mp3\":\"https:\\\/\\\/etnofon.pl\\\/wp-content\\\/uploads\\\/2020\\\/11\\\/Muzycy-muzycy-63.mp3\",\"meta\":{\"artist\":\"Zesp\\u00f3\\u0142 m\\u0119\\u017cczyzn z Witowa; Muzyka Wojciecha Szwaba-Bojora\",\"length_formatted\":\"0:32\"},\"src\":\"https:\\\/\\\/etnofon.pl\\\/wp-content\\\/uploads\\\/2020\\\/11\\\/Muzycy-muzycy-63.mp3\",\"thumb\":{\"src\":\"\"}},{\"artist\":\"Muzyka Styrczul\\u00f3w-Ma\\u015bniak\\u00f3w\",\"artworkId\":0,\"artworkUrl\":\"\",\"audioId\":2546,\"audioUrl\":\"https:\\\/\\\/etnofon.pl\\\/wp-content\\\/uploads\\\/2020\\\/11\\\/Muzycy-muzycy-64.mp3\",\"format\":\"mp3\",\"length\":\"0:33\",\"title\":\"64. Nuta rodowa Ma\\u015bniak\\u00f3w (wierchowa)\",\"order\":63,\"mp3\":\"https:\\\/\\\/etnofon.pl\\\/wp-content\\\/uploads\\\/2020\\\/11\\\/Muzycy-muzycy-64.mp3\",\"meta\":{\"artist\":\"Muzyka Styrczul\\u00f3w-Ma\\u015bniak\\u00f3w\",\"length_formatted\":\"0:33\"},\"src\":\"https:\\\/\\\/etnofon.pl\\\/wp-content\\\/uploads\\\/2020\\\/11\\\/Muzycy-muzycy-64.mp3\",\"thumb\":{\"src\":\"\"}},{\"artist\":\"Muzyka Styrczul\\u00f3w-Ma\\u015bniak\\u00f3w\",\"artworkId\":0,\"artworkUrl\":\"\",\"audioId\":2547,\"audioUrl\":\"https:\\\/\\\/etnofon.pl\\\/wp-content\\\/uploads\\\/2020\\\/11\\\/Muzycy-muzycy-65.mp3\",\"format\":\"mp3\",\"length\":\"0:27\",\"title\":\"65. Nuta Kamie\\u0144skiego (wierchowa)\",\"order\":64,\"mp3\":\"https:\\\/\\\/etnofon.pl\\\/wp-content\\\/uploads\\\/2020\\\/11\\\/Muzycy-muzycy-65.mp3\",\"meta\":{\"artist\":\"Muzyka Styrczul\\u00f3w-Ma\\u015bniak\\u00f3w\",\"length_formatted\":\"0:27\"},\"src\":\"https:\\\/\\\/etnofon.pl\\\/wp-content\\\/uploads\\\/2020\\\/11\\\/Muzycy-muzycy-65.mp3\",\"thumb\":{\"src\":\"\"}},{\"artist\":\"Muzyka Styrczul\\u00f3w-Ma\\u015bniak\\u00f3w\",\"artworkId\":0,\"artworkUrl\":\"\",\"audioId\":2548,\"audioUrl\":\"https:\\\/\\\/etnofon.pl\\\/wp-content\\\/uploads\\\/2020\\\/11\\\/Muzycy-muzycy-66.mp3\",\"format\":\"mp3\",\"length\":\"0:23\",\"title\":\"66. Nuta Symka Zaryckiego \\u2013 przewodnika tatrza\\u0144skiego (wierchowa)\",\"order\":65,\"mp3\":\"https:\\\/\\\/etnofon.pl\\\/wp-content\\\/uploads\\\/2020\\\/11\\\/Muzycy-muzycy-66.mp3\",\"meta\":{\"artist\":\"Muzyka Styrczul\\u00f3w-Ma\\u015bniak\\u00f3w\",\"length_formatted\":\"0:23\"},\"src\":\"https:\\\/\\\/etnofon.pl\\\/wp-content\\\/uploads\\\/2020\\\/11\\\/Muzycy-muzycy-66.mp3\",\"thumb\":{\"src\":\"\"}},{\"artist\":\"Muzyka Styrczul\\u00f3w-Ma\\u015bniak\\u00f3w\",\"artworkId\":0,\"artworkUrl\":\"\",\"audioId\":2549,\"audioUrl\":\"https:\\\/\\\/etnofon.pl\\\/wp-content\\\/uploads\\\/2020\\\/11\\\/Muzycy-muzycy-67.mp3\",\"format\":\"mp3\",\"length\":\"0:30\",\"title\":\"67. Nuta juhaska (wierchowa)\",\"order\":66,\"mp3\":\"https:\\\/\\\/etnofon.pl\\\/wp-content\\\/uploads\\\/2020\\\/11\\\/Muzycy-muzycy-67.mp3\",\"meta\":{\"artist\":\"Muzyka Styrczul\\u00f3w-Ma\\u015bniak\\u00f3w\",\"length_formatted\":\"0:30\"},\"src\":\"https:\\\/\\\/etnofon.pl\\\/wp-content\\\/uploads\\\/2020\\\/11\\\/Muzycy-muzycy-67.mp3\",\"thumb\":{\"src\":\"\"}},{\"artist\":\"Muzyka Styrczul\\u00f3w-Ma\\u015bniak\\u00f3w\",\"artworkId\":0,\"artworkUrl\":\"\",\"audioId\":2550,\"audioUrl\":\"https:\\\/\\\/etnofon.pl\\\/wp-content\\\/uploads\\\/2020\\\/11\\\/Muzycy-muzycy-68.mp3\",\"format\":\"mp3\",\"length\":\"0:29\",\"title\":\"68. Nuta krzesana ze starej\",\"order\":67,\"mp3\":\"https:\\\/\\\/etnofon.pl\\\/wp-content\\\/uploads\\\/2020\\\/11\\\/Muzycy-muzycy-68.mp3\",\"meta\":{\"artist\":\"Muzyka Styrczul\\u00f3w-Ma\\u015bniak\\u00f3w\",\"length_formatted\":\"0:29\"},\"src\":\"https:\\\/\\\/etnofon.pl\\\/wp-content\\\/uploads\\\/2020\\\/11\\\/Muzycy-muzycy-68.mp3\",\"thumb\":{\"src\":\"\"}},{\"artist\":\"Muzyka Styrczul\\u00f3w-Ma\\u015bniak\\u00f3w\",\"artworkId\":0,\"artworkUrl\":\"\",\"audioId\":2551,\"audioUrl\":\"https:\\\/\\\/etnofon.pl\\\/wp-content\\\/uploads\\\/2020\\\/11\\\/Muzycy-muzycy-69.mp3\",\"format\":\"mp3\",\"length\":\"0:35\",\"title\":\"69. Nuta krzesana brzezowicka\",\"order\":68,\"mp3\":\"https:\\\/\\\/etnofon.pl\\\/wp-content\\\/uploads\\\/2020\\\/11\\\/Muzycy-muzycy-69.mp3\",\"meta\":{\"artist\":\"Muzyka Styrczul\\u00f3w-Ma\\u015bniak\\u00f3w\",\"length_formatted\":\"0:35\"},\"src\":\"https:\\\/\\\/etnofon.pl\\\/wp-content\\\/uploads\\\/2020\\\/11\\\/Muzycy-muzycy-69.mp3\",\"thumb\":{\"src\":\"\"}},{\"artist\":\"Muzyka Styrczul\\u00f3w-Ma\\u015bniak\\u00f3w\",\"artworkId\":0,\"artworkUrl\":\"\",\"audioId\":2552,\"audioUrl\":\"https:\\\/\\\/etnofon.pl\\\/wp-content\\\/uploads\\\/2020\\\/11\\\/Muzycy-muzycy-70.mp3\",\"format\":\"mp3\",\"length\":\"0:30\",\"title\":\"70. Dy\\u0107 se Ko\\u015bcielisko \\u0142adne po\\u0142ozenie (ozwodna)\",\"order\":69,\"mp3\":\"https:\\\/\\\/etnofon.pl\\\/wp-content\\\/uploads\\\/2020\\\/11\\\/Muzycy-muzycy-70.mp3\",\"meta\":{\"artist\":\"Muzyka Styrczul\\u00f3w-Ma\\u015bniak\\u00f3w\",\"length_formatted\":\"0:30\"},\"src\":\"https:\\\/\\\/etnofon.pl\\\/wp-content\\\/uploads\\\/2020\\\/11\\\/Muzycy-muzycy-70.mp3\",\"thumb\":{\"src\":\"\"}},{\"artist\":\"Muzyka Styrczul\\u00f3w-Ma\\u015bniak\\u00f3w\",\"artworkId\":0,\"artworkUrl\":\"\",\"audioId\":2553,\"audioUrl\":\"https:\\\/\\\/etnofon.pl\\\/wp-content\\\/uploads\\\/2020\\\/11\\\/Muzycy-muzycy-71.mp3\",\"format\":\"mp3\",\"length\":\"0:36\",\"title\":\"71. Nuta czarnodunajecka (ozwodna)\",\"order\":70,\"mp3\":\"https:\\\/\\\/etnofon.pl\\\/wp-content\\\/uploads\\\/2020\\\/11\\\/Muzycy-muzycy-71.mp3\",\"meta\":{\"artist\":\"Muzyka Styrczul\\u00f3w-Ma\\u015bniak\\u00f3w\",\"length_formatted\":\"0:36\"},\"src\":\"https:\\\/\\\/etnofon.pl\\\/wp-content\\\/uploads\\\/2020\\\/11\\\/Muzycy-muzycy-71.mp3\",\"thumb\":{\"src\":\"\"}},{\"artist\":\"Muzyka Styrczul\\u00f3w-Ma\\u015bniak\\u00f3w\",\"artworkId\":0,\"artworkUrl\":\"\",\"audioId\":2554,\"audioUrl\":\"https:\\\/\\\/etnofon.pl\\\/wp-content\\\/uploads\\\/2020\\\/11\\\/Muzycy-muzycy-72.mp3\",\"format\":\"mp3\",\"length\":\"0:21\",\"title\":\"72. Nuta sobcykowska (ozwodna)\",\"order\":71,\"mp3\":\"https:\\\/\\\/etnofon.pl\\\/wp-content\\\/uploads\\\/2020\\\/11\\\/Muzycy-muzycy-72.mp3\",\"meta\":{\"artist\":\"Muzyka Styrczul\\u00f3w-Ma\\u015bniak\\u00f3w\",\"length_formatted\":\"0:21\"},\"src\":\"https:\\\/\\\/etnofon.pl\\\/wp-content\\\/uploads\\\/2020\\\/11\\\/Muzycy-muzycy-72.mp3\",\"thumb\":{\"src\":\"\"}},{\"artist\":\"Muzyka Styrczul\\u00f3w-Ma\\u015bniak\\u00f3w\",\"artworkId\":0,\"artworkUrl\":\"\",\"audioId\":2555,\"audioUrl\":\"https:\\\/\\\/etnofon.pl\\\/wp-content\\\/uploads\\\/2020\\\/11\\\/Muzycy-muzycy-73.mp3\",\"format\":\"mp3\",\"length\":\"0:30\",\"title\":\"73. Nuta po dwa razy w drugim tonie (drobna)\",\"order\":72,\"mp3\":\"https:\\\/\\\/etnofon.pl\\\/wp-content\\\/uploads\\\/2020\\\/11\\\/Muzycy-muzycy-73.mp3\",\"meta\":{\"artist\":\"Muzyka Styrczul\\u00f3w-Ma\\u015bniak\\u00f3w\",\"length_formatted\":\"0:30\"},\"src\":\"https:\\\/\\\/etnofon.pl\\\/wp-content\\\/uploads\\\/2020\\\/11\\\/Muzycy-muzycy-73.mp3\",\"thumb\":{\"src\":\"\"}},{\"artist\":\"Muzyka Styrczul\\u00f3w-Ma\\u015bniak\\u00f3w\",\"artworkId\":0,\"artworkUrl\":\"\",\"audioId\":2556,\"audioUrl\":\"https:\\\/\\\/etnofon.pl\\\/wp-content\\\/uploads\\\/2020\\\/11\\\/Muzycy-muzycy-74.mp3\",\"format\":\"mp3\",\"length\":\"0:30\",\"title\":\"74. Nuta polaniarska (ozwodna)\",\"order\":73,\"mp3\":\"https:\\\/\\\/etnofon.pl\\\/wp-content\\\/uploads\\\/2020\\\/11\\\/Muzycy-muzycy-74.mp3\",\"meta\":{\"artist\":\"Muzyka Styrczul\\u00f3w-Ma\\u015bniak\\u00f3w\",\"length_formatted\":\"0:30\"},\"src\":\"https:\\\/\\\/etnofon.pl\\\/wp-content\\\/uploads\\\/2020\\\/11\\\/Muzycy-muzycy-74.mp3\",\"thumb\":{\"src\":\"\"}},{\"artist\":\"Muzyka Styrczul\\u00f3w-Ma\\u015bniak\\u00f3w\",\"artworkId\":0,\"artworkUrl\":\"\",\"audioId\":2557,\"audioUrl\":\"https:\\\/\\\/etnofon.pl\\\/wp-content\\\/uploads\\\/2020\\\/11\\\/Muzycy-muzycy-75.mp3\",\"format\":\"mp3\",\"length\":\"0:30\",\"title\":\"75. Nuta staro\\u015bwiecka (ozwodna)\",\"order\":74,\"mp3\":\"https:\\\/\\\/etnofon.pl\\\/wp-content\\\/uploads\\\/2020\\\/11\\\/Muzycy-muzycy-75.mp3\",\"meta\":{\"artist\":\"Muzyka Styrczul\\u00f3w-Ma\\u015bniak\\u00f3w\",\"length_formatted\":\"0:30\"},\"src\":\"https:\\\/\\\/etnofon.pl\\\/wp-content\\\/uploads\\\/2020\\\/11\\\/Muzycy-muzycy-75.mp3\",\"thumb\":{\"src\":\"\"}},{\"artist\":\"Muzyka Styrczul\\u00f3w-Ma\\u015bniak\\u00f3w\",\"artworkId\":0,\"artworkUrl\":\"\",\"audioId\":2558,\"audioUrl\":\"https:\\\/\\\/etnofon.pl\\\/wp-content\\\/uploads\\\/2020\\\/11\\\/Muzycy-muzycy-76.mp3\",\"format\":\"mp3\",\"length\":\"0:41\",\"title\":\"76. Popod regle (nuta Kubi\\u0144cowa-ozwodna)\",\"order\":75,\"mp3\":\"https:\\\/\\\/etnofon.pl\\\/wp-content\\\/uploads\\\/2020\\\/11\\\/Muzycy-muzycy-76.mp3\",\"meta\":{\"artist\":\"Muzyka Styrczul\\u00f3w-Ma\\u015bniak\\u00f3w\",\"length_formatted\":\"0:41\"},\"src\":\"https:\\\/\\\/etnofon.pl\\\/wp-content\\\/uploads\\\/2020\\\/11\\\/Muzycy-muzycy-76.mp3\",\"thumb\":{\"src\":\"\"}},{\"artist\":\"Muzyka Styrczul\\u00f3w-Ma\\u015bniak\\u00f3w\",\"artworkId\":0,\"artworkUrl\":\"\",\"audioId\":2559,\"audioUrl\":\"https:\\\/\\\/etnofon.pl\\\/wp-content\\\/uploads\\\/2020\\\/11\\\/Muzycy-muzycy-77.mp3\",\"format\":\"mp3\",\"length\":\"0:51\",\"title\":\"77. Nuta za\\u0142obno Janosikowo (ballada)\",\"order\":76,\"mp3\":\"https:\\\/\\\/etnofon.pl\\\/wp-content\\\/uploads\\\/2020\\\/11\\\/Muzycy-muzycy-77.mp3\",\"meta\":{\"artist\":\"Muzyka Styrczul\\u00f3w-Ma\\u015bniak\\u00f3w\",\"length_formatted\":\"0:51\"},\"src\":\"https:\\\/\\\/etnofon.pl\\\/wp-content\\\/uploads\\\/2020\\\/11\\\/Muzycy-muzycy-77.mp3\",\"thumb\":{\"src\":\"\"}},{\"artist\":\"Muzyka Styrczul\\u00f3w-Ma\\u015bniak\\u00f3w\",\"artworkId\":0,\"artworkUrl\":\"\",\"audioId\":2560,\"audioUrl\":\"https:\\\/\\\/etnofon.pl\\\/wp-content\\\/uploads\\\/2020\\\/11\\\/Muzycy-muzycy-78.mp3\",\"format\":\"mp3\",\"length\":\"0:40\",\"title\":\"78. Marsz Duch\\u00f3w Ej wara w\\u00e1m dunajcanie (ballada)\",\"order\":77,\"mp3\":\"https:\\\/\\\/etnofon.pl\\\/wp-content\\\/uploads\\\/2020\\\/11\\\/Muzycy-muzycy-78.mp3\",\"meta\":{\"artist\":\"Muzyka Styrczul\\u00f3w-Ma\\u015bniak\\u00f3w\",\"length_formatted\":\"0:40\"},\"src\":\"https:\\\/\\\/etnofon.pl\\\/wp-content\\\/uploads\\\/2020\\\/11\\\/Muzycy-muzycy-78.mp3\",\"thumb\":{\"src\":\"\"}},{\"artist\":\"\",\"artworkId\":0,\"artworkUrl\":\"\",\"audioId\":2561,\"audioUrl\":\"https:\\\/\\\/etnofon.pl\\\/wp-content\\\/uploads\\\/2020\\\/11\\\/Muzycy-muzycy-79.mp3\",\"format\":\"mp3\",\"length\":\"0:43\",\"title\":\"79. Weso\\u0142\\u00e1 bywa\\u0142ak, nigdyk nie p\\u0142aka\\u0142a (wierchowa)\",\"order\":78,\"mp3\":\"https:\\\/\\\/etnofon.pl\\\/wp-content\\\/uploads\\\/2020\\\/11\\\/Muzycy-muzycy-79.mp3\",\"meta\":{\"artist\":\"\",\"length_formatted\":\"0:43\"},\"src\":\"https:\\\/\\\/etnofon.pl\\\/wp-content\\\/uploads\\\/2020\\\/11\\\/Muzycy-muzycy-79.mp3\",\"thumb\":{\"src\":\"\"}},{\"artist\":\"Muzyka Stanis\\u0142awa N\\u0119dzy-Chotarskiego\",\"artworkId\":0,\"artworkUrl\":\"\",\"audioId\":2562,\"audioUrl\":\"https:\\\/\\\/etnofon.pl\\\/wp-content\\\/uploads\\\/2020\\\/11\\\/Muzycy-muzycy-80.mp3\",\"format\":\"mp3\",\"length\":\"0:33\",\"title\":\"80. Juz to dzi\\u00e9wce zemre\\u0142o, co nom dobrze cyni\\u00e9\\u0142o (Saba\\u0142owa)\",\"order\":79,\"mp3\":\"https:\\\/\\\/etnofon.pl\\\/wp-content\\\/uploads\\\/2020\\\/11\\\/Muzycy-muzycy-80.mp3\",\"meta\":{\"artist\":\"Muzyka Stanis\\u0142awa N\\u0119dzy-Chotarskiego\",\"length_formatted\":\"0:33\"},\"src\":\"https:\\\/\\\/etnofon.pl\\\/wp-content\\\/uploads\\\/2020\\\/11\\\/Muzycy-muzycy-80.mp3\",\"thumb\":{\"src\":\"\"}},{\"artist\":\"Muzyka Stanis\\u0142awa N\\u0119dzy-Chotarskiego\",\"artworkId\":0,\"artworkUrl\":\"\",\"audioId\":2563,\"audioUrl\":\"https:\\\/\\\/etnofon.pl\\\/wp-content\\\/uploads\\\/2020\\\/11\\\/Muzycy-muzycy-81.mp3\",\"format\":\"mp3\",\"length\":\"0:36\",\"title\":\"81. Ej ch\\u0142opc\\u00b7iska w karcmie pijo (krzesana po dwa)\",\"order\":80,\"mp3\":\"https:\\\/\\\/etnofon.pl\\\/wp-content\\\/uploads\\\/2020\\\/11\\\/Muzycy-muzycy-81.mp3\",\"meta\":{\"artist\":\"Muzyka Stanis\\u0142awa N\\u0119dzy-Chotarskiego\",\"length_formatted\":\"0:36\"},\"src\":\"https:\\\/\\\/etnofon.pl\\\/wp-content\\\/uploads\\\/2020\\\/11\\\/Muzycy-muzycy-81.mp3\",\"thumb\":{\"src\":\"\"}},{\"artist\":\"Muzyka Stanis\\u0142awa N\\u0119dzy-Chotarskiego\",\"artworkId\":0,\"artworkUrl\":\"\",\"audioId\":2564,\"audioUrl\":\"https:\\\/\\\/etnofon.pl\\\/wp-content\\\/uploads\\\/2020\\\/11\\\/Muzycy-muzycy-82.mp3\",\"format\":\"mp3\",\"length\":\"0:41\",\"title\":\"82. Kosi\\u00e9\\u0142 ociec, kosi\\u00e9\\u0142 stryk, a syn lez\\u00e1\\u0142 jako byk (krzesana trzy a raz)\",\"order\":81,\"mp3\":\"https:\\\/\\\/etnofon.pl\\\/wp-content\\\/uploads\\\/2020\\\/11\\\/Muzycy-muzycy-82.mp3\",\"meta\":{\"artist\":\"Muzyka Stanis\\u0142awa N\\u0119dzy-Chotarskiego\",\"length_formatted\":\"0:41\"},\"src\":\"https:\\\/\\\/etnofon.pl\\\/wp-content\\\/uploads\\\/2020\\\/11\\\/Muzycy-muzycy-82.mp3\",\"thumb\":{\"src\":\"\"}},{\"artist\":\"Muzyka Stanis\\u0142awa N\\u0119dzy-Chotarskiego\",\"artworkId\":0,\"artworkUrl\":\"\",\"audioId\":2565,\"audioUrl\":\"https:\\\/\\\/etnofon.pl\\\/wp-content\\\/uploads\\\/2020\\\/11\\\/Muzycy-muzycy-83.mp3\",\"format\":\"mp3\",\"length\":\"0:48\",\"title\":\"83. Ej, kieby\\u015b, dzi\\u00e9wce, ej, kieby\\u015b nie ty (Saba\\u0142owa \\u2013 luptowska)\",\"order\":82,\"mp3\":\"https:\\\/\\\/etnofon.pl\\\/wp-content\\\/uploads\\\/2020\\\/11\\\/Muzycy-muzycy-83.mp3\",\"meta\":{\"artist\":\"Muzyka Stanis\\u0142awa N\\u0119dzy-Chotarskiego\",\"length_formatted\":\"0:48\"},\"src\":\"https:\\\/\\\/etnofon.pl\\\/wp-content\\\/uploads\\\/2020\\\/11\\\/Muzycy-muzycy-83.mp3\",\"thumb\":{\"src\":\"\"}},{\"artist\":\"Muzyka Stanis\\u0142awa N\\u0119dzy-Chotarskiego\",\"artworkId\":0,\"artworkUrl\":\"\",\"audioId\":2566,\"audioUrl\":\"https:\\\/\\\/etnofon.pl\\\/wp-content\\\/uploads\\\/2020\\\/11\\\/Muzycy-muzycy-84.mp3\",\"format\":\"mp3\",\"length\":\"1:22\",\"title\":\"84. Kieby by\\u0142o nie \\u015bwita\\u0142o, by\\u0142oby mi dzi\\u00e9wce da\\u0142o (drobna orawska)\",\"order\":83,\"mp3\":\"https:\\\/\\\/etnofon.pl\\\/wp-content\\\/uploads\\\/2020\\\/11\\\/Muzycy-muzycy-84.mp3\",\"meta\":{\"artist\":\"Muzyka Stanis\\u0142awa N\\u0119dzy-Chotarskiego\",\"length_formatted\":\"1:22\"},\"src\":\"https:\\\/\\\/etnofon.pl\\\/wp-content\\\/uploads\\\/2020\\\/11\\\/Muzycy-muzycy-84.mp3\",\"thumb\":{\"src\":\"\"}},{\"artist\":\"Muzyka Stanis\\u0142awa N\\u0119dzy-Chotarskiego\",\"artworkId\":0,\"artworkUrl\":\"\",\"audioId\":2567,\"audioUrl\":\"https:\\\/\\\/etnofon.pl\\\/wp-content\\\/uploads\\\/2020\\\/11\\\/Muzycy-muzycy-85.mp3\",\"format\":\"mp3\",\"length\":\"0:39\",\"title\":\"85. P\\u00f3d\\u017a do domu, Dora, bo cie mama wo\\u0142\\u00e1 (ozwodna)\",\"order\":84,\"mp3\":\"https:\\\/\\\/etnofon.pl\\\/wp-content\\\/uploads\\\/2020\\\/11\\\/Muzycy-muzycy-85.mp3\",\"meta\":{\"artist\":\"Muzyka Stanis\\u0142awa N\\u0119dzy-Chotarskiego\",\"length_formatted\":\"0:39\"},\"src\":\"https:\\\/\\\/etnofon.pl\\\/wp-content\\\/uploads\\\/2020\\\/11\\\/Muzycy-muzycy-85.mp3\",\"thumb\":{\"src\":\"\"}},{\"artist\":\"Muzyka Stanis\\u0142awa N\\u0119dzy-Chotarskiego\",\"artworkId\":0,\"artworkUrl\":\"\",\"audioId\":2568,\"audioUrl\":\"https:\\\/\\\/etnofon.pl\\\/wp-content\\\/uploads\\\/2020\\\/11\\\/Muzycy-muzycy-86.mp3\",\"format\":\"mp3\",\"length\":\"0:48\",\"title\":\"86. Abo mie zabijom, abo j\\u00e1 k u og u osi (ozwodna)\",\"order\":85,\"mp3\":\"https:\\\/\\\/etnofon.pl\\\/wp-content\\\/uploads\\\/2020\\\/11\\\/Muzycy-muzycy-86.mp3\",\"meta\":{\"artist\":\"Muzyka Stanis\\u0142awa N\\u0119dzy-Chotarskiego\",\"length_formatted\":\"0:48\"},\"src\":\"https:\\\/\\\/etnofon.pl\\\/wp-content\\\/uploads\\\/2020\\\/11\\\/Muzycy-muzycy-86.mp3\",\"thumb\":{\"src\":\"\"}},{\"artist\":\"Muzyka Stanis\\u0142awa N\\u0119dzy-Chotarskiego\",\"artworkId\":0,\"artworkUrl\":\"\",\"audioId\":2569,\"audioUrl\":\"https:\\\/\\\/etnofon.pl\\\/wp-content\\\/uploads\\\/2020\\\/11\\\/Muzycy-muzycy-87.mp3\",\"format\":\"mp3\",\"length\":\"0:38\",\"title\":\"87. W t\\u00e9j dolinie sucharynie sumi tam (krzesany po osiem \\u2013 grzybowa)\",\"order\":86,\"mp3\":\"https:\\\/\\\/etnofon.pl\\\/wp-content\\\/uploads\\\/2020\\\/11\\\/Muzycy-muzycy-87.mp3\",\"meta\":{\"artist\":\"Muzyka Stanis\\u0142awa N\\u0119dzy-Chotarskiego\",\"length_formatted\":\"0:38\"},\"src\":\"https:\\\/\\\/etnofon.pl\\\/wp-content\\\/uploads\\\/2020\\\/11\\\/Muzycy-muzycy-87.mp3\",\"thumb\":{\"src\":\"\"}},{\"artist\":\"\",\"artworkId\":0,\"artworkUrl\":\"\",\"audioId\":2570,\"audioUrl\":\"https:\\\/\\\/etnofon.pl\\\/wp-content\\\/uploads\\\/2020\\\/11\\\/Muzycy-muzycy-88.mp3\",\"format\":\"mp3\",\"length\":\"1:20\",\"title\":\"88. Idzie Janko lasem, wysoko si\\u00e9 niesi\\u00e9 (ballada \\u2013 \\u017ca\\u0142obna Janosikowa)\",\"order\":87,\"mp3\":\"https:\\\/\\\/etnofon.pl\\\/wp-content\\\/uploads\\\/2020\\\/11\\\/Muzycy-muzycy-88.mp3\",\"meta\":{\"artist\":\"\",\"length_formatted\":\"1:20\"},\"src\":\"https:\\\/\\\/etnofon.pl\\\/wp-content\\\/uploads\\\/2020\\\/11\\\/Muzycy-muzycy-88.mp3\",\"thumb\":{\"src\":\"\"}},{\"artist\":\"Muzyka Stanis\\u0142awa N\\u0119dzy-Chotarskiego\",\"artworkId\":0,\"artworkUrl\":\"\",\"audioId\":2571,\"audioUrl\":\"https:\\\/\\\/etnofon.pl\\\/wp-content\\\/uploads\\\/2020\\\/11\\\/Muzycy-muzycy-89.mp3\",\"format\":\"mp3\",\"length\":\"1:23\",\"title\":\"89. Co sie sta\\u0142o, Boze, w Bardyjowym dworze (ballada \\u2013 Janosikowa)\",\"order\":88,\"mp3\":\"https:\\\/\\\/etnofon.pl\\\/wp-content\\\/uploads\\\/2020\\\/11\\\/Muzycy-muzycy-89.mp3\",\"meta\":{\"artist\":\"Muzyka Stanis\\u0142awa N\\u0119dzy-Chotarskiego\",\"length_formatted\":\"1:23\"},\"src\":\"https:\\\/\\\/etnofon.pl\\\/wp-content\\\/uploads\\\/2020\\\/11\\\/Muzycy-muzycy-89.mp3\",\"thumb\":{\"src\":\"\"}},{\"artist\":\"Muzyka Stanis\\u0142awa N\\u0119dzy-Chotarskiego\",\"artworkId\":0,\"artworkUrl\":\"\",\"audioId\":2572,\"audioUrl\":\"https:\\\/\\\/etnofon.pl\\\/wp-content\\\/uploads\\\/2020\\\/11\\\/Muzycy-muzycy-90.mp3\",\"format\":\"mp3\",\"length\":\"0:46\",\"title\":\"90. Ej, przyjd\\u017aze, przyjd\\u017a, Janicku, cni mi sie bez tobie (ozwodna)\",\"order\":89,\"mp3\":\"https:\\\/\\\/etnofon.pl\\\/wp-content\\\/uploads\\\/2020\\\/11\\\/Muzycy-muzycy-90.mp3\",\"meta\":{\"artist\":\"Muzyka Stanis\\u0142awa N\\u0119dzy-Chotarskiego\",\"length_formatted\":\"0:46\"},\"src\":\"https:\\\/\\\/etnofon.pl\\\/wp-content\\\/uploads\\\/2020\\\/11\\\/Muzycy-muzycy-90.mp3\",\"thumb\":{\"src\":\"\"}},{\"artist\":\"Muzyka Stanis\\u0142awa N\\u0119dzy-Chotarskiego\",\"artworkId\":0,\"artworkUrl\":\"\",\"audioId\":2573,\"audioUrl\":\"https:\\\/\\\/etnofon.pl\\\/wp-content\\\/uploads\\\/2020\\\/11\\\/Muzycy-muzycy-91.mp3\",\"format\":\"mp3\",\"length\":\"0:31\",\"title\":\"91. Ej, wa\\u0142asom, wa\\u0142asom, tomaniarskim juhasom (krzesana po trzy)\",\"order\":90,\"mp3\":\"https:\\\/\\\/etnofon.pl\\\/wp-content\\\/uploads\\\/2020\\\/11\\\/Muzycy-muzycy-91.mp3\",\"meta\":{\"artist\":\"Muzyka Stanis\\u0142awa N\\u0119dzy-Chotarskiego\",\"length_formatted\":\"0:31\"},\"src\":\"https:\\\/\\\/etnofon.pl\\\/wp-content\\\/uploads\\\/2020\\\/11\\\/Muzycy-muzycy-91.mp3\",\"thumb\":{\"src\":\"\"}},{\"artist\":\"Muzyka Stanis\\u0142awa N\\u0119dzy-Chotarskiego\",\"artworkId\":0,\"artworkUrl\":\"\",\"audioId\":2574,\"audioUrl\":\"https:\\\/\\\/etnofon.pl\\\/wp-content\\\/uploads\\\/2020\\\/11\\\/Muzycy-muzycy-92.mp3\",\"format\":\"mp3\",\"length\":\"0:34\",\"title\":\"92. Ej, se ino po hajducku, zimn\\u00e1 rosa na k\\u0142abu\\u0107ku (krzesana po trzy)\",\"order\":91,\"mp3\":\"https:\\\/\\\/etnofon.pl\\\/wp-content\\\/uploads\\\/2020\\\/11\\\/Muzycy-muzycy-92.mp3\",\"meta\":{\"artist\":\"Muzyka Stanis\\u0142awa N\\u0119dzy-Chotarskiego\",\"length_formatted\":\"0:34\"},\"src\":\"https:\\\/\\\/etnofon.pl\\\/wp-content\\\/uploads\\\/2020\\\/11\\\/Muzycy-muzycy-92.mp3\",\"thumb\":{\"src\":\"\"}},{\"artist\":\"Muzyka Stanis\\u0142awa N\\u0119dzy-Chotarskiego\",\"artworkId\":0,\"artworkUrl\":\"\",\"audioId\":2575,\"audioUrl\":\"https:\\\/\\\/etnofon.pl\\\/wp-content\\\/uploads\\\/2020\\\/11\\\/Muzycy-muzycy-93.mp3\",\"format\":\"mp3\",\"length\":\"0:43\",\"title\":\"93. Powiedz, powiedz, nie b\\u00f3j sie, komu\\u015b da\\u0142a gembusie (drobna staro\\u015bwiecka)\",\"order\":92,\"mp3\":\"https:\\\/\\\/etnofon.pl\\\/wp-content\\\/uploads\\\/2020\\\/11\\\/Muzycy-muzycy-93.mp3\",\"meta\":{\"artist\":\"Muzyka Stanis\\u0142awa N\\u0119dzy-Chotarskiego\",\"length_formatted\":\"0:43\"},\"src\":\"https:\\\/\\\/etnofon.pl\\\/wp-content\\\/uploads\\\/2020\\\/11\\\/Muzycy-muzycy-93.mp3\",\"thumb\":{\"src\":\"\"}},{\"artist\":\"Muzyka Stanis\\u0142awa N\\u0119dzy-Chotarskiego\",\"artworkId\":0,\"artworkUrl\":\"\",\"audioId\":2576,\"audioUrl\":\"https:\\\/\\\/etnofon.pl\\\/wp-content\\\/uploads\\\/2020\\\/11\\\/Muzycy-muzycy-94.mp3\",\"format\":\"mp3\",\"length\":\"0:29\",\"title\":\"94. Ni ma t\\u00e9z to, jak juhasom: nic nie robiom, owce pasom (krzesana po dwa)\",\"order\":93,\"mp3\":\"https:\\\/\\\/etnofon.pl\\\/wp-content\\\/uploads\\\/2020\\\/11\\\/Muzycy-muzycy-94.mp3\",\"meta\":{\"artist\":\"Muzyka Stanis\\u0142awa N\\u0119dzy-Chotarskiego\",\"length_formatted\":\"0:29\"},\"src\":\"https:\\\/\\\/etnofon.pl\\\/wp-content\\\/uploads\\\/2020\\\/11\\\/Muzycy-muzycy-94.mp3\",\"thumb\":{\"src\":\"\"}},{\"artist\":\"Muzyka Stanis\\u0142awa N\\u0119dzy-Chotarskiego\",\"artworkId\":0,\"artworkUrl\":\"\",\"audioId\":2577,\"audioUrl\":\"https:\\\/\\\/etnofon.pl\\\/wp-content\\\/uploads\\\/2020\\\/11\\\/Muzycy-muzycy-95.mp3\",\"format\":\"mp3\",\"length\":\"1:03\",\"title\":\"95. Dy\\u0107 my przyjechali, jako\\u015b sama fcia\\u0142a\",\"order\":94,\"mp3\":\"https:\\\/\\\/etnofon.pl\\\/wp-content\\\/uploads\\\/2020\\\/11\\\/Muzycy-muzycy-95.mp3\",\"meta\":{\"artist\":\"Muzyka Stanis\\u0142awa N\\u0119dzy-Chotarskiego\",\"length_formatted\":\"1:03\"},\"src\":\"https:\\\/\\\/etnofon.pl\\\/wp-content\\\/uploads\\\/2020\\\/11\\\/Muzycy-muzycy-95.mp3\",\"thumb\":{\"src\":\"\"}},{\"artist\":\"Muzyka Stanis\\u0142awa N\\u0119dzy-Chotarskiego\",\"artworkId\":0,\"artworkUrl\":\"\",\"audioId\":2578,\"audioUrl\":\"https:\\\/\\\/etnofon.pl\\\/wp-content\\\/uploads\\\/2020\\\/11\\\/Muzycy-muzycy-96.mp3\",\"format\":\"mp3\",\"length\":\"0:54\",\"title\":\"96. Ej, Madziar pije, ej, Madziar p\\u0142aci (marsz)\",\"order\":95,\"mp3\":\"https:\\\/\\\/etnofon.pl\\\/wp-content\\\/uploads\\\/2020\\\/11\\\/Muzycy-muzycy-96.mp3\",\"meta\":{\"artist\":\"Muzyka Stanis\\u0142awa N\\u0119dzy-Chotarskiego\",\"length_formatted\":\"0:54\"},\"src\":\"https:\\\/\\\/etnofon.pl\\\/wp-content\\\/uploads\\\/2020\\\/11\\\/Muzycy-muzycy-96.mp3\",\"thumb\":{\"src\":\"\"}},{\"artist\":\"Muzyka Stanis\\u0142awa N\\u0119dzy-Chotarskiego\",\"artworkId\":0,\"artworkUrl\":\"\",\"audioId\":2579,\"audioUrl\":\"https:\\\/\\\/etnofon.pl\\\/wp-content\\\/uploads\\\/2020\\\/11\\\/Muzycy-muzycy-97.mp3\",\"format\":\"mp3\",\"length\":\"1:38\",\"title\":\"97. Wi\\u0105zanka polek\",\"order\":96,\"mp3\":\"https:\\\/\\\/etnofon.pl\\\/wp-content\\\/uploads\\\/2020\\\/11\\\/Muzycy-muzycy-97.mp3\",\"meta\":{\"artist\":\"Muzyka Stanis\\u0142awa N\\u0119dzy-Chotarskiego\",\"length_formatted\":\"1:38\"},\"src\":\"https:\\\/\\\/etnofon.pl\\\/wp-content\\\/uploads\\\/2020\\\/11\\\/Muzycy-muzycy-97.mp3\",\"thumb\":{\"src\":\"\"}}]}<\/script>\n\t\t<\/div><\/div>\n<\/div>\n","protected":false},"featured_media":1831,"parent":0,"template":"","meta":[],"translation":{"provider":"WPGlobus","version":"2.8.1","language":"en","enabled_languages":["pl","en"],"languages":{"pl":{"title":true,"content":true,"excerpt":false},"en":{"title":true,"content":true,"excerpt":false}}},"_links":{"self":[{"href":"https:\/\/etnofon.pl\/en\/wp-json\/wp\/v2\/plyta\/1317"}],"collection":[{"href":"https:\/\/etnofon.pl\/en\/wp-json\/wp\/v2\/plyta"}],"about":[{"href":"https:\/\/etnofon.pl\/en\/wp-json\/wp\/v2\/types\/plyta"}],"wp:featuredmedia":[{"embeddable":true,"href":"https:\/\/etnofon.pl\/en\/wp-json\/wp\/v2\/media\/1831"}],"wp:attachment":[{"href":"https:\/\/etnofon.pl\/en\/wp-json\/wp\/v2\/media?parent=1317"}],"curies":[{"name":"wp","href":"https:\/\/api.w.org\/{rel}","templated":true}]}}